
{"id":973,"date":"2025-06-05T10:04:06","date_gmt":"2025-06-05T08:04:06","guid":{"rendered":"https:\/\/deti.evangnet.cz\/katecheze\/?post_type=worksheet&#038;p=973"},"modified":"2025-06-05T10:04:53","modified_gmt":"2025-06-05T08:04:53","slug":"bronzovy-had-na-pousti-st","status":"publish","type":"worksheet","link":"https:\/\/deti.evangnet.cz\/katecheze\/pracovni-listy\/bronzovy-had-na-pousti-st\/","title":{"rendered":"Bronzov\u00fd had na pou\u0161ti &#8211; st"},"content":{"rendered":"\n<p>Obr\u00e1zek m\u016f\u017eete nejd\u0159\u00edv vyu\u017e\u00edt k\u00a0motiva\u010dn\u00edmu uveden\u00ed. Vyzv\u011bte d\u011bti, aby do hada napsaly, co si samy zavinily. Pak se ptejte, jak\u00fd v\u00fdznam m\u016f\u017ee m\u00edt, \u017ee to psaly pr\u00e1v\u011b do hada (Zl\u00e9 v\u011bci a zl\u00e9 \u0159e\u010di mohou otr\u00e1vit jako had. Mohou b\u00fdt stejn\u011b nebezpe\u010dn\u00e9. Mohou ohrozit cel\u00fd \u017eivot.). Potom m\u016f\u017eete vypr\u00e1v\u011bt biblick\u00fd p\u0159\u00edb\u011bh. Na z\u00e1v\u011br si m\u016f\u017eete p\u0159e\u010d\u00edst \u0159\u00edkanku. D\u011bti se ji mohou spole\u010dn\u011b nau\u010dit \u2013 nap\u0159\u00edklad ka\u017ed\u00fd jednu strofu \u2013 a sborov\u011b ji rytmicky p\u0159edn\u00e9st. Pokud se vracej\u00ed zp\u00e1tky do shrom\u00e1\u017ed\u011bn\u00ed, mohou jednoho hada p\u0159ipevnit na h\u016fl, n\u00e9st ho jako z\u00e1stavu a \u0159\u00edkanku \u201ezarepovat\u201c dosp\u011bl\u00fdm.<\/p>\n","protected":false},"featured_media":974,"template":"","_links":{"self":[{"href":"https:\/\/deti.evangnet.cz\/katecheze\/wp-json\/wp\/v2\/worksheet\/973"}],"collection":[{"href":"https:\/\/deti.evangnet.cz\/katecheze\/wp-json\/wp\/v2\/worksheet"}],"about":[{"href":"https:\/\/deti.evangnet.cz\/katecheze\/wp-json\/wp\/v2\/types\/worksheet"}],"version-history":[{"count":2,"href":"https:\/\/deti.evangnet.cz\/katecheze\/wp-json\/wp\/v2\/worksheet\/973\/revisions"}],"predecessor-version":[{"id":976,"href":"https:\/\/deti.evangnet.cz\/katecheze\/wp-json\/wp\/v2\/worksheet\/973\/revisions\/976"}],"wp:featuredmedia":[{"embeddable":true,"href":"https:\/\/deti.evangnet.cz\/katecheze\/wp-json\/wp\/v2\/media\/974"}],"wp:attachment":[{"href":"https:\/\/deti.evangnet.cz\/katecheze\/wp-json\/wp\/v2\/media?parent=973"}],"curies":[{"name":"wp","href":"https:\/\/api.w.org\/{rel}","templated":true}]}}