
{"id":857,"date":"2025-06-04T17:34:51","date_gmt":"2025-06-04T15:34:51","guid":{"rendered":"https:\/\/deti.evangnet.cz\/katecheze\/?post_type=worksheet&#038;p=857"},"modified":"2025-06-04T17:34:52","modified_gmt":"2025-06-04T15:34:52","slug":"jakobuv-navrat-st","status":"publish","type":"worksheet","link":"https:\/\/deti.evangnet.cz\/katecheze\/pracovni-listy\/jakobuv-navrat-st\/","title":{"rendered":"J\u00e1kob\u016fv n\u00e1vrat &#8211; st"},"content":{"rendered":"\n<p>Pracovn\u00ed list rozdejte d\u011btem na za\u010d\u00e1tku. Nejd\u0159\u00edv jim dejte \u010das, aby si mohly mo\u017enosti pod jednotliv\u00fdmi pojmy pro\u010d\u00edst. Potom m\u016f\u017eete text z\u00a0Geneze 32 \u2013 33 bu\u010f spole\u010dn\u011b \u010d\u00edst, nebo vypr\u00e1v\u011bt, nebo jej d\u011bti mohou \u010d\u00edst samostatn\u011b. Jejich \u00fakolem je, aby z\u00a0uveden\u00fdch mo\u017enost\u00ed vybraly, jak\u00e1 charakteristika odpov\u00eddala dan\u00e9mu pojmu v\u00a0p\u0159\u00edb\u011bhu o sm\u00ed\u0159en\u00ed. Spr\u00e1vn\u00fdch \u0159e\u0161en\u00ed m\u016f\u017ee b\u00fdt v\u00edc. Spole\u010dn\u011b potom v\u00fdsledky proberte a vyzv\u011bte d\u011bti, aby samy pokusily vymyslet a napsat do pr\u00e1zdn\u00fdch ok\u00e9nek je\u0161t\u011b dal\u0161\u00ed mo\u017enosti \u2013 kladn\u00e9 i z\u00e1porn\u00e9 \u2013 jak by se mohla projevovat d\u016fv\u011bra, jak\u00fd motiv by mohl m\u00edt dar, jakou podobu modlitba\u2026atd.<\/p>\n","protected":false},"featured_media":858,"template":"","_links":{"self":[{"href":"https:\/\/deti.evangnet.cz\/katecheze\/wp-json\/wp\/v2\/worksheet\/857"}],"collection":[{"href":"https:\/\/deti.evangnet.cz\/katecheze\/wp-json\/wp\/v2\/worksheet"}],"about":[{"href":"https:\/\/deti.evangnet.cz\/katecheze\/wp-json\/wp\/v2\/types\/worksheet"}],"version-history":[{"count":1,"href":"https:\/\/deti.evangnet.cz\/katecheze\/wp-json\/wp\/v2\/worksheet\/857\/revisions"}],"predecessor-version":[{"id":859,"href":"https:\/\/deti.evangnet.cz\/katecheze\/wp-json\/wp\/v2\/worksheet\/857\/revisions\/859"}],"wp:featuredmedia":[{"embeddable":true,"href":"https:\/\/deti.evangnet.cz\/katecheze\/wp-json\/wp\/v2\/media\/858"}],"wp:attachment":[{"href":"https:\/\/deti.evangnet.cz\/katecheze\/wp-json\/wp\/v2\/media?parent=857"}],"curies":[{"name":"wp","href":"https:\/\/api.w.org\/{rel}","templated":true}]}}