
{"id":744,"date":"2025-06-03T15:02:19","date_gmt":"2025-06-03T13:02:19","guid":{"rendered":"https:\/\/deti.evangnet.cz\/katecheze\/?post_type=worksheet&#038;p=744"},"modified":"2025-06-03T15:02:20","modified_gmt":"2025-06-03T13:02:20","slug":"buh-soudi-sodomu-st","status":"publish","type":"worksheet","link":"https:\/\/deti.evangnet.cz\/katecheze\/pracovni-listy\/buh-soudi-sodomu-st\/","title":{"rendered":"B\u016fh soud\u00ed Sodomu &#8211; st"},"content":{"rendered":"\n<p>Pracovn\u00ed list pou\u017eijte p\u0159ed vypr\u00e1v\u011bn\u00edm. Vyzv\u011bte nejd\u0159\u00edv d\u011bti, aby do pr\u00e1zdn\u00fdch postavi\u010dek dopsaly, kdo by je\u0161t\u011b v\u00a0takov\u00e9 spole\u010dnosti mohl b\u00fdt. Potom a\u0165 si vybarv\u00ed pastelkou postavi\u010dky, za kter\u00e9 by se cht\u011bly p\u0159imlouvat a prosit. Ptejte se jich pak, jestli by tahle spole\u010dnost st\u00e1la za z\u00e1chranu a pro\u010d, pop\u0159\u00edpad\u011b zda by st\u00e1l za z\u00e1chranu alespo\u0148 n\u011bkdo. Na to m\u016f\u017eete nav\u00e1zat vypr\u00e1v\u011bn\u00edm o Abrahamovi, kter\u00fd se p\u0159imlouval za Sodomu, p\u0159\u00edpadn\u011b si je m\u016f\u017eete spole\u010dn\u011b z\u00a0bible p\u0159e\u010d\u00edst. Porovnejte potom \u0159e\u0161en\u00ed d\u011bt\u00ed a \u0159e\u0161en\u00ed Abrahama. Mluvte spole\u010dn\u011b o shod\u00e1ch i rozd\u00edlech.<\/p>\n","protected":false},"featured_media":745,"template":"","_links":{"self":[{"href":"https:\/\/deti.evangnet.cz\/katecheze\/wp-json\/wp\/v2\/worksheet\/744"}],"collection":[{"href":"https:\/\/deti.evangnet.cz\/katecheze\/wp-json\/wp\/v2\/worksheet"}],"about":[{"href":"https:\/\/deti.evangnet.cz\/katecheze\/wp-json\/wp\/v2\/types\/worksheet"}],"version-history":[{"count":1,"href":"https:\/\/deti.evangnet.cz\/katecheze\/wp-json\/wp\/v2\/worksheet\/744\/revisions"}],"predecessor-version":[{"id":746,"href":"https:\/\/deti.evangnet.cz\/katecheze\/wp-json\/wp\/v2\/worksheet\/744\/revisions\/746"}],"wp:featuredmedia":[{"embeddable":true,"href":"https:\/\/deti.evangnet.cz\/katecheze\/wp-json\/wp\/v2\/media\/745"}],"wp:attachment":[{"href":"https:\/\/deti.evangnet.cz\/katecheze\/wp-json\/wp\/v2\/media?parent=744"}],"curies":[{"name":"wp","href":"https:\/\/api.w.org\/{rel}","templated":true}]}}