
{"id":705,"date":"2025-06-03T10:04:17","date_gmt":"2025-06-03T08:04:17","guid":{"rendered":"https:\/\/deti.evangnet.cz\/katecheze\/?post_type=worksheet&#038;p=705"},"modified":"2025-06-03T10:04:18","modified_gmt":"2025-06-03T08:04:18","slug":"noe-potopa-st","status":"publish","type":"worksheet","link":"https:\/\/deti.evangnet.cz\/katecheze\/pracovni-listy\/noe-potopa-st\/","title":{"rendered":"Noe &#8211; potopa &#8211; st"},"content":{"rendered":"\n<p>Nadpis a ot\u00e1zka z\u00a0pracovn\u00edho listu v\u00e1m d\u00e1v\u00e1 p\u0159\u00edle\u017eitost, abyste se d\u011bt\u00ed ptali, zda v\u011bd\u00ed, o\u010d jde, zda p\u0159\u00edb\u011bh o Noemovi znaj\u00ed. Lze p\u0159edpokl\u00e1dat, \u017ee jej n\u011bkdo ji\u017e zn\u00e1t bude. Zkuste tedy d\u011bti nav\u00e9st ot\u00e1zkami, aby p\u0159\u00edb\u011bh samy daly dohromady (Pro\u010d ta potopa p\u0159i\u0161la? Trestal j\u00ed B\u016fh \u017eivot na zemi, nebo zachra\u0148oval? P\u0159i\u0161el Noe s\u00e1m na to, co m\u00e1 d\u011blat? A co m\u011bl vlastn\u011b ud\u011blat? Jak dlouho potopa trvala? Jak poznal Noe, \u017ee u\u017e m\u016f\u017ee z\u00a0archy vystoupit?\u2026) Potom mohou d\u011bti hledat \u017eivo\u010dichy v\u00a0ar\u0161e. Jde o osmism\u011brku. M\u016f\u017eete jim to tak\u00e9 zadat jako sout\u011b\u017e (kdo najde 100 \u017eivo\u010dich\u016f rychleji nebo kdo jich najde za ur\u010dit\u00fd \u010das v\u00edce).<\/p>\n","protected":false},"featured_media":706,"template":"","_links":{"self":[{"href":"https:\/\/deti.evangnet.cz\/katecheze\/wp-json\/wp\/v2\/worksheet\/705"}],"collection":[{"href":"https:\/\/deti.evangnet.cz\/katecheze\/wp-json\/wp\/v2\/worksheet"}],"about":[{"href":"https:\/\/deti.evangnet.cz\/katecheze\/wp-json\/wp\/v2\/types\/worksheet"}],"version-history":[{"count":1,"href":"https:\/\/deti.evangnet.cz\/katecheze\/wp-json\/wp\/v2\/worksheet\/705\/revisions"}],"predecessor-version":[{"id":707,"href":"https:\/\/deti.evangnet.cz\/katecheze\/wp-json\/wp\/v2\/worksheet\/705\/revisions\/707"}],"wp:featuredmedia":[{"embeddable":true,"href":"https:\/\/deti.evangnet.cz\/katecheze\/wp-json\/wp\/v2\/media\/706"}],"wp:attachment":[{"href":"https:\/\/deti.evangnet.cz\/katecheze\/wp-json\/wp\/v2\/media?parent=705"}],"curies":[{"name":"wp","href":"https:\/\/api.w.org\/{rel}","templated":true}]}}