
{"id":611,"date":"2025-06-02T21:41:00","date_gmt":"2025-06-02T19:41:00","guid":{"rendered":"https:\/\/deti.evangnet.cz\/katecheze\/?post_type=worksheet&#038;p=611"},"modified":"2025-06-02T21:41:01","modified_gmt":"2025-06-02T19:41:01","slug":"evangelium-v-korinte","status":"publish","type":"worksheet","link":"https:\/\/deti.evangnet.cz\/katecheze\/pracovni-listy\/evangelium-v-korinte\/","title":{"rendered":"Evangelium v Korint\u011b"},"content":{"rendered":"\n<p>S\u00a0obr\u00e1zkem je tentokr\u00e1t lep\u0161\u00ed pracovat a\u017e po vypr\u00e1v\u011bn\u00ed. Nen\u00ed to ale jedin\u00e1 mo\u017enost \u2013 sv\u016fj v\u00fdklad m\u016f\u017eete tak\u00e9 p\u0159eru\u0161it ve chv\u00edli, kdy m\u00e1 Pavel reagovat na rouh\u00e1n\u00ed \u017eid\u016f v\u00a0Korint\u011b s\u00a0t\u00edm, \u017ee Pavlovu odpov\u011b\u010f maj\u00ed d\u011bti v\u00a0obr\u00e1zku nal\u00e9zt.\u00a0<br>Ke \u00fakolu z\u00a0obr\u00e1zku: Pravou polovinu odst\u0159ihnete a rozst\u0159\u00edh\u00e1te podle \u010dar na samostatn\u00e9 prou\u017eky. Levou nast\u0159\u00edh\u00e1te odzdola jen ke konc\u016fm \u010dar. Voln\u00e9 prou\u017eky potom protk\u00e1te levou polovinou tak, aby \u017e\u00e1dn\u00e9 p\u00edsmenko nez\u016fstalo zakryt\u00e9. Tak vznikne n\u00e1pis. Pokud chcete \u00fakol star\u0161\u00edm d\u011btem zt\u00ed\u017eit, m\u016f\u017eete voln\u00e9 prou\u017eky odst\u0159\u00edhat p\u0159edem a d\u00e1t jim je tak, aby nebyly se\u0159azeny p\u0159esn\u011b za sebou.<\/p>\n","protected":false},"featured_media":612,"template":"","_links":{"self":[{"href":"https:\/\/deti.evangnet.cz\/katecheze\/wp-json\/wp\/v2\/worksheet\/611"}],"collection":[{"href":"https:\/\/deti.evangnet.cz\/katecheze\/wp-json\/wp\/v2\/worksheet"}],"about":[{"href":"https:\/\/deti.evangnet.cz\/katecheze\/wp-json\/wp\/v2\/types\/worksheet"}],"version-history":[{"count":1,"href":"https:\/\/deti.evangnet.cz\/katecheze\/wp-json\/wp\/v2\/worksheet\/611\/revisions"}],"predecessor-version":[{"id":613,"href":"https:\/\/deti.evangnet.cz\/katecheze\/wp-json\/wp\/v2\/worksheet\/611\/revisions\/613"}],"wp:featuredmedia":[{"embeddable":true,"href":"https:\/\/deti.evangnet.cz\/katecheze\/wp-json\/wp\/v2\/media\/612"}],"wp:attachment":[{"href":"https:\/\/deti.evangnet.cz\/katecheze\/wp-json\/wp\/v2\/media?parent=611"}],"curies":[{"name":"wp","href":"https:\/\/api.w.org\/{rel}","templated":true}]}}