
{"id":314,"date":"2025-06-01T21:52:36","date_gmt":"2025-06-01T19:52:36","guid":{"rendered":"https:\/\/deti.evangnet.cz\/katecheze\/?post_type=worksheet&#038;p=314"},"modified":"2025-06-01T21:52:37","modified_gmt":"2025-06-01T19:52:37","slug":"stvoreni-sveta-a-cloveka-st","status":"publish","type":"worksheet","link":"https:\/\/deti.evangnet.cz\/katecheze\/pracovni-listy\/stvoreni-sveta-a-cloveka-st\/","title":{"rendered":"Stvo\u0159en\u00ed sv\u011bta a \u010dlov\u011bka &#8211; st"},"content":{"rendered":"\n<p>S\u00a0pracovn\u00edm listem lze pracovat p\u0159i v\u00fdkladu. Rozdejte jej d\u011btem na za\u010d\u00e1tku. Bu\u010f m\u016f\u017eete \u010d\u00edst p\u0159\u00edb\u011bh o stvo\u0159en\u00ed spole\u010dn\u011b, nebo d\u011btem zadejte \u00fakol z\u00a0horn\u00ed poloviny listu jako samostatnou pr\u00e1ci. Dohromady potom proberte, k\u00a0\u010demu d\u011bti do\u0161ly. O \u00fakolu sedm\u00e9ho dne m\u016f\u017eete spole\u010dn\u011b mluvit: Nic z\u00a0toho, co d\u011bti nakreslily, ani sebe, jsme si nevyrobili \u2013 m\u016f\u017eeme d\u011bkovat. Nic z\u00a0toho, co d\u011bti nakreslily, jsme sami nevymysleli \u2013 \u017eivot si tedy nem\u00e1me jenom sami vym\u00fd\u0161let, m\u016f\u017eeme se na n\u011bj pt\u00e1t. V\u0161echno jsme vlastn\u011b dostali \u2013 nemus\u00edme se o sebe b\u00e1t a ustarat se, m\u016f\u017eeme si odpo\u010dinout a v\u011bnovat sv\u016fj \u010das tak\u00e9 Bohu a ostatn\u00edm.<\/p>\n","protected":false},"featured_media":315,"template":"","_links":{"self":[{"href":"https:\/\/deti.evangnet.cz\/katecheze\/wp-json\/wp\/v2\/worksheet\/314"}],"collection":[{"href":"https:\/\/deti.evangnet.cz\/katecheze\/wp-json\/wp\/v2\/worksheet"}],"about":[{"href":"https:\/\/deti.evangnet.cz\/katecheze\/wp-json\/wp\/v2\/types\/worksheet"}],"version-history":[{"count":1,"href":"https:\/\/deti.evangnet.cz\/katecheze\/wp-json\/wp\/v2\/worksheet\/314\/revisions"}],"predecessor-version":[{"id":316,"href":"https:\/\/deti.evangnet.cz\/katecheze\/wp-json\/wp\/v2\/worksheet\/314\/revisions\/316"}],"wp:featuredmedia":[{"embeddable":true,"href":"https:\/\/deti.evangnet.cz\/katecheze\/wp-json\/wp\/v2\/media\/315"}],"wp:attachment":[{"href":"https:\/\/deti.evangnet.cz\/katecheze\/wp-json\/wp\/v2\/media?parent=314"}],"curies":[{"name":"wp","href":"https:\/\/api.w.org\/{rel}","templated":true}]}}