
{"id":2643,"date":"2025-07-31T17:55:36","date_gmt":"2025-07-31T15:55:36","guid":{"rendered":"https:\/\/deti.evangnet.cz\/katecheze\/?post_type=worksheet&#038;p=2643"},"modified":"2025-08-27T17:06:42","modified_gmt":"2025-08-27T15:06:42","slug":"39-vzkriseni","status":"publish","type":"worksheet","link":"https:\/\/deti.evangnet.cz\/katecheze\/pracovni-listy\/39-vzkriseni\/","title":{"rendered":"39 Vzk\u0159\u00ed\u0161en\u00ed"},"content":{"rendered":"\n<p>Aby d\u011bti v\u011bd\u011bly, co maj\u00ed ve \u201eskr\u00fdva\u010dce\u201c hledat (\u201ePro\u010d hled\u00e1te \u017eiv\u00e9ho mezi mrtv\u00fdmi\u201c \u2013 jednotliv\u00e1 slova jsou svisle i vodorovn\u011b), mus\u00ed p\u0159\u00edb\u011bh zn\u00e1t. S&nbsp;obr\u00e1zkem tedy budou pracovat bu\u010f po vypr\u00e1v\u011bn\u00ed, nebo pro n\u011b bude podn\u011btem k&nbsp;samostatn\u00e9 pr\u00e1ci s&nbsp;bibl\u00ed, ve kter\u00e9 si odd\u00edl ( Lk 24,1 \u2013 12 ) najdou, p\u0159e\u010dtou a na jeho z\u00e1klad\u011b budou \u00fakol plnit. P\u0159i rozhovoru nad v\u00fdsledky je mo\u017en\u00e9 se pt\u00e1t, jak asi ten omyl \u201ehledat \u017eiv\u00e9ho mezi mrtv\u00fdmi\u201c m\u016f\u017ee vypadat dnes. T\u0159eba to je pohled, kter\u00fd v\u00fdznam vzk\u0159\u00ed\u0161en\u00ed spojuje jen s&nbsp;t\u00edm, co bude po smrti.<\/p>\n","protected":false},"featured_media":2644,"template":"","_links":{"self":[{"href":"https:\/\/deti.evangnet.cz\/katecheze\/wp-json\/wp\/v2\/worksheet\/2643"}],"collection":[{"href":"https:\/\/deti.evangnet.cz\/katecheze\/wp-json\/wp\/v2\/worksheet"}],"about":[{"href":"https:\/\/deti.evangnet.cz\/katecheze\/wp-json\/wp\/v2\/types\/worksheet"}],"version-history":[{"count":2,"href":"https:\/\/deti.evangnet.cz\/katecheze\/wp-json\/wp\/v2\/worksheet\/2643\/revisions"}],"predecessor-version":[{"id":3448,"href":"https:\/\/deti.evangnet.cz\/katecheze\/wp-json\/wp\/v2\/worksheet\/2643\/revisions\/3448"}],"wp:featuredmedia":[{"embeddable":true,"href":"https:\/\/deti.evangnet.cz\/katecheze\/wp-json\/wp\/v2\/media\/2644"}],"wp:attachment":[{"href":"https:\/\/deti.evangnet.cz\/katecheze\/wp-json\/wp\/v2\/media?parent=2643"}],"curies":[{"name":"wp","href":"https:\/\/api.w.org\/{rel}","templated":true}]}}