
{"id":2634,"date":"2025-07-31T17:52:32","date_gmt":"2025-07-31T15:52:32","guid":{"rendered":"https:\/\/deti.evangnet.cz\/katecheze\/?post_type=worksheet&#038;p=2634"},"modified":"2025-08-27T17:07:52","modified_gmt":"2025-08-27T15:07:52","slug":"36-petrovo-zapreni","status":"publish","type":"worksheet","link":"https:\/\/deti.evangnet.cz\/katecheze\/pracovni-listy\/36-petrovo-zapreni\/","title":{"rendered":"36 Petrovo zap\u0159en\u00ed"},"content":{"rendered":"\n<p>D\u011bti mohou kreslit, co ud\u011blali a te\u010f je jim to l\u00edto, na za\u010d\u00e1tku. Jejich zku\u0161enost je uvede do situace p\u0159\u00edb\u011bhu, kter\u00fd potom budou l\u00e9pe vn\u00edmat. Stejn\u011b tak je ov\u0161em mo\u017en\u00e9, aby obr\u00e1zek vyu\u017eily po vypr\u00e1v\u011bn\u00ed, aby se jim propojilo s&nbsp;jejich zku\u0161enost\u00ed. Mal\u00e9 d\u011bti si tak\u00e9 mohou omalov\u00e1vat kohouta b\u011bhem toho, co budete p\u0159\u00edb\u011bh vypr\u00e1v\u011bt star\u0161\u00edm \u2013 nebudou v\u00e1s ru\u0161it a zjist\u00edte, \u017ee i ony p\u0159i pr\u00e1ci poslouchaj\u00ed. Obr\u00e1zek tak\u00e9 m\u016f\u017eete vyu\u017e\u00edt k&nbsp;ot\u00e1zk\u00e1m p\u0159i motiva\u010dn\u00edm uveden\u00ed &#8211; Ptejte se: Co d\u011bl\u00e1 postava na obr\u00e1zku? Kdy a pro\u010d pl\u00e1\u010deme? Je to v\u017edy \u0161patn\u00e9, kdy\u017e pl\u00e1\u010deme? Atd.<\/p>\n","protected":false},"featured_media":2635,"template":"","_links":{"self":[{"href":"https:\/\/deti.evangnet.cz\/katecheze\/wp-json\/wp\/v2\/worksheet\/2634"}],"collection":[{"href":"https:\/\/deti.evangnet.cz\/katecheze\/wp-json\/wp\/v2\/worksheet"}],"about":[{"href":"https:\/\/deti.evangnet.cz\/katecheze\/wp-json\/wp\/v2\/types\/worksheet"}],"version-history":[{"count":2,"href":"https:\/\/deti.evangnet.cz\/katecheze\/wp-json\/wp\/v2\/worksheet\/2634\/revisions"}],"predecessor-version":[{"id":3451,"href":"https:\/\/deti.evangnet.cz\/katecheze\/wp-json\/wp\/v2\/worksheet\/2634\/revisions\/3451"}],"wp:featuredmedia":[{"embeddable":true,"href":"https:\/\/deti.evangnet.cz\/katecheze\/wp-json\/wp\/v2\/media\/2635"}],"wp:attachment":[{"href":"https:\/\/deti.evangnet.cz\/katecheze\/wp-json\/wp\/v2\/media?parent=2634"}],"curies":[{"name":"wp","href":"https:\/\/api.w.org\/{rel}","templated":true}]}}