
{"id":2628,"date":"2025-07-31T17:49:59","date_gmt":"2025-07-31T15:49:59","guid":{"rendered":"https:\/\/deti.evangnet.cz\/katecheze\/?post_type=worksheet&#038;p=2628"},"modified":"2025-07-31T17:50:01","modified_gmt":"2025-07-31T15:50:01","slug":"34-jidasova-umluva-a-posledni-vecere","status":"publish","type":"worksheet","link":"https:\/\/deti.evangnet.cz\/katecheze\/pracovni-listy\/34-jidasova-umluva-a-posledni-vecere\/","title":{"rendered":"34 Jid\u00e1\u0161ova \u00famluva a posledn\u00ed ve\u010de\u0159e"},"content":{"rendered":"\n<figure class=\"wp-block-image\"><a href=\"https:\/\/katecheze.evangnet.cz\/sites\/default\/files\/pracovni-listy\/obrazky\/pozvani-na-cestu-evangelium-lukasovo\/34-jidasova-umluva-posledni-vecere.jpg\" target=\"_blank\" rel=\"noopener\"><img decoding=\"async\" src=\"https:\/\/katecheze.evangnet.cz\/sites\/default\/files\/styles\/large\/public\/pracovni-listy\/obrazky\/pozvani-na-cestu-evangelium-lukasovo\/34-jidasova-umluva-posledni-vecere.jpg?itok=M4KebA7S\" alt=\"\" title=\"34 Jid\u00e1\u0161ova \u00famluva a posledn\u00ed ve\u010de\u0159e\" \/><\/a><\/figure>\n\n\n\n<p>Obr\u00e1zek je lep\u0161\u00ed nechat d\u011bti dokreslit a\u017e po va\u0161em v\u00fdkladu, kdy bude z\u0159ejm\u00e9, \u017ee se jedn\u00e1 o Ve\u010de\u0159i P\u00e1n\u011b. O tom, co d\u011bti nakresl\u00ed si potom spole\u010dn\u011b pov\u00eddejte. Ptejte se p\u0159itom d\u011bt\u00ed, pro\u010d tam ty kter\u00e9 lidi nakreslily; jestli je to podobn\u00e9 jako p\u0159i t\u00e9 posledn\u00ed ve\u010de\u0159i; jestli p\u0159i n\u00ed byli s&nbsp;Je\u017e\u00ed\u0161em jenom vzorn\u00ed u\u010dedn\u00edci; jestli tam byli jenom ti, kdo pln\u011b rozum\u011bli tomu, co se d\u011bje; atd. a koho by tam tedy je\u0161t\u011b mohly nakreslit. D\u011bti tak\u00e9 nemus\u00ed postavy okolo stolu kreslit, mohou je t\u0159eba vyst\u0159\u00edhat z&nbsp;\u010dasopis\u016f nebo z&nbsp;okop\u00edrovan\u00fdch fotografi\u00ed ze sborov\u00fdch akc\u00ed. Potom je tak\u00e9 mo\u017en\u00e9 mluvit o tom, pro\u010d t\u0159eba n\u011bkter\u00e9 typy z&nbsp;\u010dasopis\u016f nevybraly a jestli to l\u00ed\u010den\u00ed z&nbsp;evangelia odpov\u00edd\u00e1 nebo ne.<\/p>\n","protected":false},"featured_media":2629,"template":"","_links":{"self":[{"href":"https:\/\/deti.evangnet.cz\/katecheze\/wp-json\/wp\/v2\/worksheet\/2628"}],"collection":[{"href":"https:\/\/deti.evangnet.cz\/katecheze\/wp-json\/wp\/v2\/worksheet"}],"about":[{"href":"https:\/\/deti.evangnet.cz\/katecheze\/wp-json\/wp\/v2\/types\/worksheet"}],"version-history":[{"count":1,"href":"https:\/\/deti.evangnet.cz\/katecheze\/wp-json\/wp\/v2\/worksheet\/2628\/revisions"}],"predecessor-version":[{"id":2630,"href":"https:\/\/deti.evangnet.cz\/katecheze\/wp-json\/wp\/v2\/worksheet\/2628\/revisions\/2630"}],"wp:featuredmedia":[{"embeddable":true,"href":"https:\/\/deti.evangnet.cz\/katecheze\/wp-json\/wp\/v2\/media\/2629"}],"wp:attachment":[{"href":"https:\/\/deti.evangnet.cz\/katecheze\/wp-json\/wp\/v2\/media?parent=2628"}],"curies":[{"name":"wp","href":"https:\/\/api.w.org\/{rel}","templated":true}]}}