
{"id":2528,"date":"2025-07-31T16:20:20","date_gmt":"2025-07-31T14:20:20","guid":{"rendered":"https:\/\/deti.evangnet.cz\/katecheze\/?post_type=worksheet&#038;p=2528"},"modified":"2025-07-31T16:20:22","modified_gmt":"2025-07-31T14:20:22","slug":"pocatek-doby-soudcu-st-2","status":"publish","type":"worksheet","link":"https:\/\/deti.evangnet.cz\/katecheze\/pracovni-listy\/pocatek-doby-soudcu-st-2\/","title":{"rendered":"Po\u010d\u00e1tek doby soudc\u016f &#8211; st"},"content":{"rendered":"\n<p>Podstatnou \u010d\u00e1st\u00ed biblick\u00e9ho textu, kter\u00fd je z\u00e1kladem pro \u00falohu, je Debo\u0159ina p\u00edse\u0148. Proto je tentokr\u00e1t pracovn\u00ed list v\u00fdzvou k\u00a0tomu, abyste se pokusili dopsat p\u00edsni\u010dku o Debo\u0159e a B\u00e1rakovi na melodii p\u00edsni\u010dky \u201eMichale \u010dlun k\u00a0b\u0159ehu ve\u010f\u201c. Listy lze rozdat hned na za\u010d\u00e1tku, ale p\u00edsni\u010dku je mo\u017en\u00e9 dokon\u010dovat asi a\u017e po n\u011bm, kdy d\u011bti budou p\u0159\u00edb\u011bh zn\u00e1t. Myslel jsem, \u017ee po \u00favodn\u00edch slok\u00e1ch dopln\u00ed pr\u00e1v\u011b ty, kter\u00e9 budou popisovat d\u011bj p\u0159\u00edb\u011bhu. Samoz\u0159ejm\u011b nemusej\u00ed b\u00fdt pouze t\u0159i. Na z\u00e1v\u011br si p\u00edsni\u010dku ur\u010dit\u011b zazp\u00edvejte a pokud se vrac\u00edte zp\u011bt do bohoslu\u017eeb, bylo by dobr\u00e9, kdyby ji d\u011bti zazp\u00edvaly i dosp\u011bl\u00fdm.<\/p>\n","protected":false},"featured_media":2529,"template":"","_links":{"self":[{"href":"https:\/\/deti.evangnet.cz\/katecheze\/wp-json\/wp\/v2\/worksheet\/2528"}],"collection":[{"href":"https:\/\/deti.evangnet.cz\/katecheze\/wp-json\/wp\/v2\/worksheet"}],"about":[{"href":"https:\/\/deti.evangnet.cz\/katecheze\/wp-json\/wp\/v2\/types\/worksheet"}],"version-history":[{"count":1,"href":"https:\/\/deti.evangnet.cz\/katecheze\/wp-json\/wp\/v2\/worksheet\/2528\/revisions"}],"predecessor-version":[{"id":2530,"href":"https:\/\/deti.evangnet.cz\/katecheze\/wp-json\/wp\/v2\/worksheet\/2528\/revisions\/2530"}],"wp:featuredmedia":[{"embeddable":true,"href":"https:\/\/deti.evangnet.cz\/katecheze\/wp-json\/wp\/v2\/media\/2529"}],"wp:attachment":[{"href":"https:\/\/deti.evangnet.cz\/katecheze\/wp-json\/wp\/v2\/media?parent=2528"}],"curies":[{"name":"wp","href":"https:\/\/api.w.org\/{rel}","templated":true}]}}