
{"id":2479,"date":"2025-07-31T15:56:10","date_gmt":"2025-07-31T13:56:10","guid":{"rendered":"https:\/\/deti.evangnet.cz\/katecheze\/?post_type=worksheet&#038;p=2479"},"modified":"2025-07-31T15:56:15","modified_gmt":"2025-07-31T13:56:15","slug":"na-ceste-pousti-st-2","status":"publish","type":"worksheet","link":"https:\/\/deti.evangnet.cz\/katecheze\/pracovni-listy\/na-ceste-pousti-st-2\/","title":{"rendered":"Na cest\u011b pou\u0161t\u00ed &#8211; st"},"content":{"rendered":"\n<p>Kreslit obr\u00e1zek do kruhu uprost\u0159ed mohou d\u011bti v\u00a0r\u00e1mci motiva\u010dn\u00edho uveden\u00ed. Krou\u017ekovat rozd\u00edln\u00e9 v\u00fdznamy bude asi l\u00e9pe a\u017e po va\u0161em vypr\u00e1v\u011bn\u00ed. M\u016f\u017ee to d\u011blat ka\u017ed\u00e9 d\u00edt\u011b samostatn\u011b, m\u016f\u017eete to tak\u00e9 d\u011blat spole\u010dn\u011b p\u0159i rozhovoru o tom, co B\u016fh darem many lid u\u010dil, k\u00a0\u010demu jim d\u00e1val mo\u017enost a kdy se teprve na lid rozhn\u011bval. I p\u0159i samostatn\u00e9 pr\u00e1ci je ov\u0161em t\u0159eba v\u00fdsledky spole\u010dn\u011b probrat a hovo\u0159it o nich. P\u0159i tom se ur\u010dit\u011b dostanete i k\u00a0tomu, \u017ee darovan\u00e1 nen\u00ed jenom mana, ale i to, co d\u011bti nakreslily, a jde pr\u00e1v\u011b o to \u201eCo to \u2013 pro n\u00e1s \u2013 je?\u201c<\/p>\n","protected":false},"featured_media":2480,"template":"","_links":{"self":[{"href":"https:\/\/deti.evangnet.cz\/katecheze\/wp-json\/wp\/v2\/worksheet\/2479"}],"collection":[{"href":"https:\/\/deti.evangnet.cz\/katecheze\/wp-json\/wp\/v2\/worksheet"}],"about":[{"href":"https:\/\/deti.evangnet.cz\/katecheze\/wp-json\/wp\/v2\/types\/worksheet"}],"version-history":[{"count":1,"href":"https:\/\/deti.evangnet.cz\/katecheze\/wp-json\/wp\/v2\/worksheet\/2479\/revisions"}],"predecessor-version":[{"id":2481,"href":"https:\/\/deti.evangnet.cz\/katecheze\/wp-json\/wp\/v2\/worksheet\/2479\/revisions\/2481"}],"wp:featuredmedia":[{"embeddable":true,"href":"https:\/\/deti.evangnet.cz\/katecheze\/wp-json\/wp\/v2\/media\/2480"}],"wp:attachment":[{"href":"https:\/\/deti.evangnet.cz\/katecheze\/wp-json\/wp\/v2\/media?parent=2479"}],"curies":[{"name":"wp","href":"https:\/\/api.w.org\/{rel}","templated":true}]}}