
{"id":2435,"date":"2025-07-31T15:07:27","date_gmt":"2025-07-31T13:07:27","guid":{"rendered":"https:\/\/deti.evangnet.cz\/katecheze\/?post_type=worksheet&#038;p=2435"},"modified":"2025-08-27T17:21:47","modified_gmt":"2025-08-27T15:21:47","slug":"10-kazani-v-nazarete","status":"publish","type":"worksheet","link":"https:\/\/deti.evangnet.cz\/katecheze\/pracovni-listy\/10-kazani-v-nazarete\/","title":{"rendered":"10 K\u00e1z\u00e1n\u00ed v Nazar\u00e9t\u011b"},"content":{"rendered":"\n<p>Pracovn\u00edm listem je asi tentokr\u00e1t nejl\u00e9pe za\u010d\u00edt. Kdy\u017e se d\u011bti pro n\u011bjakou podobu rozhodnou, pop\u0159\u00edpad\u011b ji tak\u00e9 nakresl\u00ed, ptejte se jich, pro\u010d si zvolily pr\u00e1v\u011b tuto. M\u016f\u017eete tak\u00e9 d\u011bti nechat hlasovat o tom, kdo se asi nejl\u00e9pe trefil. D\u00e1l se ptejte, jestli by mohl m\u00edt bo\u017e\u00ed slu\u017eebn\u00edk tak\u00e9 podobu \u00fapln\u011b jinou. Na p\u0159\u00edb\u011bhu potom m\u016f\u017eete uk\u00e1zat, jak pr\u00e1v\u011b p\u0159esn\u00e1 p\u0159edstava o bo\u017e\u00edm slu\u017eebn\u00edkovi nazaretsk\u00e9 postavila proti n\u011bmu. Pop\u0159\u00edpad\u011b se na z\u00e1v\u011br ptejte, pro\u010d nazaret\u0161t\u00ed Je\u017e\u00ed\u0161e odm\u00edtli, jak\u00fd to m\u011blo d\u016fvod a kdo by tedy asi z&nbsp;nab\u00eddnut\u00fdch mo\u017enost\u00ed mohl b\u00fdt pro n\u00e1s nejsp\u00ed\u0161 Je\u017e\u00ed\u0161.<\/p>\n","protected":false},"featured_media":2438,"template":"","_links":{"self":[{"href":"https:\/\/deti.evangnet.cz\/katecheze\/wp-json\/wp\/v2\/worksheet\/2435"}],"collection":[{"href":"https:\/\/deti.evangnet.cz\/katecheze\/wp-json\/wp\/v2\/worksheet"}],"about":[{"href":"https:\/\/deti.evangnet.cz\/katecheze\/wp-json\/wp\/v2\/types\/worksheet"}],"version-history":[{"count":2,"href":"https:\/\/deti.evangnet.cz\/katecheze\/wp-json\/wp\/v2\/worksheet\/2435\/revisions"}],"predecessor-version":[{"id":3476,"href":"https:\/\/deti.evangnet.cz\/katecheze\/wp-json\/wp\/v2\/worksheet\/2435\/revisions\/3476"}],"wp:featuredmedia":[{"embeddable":true,"href":"https:\/\/deti.evangnet.cz\/katecheze\/wp-json\/wp\/v2\/media\/2438"}],"wp:attachment":[{"href":"https:\/\/deti.evangnet.cz\/katecheze\/wp-json\/wp\/v2\/media?parent=2435"}],"curies":[{"name":"wp","href":"https:\/\/api.w.org\/{rel}","templated":true}]}}