
{"id":2427,"date":"2025-07-31T15:03:32","date_gmt":"2025-07-31T13:03:32","guid":{"rendered":"https:\/\/deti.evangnet.cz\/katecheze\/?post_type=worksheet&#038;p=2427"},"modified":"2025-07-31T15:03:35","modified_gmt":"2025-07-31T13:03:35","slug":"jenz-jsi-v-nebesich-horici-ker","status":"publish","type":"worksheet","link":"https:\/\/deti.evangnet.cz\/katecheze\/pracovni-listy\/jenz-jsi-v-nebesich-horici-ker\/","title":{"rendered":"Jen\u017e jsi v nebes\u00edch &#8211; Ho\u0159\u00edc\u00ed ke\u0159"},"content":{"rendered":"\n<p>Moj\u017e\u00ed\u0161 p\u00e1sl st\u00e1da sv\u00e9ho tch\u00e1na u hory Chor\u00e9b. Hospodin se mu uk\u00e1zal v podob\u011b ho\u0159\u00edc\u00edho ke\u0159e. Ke\u0159 ho\u0159el, a p\u0159ece nesho\u0159el. Moj\u017e\u00ed\u0161 se \u0161el ze zv\u011bdavosti pod\u00edvat ke ke\u0159i. Zprost\u0159ed ke\u0159e jej v\u0161ak Hospodin oslovil: J\u00e1 jsem B\u016fh tv\u00e9ho otce, B\u016fh Abraham\u016fv, B\u016fh Iz\u00e1k\u016fv a B\u016fh J\u00e1kob\u016fv.&#8220; Takto se n\u00e1\u0161 P\u00e1n B\u016fh p\u0159edstavuje. Je Bohem na\u0161ich otc\u016f a je st\u00e1le jejich Bohem, i kdy\u017e ji\u017e ode\u0161li z tohoto sv\u011bta. To ti mus\u00ed, Moj\u017e\u00ed\u0161i, sta\u010dit. Ale Moj\u017e\u00ed\u0161ovi, tak jako n\u00e1m, to nesta\u010d\u00ed. Pot\u0159ebuje v\u011bt\u0161\u00ed uji\u0161t\u011bn\u00ed. Pot\u0159ebuje jistotu, pot\u0159ebuje zn\u00e1t jm\u00e9no Boha, ke kter\u00e9mu m\u00e1 upnout svoji v\u00edru. Chce zn\u00e1t jm\u00e9no Boha, kter\u00e9mu m\u00e1 slou\u017eit, proto\u017ee Hospodin na Moj\u017e\u00ed\u0161ovi chce, aby vyvedl jeho lid z egyptsk\u00e9ho otroctv\u00ed. Moj\u017e\u00ed\u0161 se br\u00e1n\u00ed. Jak m\u00e1 p\u0159edstoupit p\u0159ed lid a fara\u00f3na, aby poznali, \u017ee nep\u0159ich\u00e1z\u00ed ze sv\u00e9 v\u016fle, ale z v\u016fle toho, kdo jej pos\u00edl\u00e1? Bude ti sta\u010dit, \u0159\u00edk\u00e1 Hospodin Moj\u017e\u00ed\u0161ovi, \u017ee j\u00e1 jsem s tebou a \u017ee jsem byl s tv\u00fdmi otci. Jsem B\u016fh v\u011brn\u00fd, kter\u00fd sliby dan\u00e9 Abrahamovi, Iz\u00e1kovi, J\u00e1kobovi dodr\u017euje: na zemi i v nebes\u00edch a vl\u00e1dnu v\u0161emu stvo\u0159en\u00ed, svou vl\u00e1du nikomu ned\u00e1m Jsem, kter\u00fd jsem.\u201d A v\u0161ichni to poznaj\u00ed, a\u017e vyvedu sv\u016fj lid a u\u010din\u00edm mnoh\u00e1 znamen\u00ed. Podle tohoto poznaj\u00ed, kdo jsem. Takov\u00fd je tedy ,B\u016fh va\u0161ich otc\u016f, B\u016fh Abrah\u00e1m\u016fv, B\u016fh Iz\u00e1k\u016fv a B\u016fh J\u00e1kob\u016fv.\u201d<\/p>\n\n\n\n<p>S takov\u00fdm uji\u0161t\u011bn\u00edm odch\u00e1z\u00ed Moj\u017e\u00ed\u0161 do Egypta k fara\u00f3novi, s takov\u00fdm uji\u0161t\u011bn\u00edm n\u00e1s P\u00e1n B\u016fh stav\u00ed do sv\u011bta.<\/p>\n\n\n\n<p>2&nbsp;Tm 4,18<\/p>\n\n\n\n<p><strong>&nbsp;&nbsp;&nbsp;&nbsp;&nbsp;&nbsp;&nbsp;&nbsp;&nbsp;&nbsp; P\u00e1n m\u011b vysvobod\u00ed ze v\u0161eho zl\u00e9ho a zachov\u00e1 pro sv\u00e9 nebesk\u00e9 kr\u00e1lovstv\u00ed.<\/strong><\/p>\n\n\n\n<p><strong>&nbsp;&nbsp;&nbsp;&nbsp;&nbsp;&nbsp;&nbsp;&nbsp;&nbsp;&nbsp;<\/strong><strong>Jemu pat\u0159\u00ed sl\u00e1va na v\u011bky v\u011bk\u016f, amen.<\/strong><\/p>\n\n\n\n<p>Bo\u017e\u00ed jm\u00e9no je neposti\u017eiteln\u00e9, je samou podstatou Bo\u017e\u00ed existence.<\/p>\n\n\n\n<p>P\u00e1n B\u016fh nebesk\u00fd nen\u00ed nehybn\u00fd, vzd\u00e1len\u00fd a neml\u010d\u00ed. Nebesa nejsou d\u00e1l ne\u017e na\u0161e \u00fap\u011bnliv\u00e9 vol\u00e1n\u00ed<\/p>\n\n\n\n<p>v egyptsk\u00e9m zajet\u00ed &#8211; h\u0159\u00edchu ne\u017e na\u0161e vol\u00e1n\u00ed o pomoc.<\/p>\n\n\n\n<p>P\u00e1n B\u016fh je Bohem v\u0161ech t\u011bch, kte\u0159\u00ed m\u011bli odvahu vyj\u00edt na Bo\u017e\u00ed povol\u00e1n\u00ed ze sv\u00e9 zabydlenosti a spolehnout se na p\u0159\u00edslib Bo\u017e\u00ed p\u0159\u00edtomnosti.<\/p>\n\n\n\n<p>Ohe\u0148 Bo\u017e\u00ed l\u00e1sky n\u00e1s mnohdy spaluje jako spaloval ke\u0159, ale p\u0159es to v\u0161echno nesho\u0159\u00edme.<\/p>\n\n\n\n<p>Hospodin je Bohem t\u011bch, kte\u0159\u00ed&nbsp;<em>v&nbsp;<\/em>Je\u017e\u00ed\u0161i Kristu rozpoznali toho, kter\u00fd n\u00e1s vyvedl z na\u0161\u00ed h\u0159\u00ed\u0161nosti do Bo\u017e\u00edho kr\u00e1lovstv\u00ed, je\u017e pro p\u016fsoben\u00ed a p\u0159\u00edtomnost Ducha sv\u00e1t\u00e9ho sm\u00edme pro\u017e\u00edvat ji\u017e dnes.<\/p>\n\n\n\n<p>&#8212;&#8212;&#8212;&#8212;&#8212;&#8212;&#8212;&#8212;&#8212;&#8212;&#8212;&#8212;-<\/p>\n\n\n\n<p><strong>Pr\u00e1ce&nbsp;s p\u0159ed\u0161koln\u00edmi d\u011btmi:<\/strong><\/p>\n\n\n\n<p><strong>2. p\u00edse\u0148, pozn\u00e1mky a \u00faloha pro p\u0159ed\u0161koln\u00ed v\u011bk:<\/strong><\/p>\n\n\n\n<p>Zazp\u00edvejte s d\u011btmi p\u00edse\u0148 (BTS ). Vypr\u00e1v\u011bjte \u00falohu z&nbsp;<strong>Ot\u010de n\u00e1\u0161 \u010d. 2\/1<\/strong>&nbsp;&#8211;&nbsp;<strong>Ho\u0159\u00edc\u00ed ke\u0159<\/strong>.<\/p>\n\n\n\n<p>Zeptejte se d\u011bt\u00ed, zda &#8222;nebesa&#8220; vn\u00edmaj\u00ed jako n\u011bco bl\u00edzk\u00e9ho \u010di vzd\u00e1len\u00e9ho. Vypr\u00e1v\u011bjte o povol\u00e1n\u00ed Moj\u017e\u00ed\u0161e \u2011 a zd\u016frazn\u011bte Bo\u017e\u00ed bl\u00edzkost a solidaritu. A\u010d je B\u016fh nep\u0159\u00edstupn\u00fd a svat\u00fd \u2011 jak s b\u00e1zn\u00ed pozn\u00e1v\u00e1 Moj\u017e\u00ed\u0161 u ho\u0159\u00edc\u00edho ke\u0159e \u2011 p\u0159ece velice dob\u0159e v\u00ed o tr\u00e1pen\u00ed a n\u00e1\u0159ku sv\u00e9ho lidu, sestupuje a&nbsp;vysvobozuje.<\/p>\n\n\n\n<p>Osnova:&nbsp;&nbsp;&nbsp;&nbsp;&nbsp;&nbsp;&nbsp;&nbsp; &nbsp;I.&nbsp;&nbsp; Moj\u017e\u00ed\u0161 pase ovce daleko od sv\u00e9ho trp\u00edc\u00edho lidu<\/p>\n\n\n\n<p>&nbsp;&nbsp;&nbsp;&nbsp;&nbsp;&nbsp;&nbsp;&nbsp;&nbsp;&nbsp;&nbsp;&nbsp;&nbsp;&nbsp;&nbsp;&nbsp;&nbsp;&nbsp;&nbsp;&nbsp; II.&nbsp; Podivn\u00fd \u00fakaz \u2011 ho\u0159\u00edc\u00ed ke\u0159<\/p>\n\n\n\n<p>&nbsp;&nbsp;&nbsp;&nbsp;&nbsp;&nbsp;&nbsp;&nbsp;&nbsp;&nbsp;&nbsp;&nbsp;&nbsp;&nbsp;&nbsp;&nbsp;&nbsp;&nbsp;&nbsp;&nbsp; III. Hlas \u2011 osloven\u00ed o&nbsp; Bo\u017e\u00ed bl\u00edzkosti<\/p>\n\n\n\n<p>&nbsp;&nbsp;&nbsp;&nbsp;&nbsp;&nbsp;&nbsp;&nbsp;&nbsp;&nbsp;&nbsp;&nbsp;&nbsp;&nbsp;&nbsp;&nbsp;&nbsp;&nbsp;&nbsp;&nbsp; IV. Moj\u017e\u00ed\u0161 se vyd\u00e1v\u00e1 na cestu<\/p>\n\n\n\n<p>Pom\u016fcky: Nechte d\u011bti vymalovat obr\u00e1zky k p\u0159\u00edb\u011bhu a sestavte z nich leporelo. Obr\u00e1zky namaluj\u00adte podle Osnovy.<\/p>\n","protected":false},"featured_media":2430,"template":"","_links":{"self":[{"href":"https:\/\/deti.evangnet.cz\/katecheze\/wp-json\/wp\/v2\/worksheet\/2427"}],"collection":[{"href":"https:\/\/deti.evangnet.cz\/katecheze\/wp-json\/wp\/v2\/worksheet"}],"about":[{"href":"https:\/\/deti.evangnet.cz\/katecheze\/wp-json\/wp\/v2\/types\/worksheet"}],"version-history":[{"count":1,"href":"https:\/\/deti.evangnet.cz\/katecheze\/wp-json\/wp\/v2\/worksheet\/2427\/revisions"}],"predecessor-version":[{"id":2431,"href":"https:\/\/deti.evangnet.cz\/katecheze\/wp-json\/wp\/v2\/worksheet\/2427\/revisions\/2431"}],"wp:featuredmedia":[{"embeddable":true,"href":"https:\/\/deti.evangnet.cz\/katecheze\/wp-json\/wp\/v2\/media\/2430"}],"wp:attachment":[{"href":"https:\/\/deti.evangnet.cz\/katecheze\/wp-json\/wp\/v2\/media?parent=2427"}],"curies":[{"name":"wp","href":"https:\/\/api.w.org\/{rel}","templated":true}]}}