
{"id":2204,"date":"2025-07-27T13:04:10","date_gmt":"2025-07-27T11:04:10","guid":{"rendered":"https:\/\/deti.evangnet.cz\/katecheze\/?post_type=worksheet&#038;p=2204"},"modified":"2025-07-27T13:04:12","modified_gmt":"2025-07-27T11:04:12","slug":"36-zachrana-zidu","status":"publish","type":"worksheet","link":"https:\/\/deti.evangnet.cz\/katecheze\/pracovni-listy\/36-zachrana-zidu\/","title":{"rendered":"36 Z\u00e1chrana \u017did\u016f"},"content":{"rendered":"\n<p>D\u011bti maj\u00ed proj\u00edt bludi\u0161t\u011bm ( nap\u0159\u00edklad ka\u017edou cestu vyzna\u010dit jinou barvou ), aby poznaly, kdo nakonec k\u00a0\u010demu do\u0161el. Pust\u00edte-li se do toho s\u00a0d\u011btmi p\u0159ed vypr\u00e1v\u011bn\u00edm, m\u016f\u017eete se jich pt\u00e1t, co si mysl\u00ed, \u017ee m\u016f\u017ee ono bludi\u0161t\u011b znamenat. Vypr\u00e1v\u011bn\u00edm pak na tuto ot\u00e1zku sami odpov\u00edd\u00e1te. Za\u0159ad\u00edte-li zpracov\u00e1n\u00ed obr\u00e1zku a\u017e po v\u00fdkladu, ptejte se jich, pro\u010d asi, kdy\u017e u\u017e v\u00fdsledek znaj\u00ed, proch\u00e1zej\u00ed je\u0161t\u011b takov\u00fdm bludi\u0161t\u011bm. V\u00fdznamn\u00e9 je nejen uv\u011bdomit si v\u00fdsledek, ale pr\u00e1v\u011b to, \u017ee p\u0159edem nebyl jasn\u00fd, \u017ee je v\u017edycky ot\u00e1zkou d\u016fv\u011bry.<\/p>\n","protected":false},"featured_media":2205,"template":"","_links":{"self":[{"href":"https:\/\/deti.evangnet.cz\/katecheze\/wp-json\/wp\/v2\/worksheet\/2204"}],"collection":[{"href":"https:\/\/deti.evangnet.cz\/katecheze\/wp-json\/wp\/v2\/worksheet"}],"about":[{"href":"https:\/\/deti.evangnet.cz\/katecheze\/wp-json\/wp\/v2\/types\/worksheet"}],"version-history":[{"count":1,"href":"https:\/\/deti.evangnet.cz\/katecheze\/wp-json\/wp\/v2\/worksheet\/2204\/revisions"}],"predecessor-version":[{"id":2206,"href":"https:\/\/deti.evangnet.cz\/katecheze\/wp-json\/wp\/v2\/worksheet\/2204\/revisions\/2206"}],"wp:featuredmedia":[{"embeddable":true,"href":"https:\/\/deti.evangnet.cz\/katecheze\/wp-json\/wp\/v2\/media\/2205"}],"wp:attachment":[{"href":"https:\/\/deti.evangnet.cz\/katecheze\/wp-json\/wp\/v2\/media?parent=2204"}],"curies":[{"name":"wp","href":"https:\/\/api.w.org\/{rel}","templated":true}]}}