
{"id":2189,"date":"2025-07-27T12:54:16","date_gmt":"2025-07-27T10:54:16","guid":{"rendered":"https:\/\/deti.evangnet.cz\/katecheze\/?post_type=worksheet&#038;p=2189"},"modified":"2025-07-27T12:54:19","modified_gmt":"2025-07-27T10:54:19","slug":"33-videni-krale-belsasara-st","status":"publish","type":"worksheet","link":"https:\/\/deti.evangnet.cz\/katecheze\/pracovni-listy\/33-videni-krale-belsasara-st\/","title":{"rendered":"33 Vid\u011bn\u00ed kr\u00e1le Bel\u0161asara &#8211; st"},"content":{"rendered":"\n<p>\u00dakol z\u00a0horn\u00ed poloviny listu m\u016f\u017eete pou\u017e\u00edt jako motiva\u010dn\u00ed uveden\u00ed. Spole\u010dn\u011b si projd\u011bte, co d\u011bti vybraly. Po vypr\u00e1v\u011bn\u00ed nebo p\u0159e\u010dten\u00ed biblick\u00e9ho p\u0159\u00edb\u011bhu se m\u016f\u017eete k\u00a0\u00fakolu znovu vr\u00e1tit a vyzvat d\u011bti, aby jinou barvou ozna\u010dily, pokud nyn\u00ed cht\u011bj\u00ed sv\u016fj v\u00fdb\u011br n\u011bjak opravit. Mohou si vz\u00e1jemn\u011b radit, domlouvat se. Potom se jich zeptejte, \u010d\u00ed je podle biblick\u00e9ho p\u0159\u00edb\u011bhu ta ruka ve spodn\u00ed \u010d\u00e1sti obr\u00e1zku a co psala. Kdo n\u00e1m tedy vystavuje \u00fa\u010det? Nebylo pr\u00e1v\u011b to, \u017ee se Belt\u0161asar zam\u011b\u0159il jenom na z\u00edsk\u00e1n\u00ed velikosti a odvahy, jeho z\u00e1kladn\u00edm omylem? A z\u00e1le\u017e\u00ed p\u0159itom tolik na tom, zda jsou prost\u0159edky \u201ebezbo\u017en\u00e9\u201c \u010di \u201ezbo\u017en\u00e9\u201c? Mysl\u00edm, \u017ee ne ( viz. nap\u0159. 1.Sam 4; 1.Sam 13; 1.Kor 13). Pokud se cokoli stane jenom prost\u0159edkem k\u00a0z\u00edsk\u00e1n\u00ed velikosti a odvahy, je to asi \u0161patn\u011b. D\u016fv\u011bra ji nech\u00e1v\u00e1 na Bohu, kter\u00fd s\u00e1m vystavuje \u00fa\u010det. To je, mysl\u00edm, t\u0159eba zd\u016fraznit, a\u0165 u\u017e jste spole\u010dn\u011b do\u0161li k\u00a0jak\u00e9mukoli v\u00fdb\u011bru. Proto nakonec m\u016f\u017eete v\u0161e uzav\u0159\u00edt pokusem s\u00a0ml\u00e9kem a sv\u00ed\u010dkou. Ty je t\u0159eba si nachystat.<\/p>\n","protected":false},"featured_media":2190,"template":"","_links":{"self":[{"href":"https:\/\/deti.evangnet.cz\/katecheze\/wp-json\/wp\/v2\/worksheet\/2189"}],"collection":[{"href":"https:\/\/deti.evangnet.cz\/katecheze\/wp-json\/wp\/v2\/worksheet"}],"about":[{"href":"https:\/\/deti.evangnet.cz\/katecheze\/wp-json\/wp\/v2\/types\/worksheet"}],"version-history":[{"count":1,"href":"https:\/\/deti.evangnet.cz\/katecheze\/wp-json\/wp\/v2\/worksheet\/2189\/revisions"}],"predecessor-version":[{"id":2191,"href":"https:\/\/deti.evangnet.cz\/katecheze\/wp-json\/wp\/v2\/worksheet\/2189\/revisions\/2191"}],"wp:featuredmedia":[{"embeddable":true,"href":"https:\/\/deti.evangnet.cz\/katecheze\/wp-json\/wp\/v2\/media\/2190"}],"wp:attachment":[{"href":"https:\/\/deti.evangnet.cz\/katecheze\/wp-json\/wp\/v2\/media?parent=2189"}],"curies":[{"name":"wp","href":"https:\/\/api.w.org\/{rel}","templated":true}]}}