
{"id":2150,"date":"2025-07-27T12:37:07","date_gmt":"2025-07-27T10:37:07","guid":{"rendered":"https:\/\/deti.evangnet.cz\/katecheze\/?post_type=worksheet&#038;p=2150"},"modified":"2025-07-27T12:37:08","modified_gmt":"2025-07-27T10:37:08","slug":"27-prorok-jeremjas-ohlasuje-soud-nad-jeruzalemem","status":"publish","type":"worksheet","link":"https:\/\/deti.evangnet.cz\/katecheze\/pracovni-listy\/27-prorok-jeremjas-ohlasuje-soud-nad-jeruzalemem\/","title":{"rendered":"27 Prorok Jeremj\u00e1\u0161 ohla\u0161uje soud nad Jeruzal\u00e9mem"},"content":{"rendered":"\n<p>Skl\u00e1dat s\u00a0d\u011btmi roz\u0159ezanou knihu je asi l\u00e9pe a\u017e po vypr\u00e1v\u011bn\u00ed, kdy jim bude z\u0159ejm\u00e1 souvislost s\u00a0vypr\u00e1v\u011bn\u00edm. \u00dakol jim m\u016f\u017eete p\u0159edstavit tak, \u017ee si nyn\u00ed sami zahraj\u00ed na proroka, kter\u00fd m\u011bl d\u00e1t znovu dohromady zni\u010den\u00e9 proroctv\u00ed. Je ov\u0161em tak\u00e9 mo\u017en\u00e9 skl\u00e1dankou za\u010d\u00edt. Kdy\u017e se j\u00ed d\u011btem poda\u0159\u00ed d\u00e1t dohromady, ptejte se, zda poznaj\u00ed, o jakou knihu jde. Pokud na to p\u0159ijdou, ptejte se d\u00e1l, pro\u010d je asi roz\u0159ezan\u00e1, kdo by to mohl ud\u011blat a pro\u010d. Na to potom jde nav\u00e1zat vypr\u00e1v\u011bn\u00edm, jak bylo bo\u017e\u00ed slovo kr\u00e1li nep\u0159\u00edjemn\u00e9 a pro\u010d.<\/p>\n","protected":false},"featured_media":2151,"template":"","_links":{"self":[{"href":"https:\/\/deti.evangnet.cz\/katecheze\/wp-json\/wp\/v2\/worksheet\/2150"}],"collection":[{"href":"https:\/\/deti.evangnet.cz\/katecheze\/wp-json\/wp\/v2\/worksheet"}],"about":[{"href":"https:\/\/deti.evangnet.cz\/katecheze\/wp-json\/wp\/v2\/types\/worksheet"}],"version-history":[{"count":1,"href":"https:\/\/deti.evangnet.cz\/katecheze\/wp-json\/wp\/v2\/worksheet\/2150\/revisions"}],"predecessor-version":[{"id":2152,"href":"https:\/\/deti.evangnet.cz\/katecheze\/wp-json\/wp\/v2\/worksheet\/2150\/revisions\/2152"}],"wp:featuredmedia":[{"embeddable":true,"href":"https:\/\/deti.evangnet.cz\/katecheze\/wp-json\/wp\/v2\/media\/2151"}],"wp:attachment":[{"href":"https:\/\/deti.evangnet.cz\/katecheze\/wp-json\/wp\/v2\/media?parent=2150"}],"curies":[{"name":"wp","href":"https:\/\/api.w.org\/{rel}","templated":true}]}}