
{"id":2135,"date":"2025-07-27T12:31:01","date_gmt":"2025-07-27T10:31:01","guid":{"rendered":"https:\/\/deti.evangnet.cz\/katecheze\/?post_type=worksheet&#038;p=2135"},"modified":"2025-07-27T12:31:02","modified_gmt":"2025-07-27T10:31:02","slug":"24-pad-severni-rise-st","status":"publish","type":"worksheet","link":"https:\/\/deti.evangnet.cz\/katecheze\/pracovni-listy\/24-pad-severni-rise-st\/","title":{"rendered":"24 P\u00e1d severn\u00ed \u0159\u00ed\u0161e &#8211; st"},"content":{"rendered":"\n<p>Biblick\u00e1 \u00faloha vych\u00e1z\u00ed z\u00a0Izaj\u00e1\u0161ovy prorock\u00e9 p\u00edsni\u010dky. Proto se maj\u00ed d\u011bti nejprve pokusit ud\u011blat z\u00a0\u00faryvku Izaj\u00e1\u0161ova proroctv\u00ed zp\u00edvateln\u00fd text na melodii \u201eB\u016fh je z\u00e1\u0161tita m\u00e1\u201c (Sv\u00edt\u00e1 23). M\u016f\u017eete to uv\u00e9st t\u0159eba rozhovorem o tom, jak si d\u011bti proroka p\u0159edstavuj\u00ed, p\u0159i kter\u00e9m dojdete i k\u00a0tomu, \u017ee se mohl podobat i p\u00edsni\u010dk\u00e1\u0159i. \u201eBiblick\u00fd text n\u00e1m ov\u0161em zachytil jen obsah p\u00edsni\u010dky. My se m\u016f\u017eeme pokusit ud\u011blat z\u00a0n\u011bho p\u00edsni\u010dku, jakou mo\u017en\u00e1 zp\u00edval Izaj\u00e1\u0161.\u201c P\u0159e\u010dt\u011bte si text z\u00a0Izaj\u00e1\u0161e. Rozdejte pracovn\u00ed listy. Zahrajte d\u011btem prvn\u00ed sloku a m\u016f\u017eete spole\u010dn\u011b vym\u00fd\u0161let text. P\u00edsni\u010dku pak spole\u010dn\u011b zazp\u00edvejte a pov\u011bzte, pro\u010d a do jak\u00e9 situace zn\u011bla. Potom d\u011bti vyzv\u011bte, aby z\u00a0bublin dole na pracovn\u00edm list\u011b vybraly tu, o jejich\u017e autorech si mysl\u00ed, \u017ee Izaj\u00e1\u0161ovu p\u00edsni\u010dku opravdu sly\u0161eli a pochopili. Ptejte se jich, pro\u010d si to mysl\u00ed, pop\u0159\u00edpad\u011b jak asi vid\u00ed auto\u0159i jednotliv\u00fdch v\u00fdrok\u016f por\u00e1\u017eku, kter\u00e1 je potkala. M\u016f\u017eete pak vym\u00fd\u0161let, jak by mohly zn\u00edt podobn\u00e9 v\u00fdroky, kdy\u017e ony za\u017eij\u00ed n\u011bjakou prohru.<\/p>\n","protected":false},"featured_media":2136,"template":"","_links":{"self":[{"href":"https:\/\/deti.evangnet.cz\/katecheze\/wp-json\/wp\/v2\/worksheet\/2135"}],"collection":[{"href":"https:\/\/deti.evangnet.cz\/katecheze\/wp-json\/wp\/v2\/worksheet"}],"about":[{"href":"https:\/\/deti.evangnet.cz\/katecheze\/wp-json\/wp\/v2\/types\/worksheet"}],"version-history":[{"count":1,"href":"https:\/\/deti.evangnet.cz\/katecheze\/wp-json\/wp\/v2\/worksheet\/2135\/revisions"}],"predecessor-version":[{"id":2137,"href":"https:\/\/deti.evangnet.cz\/katecheze\/wp-json\/wp\/v2\/worksheet\/2135\/revisions\/2137"}],"wp:featuredmedia":[{"embeddable":true,"href":"https:\/\/deti.evangnet.cz\/katecheze\/wp-json\/wp\/v2\/media\/2136"}],"wp:attachment":[{"href":"https:\/\/deti.evangnet.cz\/katecheze\/wp-json\/wp\/v2\/media?parent=2135"}],"curies":[{"name":"wp","href":"https:\/\/api.w.org\/{rel}","templated":true}]}}