
{"id":2105,"date":"2025-07-27T12:16:53","date_gmt":"2025-07-27T10:16:53","guid":{"rendered":"https:\/\/deti.evangnet.cz\/katecheze\/?post_type=worksheet&#038;p=2105"},"modified":"2025-07-27T12:16:55","modified_gmt":"2025-07-27T10:16:55","slug":"19-elijas-na-orebu-st","status":"publish","type":"worksheet","link":"https:\/\/deti.evangnet.cz\/katecheze\/pracovni-listy\/19-elijas-na-orebu-st\/","title":{"rendered":"19 Elij\u00e1\u0161 na Or\u00e9bu &#8211; st"},"content":{"rendered":"\n<p>Pracovn\u00ed list se soust\u0159e\u010fuje na ot\u00e1zku sebezjeven\u00ed Hospodina, j\u00edm\u017e odpov\u00edd\u00e1 na Eli\u00e1\u0161ovu pochopitelnou skepsi, \u00fanavu a beznad\u011bj. M\u016f\u017ee otev\u0159\u00edt rozhovor o tom, v\u00a0\u010dem je Hospodin. D\u011bti maj\u00ed ve skr\u00fdva\u010dce nejd\u0159\u00edve naj\u00edt r\u016fzn\u00e9 mo\u017enosti (odvaha, z\u00e1zraky, \u017eiveln\u00e9 pohromy, zem\u011bt\u0159esen\u00ed, ohromn\u00e1 s\u00edla, ohe\u0148, vichr, tich\u00fd hlas, divy, moc, sl\u00e1va, pokoj, hn\u011bv, smrt, \u00fasp\u011bch, od\u0159\u00edk\u00e1n\u00ed, prohra, v\u00fdhra, kr\u00e1sa\u2026). Mohou si je t\u0159eba vybarvit zv\u00fdraz\u0148ova\u010dem. Potom je vyzv\u011bte, aby z\u00a0nich vybraly jednu nebo dv\u011b, kter\u00e9 jsou podle nich nejcharakteristi\u010dt\u011bj\u0161\u00ed pro bo\u017e\u00ed p\u016fsoben\u00ed. Ptejte se jich, pro\u010d je vybraly. Mluvte o tom spole\u010dn\u011b. Nejde jenom o to, aby se trefily do \u201espr\u00e1vn\u00e9 odpov\u011bdi\u201c podle p\u0159\u00edb\u011bhu. Bible, mysl\u00edm, nenab\u00edz\u00ed jedinou spr\u00e1vnou odpov\u011b\u010f. Odpov\u011b\u010f z\u00a0p\u0159\u00edb\u011bhu je ale d\u016fle\u017eit\u00e1 pro Eli\u00e1\u0161ovu situaci. \u00dakolem a rozhovorem m\u016f\u017eete za\u010d\u00edt a p\u0159\u00edb\u011bh potom vypr\u00e1v\u011bt nebo \u010d\u00edst jako d\u016fle\u017eit\u00fd p\u0159\u00edsp\u011bvek k\u00a0va\u0161emu rozhovoru. Nebo m\u016f\u017eete k\u00a0\u00fakolu a rozhovoru p\u0159istoupit po v\u00fdkladu. Tak bude m\u00edt v\u00edce funkc\u00ed: uk\u00e1\u017ee v\u00e1m, co d\u011bti z\u00a0va\u0161eho v\u00fdkladu sly\u0161ely; odhal\u00ed, \u017ee nejde o obecnou v\u0161ezahrnuj\u00edc\u00ed pravdu; soust\u0159ed\u00ed tak na situaci, kterou Eli\u00e1\u0161 pro\u017e\u00edv\u00e1; obohat\u00ed t\u00e9ma dal\u0161\u00edmi mo\u017en\u00fdmi pohledy a souvislostmi.<\/p>\n","protected":false},"featured_media":2106,"template":"","_links":{"self":[{"href":"https:\/\/deti.evangnet.cz\/katecheze\/wp-json\/wp\/v2\/worksheet\/2105"}],"collection":[{"href":"https:\/\/deti.evangnet.cz\/katecheze\/wp-json\/wp\/v2\/worksheet"}],"about":[{"href":"https:\/\/deti.evangnet.cz\/katecheze\/wp-json\/wp\/v2\/types\/worksheet"}],"version-history":[{"count":1,"href":"https:\/\/deti.evangnet.cz\/katecheze\/wp-json\/wp\/v2\/worksheet\/2105\/revisions"}],"predecessor-version":[{"id":2107,"href":"https:\/\/deti.evangnet.cz\/katecheze\/wp-json\/wp\/v2\/worksheet\/2105\/revisions\/2107"}],"wp:featuredmedia":[{"embeddable":true,"href":"https:\/\/deti.evangnet.cz\/katecheze\/wp-json\/wp\/v2\/media\/2106"}],"wp:attachment":[{"href":"https:\/\/deti.evangnet.cz\/katecheze\/wp-json\/wp\/v2\/media?parent=2105"}],"curies":[{"name":"wp","href":"https:\/\/api.w.org\/{rel}","templated":true}]}}