
{"id":2076,"date":"2025-07-27T12:05:37","date_gmt":"2025-07-27T10:05:37","guid":{"rendered":"https:\/\/deti.evangnet.cz\/katecheze\/?post_type=worksheet&#038;p=2076"},"modified":"2025-07-27T12:05:41","modified_gmt":"2025-07-27T10:05:41","slug":"15-kralovstvi-se-rozdeluje","status":"publish","type":"worksheet","link":"https:\/\/deti.evangnet.cz\/katecheze\/pracovni-listy\/15-kralovstvi-se-rozdeluje\/","title":{"rendered":"15 Kr\u00e1lovstv\u00ed se rozd\u011bluje"},"content":{"rendered":"\n<p>\u00dakol z\u00a0obr\u00e1zku mohou d\u011bti op\u011bt d\u011blat bu\u010f na v\u00a0\u00favodu k\u00a0vypr\u00e1v\u011bn\u00ed nebo po n\u011bm. Pokud ho budou zpracov\u00e1vat v\u00a0\u00favodu, m\u016f\u017eete se potom pt\u00e1t, co by podle nich kter\u00fd r\u00e1dce na obr\u00e1zku radil. P\u0159\u00edb\u011bh potom vypr\u00e1v\u00edte jako roz\u0159e\u0161en\u00ed ot\u00e1zek. Pokud d\u011bti \u00fakol zpracov\u00e1vaj\u00ed na z\u00e1v\u011br, mohou nav\u00edc mo\u017enosti, kter\u00e9 objev\u00ed, spojit linkou s\u00a0tou postavou, kter\u00e1 je zast\u00e1vala. V\u00fdsledek v\u00e1m uk\u00e1\u017ee, zda jste p\u0159\u00edb\u011bh vypr\u00e1v\u011bli srozumiteln\u011b. Pokud chcete ned\u011bln\u00ed \u0161kolu propojit s\u00a0bohoslu\u017ebami, vyrobte zv\u011bt\u0161enou tabulku z\u00a0obr\u00e1zku. D\u011bti j\u00ed p\u0159inesou do bohoslu\u017eeb a vyzvou dosp\u011bl\u00e9, aby hledali, co rozd\u011bluje a co spojuje.<\/p>\n","protected":false},"featured_media":2077,"template":"","_links":{"self":[{"href":"https:\/\/deti.evangnet.cz\/katecheze\/wp-json\/wp\/v2\/worksheet\/2076"}],"collection":[{"href":"https:\/\/deti.evangnet.cz\/katecheze\/wp-json\/wp\/v2\/worksheet"}],"about":[{"href":"https:\/\/deti.evangnet.cz\/katecheze\/wp-json\/wp\/v2\/types\/worksheet"}],"version-history":[{"count":1,"href":"https:\/\/deti.evangnet.cz\/katecheze\/wp-json\/wp\/v2\/worksheet\/2076\/revisions"}],"predecessor-version":[{"id":2078,"href":"https:\/\/deti.evangnet.cz\/katecheze\/wp-json\/wp\/v2\/worksheet\/2076\/revisions\/2078"}],"wp:featuredmedia":[{"embeddable":true,"href":"https:\/\/deti.evangnet.cz\/katecheze\/wp-json\/wp\/v2\/media\/2077"}],"wp:attachment":[{"href":"https:\/\/deti.evangnet.cz\/katecheze\/wp-json\/wp\/v2\/media?parent=2076"}],"curies":[{"name":"wp","href":"https:\/\/api.w.org\/{rel}","templated":true}]}}