
{"id":1859,"date":"2025-07-17T23:33:38","date_gmt":"2025-07-17T21:33:38","guid":{"rendered":"https:\/\/deti.evangnet.cz\/katecheze\/?post_type=worksheet&#038;p=1859"},"modified":"2025-07-17T23:33:39","modified_gmt":"2025-07-17T21:33:39","slug":"abram-a-lot-2","status":"publish","type":"worksheet","link":"https:\/\/deti.evangnet.cz\/katecheze\/pracovni-listy\/abram-a-lot-2\/","title":{"rendered":"Abram a Lot"},"content":{"rendered":"\n<p>K\u00a0tomu, aby d\u011bti mohly obr\u00e1zek dotvo\u0159it, pot\u0159ebuj\u00ed biblick\u00e9 vypr\u00e1v\u011bn\u00ed zn\u00e1t. To v\u0161ak neznamen\u00e1, \u017ee by jej bylo mo\u017en\u00e9 pou\u017e\u00edt pouze na z\u00e1v\u011br hodiny. D\u011btem je mo\u017en\u00e9 na za\u010d\u00e1tek p\u0159e\u010d\u00edst odd\u00edl Gn 13 ( jde-li o star\u0161\u00ed d\u011bti, m\u016f\u017ee si je ka\u017ed\u00e9 v\u00a0bibli naj\u00edt a p\u0159e\u010d\u00edst samo ) a vyzvat je, aby podle n\u011bho obr\u00e1zek domalovaly. Potom je mo\u017en\u00e9 se jich pt\u00e1t, kdo dopadl l\u00e9pe, jestli Abram prohloupil, jestli by jednali stejn\u011b, pro\u010d to ud\u011blal, co mu dovolilo tak jednat, jestli si mysl\u00ed, \u017ee byl potom na\u0161tvan\u00fd na Lota atd. a p\u0159itom p\u0159\u00edb\u011bh interpretovat a vykl\u00e1dat a tak\u00e9 nav\u00e1zat vypr\u00e1v\u011bn\u00edm 14. kapitoly.<\/p>\n","protected":false},"featured_media":1860,"template":"","_links":{"self":[{"href":"https:\/\/deti.evangnet.cz\/katecheze\/wp-json\/wp\/v2\/worksheet\/1859"}],"collection":[{"href":"https:\/\/deti.evangnet.cz\/katecheze\/wp-json\/wp\/v2\/worksheet"}],"about":[{"href":"https:\/\/deti.evangnet.cz\/katecheze\/wp-json\/wp\/v2\/types\/worksheet"}],"version-history":[{"count":1,"href":"https:\/\/deti.evangnet.cz\/katecheze\/wp-json\/wp\/v2\/worksheet\/1859\/revisions"}],"predecessor-version":[{"id":1861,"href":"https:\/\/deti.evangnet.cz\/katecheze\/wp-json\/wp\/v2\/worksheet\/1859\/revisions\/1861"}],"wp:featuredmedia":[{"embeddable":true,"href":"https:\/\/deti.evangnet.cz\/katecheze\/wp-json\/wp\/v2\/media\/1860"}],"wp:attachment":[{"href":"https:\/\/deti.evangnet.cz\/katecheze\/wp-json\/wp\/v2\/media?parent=1859"}],"curies":[{"name":"wp","href":"https:\/\/api.w.org\/{rel}","templated":true}]}}