
{"id":1699,"date":"2025-07-13T16:28:56","date_gmt":"2025-07-13T14:28:56","guid":{"rendered":"https:\/\/deti.evangnet.cz\/katecheze\/?post_type=worksheet&#038;p=1699"},"modified":"2025-07-13T16:28:59","modified_gmt":"2025-07-13T14:28:59","slug":"pad-jericha-st-2","status":"publish","type":"worksheet","link":"https:\/\/deti.evangnet.cz\/katecheze\/pracovni-listy\/pad-jericha-st-2\/","title":{"rendered":"P\u00e1d Jericha &#8211; st"},"content":{"rendered":"\n<p>Pr\u00e1ci s\u00a0obr\u00e1zkem m\u016f\u017eete zapojit do v\u0161ech f\u00e1z\u00ed \u201ehodiny\u201c. V\u00a0motiva\u010dn\u00ed \u010d\u00e1sti se d\u011bt\u00ed m\u016f\u017eete pt\u00e1t, co je podle nich zl\u00e9 a zd\u00e1 se jim to nep\u0159ekonateln\u00e9. To si pak nap\u00ed\u0161\u00ed dovnit\u0159 hradeb. P\u0159i vypr\u00e1v\u011bn\u00ed se m\u016f\u017eete zastavit u uzav\u0159en\u00ed Jericha a vyzvat d\u011bti, aby vym\u00fd\u0161lely, co nap\u00ed\u0161ou do kamen\u016f hradby. Na konci vypr\u00e1v\u011bn\u00ed nechte d\u011bti, a\u0165 do bublin truba\u010d\u016f vyberou ze zp\u011bvn\u00edku Sv\u00edt\u00e1 p\u00edsni\u010dky, kter\u00e9 jsou pro n\u011b osvobodiv\u00e9. Pokud se v\u00e1m zp\u011bvn\u00edk Sv\u00edt\u00e1 z\u00a0n\u011bjak\u00e9ho d\u016fvodu nel\u00edb\u00ed, m\u016f\u017eete samoz\u0159ejm\u011b pou\u017e\u00edt jin\u00fd.<\/p>\n","protected":false},"featured_media":1700,"template":"","_links":{"self":[{"href":"https:\/\/deti.evangnet.cz\/katecheze\/wp-json\/wp\/v2\/worksheet\/1699"}],"collection":[{"href":"https:\/\/deti.evangnet.cz\/katecheze\/wp-json\/wp\/v2\/worksheet"}],"about":[{"href":"https:\/\/deti.evangnet.cz\/katecheze\/wp-json\/wp\/v2\/types\/worksheet"}],"version-history":[{"count":1,"href":"https:\/\/deti.evangnet.cz\/katecheze\/wp-json\/wp\/v2\/worksheet\/1699\/revisions"}],"predecessor-version":[{"id":1701,"href":"https:\/\/deti.evangnet.cz\/katecheze\/wp-json\/wp\/v2\/worksheet\/1699\/revisions\/1701"}],"wp:featuredmedia":[{"embeddable":true,"href":"https:\/\/deti.evangnet.cz\/katecheze\/wp-json\/wp\/v2\/media\/1700"}],"wp:attachment":[{"href":"https:\/\/deti.evangnet.cz\/katecheze\/wp-json\/wp\/v2\/media?parent=1699"}],"curies":[{"name":"wp","href":"https:\/\/api.w.org\/{rel}","templated":true}]}}