
{"id":1651,"date":"2025-07-07T17:23:22","date_gmt":"2025-07-07T15:23:22","guid":{"rendered":"https:\/\/deti.evangnet.cz\/katecheze\/?post_type=worksheet&#038;p=1651"},"modified":"2025-07-07T17:23:24","modified_gmt":"2025-07-07T15:23:24","slug":"andel-oznamuje-marii-narozeni-jezise","status":"publish","type":"worksheet","link":"https:\/\/deti.evangnet.cz\/katecheze\/pracovni-listy\/andel-oznamuje-marii-narozeni-jezise\/","title":{"rendered":"And\u011bl oznamuje Marii narozen\u00ed Je\u017e\u00ed\u0161e"},"content":{"rendered":"\n<figure class=\"wp-block-image\"><a href=\"https:\/\/katecheze.evangnet.cz\/system\/files\/filefield_paths\/And%C4%9Bl%20mluv%C3%AD%20k%20Marii.jpg\" target=\"_blank\" rel=\"noopener\"><img decoding=\"async\" src=\"https:\/\/katecheze.evangnet.cz\/system\/files\/styles\/large\/private\/filefield_paths\/And%C4%9Bl%20mluv%C3%AD%20k%20Marii.jpg?itok=h6PniNc_\" alt=\"And\u011bl oznamuje Marii narozen\u00ed Je\u017e\u00ed\u0161e\" \/><\/a><\/figure>\n\n\n\n<p><em>Obr\u00e1zek k tisku je v p\u0159\u00edloze v PDF<\/em><\/p>\n\n\n\n<p>n\u00e1vod je sou\u010d\u00e1st pracovn\u00edho listu<\/p>\n\n\n\n<p>Katechetick\u00e9 cykly<\/p>\n\n\n\n<p><a href=\"https:\/\/katecheze.evangnet.cz\/cykly\/dal-prece-nejdeme-sami-iii\" target=\"_blank\" rel=\"noopener\">D\u00e1l p\u0159ece nejdeme sami III (S Markem + S Matou\u0161em a Luk\u00e1\u0161em)<\/a><\/p>\n\n\n\n<p>Odkaz na katechetickou p\u0159\u00edpravu<\/p>\n\n\n\n<p><a href=\"https:\/\/katecheze.evangnet.cz\/katecheticke-pripravy\/hle-jsem-sluzebnice-pane\" target=\"_blank\" rel=\"noopener\">Hle, jsem slu\u017eebnice P\u00e1n\u011b\u2026<\/a><\/p>\n\n\n\n<p>Biblick\u00fd odkaz (kat)<\/p>\n\n\n\n<p><a href=\"https:\/\/katecheze.evangnet.cz\/taxonomy\/term\/1820\" target=\"_blank\" rel=\"noopener\">Luk\u00e1\u0161 1:26-38<\/a><\/p>\n\n\n\n<p>T\u00e9ma<\/p>\n\n\n\n<p><a href=\"https:\/\/katecheze.evangnet.cz\/tema\/vanoce-0\" target=\"_blank\" rel=\"noopener\">V\u00e1noce<\/a><\/p>\n\n\n\n<p>Druh aktivity<\/p>\n\n\n\n<p><a href=\"https:\/\/katecheze.evangnet.cz\/druh-aktivity\/ukoly\" target=\"_blank\" rel=\"noopener\">\u00dakoly<\/a><\/p>\n\n\n\n<p>C\u00edlov\u00e1 skupina<\/p>\n\n\n\n<p><a href=\"https:\/\/katecheze.evangnet.cz\/cilova-skupina\/mladsi-skolni\" target=\"_blank\" rel=\"noopener\">Mlad\u0161\u00ed \u0161koln\u00ed<\/a><\/p>\n\n\n\n<h3 class=\"wp-block-heading\">Kam d\u00e1le<\/h3>\n\n\n\n<figure class=\"wp-block-embed\"><div class=\"wp-block-embed__wrapper\">\nhttps:\/\/www.baptisteplzen.net\/materialy-pro-deti\n<\/div><\/figure>\n","protected":false},"featured_media":1653,"template":"","_links":{"self":[{"href":"https:\/\/deti.evangnet.cz\/katecheze\/wp-json\/wp\/v2\/worksheet\/1651"}],"collection":[{"href":"https:\/\/deti.evangnet.cz\/katecheze\/wp-json\/wp\/v2\/worksheet"}],"about":[{"href":"https:\/\/deti.evangnet.cz\/katecheze\/wp-json\/wp\/v2\/types\/worksheet"}],"version-history":[{"count":2,"href":"https:\/\/deti.evangnet.cz\/katecheze\/wp-json\/wp\/v2\/worksheet\/1651\/revisions"}],"predecessor-version":[{"id":2291,"href":"https:\/\/deti.evangnet.cz\/katecheze\/wp-json\/wp\/v2\/worksheet\/1651\/revisions\/2291"}],"wp:featuredmedia":[{"embeddable":true,"href":"https:\/\/deti.evangnet.cz\/katecheze\/wp-json\/wp\/v2\/media\/1653"}],"wp:attachment":[{"href":"https:\/\/deti.evangnet.cz\/katecheze\/wp-json\/wp\/v2\/media?parent=1651"}],"curies":[{"name":"wp","href":"https:\/\/api.w.org\/{rel}","templated":true}]}}