
{"id":3914,"date":"2026-03-05T19:28:20","date_gmt":"2026-03-05T18:28:20","guid":{"rendered":"https:\/\/deti.evangnet.cz\/katecheze\/?post_type=katecheze&#038;p=3914"},"modified":"2026-03-05T22:23:56","modified_gmt":"2026-03-05T21:23:56","slug":"prorokyne-anna","status":"publish","type":"katecheze","link":"https:\/\/deti.evangnet.cz\/katecheze\/katecheze\/prorokyne-anna\/","title":{"rendered":"Prorokyn\u011b Anna"},"content":{"rendered":"\n<h2 class=\"wp-block-heading\">T\u00e9ma<\/h2>\n\n\n\n<p>Nad\u011bje, citlivost, trp\u011blivost a&nbsp;star\u00e9 \u017eeny kolem n\u00e1s.<\/p>\n\n\n\n<h2 class=\"wp-block-heading\">C\u00edl<\/h2>\n\n\n\n<ul>\n<li>D\u011bti p\u0159em\u00fd\u0161lej\u00ed nad t\u00edm, jakou roli maj\u00ed v\u00a0rodin\u011b, ve sboru i\u00a0ve spole\u010dnosti sta\u0159\u00ed lid\u00e9.<\/li>\n\n\n\n<li>D\u011bti si uv\u011bdom\u00ed, \u017ee \u010dek\u00e1n\u00ed nemus\u00ed b\u00fdt jen nuda. T\u0159eba p\u0159i n\u011bm objev\u00edme n\u011bco, co bychom jinak neobjevili, nepoznali.<\/li>\n\n\n\n<li>D\u011bti p\u0159em\u00fd\u0161lej\u00ed nad t\u00edm, co je to modlitba a\u00a0jak n\u011bkdo m\u016f\u017ee sly\u0161et, co \u0159\u00edk\u00e1 P\u00e1n B\u016fh.<\/li>\n<\/ul>\n\n\n\n<hr class=\"wp-block-separator has-alpha-channel-opacity\" \/>\n\n\n\n<h2 class=\"wp-block-heading\">Pro u\u010ditele<\/h2>\n\n\n\n<p>Biblick\u00fd text: Lk 2,36\u201338 (doporu\u010dujeme si p\u0159e\u010d\u00edst Lk 2,2\u201340)<\/p>\n\n\n\n<h3 class=\"wp-block-heading\">V\u00fdkladov\u00e9 pozn\u00e1mky<\/h3>\n\n\n\n<p>Anna byla prorokyn\u011b z&nbsp;Jeruzal\u00e9ma. Byla u\u017e mnoho let vdovou. Tr\u00e1vila \u010das v&nbsp;chr\u00e1mu, st\u00e1le se modlila, hodn\u011b se postila. Byla citliv\u00e1 na p\u016fsoben\u00ed Ducha svat\u00e9ho. D\u00edky tomu n\u011bjak poznala, \u017ee Je\u017e\u00ed\u0161, d\u00edt\u011b, kter\u00e9 Josef a&nbsp;Marie p\u0159in\u00e1\u0161ej\u00ed do chr\u00e1mu, je zvl\u00e1\u0161tn\u00ed, poslan\u00e9 od Boha.<\/p>\n\n\n\n<p>Anna byla p\u0159ipravena, d\u00edky tomu v&nbsp;narozen\u00e9m d\u00edt\u011bti rozpoznala Mesi\u00e1\u0161e a&nbsp;za\u010dala o&nbsp;n\u011bm vypr\u00e1v\u011bt dal\u0161\u00edm lidem, kte\u0159\u00ed v&nbsp;chr\u00e1m\u011b byli.<\/p>\n\n\n\n<p>Anna je dcera Fanuelova z&nbsp;pokolen\u00ed A\u0161erova. Jm\u00e9no Anna (Hana, Chana) znamen\u00e1 \u201emilostipln\u00e1\u201c, \u201emil\u00e1.\u201c Jm\u00e9no A\u0161er znamen\u00e1 \u201eBlahoslav\u201c (Gn 30,13). Prorokyni Annu m\u016f\u017eeme nazvat jm\u00e9nem Ani\u010dka Blahoslavov\u00e1.<\/p>\n\n\n\n<p>Ann\u011b je 84&nbsp;let, to je sedmkr\u00e1t dvan\u00e1ct, tato \u010d\u00edsla jsou v&nbsp;zemi Hospodinov\u011b svat\u00e1. Tak\u017ee cel\u00fd jej\u00ed \u017eivot byl vzornou s\u00e9ri\u00ed let, jako drahokam v\u011bnovan\u00fd Bohu. A&nbsp;nyn\u00ed spolu se Simeonem zastupuje lid Bo\u017e\u00ed, kter\u00fd dychtiv\u011b vyhl\u00ed\u017e\u00ed Mesi\u00e1\u0161e.<\/p>\n\n\n\n<p>A tak i&nbsp;Anna pak, podobn\u011b jako Simeon, m\u016f\u017ee odej\u00edt ze \u017eivota v&nbsp;pokoji.<\/p>\n\n\n\n<p>Marek Kita, polsk\u00fd autor knihy <em>\u010cek\u00e1n\u00ed na V\u00e1noce<\/em>, o&nbsp;Ann\u011b p\u00ed\u0161e toto: \u201eMohla p\u0159ipom\u00ednat n\u011bkter\u00e9 star\u0161\u00ed pan\u00ed, kter\u00e9 sed\u00ed v&nbsp;na\u0161ich kostelech s&nbsp;modlitebn\u00ed kn\u00ed\u017ekou nebo r\u016f\u017eencem v&nbsp;ruce. N\u011bkte\u0159\u00ed se jim posm\u00edvaj\u00ed. Ale kdo v\u00ed, jestli se mezi takov\u00fdmi lidmi nenajdou skute\u010dn\u00e9 prorokyn\u011b, kter\u00e9 by n\u00e1m mohly o&nbsp;Bo\u017e\u00ed l\u00e1sce ledacos \u0159\u00edct? Anebo se t\u0159eba n\u00e1\u0161 \u017eivot vlastn\u011b n\u011bjak odv\u00edj\u00ed d\u00edky jejich vytrval\u00e9 modlitb\u011b?\u201c<\/p>\n\n\n\n<p>N\u011bkdo je ve st\u00e1\u0159\u00ed smutn\u00fd nebo zatrpkl\u00fd, Anna byla tich\u00e1, pokojn\u00e1, asi i&nbsp;radostn\u00e1. To, co p\u0159ijde, o\u010dek\u00e1vala s&nbsp;nad\u011bj\u00ed.<\/p>\n\n\n\n<h3 class=\"wp-block-heading\">\u00daskal\u00ed<\/h3>\n\n\n\n<p>O Ann\u011b jsou v&nbsp;Bibli pouze t\u0159i ver\u0161e. To, co budeme vypr\u00e1v\u011bt, je v&nbsp;Bibli napsan\u00e9 jen z\u010d\u00e1sti.<\/p>\n\n\n\n<h3 class=\"wp-block-heading\">Odkazy<\/h3>\n\n\n\n<p>Kita, Marek. <em>\u010cek\u00e1n\u00ed na V\u00e1noce.<\/em> Praha: Port\u00e1l, 2018. ISBN 978-80-262-1392-5.<\/p>\n\n\n\n<p>Linden, Nico ter. <em>Pov\u00edd\u00e1 se\u2026 podle Luk\u00e1\u0161e a&nbsp;podle Jana.<\/em> Praha: EMAN, 2024. ISBN 978-80-88060-37-6.<\/p>\n\n\n\n<p>Ku\u010derov\u00e1, Rut. Simeon a&nbsp;Anna. <em>C\u00edrkevn\u00ed rok.<\/em> <a href=\"https:\/\/katecheze.evangnet.cz\/katecheticke-pripravy\/simeon-anna-0\" target=\"_blank\" rel=\"noopener\">Dostupn\u00e9 online.<\/a><\/p>\n\n\n\n<hr class=\"wp-block-separator has-alpha-channel-opacity\" \/>\n\n\n\n<h2 class=\"wp-block-heading\">Pro d\u011bti<\/h2>\n\n\n\n<h3 class=\"wp-block-heading\">P\u0159ed\u0161kol\u00e1ci<\/h3>\n\n\n\n<p>Nejd\u0159\u00edv si vyrob\u00edme, resp. p\u0159iprav\u00edme, s&nbsp;d\u011btmi miminko.<\/p>\n\n\n\n<p>Bu\u010f vezmeme panenku, kterou zabal\u00edme do plenky nebo deky. Nebo si mohou d\u011bti vyrobit miminko z&nbsp;pap\u00edru, vyst\u0159ihnout, zabalit.<\/p>\n\n\n\n<p>Polo\u017e\u00edme je doprost\u0159ed kruhu a&nbsp;budeme mluvit o&nbsp;tom, co takov\u00e9 miminko pot\u0159ebuje. N\u011bkdo m\u00e1 mo\u017en\u00e1 mlad\u0161\u00ed sourozence, tak bude m\u00edt i&nbsp;praktick\u00e9 zku\u0161enosti.<br>Vedle ml\u00e9ka, oble\u010den\u00ed a&nbsp;ko\u010d\u00e1rku pot\u0159ebuje miminko svoje lidi, kte\u0159\u00ed se o&nbsp;n\u011bj staraj\u00ed a&nbsp;kte\u0159\u00ed ho maj\u00ed r\u00e1di.<\/p>\n\n\n\n<hr class=\"wp-block-separator has-alpha-channel-opacity is-style-dots\" \/>\n\n\n\n<p>Je\u017e\u00ed\u0161 se narodil stejn\u011b jako jin\u00e9 d\u011bti, byl miminko. Kr\u00e1tce po narozen\u00ed s&nbsp;n\u00edm jeho rodi\u010de, Josef s&nbsp;Mari\u00ed, \u0161li do kostela. Tady bylo mnoho lid\u00ed. Ale dva z&nbsp;nich na Je\u017e\u00ed\u0161e u\u017e \u010dekali.<\/p>\n\n\n\n<p>Byli to dva sta\u0159\u00ed lid\u00e9, kte\u0159\u00ed byli v&nbsp;kostele \u010dasto, c\u00edtili, \u017ee pr\u00e1v\u011b tam jim je P\u00e1n B\u016fh bl\u00edzko, a&nbsp;t\u011b\u0161ili se, \u017ee se tu s&nbsp;n\u00edm potkaj\u00ed je\u0161t\u011b n\u011bjak v\u00edc.<\/p>\n\n\n\n<p>Jeden z&nbsp;nich byl star\u00fd p\u00e1n jm\u00e9nem Simeon.<\/p>\n\n\n\n<p>A druh\u00e1 byla star\u00e1 \u017eena, Anna. Ani\u010dka z&nbsp;rodiny A\u0161erovy, to znamen\u00e1 \u010desky Blahoslavovy.<\/p>\n\n\n\n<p>Tahle pan\u00ed byla kdysi vdan\u00e1, ale te\u010f u\u017e je mnoho let vdovou, nem\u00e1 rodinu a&nbsp;v\u011bt\u0161inu \u010dasu tr\u00e1v\u00ed v&nbsp;kostele. D\u011bl\u00e1, co je pot\u0159eba\u2026 ale taky m\u00e1 \u010das p\u0159em\u00fd\u0161let, modlit se a&nbsp;\u010dekat. \u010cek\u00e1 na P\u00e1na Boha. N\u011bkde uvnit\u0159 sebe, v&nbsp;srdci, tu\u0161\u00ed, \u017ee se s&nbsp;n\u00edm setk\u00e1, a&nbsp;t\u011b\u0161\u00ed se na to.<\/p>\n\n\n\n<p>Kdy\u017e se v&nbsp;kostele objev\u00ed Josef s&nbsp;Mari\u00ed a&nbsp;nesou miminko Je\u017e\u00ed\u0161e, p\u0159ich\u00e1z\u00ed k&nbsp;nim, m\u00e1 radost a&nbsp;\u0159\u00edk\u00e1 \u201eP\u00e1n B\u016fh po\u017eehnej\u201c. Tuhle v\u011btu \u0159\u00edk\u00e1vaj\u00ed ob\u010das star\u00e9 \u017eeny, kdy\u017e se na ulici pod\u00edvaj\u00ed do ko\u010d\u00e1rku s&nbsp;d\u00edt\u011btem, t\u0159eba \u00fapln\u011b nezn\u00e1m\u00fdm. P\u00e1n B\u016fh po\u017eehnej.<\/p>\n\n\n\n<p>Vezmeme do ruky nebo do n\u00e1ru\u010de miminko, kter\u00e9 jsme si p\u0159ipravili, a&nbsp;za\u0161ept\u00e1me: \u201eP\u00e1n B\u016fh po\u017eehnej. To jsme r\u00e1di, \u017ee t\u011b m\u00e1me.\u201c Podobn\u011b to mohou ud\u011blat postupn\u011b v\u0161echny d\u011bti.<\/p>\n\n\n\n<p>Tahle star\u00e1 \u017eena, Anna, poznala, \u017ee to d\u00edt\u011b je zvl\u00e1\u0161tn\u00ed, \u017ee je od P\u00e1na Boha, \u017ee s&nbsp;n\u00edm za\u010d\u00edn\u00e1 n\u011bco nov\u00e9ho. D\u011bkovala P\u00e1nu Bohu a&nbsp;\u0161la k&nbsp;dal\u0161\u00edm lidem a&nbsp;\u0159\u00edkala jim, b\u011b\u017ete se pod\u00edvat.<\/p>\n\n\n\n<hr class=\"wp-block-separator has-alpha-channel-opacity is-style-dots\" \/>\n\n\n\n<p><strong>Pom\u016fcky:<\/strong> Miminko, panenka, plenka nebo deka.<\/p>\n\n\n\n<h3 class=\"wp-block-heading\">Mlad\u0161\u00ed \u0161koln\u00ed d\u011bti<\/h3>\n\n\n\n<p>Vybav\u00edte si, jak jste na n\u011bco nebo na n\u011bkoho \u010dekali?<\/p>\n\n\n\n<p>T\u0159eba v\u00e1m ujel vak nebo jste byli dlouho v&nbsp;\u010dek\u00e1rn\u011b u&nbsp;doktora. Nebo v\u00e1s n\u011bkdo m\u011bl p\u0159ij\u00edt vyzvednout z&nbsp;dru\u017einy a&nbsp;po\u0159\u00e1d ne\u0161el\u2026 Nebo se t\u011b\u0161\u00edte na pr\u00e1zdniny, na narozeniny, na V\u00e1noce nebo na n\u011bjakou n\u00e1v\u0161t\u011bvu. Nebo jste dlouho nemocn\u00ed, mus\u00edte le\u017eet v&nbsp;posteli.<\/p>\n\n\n\n<p>Jak\u00e9 to je, na n\u011bco \u010dekat?<\/p>\n\n\n\n<p>Co \u010dlov\u011bk pot\u0159ebuje, kdy\u017e \u010dek\u00e1? \u010cas n\u00e1m ukr\u00e1t\u00ed kn\u00ed\u017eka nebo mobil, pov\u00edd\u00e1n\u00ed s&nbsp;kamar\u00e1dem, ale n\u011bkdy je pot\u0159eba dost trp\u011blivosti.<\/p>\n\n\n\n<hr class=\"wp-block-separator has-alpha-channel-opacity is-style-dots\" \/>\n\n\n\n<p>V dob\u011b, kdy se narodil Je\u017e\u00ed\u0161, \u017eila v&nbsp;Jeruzal\u00e9m\u011b jedna \u017eena, Anna se jmenovala. Byla to u\u017e star\u00e1 pan\u00ed. Kdysi m\u011bla man\u017eela, ale zem\u0159el sedm let potom, co se vzali, te\u010f u\u017e je dlouho vdovou. Nev\u00edme, zda m\u011bla d\u011bti a&nbsp;jestli m\u00e1 te\u010f vnou\u010data. Asi sp\u00ed\u0161 ne. Proto\u017ee pot\u00e9, co ovdov\u011bla, rozhodla se, \u017ee chce \u017e\u00edt n\u011bkde bl\u00edzko P\u00e1nu Bohu. Tr\u00e1vila sv\u00e9 dny v&nbsp;kostele. Modlila se a&nbsp;postila. Modlila se za uzdraven\u00ed nemocn\u00fdch, d\u011bkovala, kdy\u017e se dozv\u011bd\u011bla, \u017ee se n\u011bkomu narodilo d\u00edt\u011b. Prosila o&nbsp;po\u017eehn\u00e1n\u00ed pro lidi, kter\u00e9 potk\u00e1vala, prosila, aby lid\u00e9 \u017eili v&nbsp;pokoji, aby si um\u011bli odpou\u0161t\u011bt, aby vid\u011bli nad\u011bji, kdy\u017e se zd\u00e1, \u017ee sv\u011bt bude \u010d\u00edm d\u00e1l t\u00edm hor\u0161\u00ed.<\/p>\n\n\n\n<p>Um\u011bla poslouchat, m\u011bla \u010das vyslechnout, co n\u011bkoho tr\u00e1p\u00ed, a&nbsp;sl\u00edbila, \u017ee na \u010dlov\u011bka bude myslet a&nbsp;bude se za n\u011bj modlit. Mo\u017en\u00e1 ob\u010das lidem i&nbsp;s&nbsp;n\u011b\u010d\u00edm poradila, um\u011bla pot\u011b\u0161it, povzbudit. V\u011b\u0159ila, \u017ee P\u00e1n B\u016fh nen\u00ed n\u011bkde daleko v&nbsp;nebi, ale \u017ee n\u00e1m m\u016f\u017ee b\u00fdt docela bl\u00edzko.<\/p>\n\n\n\n<hr class=\"wp-block-separator has-alpha-channel-opacity is-style-dots\" \/>\n\n\n\n<p>O modlitb\u011b se \u0159\u00edk\u00e1, \u017ee je to rozhovor. \u017de \u010dlov\u011bk mluv\u00ed s&nbsp;P\u00e1nem Bohem. Nemluv\u00ed jen on s\u00e1m, ale sna\u017e\u00ed se taky nechat prostor jemu, aby n\u011bco \u0159ekl on. Sna\u017e\u00ed se mu porozum\u011bt.<\/p>\n\n\n\n<p>Anna, kter\u00e1 takhle v&nbsp;kostele \u017eila a&nbsp;modlila se u\u017e hodn\u011b let, byla citliv\u00e1 k&nbsp;tomu, \u017ee n\u011bco \u0159ekne P\u00e1n B\u016fh. Takov\u00fdm lidem se v&nbsp;Bibli \u0159\u00edk\u00e1 proroci nebo prorokyn\u011b. Tato star\u00e1 \u017eena Anna byla prorokyn\u011b.<\/p>\n\n\n\n<hr class=\"wp-block-separator has-alpha-channel-opacity is-style-dots\" \/>\n\n\n\n<p>Kdy\u017e bylo Ann\u011b 84&nbsp;let, v&nbsp;nedalek\u00e9m Betl\u00e9m\u011b se narodil Je\u017e\u00ed\u0161. Chud\u00fdm rodi\u010d\u016fm Marii a&nbsp;Josefovi se narodilo d\u00edt\u011b ve st\u00e1ji, byli toti\u017e na cest\u011b a&nbsp;v&nbsp;hostinc\u00edch nebylo na noc m\u00edsto.<\/p>\n\n\n\n<p>Kdy\u017e bylo miminku Je\u017e\u00ed\u0161ovi t\u00fdden, p\u0159inesli ho rodi\u010de do chr\u00e1mu, do kostela, jak to bylo zvykem.<\/p>\n\n\n\n<p>V n\u00e1dvo\u0159\u00ed chr\u00e1mu bylo spousta lid\u00ed, dvojice oby\u010dejn\u00fdch lid\u00ed s&nbsp;miminkem by si asi nikdo moc nev\u0161iml. Dva lid\u00e9 si v\u0161ak v\u0161imli a&nbsp;hned k&nbsp;nim p\u0159i\u0161li.<\/p>\n\n\n\n<p>Prvn\u00ed, kdo p\u0159i\u0161el, byl Simeon. V\u011b\u0159il, \u017ee se n\u011bkdy narod\u00ed zvl\u00e1\u0161tn\u00ed Bo\u017e\u00ed d\u00edt\u011b, a&nbsp;v\u011b\u0159il, \u017ee on se s&nbsp;n\u00edm potk\u00e1. Kdy\u017e vid\u011bl p\u0159ij\u00edt Josefa s&nbsp;Mari\u00ed, poznal, \u017ee jejich d\u00edt\u011b je t\u00edm zvl\u00e1\u0161tn\u00edm d\u00edt\u011btem. P\u0159i\u0161el k&nbsp;nim, m\u011bl velikou radost a&nbsp;\u0159\u00edkal, \u017ee tohle je d\u00edt\u011b od P\u00e1na Boha a&nbsp;p\u0159inese lidem nad\u011bji.<\/p>\n\n\n\n<hr class=\"wp-block-separator has-alpha-channel-opacity is-style-dots\" \/>\n\n\n\n<p>Druh\u00fd \u010dlov\u011bk v&nbsp;chr\u00e1mu, kter\u00fd poznal, \u017ee Je\u017e\u00ed\u0161 je zvl\u00e1\u0161tn\u00ed d\u00edt\u011b, byla star\u00e1 prorokyn\u011b Anna. P\u0159i\u0161la k&nbsp;Josefovi a&nbsp;Marii, v&nbsp;o\u010d\u00edch m\u011bla radost, laskav\u011b se na Je\u017e\u00ed\u0161e i&nbsp;jeho rodi\u010de d\u00edvala a&nbsp;d\u011bkovala P\u00e1nu Bohu, \u017ee se Je\u017e\u00ed\u0161 narodil.<\/p>\n\n\n\n<p>A \u0159\u00edkala lidem, kte\u0159\u00ed proch\u00e1zeli kolem: \u201ePod\u00edvejte, tohle je d\u011b\u0165\u00e1tko od P\u00e1na Boha, za\u010d\u00edn\u00e1 \u010das nad\u011bje. Tohle je B\u016fh, kter\u00e9ho jste p\u0159i\u0161li do kostela hledat.\u201c<\/p>\n\n\n\n<p>N\u011bkdo se zastavil, n\u011bkdo ne.<\/p>\n\n\n\n<h3 class=\"wp-block-heading\">Star\u0161\u00ed \u0161koln\u00ed d\u011bti<\/h3>\n\n\n\n<p>M\u00e1te v&nbsp;rodin\u011b nebo ve sv\u00e9m okol\u00ed n\u011bkoho star\u00e9ho? Nebo n\u011bkoho s&nbsp;posti\u017een\u00edm, omezen\u00edm, dlouho nemocn\u00e9ho nebo bezmocn\u00e9ho apod.? V\u00edte, co znamen\u00e1 v\u00fdraz \u201elid\u00e9 na okraji\u201c?<\/p>\n\n\n\n<p>V \u010dem se \u017eivot n\u011bkoho takov\u00e9ho li\u0161\u00ed od toho, jak \u017eijete vy? Kdy\u017e se zamysl\u00edme, n\u011bjak\u00e9 omezen\u00ed m\u00e1me asi v\u0161ichni\u2026<\/p>\n\n\n\n<p>Jm\u00e9no Anna (Hana, Chana) znamen\u00e1 \u201emilostipln\u00e1\u201c, \u201emil\u00e1.\u201c Nezd\u00e1 se n\u00e1m mo\u017en\u00e1, \u017ee Annin dlouh\u00fd \u017eivot byl pln\u00fd milosti, kdy\u017e se jako mlad\u00e1 d\u00edvka vdala, ale po sedmi letech se stala vdovou. \u00dad\u011bl vdov nebyl (a&nbsp;nen\u00ed) snadn\u00fd. \u017divot Anny mo\u017en\u00e1 nebyl snadn\u00fd, ale ur\u010dit\u011b (podle Bible) nebyl zbyte\u010dn\u00fd. To, \u017ee n\u011bkdo tr\u00e1v\u00ed \u010das v&nbsp;chr\u00e1m\u011b, modl\u00ed se, post\u00ed, je d\u016fle\u017eit\u00e9 i&nbsp;pro okoln\u00ed lidi, pro spole\u010dnost, pro sv\u011bt.<\/p>\n\n\n\n<p>Mo\u017en\u00e1 pr\u00e1v\u011b lid\u00e9, kte\u0159\u00ed maj\u00ed n\u011bjak\u00e9 omezen\u00ed, jsou citliv\u00ed pro n\u011bco jin\u00e9ho.<\/p>\n\n\n\n<hr class=\"wp-block-separator has-alpha-channel-opacity is-style-dots\" \/>\n\n\n\n<p>Vypr\u00e1v\u011bn\u00ed&nbsp;\u2013 podobn\u00e9 jako pro mlad\u0161\u00ed d\u011bti.<\/p>\n\n\n\n<h3 class=\"wp-block-heading\">P\u0159esah<\/h3>\n\n\n\n<p>Seznamte se v\u00edce s&nbsp;n\u011bk\u00fdm ze star\u0161\u00ed generace. Ve sboru, v&nbsp;dom\u011b, kde bydl\u00edte, v&nbsp;\u0161ir\u0161\u00ed rodin\u011b apod.<\/p>\n\n\n\n<p>M\u016f\u017eete nap\u0159\u00edklad ve dvojic\u00edch nebo skupink\u00e1ch n\u011bkoho nav\u0161t\u00edvit nebo naopak n\u011bkoho star\u0161\u00edho pozvat na setk\u00e1n\u00ed s&nbsp;d\u011btmi, konfirmandy nebo ml\u00e1de\u017e\u00ed.<\/p>\n\n\n\n<h3 class=\"wp-block-heading\">Vyr\u00e1b\u011bn\u00ed<\/h3>\n\n\n\n<p>Anna m\u011bla radost, kdy\u017e vid\u011bla narozen\u00e9ho Je\u017e\u00ed\u0161e, o&nbsp;t\u00e9 radosti vypr\u00e1v\u011bla lidem kolem sebe, cht\u011bla d\u00e1vat nad\u011bji.<\/p>\n\n\n\n<p>D\u011bti si vyrob\u00ed z&nbsp;pap\u00edru dvojitou hv\u011bzdu s&nbsp;otev\u00edrac\u00edm ok\u00e9nkem. Kdy\u017e se ok\u00e9nko otev\u0159e, bude tady napsan\u00e1 modlitba nebo p\u0159\u00e1n\u00ed pro n\u011bkoho, kdo by pot\u0159eboval trochu radosti a&nbsp;pot\u011b\u0161en\u00ed. Nebo mohou do hv\u011bzdy napsat \u010d\u00e1st slov p\u00edsn\u011b \u201eHv\u011bzda\u201c (Sv\u00edt\u00e1 339).<\/p>\n\n\n\n<p>Hv\u011bzdu pak d\u011bti dan\u00e9mu \u010dlov\u011bku, pokud cht\u011bj\u00ed a&nbsp;pokud je to mo\u017en\u00e9, p\u0159edaj\u00ed. Nebo ji mohou d\u00e1t p\u0159ed sebe p\u0159i spole\u010dn\u00e9 modlitb\u011b a&nbsp;je to forma p\u0159\u00edmluvy za dan\u00e9ho \u010dlov\u011bka.<\/p>\n\n\n\n<hr class=\"wp-block-separator has-alpha-channel-opacity\" \/>\n\n\n\n<h2 class=\"wp-block-heading\">Liturgie<\/h2>\n\n\n\n<h3 class=\"wp-block-heading\">P\u00edsn\u011b<\/h3>\n\n\n\n<p><em>V\u00e1no\u010dn\u00ed prosba<\/em> (Sv\u00edt\u00e1 393); <em>Tob\u011b, Pane, d\u00edk<\/em> (Sv\u00edt\u00e1 338); <em>Hv\u011bzda<\/em> (Sv\u00edt\u00e1 339)<\/p>\n\n\n\n<h3 class=\"wp-block-heading\">Biblick\u00fd text k&nbsp;zapamatov\u00e1n\u00ed<\/h3>\n\n\n\n<p>Hospodin u\u010dinil velik\u00e9 v\u011bci. Radujeme se. (podle&nbsp;\u017d 126,3&nbsp;upr.)<\/p>\n\n\n\n<h3 class=\"wp-block-heading\">Ritu\u00e1l<\/h3>\n\n\n\n<p>Refr\u00e9n p\u00edsn\u011b V\u00e1no\u010dn\u00ed prosba (Sv\u00edt\u00e1 393) zn\u00ed: \u201eDej, abych poznal jako Anna, vid\u011bl jak Simeon, \u017ee lidstvu sp\u00e1sa d\u00e1na, \u017ee p\u0159i\u0161el opravdu on.\u201c<\/p>\n\n\n\n<p>Tento ver\u0161 m\u016f\u017eeme p\u0159e\u010d\u00edst nahlas, p\u0159\u00edpadn\u011b se nau\u010dit zpam\u011bti. P\u0159i recitaci d\u00e1me ruce p\u0159ed sebe jako otev\u0159enou p\u0159ipravenou n\u00e1ru\u010d. Vyjad\u0159ujeme tak postoj modlitby a&nbsp;o\u010dek\u00e1v\u00e1n\u00ed.<\/p>\n\n\n\n<h3 class=\"wp-block-heading\">Ok\u00e9nko do bohoslu\u017eeb<\/h3>\n\n\n\n<p>Pokud n\u00e1m to p\u0159ipad\u00e1 vhodn\u00e9, zkus\u00edme zjistit, kdo na bohoslu\u017eb\u00e1ch je nejmlad\u0161\u00ed a&nbsp;kdo nejstar\u0161\u00ed. Mohou si podat ruce. Oba zde maj\u00ed m\u00edsto. Dne\u0161n\u00ed p\u0159\u00edb\u011bh je o&nbsp;setk\u00e1n\u00ed st\u00e1\u0159\u00ed a&nbsp;ml\u00e1d\u00ed.<\/p>\n\n\n\n<h3 class=\"wp-block-heading\">Modlitba<\/h3>\n\n\n\n<p>Pane Bo\u017ee, d\u011bkujeme za Je\u017e\u00ed\u0161e. Za to, \u017ee jsi p\u0159i\u0161el na sv\u011bt jako mal\u00e9 d\u00edt\u011b. D\u011bkujeme za lidi, kte\u0159\u00ed t\u011b poznali a&nbsp;m\u011bli radost, za to, \u017ee o&nbsp;tob\u011b pak vypr\u00e1v\u011bli dal\u0161\u00edm lidem. D\u011bkujeme, \u017ee i&nbsp;n\u00e1m n\u011bkdo vypr\u00e1v\u00ed o&nbsp;Je\u017e\u00ed\u0161i. Amen.<\/p>\n","protected":false},"template":"","categories":[18,17,19,20,32],"_links":{"self":[{"href":"https:\/\/deti.evangnet.cz\/katecheze\/wp-json\/wp\/v2\/katecheze\/3914"}],"collection":[{"href":"https:\/\/deti.evangnet.cz\/katecheze\/wp-json\/wp\/v2\/katecheze"}],"about":[{"href":"https:\/\/deti.evangnet.cz\/katecheze\/wp-json\/wp\/v2\/types\/katecheze"}],"version-history":[{"count":2,"href":"https:\/\/deti.evangnet.cz\/katecheze\/wp-json\/wp\/v2\/katecheze\/3914\/revisions"}],"predecessor-version":[{"id":3917,"href":"https:\/\/deti.evangnet.cz\/katecheze\/wp-json\/wp\/v2\/katecheze\/3914\/revisions\/3917"}],"wp:attachment":[{"href":"https:\/\/deti.evangnet.cz\/katecheze\/wp-json\/wp\/v2\/media?parent=3914"}],"wp:term":[{"taxonomy":"category","embeddable":true,"href":"https:\/\/deti.evangnet.cz\/katecheze\/wp-json\/wp\/v2\/categories?post=3914"}],"curies":[{"name":"wp","href":"https:\/\/api.w.org\/{rel}","templated":true}]}}