
{"id":1616,"date":"2025-07-07T13:49:25","date_gmt":"2025-07-07T11:49:25","guid":{"rendered":"https:\/\/deti.evangnet.cz\/katecheze\/?post_type=katecheze&#038;p=1616"},"modified":"2025-07-07T13:49:27","modified_gmt":"2025-07-07T11:49:27","slug":"lukasova-dejeprava-pro-teofila","status":"publish","type":"katecheze","link":"https:\/\/deti.evangnet.cz\/katecheze\/katecheze\/lukasova-dejeprava-pro-teofila\/","title":{"rendered":"Luk\u00e1\u0161ova d\u011bjeprava pro Teofila"},"content":{"rendered":"\n<h3 class=\"wp-block-heading\">T\u00e9ma<\/h3>\n\n\n\n<p>Hospodin se rozpom\u00edn\u00e1, i&nbsp;kdy\u017e tomu lid\u00e9 u\u017e nev\u011b\u0159\u00ed. O&nbsp;to radostn\u011bji mohou d\u011bkovat \u201ePamatoval na sv\u016fj lid\u2026\u201c<\/p>\n\n\n\n<h3 class=\"wp-block-heading\">C\u00edl<\/h3>\n\n\n\n<ul>\n<li>D\u011bti se budou pod\u00edlet na rozpom\u00edn\u00e1n\u00ed a\u00a0zp\u0159\u00edtom\u0148ov\u00e1n\u00ed \u201eodezn\u011bl\u00fdch\u201c \u010din\u016f Bo\u017e\u00ed v\u011brnosti.<\/li>\n\n\n\n<li>D\u011bti poznaj\u00ed, \u017ee nad\u011bje se rod\u00ed d\u00edky nov\u00e9mu osloven\u00ed, a\u00a0osahaj\u00ed si jej\u00ed zdroje.<\/li>\n\n\n\n<li>D\u011bti poznaj\u00ed, \u017ee m\u00e1 cenu sledovat ka\u017ed\u00e9ho vyprav\u011b\u010de Je\u017e\u00ed\u0161ova p\u0159\u00edb\u011bhu zvl\u00e1\u0161\u0165.<\/li>\n<\/ul>\n\n\n\n<hr class=\"wp-block-separator has-alpha-channel-opacity\" \/>\n\n\n\n<h2 class=\"wp-block-heading\">Pro u\u010ditele<\/h2>\n\n\n\n<p>Biblick\u00fd text: L&nbsp;1,5\u201325.57\u201380<\/p>\n\n\n\n<h3 class=\"wp-block-heading\">V\u00fdkladov\u00e9 pozn\u00e1mky<\/h3>\n\n\n\n<p><strong>Luk\u00e1\u0161 p\u00ed\u0161e \u201epro Teofila\u201c<\/strong>&nbsp;\u2014 Luk\u00e1\u0161\u016fv katechetick\u00fd z\u00e1m\u011br (1,1\u20134) spo\u010d\u00edv\u00e1 v&nbsp;tom, \u017ee postupn\u011b projde a&nbsp;p\u0159ed\u00e1 Teofilovi, kter\u00fd ji\u017e potkal z\u00e1kladn\u00ed vyzn\u00e1n\u00ed c\u00edrkve, spolehliv\u00e9&nbsp;<strong>vypravov\u00e1n\u00ed<\/strong>. Spolehlivost katecheze se pro Luk\u00e1\u0161e poj\u00ed s&nbsp;\u017e\u00e1nrem vypr\u00e1v\u011bn\u00ed. Tak u\u010din\u00ed z&nbsp;\u201enovope\u010den\u00e9ho k\u0159es\u0165ana\u201c zasv\u011bcen\u00e9ho souputn\u00edka.<\/p>\n\n\n\n<p><strong>Byli spravedliv\u00ed a&nbsp;nem\u011bli d\u00edt\u011b<\/strong>&nbsp;(v.6\u20137)&nbsp;\u2014 popisuje v\u00fdchoz\u00ed situaci Luk\u00e1\u0161. Bezd\u011btnost znamenala \u017eivotn\u00ed prohru a&nbsp;hluboce zde kontrastuje s&nbsp;v\u00fdslovnou charakteristikou spravedliv\u00e9ho \u017eivota&nbsp;\u2014 m\u00e1 to snad znamenat, \u017ee \u017eivot Bo\u017e\u00edch spravedliv\u00fdch nem\u00e1 budoucnost? Tato z\u00e1pletka v\u0161ak velice dob\u0159e zapad\u00e1 do r\u00e1mce p\u0159\u00edb\u011bhu Boha a&nbsp;jeho lidu: Jestli n\u011bkdo otev\u00edr\u00e1 budoucnost k&nbsp;\u017eivotu spravedliv\u00fdch, je to Hospodin. Luk\u00e1\u0161 tu bezpochyby odkazuje na p\u00e1te\u0159n\u00ed p\u0159\u00edb\u011bh T\u00f3ry a&nbsp;prorok\u016f, tedy bible prvotn\u00ed c\u00edrkve: v\u017edycky, kdy\u017e se v&nbsp;p\u0159\u00edb\u011bhu Bo\u017e\u00edho lidu otev\u00edr\u00e1 nov\u00e1 kapitola, za\u010d\u00edn\u00e1 B\u016fh s&nbsp;bezd\u011btn\u00fdmi, s&nbsp;t\u011bmi, kte\u0159\u00ed jsou v&nbsp;pohledu sv\u00fdch sou\u010dasn\u00edk\u016f \u201ena odpis\u201c.<\/p>\n\n\n\n<p><strong>Jm\u00e9no Zachari\u00e1\u0161<\/strong>&nbsp;znamen\u00e1 \u201eHospodin pamatuje\u201c. To je jeho \u201erole\u201c, p\u0159esto\u017ee on s\u00e1m se sm\u00ed\u0159il s&nbsp;t\u00edm, \u017ee na n\u011bj a&nbsp;Al\u017eb\u011btu (a&nbsp;mo\u017en\u00e1 na cel\u00fd p\u0159\u00edb\u011bh Bo\u017e\u00edho lidu) Hospodin nejsp\u00ed\u0161 zapomn\u011bl.<\/p>\n\n\n\n<p><strong>Chr\u00e1m<\/strong>&nbsp;\u2014 a&nbsp;v\u016fbec Jeruzal\u00e9m&nbsp;\u2014 hraje v&nbsp;Luk\u00e1\u0161ov\u011b sv\u011bdectv\u00ed v\u00fdznamnou roli. P\u0159\u00edb\u011bh o&nbsp;Je\u017e\u00ed\u0161ovi (nikoli Je\u017e\u00ed\u0161\u016fv), k&nbsp;n\u011bmu\u017e pat\u0159\u00ed i&nbsp;otec Jana K\u0159titele, za\u010d\u00edn\u00e1 a&nbsp;p\u0159ekvapiv\u011b se zavr\u0161\u00ed v&nbsp;Jeruzal\u00e9m\u011b (L&nbsp;9,51; 24,33.&nbsp;36.49.52n). Odtud se pak jako evangelium rozb\u011bhne do cel\u00e9ho sv\u011bta. (Sk&nbsp;1,8)<\/p>\n\n\n\n<p>P\u0159\u00edb\u011bh spasitele Je\u017e\u00ed\u0161e p\u0159ed\u00e1v\u00e1 evangelista jako nov\u00e9 Hospodinovo jedn\u00e1n\u00ed v&nbsp;p\u0159\u00edb\u011bhu Izraele. Proto Luk\u00e1\u0161ovo l\u00ed\u010den\u00ed v&nbsp;1. a&nbsp;2. kapitole tolika rysy evokuje z\u00e1kladn\u00ed ud\u00e1losti sp\u00e1sy v&nbsp;d\u011bjin\u00e1ch lidu star\u00e9 smlouvy.<\/p>\n\n\n\n<p><strong>And\u011bl\u00e9<\/strong>&nbsp;ve zbo\u017enosti pozdn\u00edho \u017eidovstv\u00ed symbolizovali Bo\u017e\u00ed z\u00e1jem a&nbsp;bl\u00edzkost&nbsp;\u2014 ve chv\u00edli, kdy se Hospodin zd\u00e1 p\u0159\u00edli\u0161 vyv\u00fd\u0161en\u00fd na to, aby se staral o&nbsp;b\u011b\u017en\u00e9 lidsk\u00e9 z\u00e1le\u017eitosti (viz&nbsp;nap\u0159.&nbsp;p\u0159\u00edb\u011bh knihy Tobi\u00e1\u0161). Gabriele zmi\u0148uje Da 8,16, v&nbsp;pozdn\u011b \u017eidovsk\u00e9m roz\u0161katulkov\u00e1n\u00ed and\u011bl\u016f (z&nbsp;2. a&nbsp;1. stol&nbsp;p\u0159.&nbsp;n.&nbsp;l.) st\u00e1l z&nbsp;and\u011bl\u016f nejv\u00fd\u0161e. Jestli\u017ee byl posl\u00e1n s\u00e1m and\u011blsk\u00fd \u201e\u0161\u00e9f\u201c, nazna\u010duje se, \u017ee na tomto d\u011bn\u00ed m\u00e1 z\u00e1jem samotn\u00fd B\u016fh.<\/p>\n\n\n\n<p><strong>Poselstv\u00ed<\/strong>&nbsp;\u2014 rozhoduj\u00edc\u00ed nen\u00ed and\u011blova podoba, ale&nbsp;<strong>funkce<\/strong>&nbsp;\u2014 je posl\u00e1n, aby&nbsp;<strong>mluvil<\/strong>&nbsp;(viz&nbsp;1,19). Poselstv\u00ed tohoto nebesk\u00e9ho kazatele zn\u00ed jako zv\u011bst p\u0159ekvapiv\u00e1 a&nbsp;o&nbsp;to v\u00edc radostn\u00e1. Narozen\u00ed syna je ohl\u00e1\u0161eno jako d\u016fvod velik\u00e9 radosti. (Srvn. Gn 21,6)<\/p>\n\n\n\n<p><strong>Jan<\/strong>&nbsp;znamen\u00e1 \u201eHospodin je milostiv\u201c. Nov\u00e9 Bo\u017e\u00ed \u010diny jsou od za\u010d\u00e1tku p\u0159edznamen\u00e1ny pr\u00e1v\u011b t\u00edmto jm\u00e9nem.<\/p>\n\n\n\n<p><strong>Zachari\u00e1\u0161ova n\u011bmota<\/strong>&nbsp;\u2014 Gabrielovo poselstv\u00ed narazilo na Zachari\u00e1\u0161ovu za\u017eitou skepsi, \u201ezarazilo se\u201c o&nbsp;ni, a&nbsp;on ho nem\u016f\u017ee vy\u0159\u00eddit d\u00e1l. Teprve Janovo narozen\u00ed bude p\u0159\u00edle\u017eitost\u00ed k&nbsp;nov\u00e9 promluv\u011b.<\/p>\n\n\n\n<p><strong>Toto mi u\u010dinil P\u00e1n, aby od\u0148al moje pohan\u011bn\u00ed<\/strong>&nbsp;\u2014 nad po\u010dat\u00fdm \u017eivotem Al\u017eb\u011bta vyzn\u00e1v\u00e1 podobn\u011b jako kdysi R\u00e1chel (Gn 30,23; srvn. Iz 54,4)&nbsp;\u2014 B\u016fh Izraele se mne zastal. Je\u00ad-li od\u0148ato pohan\u011bn\u00ed, v\u00edme, \u017ee jsme neuv\u011b\u0159ili nesmyslu, nezaslou\u017e\u00edme si v\u00fdsm\u011bch, m\u00e1me co \u010dekat. Na\u0161e slu\u017eba a&nbsp;sv\u011bdectv\u00ed Hospodinu maj\u00ed v&nbsp;tomto sv\u011bt\u011b, uprost\u0159ed \u201enev\u011b\u0159\u00edc\u00edch\u201c smysl a&nbsp;budoucnost. Lid, od n\u011bj\u017e bylo od\u0148ato pohan\u011bn\u00ed, pak odpov\u00edd\u00e1 vd\u011b\u010dn\u00fdm dobro\u0159e\u010den\u00edm&nbsp;<strong>\u201eBenedictus\u201c<\/strong>&nbsp;(L&nbsp;1,68\u201375)<\/p>\n\n\n\n<p><strong>Zachari\u00e1\u0161ova p\u00edse\u0148<\/strong>&nbsp;(1,68\u201379)&nbsp;\u2014 ze zem\u011b se oz\u00fdv\u00e1 prvn\u00ed&nbsp;<strong>dobro\u0159e\u010den\u00ed za p\u0159\u00edchod sp\u00e1sy<\/strong>&nbsp;(v. 71) je\u0161t\u011b d\u0159\u00edv, ne\u017e se narod\u00ed Je\u017e\u00ed\u0161. Narozen\u00ed \u201ep\u0159edch\u016fdce\u201c Jana prolamuje dny Bo\u017e\u00ed \u201ene\u010dinnosti\u201c. D\u011bkovn\u00e1 p\u00edse\u0148 oslavuje: star\u00e1 tradice, kter\u00e1 za\u010dala s&nbsp;Abrahamem (v. 73), tradice vyvolen\u00ed, zasl\u00edben\u00ed, osloven\u00ed, nasm\u011brov\u00e1n\u00ed povolan\u00fdch k&nbsp;budoucnosti, nen\u00ed odepsan\u00e1 ani vyduchl\u00e1, ale nabrala novou s\u00edlu.<\/p>\n\n\n\n<p><strong>Luk\u00e1\u0161 tu vyrobil Teofilovi staroz\u00e1konn\u00ed d\u011bjepravu ve zkratce<\/strong>, aby dosv\u011bd\u010dil&nbsp;\u2014 \u201eB\u016fh Je\u017e\u00ed\u0161\u016fv\u201c je v\u011brn\u00fd sv\u00e9mu dosavadn\u00edmu p\u0159\u00edb\u011bhu a&nbsp;p\u0159ekvapuje bl\u00edzkost\u00ed a&nbsp;tvo\u0159ivost\u00ed.<\/p>\n\n\n\n<h3 class=\"wp-block-heading\">\u00daskal\u00ed<\/h3>\n\n\n\n<p>V\u011bkov\u00fd rozd\u00edl mezi postavami d\u011bt\u00ed a&nbsp;hlavn\u00edch akt\u00e9r\u016f. D\u011bti neznaj\u00ed pocit pr\u00e1zdn\u00e9ho \u017eivota, nenapln\u011bnosti v&nbsp;t\u00e9 intenzit\u011b a&nbsp;m\u00ed\u0159e jako lid\u00e9, kte\u0159\u00ed maj\u00ed v\u011bt\u0161inu \u017eivota za sebou. Neprot\u00edn\u00e1 se sv\u011bt \u201estar\u00fdch\u201c a&nbsp;\u201emlad\u00fdch\u201c. O&nbsp;to poutav\u011bji mus\u00edme vypr\u00e1v\u011bt (viz&nbsp;nap\u0159.&nbsp;p\u0159evypr\u00e1v\u011bn\u00ed Nico ter Lindena v&nbsp;<strong>Kr\u00e1li na oslu<\/strong>, str.&nbsp;121).<\/p>\n\n\n\n<p><strong>And\u011bl P\u00e1n\u011b<\/strong>&nbsp;nen\u00ed ta p\u0159ihloupl\u00e1 filmov\u00e1 postavi\u010dka. P\u0159ich\u00e1z\u00ed jako ten, kdo pat\u0159\u00ed na Bo\u017e\u00ed stranu&nbsp;\u2014 a&nbsp;Zachari\u00e1\u0161 na n\u011bj tak\u00e9 tak reaguje: padla na n\u011bj b\u00e1ze\u0148 (viz&nbsp;t\u00e9\u017e Lk 2,8nn). Ani pro kn\u011bze Zachari\u00e1\u0161e nen\u00ed setk\u00e1n\u00ed s&nbsp;archand\u011blem b\u011b\u017en\u00e1 praxe. Jeho strach, \u201eb\u00e1ze\u0148 p\u0159ed Hospodinem\u201c (nap\u0159.&nbsp;Iz&nbsp;6,1\u20135), je nal\u00e9hav\u00fd pro\u017eitek Bo\u017e\u00ed jinakosti. S&nbsp;t\u00edm souvis\u00ed i&nbsp;\u00fazkost, \u201eco mi tohle setk\u00e1n\u00ed p\u0159inese?\u201c Proto poka\u017ed\u00e9 Bo\u017e\u00ed posel za\u010d\u00edn\u00e1 svou \u0159e\u010d \u201eNeboj se\u201c (viz&nbsp;t\u00e9\u017e L 1,30 a&nbsp;2,10).<\/p>\n\n\n\n<p>Ohl\u00e1\u0161en\u00ed Jana K\u0159titele a&nbsp;narozen\u00ed Je\u017e\u00ed\u0161ovo jsou&nbsp;<strong>texty tradi\u010dn\u011b spjat\u00e9 s&nbsp;adventem a&nbsp;V\u00e1nocemi<\/strong>. D\u011btem m\u016f\u017eete bez rozpak\u016f pov\u011bd\u011bt, \u017ee kdy\u017e Luk\u00e1\u0161 sv\u016fj spis sepisoval, netu\u0161il, \u017ee \u201eepizody\u201c z&nbsp;jeho \u201eseri\u00e1lu\u201c jednou nastrkaj\u00ed do r\u016fzn\u00fdch \u010d\u00e1st\u00ed c\u00edrkevn\u00edho roku.<\/p>\n\n\n\n<p>Budou\u00ad-li se d\u011bti vypt\u00e1vat,&nbsp;<strong>jak je to mo\u017en\u00e9, \u017ee se p\u0159est\u00e1rl\u00e9mu man\u017eelsk\u00e9mu p\u00e1ru m\u016f\u017ee narodit potomek<\/strong>, upozorn\u011bte, \u017ee Luk\u00e1\u0161 nevypr\u00e1v\u00ed p\u0159\u00edb\u011bh jako \u201en\u00e1bo\u017eensk\u00fd bulv\u00e1r\u201c, ale jako sv\u011bdectv\u00ed, jak se Hospodin zast\u00e1v\u00e1 sv\u00fdch sv\u011bdk\u016f a&nbsp;odn\u00edm\u00e1 jejich pohan\u011bn\u00ed&nbsp;\u2014 toti\u017e obecn\u00e9 p\u0159esv\u011bd\u010den\u00ed, \u017ee u\u017e tu k&nbsp;ni\u010demu nejsou. Abraham a&nbsp;S\u00e1ra&nbsp;apod. nejsou jen poh\u00e1dky, by\u0165 to tak mohlo Zachari\u00e1\u0161ovi s&nbsp;Al\u017eb\u011btou p\u0159ipadat.<\/p>\n\n\n\n<p>S&nbsp;t\u00edm souvis\u00ed \u00faskal\u00ed individualistick\u00e9ho \u010dten\u00ed&nbsp;\u2014 Luk\u00e1\u0161 sice vypr\u00e1v\u00ed o&nbsp;jednotliv\u00fdch \u010dlenech jedn\u00e9 rodiny, ale v&nbsp;tomto d\u011bn\u00ed jde o&nbsp;Bo\u017e\u00ed jedn\u00e1n\u00ed s&nbsp;cel\u00fdm lidem v\u00edry, ne pouze o&nbsp;\u0159e\u0161en\u00ed probl\u00e9m\u016f jednotlivc\u016f. Tak jako Abraham je modelovou postavou pro celek Bo\u017e\u00edho lidu, je j\u00ed i&nbsp;Zachari\u00e1\u0161ova rodina (a&nbsp;bude j\u00ed i&nbsp;Marie).<\/p>\n\n\n\n<h3 class=\"wp-block-heading\">Odkazy<\/h3>\n\n\n\n<p>Linden, Nico ter:&nbsp;<em>Kr\u00e1l na oslu.<\/em>&nbsp;Bene\u0161ov: Eman, 2011; str.&nbsp;121<\/p>\n\n\n\n<hr class=\"wp-block-separator has-alpha-channel-opacity\" \/>\n\n\n\n<h2 class=\"wp-block-heading\">Pro d\u011bti<\/h2>\n\n\n\n<h3 class=\"wp-block-heading\">P\u0159ed\u0161kol\u00e1ci<\/h3>\n\n\n\n<p><em>(Rozdejte d\u011btem tmav\u00e9 \u0161\u00e1tky.)<\/em>&nbsp;V\u00edte pro\u010d je m\u00e1me tmav\u00e9? Abychom vyj\u00e1d\u0159ili, pro\u010d b\u00fdv\u00e1me&nbsp;<em>smutn\u00ed<\/em>&nbsp;\u2014 co n\u00e1s&nbsp;<em>tr\u00e1p\u00ed<\/em>.<\/p>\n\n\n\n<p>Co n\u00e1s m\u016f\u017ee tr\u00e1pit? \u201e\u2026\u201c&nbsp;\u2014 nemoc n\u011bkoho bl\u00edzk\u00e9ho&nbsp;\u2014 h\u00e1d\u00e1n\u00ed&nbsp;\u2014 k\u0159i\u010den\u00ed&nbsp;\u2014 nem\u00e1me kamar\u00e1dy&nbsp;\u2014 n\u011bco n\u00e1s bol\u00ed&nbsp;\u2014 nedostali jsme, co jsme si p\u0159\u00e1li&nbsp;\u2014 rozbila se n\u00e1m panenka, aut\u00ed\u010dko\u2026 (Nebagatelizujte konkr\u00e9tnost, s&nbsp;n\u00ed\u017e d\u011bti odpov\u00eddaj\u00ed, jinak to neum\u011bj\u00ed.)<\/p>\n\n\n\n<p>My&nbsp;<em>dosp\u011bl\u00ed<\/em>&nbsp;to m\u00e1me podobn\u011b, ale nav\u00edc n\u00e1s tr\u00e1p\u00ed, \u017ee s&nbsp;t\u00edm leckdy nedok\u00e1\u017eeme nic ud\u011blat. A&nbsp;k&nbsp;tomu smutku se m\u016f\u017ee p\u0159idat&nbsp;<em>smutek v\u00edry<\/em>, \u017ee P\u00e1n B\u016fh n\u00e1s t\u011bm&nbsp;<em>na\u0161im smutk\u016fm nechal napospas<\/em>.<\/p>\n\n\n\n<p><em>(Rozsvi\u0165te sv\u00ed\u010dku a&nbsp;polo\u017ete ji doprost\u0159ed kruhu z&nbsp;\u0161\u00e1tk\u016f.)<\/em><\/p>\n\n\n\n<p>Koukejte, do&nbsp;<em>na\u0161ich temnot<\/em>&nbsp;p\u0159ich\u00e1z\u00ed&nbsp;<em>sv\u011btlo<\/em>.<\/p>\n\n\n\n<p>A&nbsp;takhle p\u0159i\u0161lo sv\u011btlo do temnot star\u00e9ho Zachari\u00e1\u0161e a&nbsp;Al\u017eb\u011bty.<\/p>\n\n\n\n<h4 class=\"wp-block-heading\">Temn\u00e9 tr\u00e1pen\u00ed Zachari\u00e1\u0161e a&nbsp;Al\u017eb\u011bty<\/h4>\n\n\n\n<p>Zachari\u00e1\u0161 a&nbsp;Al\u017eb\u011bta byli hodn\u00ed sta\u0159\u00ed man\u017eel\u00e9. V\u011b\u0159ili opravdu v&nbsp;P\u00e1na Boha. Byli mu v\u011brn\u00ed, a&nbsp;p\u0159itom byli mil\u00ed ke ka\u017ed\u00e9mu, koho potkali. Nav\u00edc Zachari\u00e1\u0161 slou\u017eil jako kn\u011bz v&nbsp;jeruzal\u00e9msk\u00e9m chr\u00e1mu. A&nbsp;p\u0159ece v&nbsp;jejich \u017eivot\u011b z\u016fst\u00e1valo temn\u00e9 tr\u00e1pen\u00ed: nem\u011bli d\u011bti. Kdykoli na to pomysleli, zabolelo je to: Cel\u00fd ten n\u00e1\u0161 dobr\u00fd \u017eivot mo\u017en\u00e1 nem\u00e1 cenu. B\u016fh na n\u00e1s nejsp\u00ed\u0161 zapomn\u011bl\u2026<\/p>\n\n\n\n<p>(V\u00edte, co p\u0159itom znamen\u00e1 jm\u00e9no Zachari\u00e1\u0161? B\u016fh si vzpomn\u011bl! O&nbsp;to v\u011bt\u0161\u00ed b\u00fdvalo jeho tr\u00e1pen\u00ed. Na n\u00e1s B\u016fh zapomn\u011bl!)<\/p>\n\n\n\n<h4 class=\"wp-block-heading\">Zachari\u00e1\u0161 byl vylosov\u00e1n<\/h4>\n\n\n\n<p>Na Zachari\u00e1\u0161e jednou za \u010das vy\u0161la t\u00fddenn\u00ed slu\u017eba v&nbsp;chr\u00e1mu. Pom\u00e1hal upravovat olt\u00e1\u0159, pron\u00e1\u0161el modlitby a&nbsp;vykon\u00e1val dal\u0161\u00ed ob\u0159ady, kter\u00e9 se d\u011blaly v&nbsp;chr\u00e1mu. A&nbsp;jednou se stalo, \u017ee na n\u011bj vy\u0161el zvl\u00e1\u0161tn\u00ed \u00fakol: zvl\u00e1\u0161tn\u00ed proto, \u017ee se v&nbsp;n\u011bm nest\u0159\u00eddali kn\u011b\u017e\u00ed pravideln\u011b&nbsp;\u2014 ale \u017ee k&nbsp;n\u011bmu byli vylosov\u00e1ni. Tentokr\u00e1t padl los na Zachari\u00e1\u0161e! P\u016fjde a\u017e dovnit\u0159 do chr\u00e1mu do svatyn\u011b&nbsp;\u2014 a&nbsp;tam zap\u00e1l\u00ed vonnou ty\u010dinku jako znamen\u00ed modlitby k&nbsp;Bohu.<\/p>\n\n\n\n<h4 class=\"wp-block-heading\">Setk\u00e1n\u00ed ve svatyni<\/h4>\n\n\n\n<p>Shrom\u00e1\u017ed\u011bn\u00ed lid\u00e9 se venku modlili a&nbsp;Zachari\u00e1\u0161 ve\u0161el dovnit\u0159. Najednou kouk\u00e1: J\u00e1 tu v&nbsp;t\u00e9 potemn\u011bl\u00e9 svatyni nejsem s\u00e1m! Kdosi se tam objevil, a&nbsp;Zachari\u00e1\u0161ovi hned bylo jasn\u00e9, toho pos\u00edl\u00e1 B\u016fh. Kdy\u017e n\u011bkoho pos\u00edl\u00e1 B\u016fh, d\u016fle\u017eit\u00e9 je, co \u0159\u00edk\u00e1. Jak\u00e9 nese poselstv\u00ed.<\/p>\n\n\n\n<p>Posel Zachari\u00e1\u0161ovi pov\u00edd\u00e1: Neboj se! Nenesu \u017e\u00e1dnou smutnou novinu&nbsp;\u2014 naopak! B\u016fh si na v\u00e1s s&nbsp;Al\u017eb\u011btou vzpomn\u011bl! Nezapomn\u011bl na Va\u0161e tr\u00e1pen\u00ed. Nenechal v\u00e1s va\u0161emu potemn\u011bl\u00e9mu na\u0159\u00edk\u00e1n\u00ed a&nbsp;smutn\u011bn\u00ed. \u010cek\u00e1 v\u00e1s velk\u00e1 zm\u011bna! Al\u017eb\u011bta porod\u00ed syna. A&nbsp;bude V\u00e1m do zp\u011bvu!<\/p>\n\n\n\n<p>V&nbsp;Zachari\u00e1\u0161ovi jak kdyby n\u011bkdo rozsv\u00edtil v&nbsp;potemn\u011bl\u00e9m srdci sv\u00edci. A&nbsp;posel pokra\u010doval: Ten v\u00e1\u0161 syn, to nebude jen tak n\u011bkdo! To bude p\u0159\u00edmo sv\u011bdek o&nbsp;Bo\u017e\u00edm zachr\u00e1nci, o&nbsp;mesi\u00e1\u0161i! Pojmenujete ho Jan, tedy B\u016fh je milostiv. Ono se je\u0161t\u011b se uk\u00e1\u017ee, co ta Bo\u017e\u00ed milost v\u0161echno dok\u00e1\u017ee!<\/p>\n\n\n\n<p><em>(V&nbsp;t\u00e9to chv\u00edli m\u016f\u017eete za\u010d\u00edt odkl\u00e1dat \u0161\u00e1tky pry\u010d&nbsp;\u2014 ale b\u011bhem dal\u0161\u00edho vypr\u00e1v\u011bn\u00ed jich zase p\u00e1r vra\u0165te.)<\/em><\/p>\n\n\n\n<h4 class=\"wp-block-heading\">Pohlt\u00ed temnota sv\u011btlo?<\/h4>\n\n\n\n<p>Jen\u017ee Zachari\u00e1\u0161ovi se mezit\u00edm do srdce vr\u00e1til ten potemn\u011bl\u00fd smutek. V\u016fbec se mu to poselstv\u00ed nezd\u00e1lo. Za\u010dal vrt\u011bt hlavou: Nev\u00edm, nev\u00edm, to je n\u011bjak\u00fd divn\u00fd, Al\u017eb\u011bta je star\u00e1, j\u00e1 je\u0161t\u011b star\u0161\u00ed\u2026<\/p>\n\n\n\n<p>Posel mu odpov\u011bd\u011bl: Nev\u011b\u0159\u00ed\u0161? Dob\u0159e, kdy\u017e na to nic kloudn\u00e9ho neum\u00ed\u0161 \u0159\u00edct, bude\u0161 ml\u010det! Nepromluv\u00ed\u0161 slovo, dokud se v\u00e1m syn nenarod\u00ed a&nbsp;nedostane jm\u00e9no!<\/p>\n\n\n\n<p>A&nbsp;Zachari\u00e1\u0161 od t\u00e9 chv\u00edle ze sebe u\u017e nevypravil ani slovo. Vy\u0161el z&nbsp;chr\u00e1mu, a&nbsp;nemohl nic \u0159\u00edct. Lid\u00e9 se zmaten\u011b rozch\u00e1zeli.<\/p>\n\n\n\n<p>Ale Al\u017eb\u011bta za \u010das zjistila, \u017ee \u010dek\u00e1 d\u011b\u0165\u00e1tko. A&nbsp;\u0159\u00edkala si n\u011bco jin\u00e9ho ne\u017e Zachari\u00e1\u0161: Tak P\u00e1n B\u016fh se n\u00e1s zastal! Na\u0161e smutn\u00e9 temnoty jsou pry\u010d! A&nbsp;bylo j\u00ed, jako by v&nbsp;b\u0159\u00ed\u0161ku nosila Bo\u017e\u00ed sv\u011btlo.<\/p>\n\n\n\n<p><em>(P\u00e1r \u0161\u00e1tk\u016f\u2013smutk\u016f odlo\u017eit. Pop\u0159.&nbsp;m\u016f\u017eete s&nbsp;d\u011btmi skon\u010dit u\u017e tady.)<\/em><\/p>\n\n\n\n<h4 class=\"wp-block-heading\">Jan<\/h4>\n\n\n\n<p>Za dev\u011bt m\u011bs\u00edc\u016f se Zachari\u00e1\u0161ovi a&nbsp;Al\u017eb\u011bt\u011b skute\u010dn\u011b narodil chlapec. Radost z&nbsp;toho m\u011bla Al\u017eb\u011bta i&nbsp;v\u0161ichni p\u0159\u00e1tel\u00e9, soused\u00e9, p\u0159\u00edbuzn\u00ed, kte\u0159\u00ed je m\u011bli r\u00e1di. Osm\u00e9ho dne po narozen\u00ed se v\u0161ichni se\u0161li na slavnosti, aby Bohu za to slavn\u00e9 narozen\u00ed pod\u011bkovali.<\/p>\n\n\n\n<p>V&nbsp;ten den se tak\u00e9 d\u00e1valo nov\u011b narozen\u00e9mu d\u011b\u0165\u00e1tku jm\u00e9no. V\u0161ichni \u010dekali, \u017ee se bude jmenovat po tat\u00ednkovi Zachari\u00e1\u0161. Ale Al\u017eb\u011bta v\u0161echny p\u0159ekvapila: Bude se jmenovat Jan!<\/p>\n\n\n\n<p>Nikomu se to nezd\u00e1lo: v\u017edy\u0165 takhle se nikdo ve va\u0161\u00ed rodin\u011b nejmenuje! Pro\u010d mu ned\u00e1\u0161 jm\u00e9no po tat\u00ednkovi, str\u00fd\u010dkovi, d\u011bde\u010dkovi \u010di prad\u011bde\u010dkovi? \u017de, Zachari\u00e1\u0161i?<\/p>\n\n\n\n<p>Ale Zachari\u00e1\u0161 taky po\u0159\u00e1d vrt\u00ed hlavou, \u017ee Zachari\u00e1\u0161 ne. A&nbsp;pak to napsal na kamennou tabulku: Bude se jmenovat Jan!<\/p>\n\n\n\n<p>A&nbsp;tehdy kdy\u017e se and\u011blovo poselstv\u00ed do p\u00edsmene splnilo&nbsp;\u2014 kdy\u017e se syn narodil a&nbsp;dostal jm\u00e9no&nbsp;\u2014 tehdy mohl Zachari\u00e1\u0161 op\u011bt otev\u0159\u00edt \u00fasta. A&nbsp;v\u00edte, co od n\u011bj bylo sly\u0161et nejd\u0159\u00edv ze v\u0161eho? P\u00edsni\u010dku.<\/p>\n\n\n\n<p>D\u011bkoval za podivuhodnou Bo\u017e\u00ed v\u011brnost. \u017de smutky a&nbsp;\u00fazkosti jsou pry\u010d, \u017ee si na n\u011b Hospodin vzpomn\u011bl&nbsp;\u2014 a&nbsp;\u017ee to nejv\u011bt\u0161\u00ed p\u0159ekvapen\u00ed teprve p\u0159ijde.<\/p>\n\n\n\n<p><em>(M\u016f\u017eete si sednout kolem \u0161\u00e1tk\u016f&nbsp;\u2014 nechat ho\u0159et sv\u00edci&nbsp;\u2014 a&nbsp;spolu s&nbsp;d\u011btmi zb\u00fdvaj\u00edc\u00ed \u201esmutky\u201c odstranit.)<\/em><\/p>\n\n\n\n<h3 class=\"wp-block-heading\">Mlad\u0161\u00ed \u0161koln\u00ed v\u011bk, pop\u0159.&nbsp;sm\u00ed\u0161en\u00e1 skupina<\/h3>\n\n\n\n<h4 class=\"wp-block-heading\">Rozpom\u00ednac\u00ed p\u00edse\u0148<\/h4>\n\n\n\n<p>Zazp\u00edvejte s&nbsp;d\u011btmi jednoduchou p\u00edse\u0148, do kter\u00e9 jde za\u0159azovat dal\u0161\u00ed jm\u00e9na. Nap\u0159.&nbsp;na melodii&nbsp;<em>Zachovej n\u00e1m v\u00edru dobrou<\/em>&nbsp;(SV 389) m\u016f\u017eete zp\u00edvat refr\u00e9n \u201eP\u0159edejte n\u00e1m starou v\u00edru\u201c a&nbsp;ve sloce zp\u00edvat \u201eByla dobr\u00e1 pro\u2026\u201c a&nbsp;postupn\u011b p\u0159id\u00e1vat jm\u00e9na akt\u00e9r\u016f staroz\u00e1konn\u00edch p\u0159\u00edb\u011bh\u016f, na n\u011b\u017e si d\u011bti vzpomenou, nebo kter\u00e1 si p\u0159edem p\u0159iprav\u00edte. Zejm\u00e9na byste m\u011bli p\u0159ipomenout bezd\u011btn\u00e9 p\u00e1ry&nbsp;\u2014 Abrahama a&nbsp;S\u00e1ru nebo nap\u0159 Elk\u00e1nu a&nbsp;Chanu.<\/p>\n\n\n\n<h4 class=\"wp-block-heading\">P\u0159edstaven\u00ed Luk\u00e1\u0161e a&nbsp;Teofila<\/h4>\n\n\n\n<p>Nyn\u00ed p\u0159edstavte Luk\u00e1\u0161e a&nbsp;Teofila. Teofil m\u016f\u017ee p\u0159ij\u00edt nap\u0159.&nbsp;s&nbsp;ot\u00e1zkou: Pro\u010d nesta\u010d\u00ed jen p\u00e1r \u201eslov o&nbsp;Je\u017e\u00ed\u0161i\u201c, n\u011bjak\u00fd c\u00edrkevn\u00ed slogan jako \u201eJe\u017e\u00ed\u0161 je super!\u201c nebo n\u011bco podobn\u00e9ho? Luk\u00e1\u0161 na to m\u016f\u017ee odpov\u00eddat&nbsp;\u2014 jak t\u011b tak poslouch\u00e1m, tak budu muset za\u010d\u00edt je\u0161t\u011b v\u00edc ze\u0161iroka&nbsp;\u2014 a&nbsp;p\u0159ipomenout, do jak\u00e9ho p\u0159\u00edb\u011bhu pat\u0159\u00ed p\u0159\u00edb\u011bh Je\u017e\u00ed\u0161\u016fv.<\/p>\n\n\n\n<p>(M\u016f\u017eete pop\u0159.&nbsp;zazp\u00edvat dal\u0161\u00ed sloky&nbsp;\u2014 \u201eByla dobr\u00e1 pro Luk\u00e1\u0161e\u201c, \u201ebyla dobr\u00e1 pro Teofila\u201c.)<\/p>\n\n\n\n<h4 class=\"wp-block-heading\">P\u0159\u00edb\u011bh o&nbsp;Zachari\u00e1\u0161ovi a&nbsp;Al\u017eb\u011bt\u011b<\/h4>\n\n\n\n<p>M\u016f\u017eete vypr\u00e1v\u011bt podle p\u0159\u00edb\u011bhu pro p\u0159ed\u0161koln\u00ed, ale l\u00e9pe se bude hodit vypr\u00e1v\u011bt podle knihy Kr\u00e1l na oslu, Narozen\u00ed Jana K\u0159titele (str.&nbsp;121\u2013124). Toto vypr\u00e1v\u011bn\u00ed zp\u0159\u00edtom\u0148uje n\u011bkolik d\u016fle\u017eit\u00fdch staroz\u00e1konn\u00edch souvislost\u00ed, kter\u00e9 Luk\u00e1\u0161ovi p\u0159i sepisov\u00e1n\u00ed p\u0159\u00edb\u011bhu \u201eb\u011b\u017e\u00ed hlavou\u201c.<\/p>\n\n\n\n<h4 class=\"wp-block-heading\">Rozpom\u00ednac\u00ed p\u00edse\u0148 dopln\u011bn\u00e1<\/h4>\n\n\n\n<p>Nakonec p\u0159idejte Luk\u00e1\u0161e, Teofila, Zachari\u00e1\u0161e, Al\u017eb\u011btu, a&nbsp;jako posledn\u00ed sloku \u201ebude dobr\u00e1 taky pro mne\u201c.<\/p>\n\n\n\n<p><strong>Pom\u016fcky:<\/strong>&nbsp;Postavi\u010dka p\u00ed\u0161\u00edc\u00edho Luk\u00e1\u0161e (kopie flanelografu&nbsp;aj., kterou si d\u011bti mohou samy vybarvit)&nbsp;\u2014 jednotliv\u00e9 postavy m\u016f\u017eete p\u0159ipomenout nap\u0159.&nbsp;pomoc\u00ed postavi\u010dek z&nbsp;Flanelografu&nbsp;I. a&nbsp;II; kn\u00ed\u017eka&nbsp;<em>Kr\u00e1l na oslu<\/em>, str. 121\u2013124; p\u0159evypr\u00e1v\u011bn\u00ed viz&nbsp;<a href=\"https:\/\/katecheze.evangnet.cz\/katecheticke-pripravy\/narozeni-jana-krtitele-0\" target=\"_blank\" rel=\"noopener\">star\u0161\u00ed katechetick\u00e1 p\u0159\u00edpravka z cyklu&nbsp;<em>Pozv\u00e1n\u00ed na cestu<\/em><\/a>, pracovn\u00ed list najdete pod textem \u00falohy.<\/p>\n\n\n\n<h3 class=\"wp-block-heading\">Star\u0161\u00ed \u0161koln\u00ed d\u011bti<\/h3>\n\n\n\n<h4 class=\"wp-block-heading\">Vyr\u00e1b\u00edme pro Teofila staroz\u00e1konn\u00ed d\u011bjepravu<\/h4>\n\n\n\n<h4 class=\"wp-block-heading\">Uveden\u00ed do t\u00e9matu<\/h4>\n\n\n\n<p>Teofil byl ned\u00e1vno pok\u0159t\u011bn. Nechodil do n\u00e1bo\u017eenstv\u00ed ani do ned\u011blky tak jako vy. Kdy\u017e sly\u0161el ve shrom\u00e1\u017ed\u011bn\u00ed \u201eB\u016fh Abraham\u016fv, Iz\u00e1k\u016fv a&nbsp;J\u00e1kob\u016fv\u201c, nic mu to ne\u0159\u00edkalo.<\/p>\n\n\n\n<p>P\u0159itom pr\u00e1v\u011b pro n\u011bj sepisuje evangelista Luk\u00e1\u0161 sv\u016fj p\u0159\u00edb\u011bh o&nbsp;Je\u017e\u00ed\u0161i. A&nbsp;kdy\u017e p\u0159em\u00fd\u0161lel, jak za\u010d\u00edt, do\u0161lo mu, \u017ee mus\u00ed Teofilovi vyrobit na \u00favod takovou staroz\u00e1konn\u00ed d\u011bjepravu. Uk\u00e1zat Je\u017e\u00ed\u0161e jako toho, s&nbsp;k\u00fdm za\u010d\u00edn\u00e1 dal\u0161\u00ed kapitola v&nbsp;dlouh\u00e9m p\u0159\u00edb\u011bhu Bo\u017e\u00edho lidu.<\/p>\n\n\n\n<p>P\u0159edstavte si t\u0159eba sv\u00e9 kamar\u00e1dy, kte\u0159\u00ed toho o&nbsp;Bibli moc nev\u011bd\u00ed. Co byste do takov\u00e9 d\u011bjepravy za\u0159adili vy?<\/p>\n\n\n\n<p>Vzpomenete si na postavy a&nbsp;m\u00edsta, kter\u00e1 jsou pro vypr\u00e1v\u011bn\u00ed Moj\u017e\u00ed\u0161ov\u00fdch knih a&nbsp;prorok\u016f d\u016fle\u017eit\u00e1? Kter\u00e9 postavy byste vybrali?<\/p>\n\n\n\n<h4 class=\"wp-block-heading\">Samostatn\u00e1 pr\u00e1ce<\/h4>\n\n\n\n<p>Nechte d\u011bti, a\u0165 nejl\u00e9pe ve skupink\u00e1ch po dvou \u010di po t\u0159ech listuj\u00ed Bibl\u00ed a&nbsp;vyb\u00edraj\u00ed. Na tuto pr\u00e1ci dle pot\u0159eby vy\u010dle\u0148te 5\u201310&nbsp;minut. Nejde o&nbsp;\u017e\u00e1dn\u00fd znalostn\u00ed test, ale o&nbsp;sb\u00edrku n\u00e1pad\u016f.<\/p>\n\n\n\n<p>Potom a\u0165 sv\u00e9 postavy p\u0159edstav\u00ed a&nbsp;\u0159eknou, \u010d\u00edm jsou podle nich d\u016fle\u017eit\u00e9. Jm\u00e9na postav m\u016f\u017eete ps\u00e1t na flipchart, tabuli&nbsp;\u2014 tak, aby je m\u011bli v\u0161ichni p\u0159ed o\u010dima. D\u016fle\u017eit\u00e9 bude, aby d\u011bti \u0159ekly, \u010d\u00edm jsou pro n\u011b jednotliv\u00e9 postavy d\u016fle\u017eit\u00e9.<\/p>\n\n\n\n<h4 class=\"wp-block-heading\">Koho vybral Luk\u00e1\u0161?<\/h4>\n\n\n\n<p>P\u0159e\u010dt\u011bte si evangelijn\u00ed vypr\u00e1v\u011bn\u00ed L&nbsp;1,5\u201325. M\u016f\u017eete text nakop\u00edrovat p\u0159edem&nbsp;\u2014 a&nbsp;d\u011bti a\u0165 v&nbsp;n\u011bm zatrhnou, kter\u00e9 postavy jim n\u011bkoho ze SZ p\u0159ipomn\u011bly.<\/p>\n\n\n\n<p>Koho Luk\u00e1\u0161 do sv\u00e9 d\u011bjepravy za\u0159adil?<\/p>\n\n\n\n<p>Na kter\u00e9 postavy nar\u00e1\u017e\u00ed Zachari\u00e1\u0161\u016fv chvalozp\u011bv? (L&nbsp;1,57 a&nbsp;d\u00e1le.)<\/p>\n\n\n\n<p>Co t\u00edm cht\u011bl p\u0159ipomenout Teofilovi, co t\u00edm p\u0159ipom\u00edn\u00e1 n\u00e1m?<\/p>\n\n\n\n<p>Jak na poselstv\u00ed o&nbsp;narozen\u00ed Jana reaguje Zachari\u00e1\u0161, jak Al\u017eb\u011bta? Vzpomenete si, jak na poselstv\u00ed o&nbsp;narozen\u00ed Iz\u00e1ka reagoval Abraham a&nbsp;jak S\u00e1ra?<\/p>\n\n\n\n<p><strong>Pom\u016fcky:<\/strong>&nbsp;Biblick\u00fd text (zkop\u00edrujte z&nbsp;<a href=\"http:\/\/www.biblenet.cz\/app\/bible\/passage?path=lukas+1%2C5-25\" target=\"_blank\" rel=\"noopener\">biblenet.cz<\/a>); flipchart, pap\u00edry, fixy.<\/p>\n\n\n\n<h3 class=\"wp-block-heading\">P\u0159esah<\/h3>\n\n\n\n<ul>\n<li>Kdo je dneska poslem p\u0159ekvapiv\u011b dobr\u00fdch zpr\u00e1v? (M\u016f\u017eete pop\u0159.\u00a0nachystat fotografie r\u016fzn\u00fdch \u201ehlasatel\u016f\u201c\u00a0\u2014 novin\u00e1\u0159\u016f, redaktor\u016f, rodi\u010d\u016f, doktor\u016f, u\u010ditel\u016f, far\u00e1\u0159e\u2026\u00a0\u2014 a\u0165 je d\u011bti okomentuj\u00ed.)<\/li>\n\n\n\n<li>Co znamen\u00e1 va\u0161e jm\u00e9no? Cht\u011bli byste se jmenovat jinak? V\u00edte, kdo o\u00a0n\u011bm rozhodl a\u00a0pro\u010d? Jen se to rodi\u010d\u016fm l\u00edbilo, nebo t\u00edm cht\u011bli i\u00a0n\u011bco vyj\u00e1d\u0159it?<\/li>\n\n\n\n<li>U\u017e v\u00e1m n\u011bco \u201evyrazilo dech\u201c? U\u017e jste n\u011bkdy \u201eon\u011bm\u011bli\u201c \u00fa\u017easem? V\u00a0jak\u00fdch situac\u00edch to lid\u00e9 \u0159\u00edkaj\u00ed?<\/li>\n\n\n\n<li>Zkuste si aspo\u0148 trochu v\u00edc p\u0159edstavit, jak bylo po dlouh\u00e9 roky Zachari\u00e1\u0161ovi a\u00a0Al\u017eb\u011bt\u011b. Co jim t\u00e1hlo hlavou, jak\u00e9 my\u0161lenky? (Jsme zbyte\u010dn\u00ed\u00a0\u2014 B\u016fh na n\u00e1s zapomn\u011bl\u00a0\u2014 \u017eivot je na nic\u00a0\u2014 na ni\u010dem nez\u00e1le\u017e\u00ed\u00a0\u2014 nezbyla \u017e\u00e1dn\u00e1 radost\u00a0\u2014 k\u00a0\u010demu mi ta v\u00edra vlastn\u011b je?) K\u00a0\u010demu byste jejich \u017eivot p\u0159irovnali? (M\u016f\u017eete si p\u0159ipravit obr\u00e1zky, na nich\u017e bude nap\u0159.\u00a0zelen\u00e1 louka\u00a0\u2014 vyprahl\u00e1 louka\u00a0\u2014 kr\u00e1sn\u00e1 p\u0159\u00edroda\u00a0\u2014 rozvr\u00e1cen\u00e1 krajina\u00a0\u2014 vesel\u00ed lid\u00e9 na slavnosti\u00a0\u2014 stres velkom\u011bsta\u00a0\u2014 opakuj\u00edc\u00ed se pr\u00e1ce u\u00a0p\u00e1su\u00a0\u2014 mal\u00ed\u0159 u\u00a0pl\u00e1tna\u2026) A\u00a0jak jim asi bylo, kdy\u017e se dozv\u011bd\u011bli, \u017ee se do\u010dkaj\u00ed syna?<\/li>\n\n\n\n<li>Hra na n\u011bm\u00e9ho Zachari\u00e1\u0161e: Z\u00e1stupce jednoho dru\u017estva mus\u00ed sv\u00e9mu dru\u017estvu rychle, ale hlavn\u011b spolehliv\u011b vy\u0159\u00eddit zpr\u00e1vu (p\u0159\u00edkaz, ot\u00e1zku) od druh\u00e9ho dru\u017estva. Posel sm\u00ed hr\u00e1t pantomimu nebo napsat omezen\u00e9 mno\u017estv\u00ed slov.<\/li>\n<\/ul>\n\n\n\n<hr class=\"wp-block-separator has-alpha-channel-opacity\" \/>\n\n\n\n<h2 class=\"wp-block-heading\">Liturgie<\/h2>\n\n\n\n<h3 class=\"wp-block-heading\">Biblick\u00fd text k&nbsp;zapamatov\u00e1n\u00ed<\/h3>\n\n\n\n<p><em>Pochv\u00e1len bu\u010f Hospodin, B\u016fh Izraele, proto\u017ee nav\u0161t\u00edvil a&nbsp;vykoupil sv\u016fj lid. Slitoval se nad na\u0161imi otci a&nbsp;rozpomenul se na svou svatou smlouvu.<\/em>&nbsp;(L&nbsp;1,68.72)<\/p>\n\n\n\n<h3 class=\"wp-block-heading\">Ritu\u00e1l<\/h3>\n\n\n\n<p>Pro luk\u00e1\u0161ovsk\u00e9 p\u0159\u00edb\u011bhy se bude hodit zpracov\u00e1n\u00ed refr\u00e9nu p\u00edsn\u011b&nbsp;<em>M\u00e1 du\u0161e Boha veleb\u00ed<\/em>. M\u016f\u017eete ho bu\u010f recitovat nebo zp\u00edvat.<\/p>\n\n\n\n<p><em>Solo: M\u00e1 du\u0161e Boha veleb\u00ed<\/em><\/p>\n\n\n\n<p><em>V\u0161ichni: chv\u00e1lu vzd\u00e1v\u00e1<\/em><\/p>\n\n\n\n<p><em>Solo: P\u00e1nem je nejen na nebi<\/em><\/p>\n\n\n\n<p><em>V\u0161ichni: Bu\u010f mu sl\u00e1va!<\/em><\/p>\n\n\n\n<h3 class=\"wp-block-heading\">Ok\u00e9nko do bohoslu\u017eeb<\/h3>\n\n\n\n<p><em>Tentokr\u00e1t navrhujeme ok\u00e9nko opravdu jen \u201epootev\u0159\u00edt\u201c:<\/em><\/p>\n\n\n\n<p>Dnes n\u00e1m poprv\u00e9 bude vypr\u00e1v\u011bt evangelista Luk\u00e1\u0161. Jsme zv\u011bdav\u00ed, \u010d\u00edm za\u010dne. Bude to podobn\u00e9 jako u&nbsp;Marka, nebo \u00fapln\u011b jinak?<\/p>\n\n\n\n<p><em>Anebo m\u016f\u017eete v&nbsp;zestru\u010dn\u011bn\u00e9 podob\u011b u\u017e\u00edt uveden\u00ed do t\u00e9matu pro star\u0161\u00ed \u0161koln\u00ed v\u011bk.<\/em><\/p>\n\n\n\n<h3 class=\"wp-block-heading\">Modlitba<\/h3>\n\n\n\n<p>D\u011bkujeme, \u017ee nezapom\u00edn\u00e1\u0161 na sv\u00e9 v\u011brn\u00e9 slu\u017eebn\u00edky, Pane. D\u011bkujeme za p\u0159ekvapen\u00ed, kter\u00e1 i&nbsp;n\u00e1m chyst\u00e1\u0161. D\u011bkujeme za z\u00e1stup sv\u011bdk\u016f&nbsp;\u2014 a&nbsp;za to, \u017ee jsme do n\u011bj pozv\u00e1ni tak\u00e9 my. Amen.<\/p>\n","protected":false},"template":"","categories":[10,18,17,20],"_links":{"self":[{"href":"https:\/\/deti.evangnet.cz\/katecheze\/wp-json\/wp\/v2\/katecheze\/1616"}],"collection":[{"href":"https:\/\/deti.evangnet.cz\/katecheze\/wp-json\/wp\/v2\/katecheze"}],"about":[{"href":"https:\/\/deti.evangnet.cz\/katecheze\/wp-json\/wp\/v2\/types\/katecheze"}],"version-history":[{"count":2,"href":"https:\/\/deti.evangnet.cz\/katecheze\/wp-json\/wp\/v2\/katecheze\/1616\/revisions"}],"predecessor-version":[{"id":1618,"href":"https:\/\/deti.evangnet.cz\/katecheze\/wp-json\/wp\/v2\/katecheze\/1616\/revisions\/1618"}],"wp:attachment":[{"href":"https:\/\/deti.evangnet.cz\/katecheze\/wp-json\/wp\/v2\/media?parent=1616"}],"wp:term":[{"taxonomy":"category","embeddable":true,"href":"https:\/\/deti.evangnet.cz\/katecheze\/wp-json\/wp\/v2\/categories?post=1616"}],"curies":[{"name":"wp","href":"https:\/\/api.w.org\/{rel}","templated":true}]}}