
{"id":1563,"date":"2025-07-06T18:54:04","date_gmt":"2025-07-06T16:54:04","guid":{"rendered":"https:\/\/deti.evangnet.cz\/katecheze\/?post_type=katecheze&#038;p=1563"},"modified":"2025-07-06T18:54:05","modified_gmt":"2025-07-06T16:54:05","slug":"jairova-dcera","status":"publish","type":"katecheze","link":"https:\/\/deti.evangnet.cz\/katecheze\/katecheze\/jairova-dcera\/","title":{"rendered":"Jairova dcera"},"content":{"rendered":"\n<p><\/p>\n\n\n\n<h3 class=\"wp-block-heading\">T\u00e9ma<\/h3>\n\n\n\n<p>I&nbsp;mrtv\u00fdm d\u00e1v\u00e1 povstat<\/p>\n\n\n\n<h3 class=\"wp-block-heading\">C\u00edl<\/h3>\n\n\n\n<ul>\n<li>Bo\u017e\u00ed moc se projevuje i\u00a0tam, kde to vypad\u00e1 hodn\u011b beznad\u011bjn\u011b.<\/li>\n\n\n\n<li>Co je konec pro \u010dlov\u011bka, nen\u00ed konec pro Boha, jen mu v\u011b\u0159it.<\/li>\n\n\n\n<li>Ve smrti se ukazuje na\u0161e lidsk\u00e1 bezmocnost, ale taky Bo\u017e\u00ed nad\u011bje.<\/li>\n<\/ul>\n\n\n\n<hr class=\"wp-block-separator has-alpha-channel-opacity\" \/>\n\n\n\n<h2 class=\"wp-block-heading\">Pro u\u010ditele<\/h2>\n\n\n\n<p>Biblick\u00fd text: Mk 5,21-24; Mk 35-43; paralely Mt 9,18-26; L 8,40-56<\/p>\n\n\n\n<h3 class=\"wp-block-heading\">V\u00fdkladov\u00e9 pozn\u00e1mky<\/h3>\n\n\n\n<p><strong>Vzkl\u00e1d\u00e1n\u00ed rukou:<\/strong>&nbsp;Gesto roz\u0161\u00ed\u0159en\u00e9 v&nbsp;mnoha kultur\u00e1ch, t\u00e9m\u011b\u0159 v\u017edy znamen\u00e1 p\u0159ed\u00e1n\u00ed n\u011bjak\u00e9 s\u00edly. Z\u00edskalo m\u00edsto tak\u00e9 v&nbsp;izraelsk\u00e9 bohoslu\u017eb\u011b, kde m\u011blo v\u00fdznam p\u0159enesen\u00ed duchovn\u00ed moci. Souviselo s&nbsp;po\u017eehn\u00e1n\u00edm nebo s&nbsp;vysl\u00e1n\u00edm k&nbsp;n\u011bjak\u00e9mu d\u016fle\u017eit\u00e9mu \u00fakolu. Je\u017e\u00ed\u0161 vzkl\u00e1d\u00e1n\u00edm rukou \u017eehnal nebo uzdravoval. I&nbsp;v&nbsp;na\u0161em p\u0159\u00edb\u011bhu souvis\u00ed prosba o&nbsp;vlo\u017een\u00ed rukou na um\u00edraj\u00edc\u00ed s&nbsp;prosbou o&nbsp;uzdraven\u00ed, pota\u017emo s&nbsp;prosbou o&nbsp;spasen\u00ed.<\/p>\n\n\n\n<p><strong>Jairos:<\/strong>&nbsp;P\u0159edstaven\u00fd synagogy, mu\u017e zn\u00e1m\u00fd a&nbsp;v\u00e1\u017een\u00fd. Je \u00fadaj o&nbsp;jeho spole\u010densk\u00e9m i&nbsp;duchovn\u00edm postaven\u00ed n\u011bjak d\u016fle\u017eit\u00fd? Mo\u017en\u00e1 v&nbsp;tom, \u017ee ani v\u00fdsadn\u00ed postaven\u00ed neochr\u00e1n\u00ed \u010dlov\u011bka od probl\u00e9m\u016f a&nbsp;smutk\u016f \u0159adov\u00fdch v\u011b\u0159\u00edc\u00edch. Tuhle my\u0161lenku podtrhuje srovn\u00e1n\u00ed Jaira s&nbsp;krv\u00e1cej\u00edc\u00ed \u017eenou z&nbsp;minip\u0159\u00edb\u011bhu, kter\u00fd je do p\u0159\u00edb\u011bhu o&nbsp;Jairov\u011b dce\u0159i vlo\u017een. Jairos vysoce postaven\u00fd, kde\u017eto \u017eena se d\u00edky sv\u00e9mu probl\u00e9mu ocitla na pokraji spole\u010dnosti. Jairos jako v\u00fdznamn\u00fd p\u0159edstavitel \u017eidovstv\u00ed d\u016fv\u011b\u0159uje pln\u011b Je\u017e\u00ed\u0161ovi. Bojuje za dceru, co\u017e v\u011bt\u0161inou d\u011bl\u00e1vaj\u00ed matky.<\/p>\n\n\n\n<p><strong>Dcerka:<\/strong>&nbsp;Nen\u00ed uvedeno jej\u00ed jm\u00e9no, zn\u00e1me v\u0161ak v\u011bk, je j\u00ed 12&nbsp;let, a&nbsp;tak\u00e9 to, \u017ee um\u00edr\u00e1.<\/p>\n\n\n\n<p><strong>12&nbsp;let:<\/strong>&nbsp;V&nbsp;\u017eidovstv\u00ed u&nbsp;d\u00edvek hranice dosp\u011blosti. Jairova dcera je tak sou\u010dasn\u011b na prahu \u017eivota a&nbsp;na prahu smrti.<\/p>\n\n\n\n<p><strong>Petr, Jakub a&nbsp;Jan<\/strong>&nbsp;pat\u0159ili k&nbsp;t\u011bsn\u011bj\u0161\u00edmu kruhu kolem Je\u017e\u00ed\u0161e. Maj\u00ed mo\u017enost b\u00fdt tam, kde jin\u00ed u\u010dedn\u00edci b\u00fdt nemohou. Na pr\u016fb\u011bhu ud\u00e1losti se p\u0159\u00edmo nepod\u00edl\u00ed, ale sm\u011bj\u00ed ji zakou\u0161et. Krom\u011b tohoto p\u0159\u00edb\u011bhu je\u0161t\u011b nap\u0159\u00edklad p\u0159i prom\u011bn\u011bn\u00ed na ho\u0159e nebo p\u0159i modlitb\u011b v&nbsp;Getsemane. N\u011bkter\u00e9 v\u011bci nejsou pro ka\u017ed\u00e9 oko a&nbsp;ucho.<\/p>\n\n\n\n<p><strong>Rozruch, pl\u00e1\u010d a&nbsp;kv\u00edlen\u00ed:<\/strong>&nbsp;V\u00fdraz z\u00e1rmutku, \u010dasto nad n\u011b\u010d\u00ed smrt\u00ed. Sd\u00edlen\u00ed z\u00e1rmutku \u010di radosti je bytostnou sou\u010d\u00e1st\u00ed k\u0159es\u0165ansk\u00e9ho \u017eivota: \u201eRadujete se s&nbsp;raduj\u00edc\u00edmi, pla\u010dte s&nbsp;pla\u010d\u00edc\u00edmi\u201c (\u0158 12,15). Tak i&nbsp;B\u016fh souc\u00edt\u00ed s&nbsp;lidsk\u00fdm utrpen\u00edm. Odstran\u011bn\u00ed v\u0161eho, co vyvol\u00e1v\u00e1 smutn\u00fd pl\u00e1\u010d, je tak\u00e9 sou\u010d\u00e1st\u00ed eschatologick\u00e9 nad\u011bje.<\/p>\n\n\n\n<p><strong>Talitha kum:<\/strong>&nbsp;V\u00fdraz z&nbsp;aramej\u0161tiny, \u010cEP p\u0159elo\u017eil \u201eD\u011bv\u010de, prav\u00edm ti, vsta\u0148.\u201c<\/p>\n\n\n\n<p><strong>Na\u0159\u00eddil, aby j\u00ed dali n\u011bco k&nbsp;j\u00eddlu:<\/strong>&nbsp;Nazna\u010duje, \u017ee vzk\u0159\u00ed\u0161en\u00ed nen\u00ed virtu\u00e1ln\u00ed realita, n\u00fdbr\u017e skute\u010dn\u00fd \u017eivot, jak\u00fd si v\u0161ak nedovedeme ani p\u0159edstavit. M\u016f\u017eeme jen \u017easnout a&nbsp;radovat se.<\/p>\n\n\n\n<p><strong>P\u0159ik\u00e1zal, aby nikomu ne\u0159\u00edkali, co se stalo:<\/strong>&nbsp;Kdo nev\u011b\u0159\u00ed Je\u017e\u00ed\u0161ovu slovu, tomu nepom\u016f\u017ee, ani kdyby n\u011bkdo vstal z&nbsp;mrtv\u00fdch.<\/p>\n\n\n\n<h3 class=\"wp-block-heading\">\u00daskal\u00ed<\/h3>\n\n\n\n<p>Vzk\u0159\u00ed\u0161en\u00ed je mimo\u0159\u00e1dn\u00e1 ud\u00e1lost, kter\u00e1 chce p\u0159edev\u0161\u00edm podtrhnout opravdovost a&nbsp;d\u016fle\u017eitost Je\u017e\u00ed\u0161ov\u00fdch slov a&nbsp;jeho moc. V&nbsp;\u017e\u00e1dn\u00e9m p\u0159\u00edpad\u011b nen\u00ed c\u00edlem vyvolat senzaci. P\u0159i vypr\u00e1v\u011bn\u00ed p\u0159\u00edb\u011bhu d\u011btem je pot\u0159eba d\u00e1t pozor, aby nenabyly dojmu, \u017ee v\u00edra stoj\u00ed na z\u00e1zrac\u00edch. Sp\u00ed\u0161 by bylo dobr\u00e9 obr\u00e1tit jejich pozornost k&nbsp;v\u00ed\u0159e, kterou m\u011bl Jairos i&nbsp;ve chv\u00edli naprost\u00e9ho zmaru.<\/p>\n\n\n\n<h3 class=\"wp-block-heading\">Odkazy<\/h3>\n\n\n\n<p>Linden, Nico ter:&nbsp;<em>Pov\u00edd\u00e1 se\u2026podle Marka a&nbsp;podle Matou\u0161e.<\/em>&nbsp;Bene\u0161ov: Eman, 2009<\/p>\n\n\n\n<p>Mr\u00e1zek, Ji\u0159\u00ed:&nbsp;<em>Evangelium podle Matou\u0161e.<\/em>&nbsp;Praha: Centrum biblick\u00fdch studi\u00ed AV \u010cR a&nbsp;UK v&nbsp;Praze ve spolupr\u00e1ci s&nbsp;\u010ceskou biblickou spole\u010dnost\u00ed, 2011<\/p>\n\n\n\n<p>Odkazy na star\u0161\u00ed p\u0159\u00edpravky a&nbsp;dal\u0161\u00ed pracovn\u00ed materi\u00e1ly najdete pod textem \u00falohy pod nadpisem&nbsp;<strong>Kam d\u00e1le<\/strong>.<\/p>\n\n\n\n<hr class=\"wp-block-separator has-alpha-channel-opacity\" \/>\n\n\n\n<h2 class=\"wp-block-heading\">Pro d\u011bti<\/h2>\n\n\n\n<h3 class=\"wp-block-heading\">P\u0159ed\u0161kol\u00e1ci<\/h3>\n\n\n\n<p>Na \u00favod zahrajeme d\u011btem kr\u00e1tk\u00e9 divadlo s&nbsp;ma\u0148\u00e1sky. Velk\u00fd ma\u0148\u00e1sek je maminka, mal\u00fd ma\u0148\u00e1sek je hol\u010di\u010dka Pavl\u00ednka. Pro Pavl\u00ednku p\u0159iprav\u00edme post\u00fdlku.<\/p>\n\n\n\n<p>Zazvon\u00ed bud\u00edk: Crrrr!<\/p>\n\n\n\n<p>Maminka: Pavl\u00ednko, vst\u00e1vej, mus\u00edme se chystat do \u0161kolky.<\/p>\n\n\n\n<p>Pavl\u00ednka: P\u0159eval\u00ed se na druhou stranu a&nbsp;sp\u00ed d\u00e1l.<\/p>\n\n\n\n<p>Maminka: Pavl\u00ednko, vst\u00e1vej. (Pohlad\u00ed ji po vlasech, d\u00e1 j\u00ed pusinku.) U\u017e je r\u00e1no.<\/p>\n\n\n\n<p>Pavl\u00ednka: Dobr\u00e9 r\u00e1no. Mami, mn\u011b se dneska nechce do \u0161kolky. Zd\u00e1l se mi \u0161kared\u00fd sen. Honil m\u011b zl\u00fd pes a&nbsp;j\u00e1 jsem po\u0159\u00e1d ut\u00edkala a&nbsp;po\u0159\u00e1d a&nbsp;u\u017e jsem myslela, \u017ee m\u011b kousne.<\/p>\n\n\n\n<p>Maminka: U\u017e je to pry\u010d. U\u017e jsi vzh\u016fru. Pod\u00edvej, nikde \u017e\u00e1dn\u00fd pes.<\/p>\n\n\n\n<p>D\u011bcka, uka\u017ete, jak sp\u00edte. M\u00edv\u00e1te taky n\u011bkdy \u0161kared\u00e9 sny jako Pavl\u00ednka? Co v\u00e1m od nich pom\u00e1h\u00e1? \u017de se probud\u00edte?<\/p>\n\n\n\n<p>Probud\u00ed se v\u017edycky \u010dlov\u011bk ze sp\u00e1nku? N\u011bkdy ne? A&nbsp;co s&nbsp;t\u00edm \u010dlov\u011bkem je, kdy\u017e se neprobud\u00ed?<\/p>\n\n\n\n<p>V&nbsp;jednom m\u011bst\u011b \u017eila mal\u00e1 hol\u010di\u010dka. Jen\u017ee v\u00e1\u017en\u011b onemocn\u011bla. Den ode dne to s&nbsp;n\u00ed bylo hor\u0161\u00ed a&nbsp;hor\u0161\u00ed. Jej\u00ed tat\u00ednek Jairos, tak se jmenoval, m\u011bl o&nbsp;ni velk\u00fd strach. Po p\u00e1r dnech u\u017e bylo jasn\u00e9, \u017ee jeho hol\u010di\u010dka um\u00edr\u00e1.<\/p>\n\n\n\n<p>V&nbsp;tu dobu se ve m\u011bst\u011b objevil Je\u017e\u00ed\u0161. Shrom\u00e1\u017edilo se kolem n\u011bho hned velk\u00e9 mno\u017estv\u00ed lid\u00ed. Cht\u011bli sly\u0161et, co pov\u00edd\u00e1. A&nbsp;tak se kolem n\u011bho tla\u010dili, \u017ee skoro nemohl j\u00edt d\u00e1l.<\/p>\n\n\n\n<p>Jairos se o&nbsp;n\u011bm doslechl a&nbsp;vydal se za n\u00edm. Uv\u011b\u0159il toti\u017e, \u017ee Je\u017e\u00ed\u0161 je od Boha a&nbsp;m\u00e1 moc pomoci i&nbsp;tehdy, kdy\u017e u\u017e v\u0161echno vypad\u00e1 \u0161patn\u011b a&nbsp;beznad\u011bjn\u011b. Jairos si moc p\u0159\u00e1l, aby Je\u017e\u00ed\u0161 pomohl jeho dcerce. A&nbsp;tak se prodral p\u0159es dav lid\u00ed a\u017e k&nbsp;Je\u017e\u00ed\u0161i a&nbsp;moc ho prosil, aby zachr\u00e1nil jeho dcerku.<\/p>\n\n\n\n<p>Je\u017e\u00ed\u0161 vid\u011bl, jak moc Jairovi na jeho dce\u0159i z\u00e1le\u017e\u00ed, jak moc je smutn\u00fd a&nbsp;jak velk\u00e1 je jeho v\u00edra. A&nbsp;tak \u0161el s&nbsp;n\u00edm.<\/p>\n\n\n\n<p>Jen\u017ee je\u0161t\u011b ne\u017e p\u0159i\u0161li do Jairova domu, p\u0159ib\u011bhli jim naproti lid\u00e9 a&nbsp;\u0159ekli jim, \u017ee dcera um\u0159ela. A&nbsp;\u017ee u\u017e nem\u00e1 cenu, aby \u0161el Je\u017e\u00ed\u0161 k&nbsp;nim dom\u016f.<\/p>\n\n\n\n<p>Ale Je\u017e\u00ed\u0161 se nenechal odradit a&nbsp;\u0159ekl Jairovi: \u201eNeboj se, jen v\u011b\u0159.\u201c<\/p>\n\n\n\n<p>Kdy\u017e p\u0159i\u0161li do domu, tak tam v\u0161ichni plakali a&nbsp;v\u0161ude byl jen velk\u00fd smutek. Je\u017e\u00ed\u0161 zam\u00ed\u0159il do pokoj\u00edku, kde le\u017eela Jairova dcerka. Vzal s&nbsp;sebou ale jen tat\u00ednka, maminku a&nbsp;t\u0159i u\u010dedn\u00edky: Petra, Jakuba a&nbsp;Jana.<\/p>\n\n\n\n<p>Kdy\u017e p\u0159i\u0161li do pokoje, vzal Je\u017e\u00ed\u0161 hol\u010di\u010dku za ruku a&nbsp;\u0159ekl j\u00ed: \u201eD\u011bv\u010de, prav\u00edm ti, vsta\u0148!\u201c<\/p>\n\n\n\n<p>Tu d\u011bv\u010d\u00e1tko vstalo a&nbsp;chodilo. V\u0161ichni, kdo tam byli, z\u016fstali s&nbsp;otev\u0159enou pusou. Je\u017e\u00ed\u0161 jim ale \u0159ekl, a\u0165 o&nbsp;tom nikomu ne\u0159\u00edkaj\u00ed.<\/p>\n\n\n\n<p><strong>Aktivita:<\/strong>&nbsp;Vyrobit s&nbsp;d\u011btmi pap\u00edrov\u00e9ho ma\u0148\u00e1ska Jairovy dcery \u2014 p\u0159edlohu najdete&nbsp;<a href=\"http:\/\/www.maminet.cz\/_data\/nclanek\/7e\/288-7eb44bad82-2.jpg\" target=\"_blank\" rel=\"noopener\">zde.<\/a><\/p>\n\n\n\n<p><strong>Pom\u016fcky:<\/strong>&nbsp;Dva ma\u0148\u00e1sci, pol\u0161t\u00e1\u0159ek a&nbsp;p\u0159ikr\u00fdvka, bud\u00edk, biblick\u00e1 (nebo jin\u00e1) postavi\u010dka hol\u010di\u010dky a&nbsp;postavi\u010dka dosp\u011bl\u00e9ho mu\u017ee a&nbsp;Je\u017e\u00ed\u0161e, \u010dern\u00e1 l\u00e1tka, b\u00edl\u00e1 l\u00e1tka.<\/p>\n\n\n\n<h3 class=\"wp-block-heading\">Mlad\u0161\u00ed \u0161koln\u00ed d\u011bti<\/h3>\n\n\n\n<p>Sed\u00edme v&nbsp;kruhu, doprost\u0159ed um\u00edst\u00edme velkou \u010dernou l\u00e1tku, nejl\u00e9pe kruhov\u00e9ho tvaru. Vypr\u00e1v\u011bn\u00ed budeme doprov\u00e1zet pomoc\u00ed biblick\u00fdch (nebo jin\u00fdch) postavi\u010dek.<\/p>\n\n\n\n<p>Co v\u00e1m p\u0159ipom\u00edn\u00e1 \u010dern\u00e1 barva?<\/p>\n\n\n\n<p>Vid\u011bli jste dnes cestou do kostela n\u011bkde \u010dernou barvu? Vid\u00edte ji n\u011bkde tady kolem?<\/p>\n\n\n\n<p>V&nbsp;jak\u00fdch situac\u00edch se \u0159\u00edk\u00e1: u\u017e to nem\u00e1 cenu, je konec, je to beznad\u011bjn\u00e9?<\/p>\n\n\n\n<p>O&nbsp;jedn\u00e9 takov\u00e9 beznad\u011bjn\u00e9 situaci si dnes povypr\u00e1v\u00edme.<\/p>\n\n\n\n<p>Byl jednou jeden tat\u00ednek, jmenoval se Jairos.<\/p>\n\n\n\n<p><em>(Postav\u00edme jeho postavi\u010dku na \u010dernou l\u00e1tku kousek od st\u0159edu.)<\/em><\/p>\n\n\n\n<p>M\u011bl dceru, chodila asi tak do \u0161est\u00e9 t\u0159\u00eddy. Jen\u017ee te\u010f u\u017e n\u011bjakou dobu do \u0161koly nechodila, proto\u017ee byla v\u00e1\u017en\u011b nemocn\u00e1. Le\u017eela doma v&nbsp;posteli, skoro nejedla a&nbsp;v\u011bt\u0161inou u\u017e jen spala.<\/p>\n\n\n\n<p><em>(Pomoc\u00ed l\u00e1tek vytvo\u0159te p\u0159i vn\u011bj\u0161\u00edm okraji kruhu d\u016fm a&nbsp;do n\u011bj polo\u017ete na \u010dernou l\u00e1tku sm\u011brem od Jaira ke kraji postavi\u010dku nemocn\u00e9 d\u00edvky.)<\/em><\/p>\n\n\n\n<p>Vypadalo to s&nbsp;n\u00ed hodn\u011b \u0161patn\u011b a&nbsp;v\u0161ichni kolem n\u00ed o&nbsp;ni m\u011bli strach. Mo\u017en\u00e1 nejv\u00edc jej\u00ed tat\u00ednek Jairos. Hrozn\u011b se tr\u00e1pil a&nbsp;tou\u017eil j\u00ed n\u011bjak pomoct. Jen\u017ee nev\u011bd\u011bl jak. A&nbsp;pak se nemoc je\u0161t\u011b zhor\u0161ila a&nbsp;vypadalo to, \u017ee hol\u010di\u010dka zem\u0159e. Jairos byl moc smutn\u00fd. Kdyby to \u0161lo, tak by byl rad\u011bji nemocn\u00fd m\u00edsto sv\u00e9 dcery. Jednoho dne se k&nbsp;n\u011bmu doneslo, \u017ee do m\u011bsta p\u0159i\u0161el Je\u017e\u00ed\u0161.&nbsp;<em>(Postavu Je\u017e\u00ed\u0161e um\u00edst\u011bte doprost\u0159ed l\u00e1tky.)<\/em><\/p>\n\n\n\n<p>U\u017e o&nbsp;n\u011bm d\u0159\u00edv sly\u0161el podivuhodn\u00e9 v\u011bci a&nbsp;sly\u0161el i&nbsp;o&nbsp;tom, co lidem \u0159\u00edk\u00e1. T\u0159eba to, \u017ee jednou nebude smutek ani pl\u00e1\u010d ani bolest. Jairos v\u011b\u0159il, \u017ee tomu tak opravdu jednou bude. Tak jakmile zjistil, \u017ee je Je\u017e\u00ed\u0161 ve m\u011bst\u011b, ut\u00edkal mu naproti. Musel se nakonec protla\u010dit velk\u00fdm davem. Kone\u010dn\u011b se dostal k&nbsp;Je\u017e\u00ed\u0161i.<\/p>\n\n\n\n<p>\u201eJe\u017e\u00ed\u0161i, Je\u017e\u00ed\u0161i, jsem tak r\u00e1d, \u017ee t\u011b vid\u00edm. Moc t\u011b pros\u00edm, poj\u010f ke mn\u011b dom\u016f. M\u00e1 dcerka um\u00edr\u00e1. Zachra\u0148 ji, aby \u017eila.\u201c<\/p>\n\n\n\n<p>Je\u017e\u00ed\u0161 vid\u011bl, jak moc je Jairos ne\u0161\u0165astn\u00fd a&nbsp;jak hodn\u011b v\u011b\u0159\u00ed, \u017ee Je\u017e\u00ed\u0161 m\u016f\u017ee v&nbsp;takov\u00e9 beznad\u011bjn\u00e9 situaci pomoci. A&nbsp;tak \u0161el s&nbsp;n\u00edm.<\/p>\n\n\n\n<p>Ale u\u017e po cest\u011b potkali lidi z&nbsp;Jairova domu, kte\u0159\u00ed jim \u0159ekli, \u017ee u\u017e to nem\u00e1 cenu, \u017ee je konec, \u017ee dcerka um\u0159ela. Ach jo. Jako by se s&nbsp;Jairem zato\u010dil cel\u00fd sv\u011bt, jako by zhasla v\u0161echna nad\u011bje.<\/p>\n\n\n\n<p>Ale Je\u017e\u00ed\u0161 Jairovi \u0159ekl: \u201eNeboj se, jen v\u011b\u0159!\u201c A&nbsp;vzal s&nbsp;sebou jen t\u0159i nejbli\u017e\u0161\u00ed u\u010dedn\u00edky: Petra, Jakuba a&nbsp;Jana.<\/p>\n\n\n\n<p>Kdy\u017e ve\u0161li do domu, v\u0161ichni tam plakali a&nbsp;na\u0159\u00edkali. Byl tam d\u011bsn\u00fd zmatek a&nbsp;ruch. Je\u017e\u00ed\u0161 ve\u0161el s&nbsp;Jairem, jeho \u017eenou a&nbsp;t\u0159emi u\u010dedn\u00edky do pokoj\u00edku, kde le\u017eela hol\u010di\u010dka.<\/p>\n\n\n\n<p>Je\u017e\u00ed\u0161 ji vzal za ruku a&nbsp;\u0159ekl: D\u011bv\u010de, \u0159\u00edk\u00e1m ti, vsta\u0148.\u201c<\/p>\n\n\n\n<p>A&nbsp;ona vstala.&nbsp;<em>(Zapalte sv\u00ed\u010dku v&nbsp;kal\u00ed\u0161ku a&nbsp;um\u00edst\u011bte ji k&nbsp;Jairovu domu.)&nbsp;<\/em><\/p>\n\n\n\n<p>V\u0161ichni, kdo byli uvnit\u0159, byli hodn\u011b p\u0159ekvapen\u00ed. Ani nebyli schopni cokoli \u0159\u00edct. N\u011bco takov\u00e9ho toti\u017e ne\u010dekali.<\/p>\n\n\n\n<p>Je\u017e\u00ed\u0161 jim \u0159ekl: \u201eD\u00edvka \u017eije, tak j\u00ed dejte n\u011bco naj\u00edst, m\u00e1 hlad.\u201c A&nbsp;taky o&nbsp;t\u00e9hle p\u0159\u00edhod\u011b nikde nepov\u00eddejte.<\/p>\n\n\n\n<p>Co m\u016f\u017eeme ud\u011blat my, kdy\u017e si nev\u00edme rady, kdy\u017e n\u011bco vypad\u00e1 hodn\u011b beznad\u011bjn\u011b? Pomodleme se spole\u010dn\u011b\u2026<\/p>\n\n\n\n<p><strong>Aktivita:<\/strong>&nbsp;Lze si vyrobit skl\u00e1da\u010dku \u2014 p\u0159edlohu najdete&nbsp;<a href=\"http:\/\/www.lambsongs.co.nz\/NT%20Lesson%20Plans\/Jairus%20folding%20B+W%20foldout%2001.jpg\" target=\"_blank\" rel=\"noopener\">zde.<\/a><\/p>\n\n\n\n<p><strong>Pom\u016fcky:<\/strong>&nbsp;Velk\u00e1 \u010dern\u00e1 l\u00e1tka, dal\u0161\u00ed dv\u011b l\u00e1tky v&nbsp;jin\u00fdch barv\u00e1ch, t\u0159i postavi\u010dky, sv\u00ed\u010dka.<\/p>\n\n\n\n<h3 class=\"wp-block-heading\">Star\u0161\u00ed \u0161koln\u00ed d\u011bti<\/h3>\n\n\n\n<p>Byli jste n\u011bkdy na poh\u0159bu? Jak jste se c\u00edtili?<\/p>\n\n\n\n<p>Pl\u00e1\u010dou lidi na poh\u0159bech? V\u0161ichni? N\u011bkte\u0159\u00ed ne?<\/p>\n\n\n\n<p>Smutek ke smrti pat\u0159\u00ed, i&nbsp;slzy. To je na\u0161e lidsk\u00e1 reakce na bezmocnost, kterou v&nbsp;t\u00e9 chv\u00edli c\u00edt\u00edme.<\/p>\n\n\n\n<p>Je n\u011bjak\u00fd sv\u00e1tek, kdy se slav\u00ed, \u017ee n\u011bkdo zv\u00edt\u011bzil nad smrt\u00ed a&nbsp;\u017ee ze smrti nemus\u00edme m\u00edt strach?<\/p>\n\n\n\n<p>Proti smrti nic nedok\u00e1\u017eeme, ale B\u016fh ano. Sm\u00edme tomu v\u011b\u0159it, v\u017edy\u0165 Je\u017e\u00ed\u0161 vstal z&nbsp;mrtv\u00fdch.<\/p>\n\n\n\n<p>P\u0159e\u010dt\u011bte p\u0159\u00edb\u011bh z&nbsp;Bible. Nejprve p\u0159e\u010dte nahlas u\u010ditel.<\/p>\n\n\n\n<p>Jak\u00e9 postavy v&nbsp;p\u0159\u00edb\u011bhu vystupuj\u00ed?&nbsp;<em>(Rozdejte, kdo bude kterou postavu \u010d\u00edst. P\u0159\u00edb\u011bh p\u0159e\u010dt\u011bte znovu s&nbsp;rozd\u011blen\u00edm rol\u00ed.)<\/em><\/p>\n\n\n\n<p>\u010cemu nerozum\u00edme?&nbsp;<em>(Namalujte postavy na pap\u00edr, ke ka\u017ed\u00e9 postav\u011b zkusit napsat, jak se asi c\u00edt\u00ed, kdo je podle v\u00e1s hlavn\u00ed postavou a&nbsp;pro\u010d?)<\/em><\/p>\n\n\n\n<p>Co je hlavn\u00edm t\u00e9matem p\u0159\u00edb\u011bhu?<\/p>\n\n\n\n<h3 class=\"wp-block-heading\">P\u0159esah<\/h3>\n\n\n\n<p>Dalo by se bavit o&nbsp;rozd\u00edlnosti poh\u0159b\u016f c\u00edrkevn\u00edch a&nbsp;civiln\u00edch. V&nbsp;\u010dem je k\u0159es\u0165ansk\u00fd poh\u0159eb jin\u00fd? Zaj\u00edmav\u00e9 by mohlo b\u00fdt v\u00e9st pozornost k&nbsp;ot\u00e1zce, zda m\u016f\u017ee na\u0161e v\u00edra pomoci n\u011bkomu druh\u00e9mu.<\/p>\n\n\n\n<hr class=\"wp-block-separator has-alpha-channel-opacity\" \/>\n\n\n\n<h2 class=\"wp-block-heading\">Liturgie<\/h2>\n\n\n\n<h3 class=\"wp-block-heading\">Biblick\u00fd text k&nbsp;zapamatov\u00e1n\u00ed<\/h3>\n\n\n\n<p><em>Panovn\u00edk Hospodin prov\u017edy odstran\u00ed smrt a&nbsp;set\u0159e slzu z&nbsp;ka\u017ed\u00e9 tv\u00e1\u0159e, sejme potupu sv\u00e9ho lidu z&nbsp;cel\u00e9 zem\u011b; tak promluvil Hospodin.<\/em>&nbsp;(Iz 25,8)<\/p>\n\n\n\n<h3 class=\"wp-block-heading\">Ritu\u00e1l<\/h3>\n\n\n\n<p>Recitace upraven\u00e9ho textu z&nbsp;1 K 15,1 nn: \u201eEvangelium, kter\u00e9 jsme p\u0159ijali, je z\u00e1kladem, na n\u011bm\u017e stoj\u00edme. Skrze n\u011b doch\u00e1z\u00edme sp\u00e1sy \u2014 v\u017edy\u0165 jsme p\u0159ece neuv\u011b\u0159ili nadarmo.\u201c<\/p>\n\n\n\n<p>Zp\u011bv p\u00edsn\u011b&nbsp;<em>P\u0159ed tebou, Pane, temno ztr\u00e1c\u00ed s\u00edlu svou<\/em>&nbsp;(SV 456).<\/p>\n\n\n\n<h3 class=\"wp-block-heading\">Ok\u00e9nko do bohoslu\u017eeb<\/h3>\n\n\n\n<p>\u201eTon\u00edku, boj\u00ed\u0161 se smrti?\u201c<\/p>\n\n\n\n<p>\u201eJo, Fildo, boj\u00edm.\u201c<\/p>\n\n\n\n<p>\u201eJ\u00e1 taky.\u201c<\/p>\n\n\n\n<p>\u201eV\u00ed\u0161, co, Ton\u00edku, tak se p\u016fjdeme zeptat na\u0161eho far\u00e1\u0159e, jestli se taky boj\u00ed, jo?\u201c<\/p>\n\n\n\n<p>\u201ePane far\u00e1\u0159i, boj\u00edte se smrti?\u201c<\/p>\n\n\n\n<p>\u201eNo strach ze smrti taky n\u011bkdy m\u00edv\u00e1m, ale v\u00edra mi pom\u00e1h\u00e1 neb\u00e1t se. Je\u017e\u00ed\u0161 o&nbsp;na\u0161em strachu v\u011bd\u011bl, a&nbsp;proto si v&nbsp;Bibli m\u016f\u017eeme p\u0159e\u010d\u00edst p\u0159\u00edb\u011bhy o&nbsp;tom, \u017ee P\u00e1n B\u016fh je p\u00e1nem i&nbsp;nad smrt\u00ed. A&nbsp;kdy\u017e se na P\u00e1na Boha spolehneme, tak ten strach u\u017e n\u00e1s nebude sv\u00edrat. Evangelista Marek jeden takov\u00fd p\u0159\u00edb\u011bh o&nbsp;strachu ze smrti napsal, tak si ho nechte vypr\u00e1v\u011bt.\u201c<\/p>\n\n\n\n<p>\u0158eknu v\u00e1m h\u00e1danku: Je to osoba velmi v\u00fdkonn\u00e1. Je a\u017e s&nbsp;podivem, co sta\u010d\u00ed v\u0161echno ob\u011bhat. Oproti jin\u00fdm bytostem, nap\u0159\u00edklad Santa Klausovi, m\u00e1 nep\u0159etr\u017eitou pracovn\u00ed dobu. Zru\u010dn\u011b se oh\u00e1n\u00ed kosou, jen\u017ee se ji nikdy nikomu nepoda\u0159ilo zapojit do prac\u00ed v&nbsp;zem\u011bd\u011blstv\u00ed. Z&nbsp;toho se d\u00e1 usoudit, \u017ee je to velmi specializovan\u00e1 pracovnice. Kdo je to?<\/p>\n\n\n\n<p>Boj\u00edte se smrti? D\u011bti si dnes v&nbsp;ned\u011blce budou pov\u00eddat o&nbsp;tat\u00ednkovi, kter\u00fd se b\u00e1l, \u017ee mu um\u0159e dcera.<\/p>\n\n\n\n<h3 class=\"wp-block-heading\">Modlitba<\/h3>\n\n\n\n<p>Pane, n\u011bkdy se c\u00edt\u00edme hodn\u011b zoufale, nev\u00edme co d\u011blat, boj\u00edme se. Pros\u00edme, dej n\u00e1m v&nbsp;takov\u00fdch situac\u00edch poc\u00edtit, \u017ee jsi n\u00e1m bl\u00edzko, a&nbsp;proto se nemus\u00edme b\u00e1t. Amen.<\/p>\n","protected":false},"template":"","categories":[10,18,17,20],"_links":{"self":[{"href":"https:\/\/deti.evangnet.cz\/katecheze\/wp-json\/wp\/v2\/katecheze\/1563"}],"collection":[{"href":"https:\/\/deti.evangnet.cz\/katecheze\/wp-json\/wp\/v2\/katecheze"}],"about":[{"href":"https:\/\/deti.evangnet.cz\/katecheze\/wp-json\/wp\/v2\/types\/katecheze"}],"version-history":[{"count":1,"href":"https:\/\/deti.evangnet.cz\/katecheze\/wp-json\/wp\/v2\/katecheze\/1563\/revisions"}],"predecessor-version":[{"id":1564,"href":"https:\/\/deti.evangnet.cz\/katecheze\/wp-json\/wp\/v2\/katecheze\/1563\/revisions\/1564"}],"wp:attachment":[{"href":"https:\/\/deti.evangnet.cz\/katecheze\/wp-json\/wp\/v2\/media?parent=1563"}],"wp:term":[{"taxonomy":"category","embeddable":true,"href":"https:\/\/deti.evangnet.cz\/katecheze\/wp-json\/wp\/v2\/categories?post=1563"}],"curies":[{"name":"wp","href":"https:\/\/api.w.org\/{rel}","templated":true}]}}