
{"id":155,"date":"2025-05-15T09:30:42","date_gmt":"2025-05-15T07:30:42","guid":{"rendered":"https:\/\/deti.evangnet.cz\/katecheze\/?post_type=katecheze&#038;p=155"},"modified":"2025-05-15T09:30:44","modified_gmt":"2025-05-15T07:30:44","slug":"nanebevstoupeni-pane","status":"publish","type":"katecheze","link":"https:\/\/deti.evangnet.cz\/katecheze\/katecheze\/nanebevstoupeni-pane\/","title":{"rendered":"Nanebevstoupen\u00ed P\u00e1n\u011b"},"content":{"rendered":"\n<h3 class=\"wp-block-heading\">T\u00e9ma<\/h3>\n\n\n\n<p>Posl\u00e1n\u00edm t\u011bch, kte\u0159\u00ed uv\u011b\u0159ili v&nbsp;Je\u017e\u00ed\u0161e Krista, je b\u00fdt jeho sv\u011bdky ve spole\u010dnosti. Nestyd\u011bt se za svou k\u0159es\u0165anskou v\u00edru a&nbsp;podle n\u00ed \u017e\u00edt. Tak lidem ukazovat, kdo Je\u017e\u00ed\u0161 je a&nbsp;jak ovliv\u0148uje lidsk\u00fd \u017eivot a&nbsp;p\u016fsob\u00ed mezi n\u00e1mi, i&nbsp;kdy\u017e tu fyzicky nen\u00ed.<\/p>\n\n\n\n<h3 class=\"wp-block-heading\">C\u00edle<\/h3>\n\n\n\n<ul>\n<li>P\u0159ipomenout, \u017ee Je\u017e\u00ed\u0161ov\u00fdm nanebevstoupen\u00edm jeho p\u016fsoben\u00ed ve sv\u011bt\u011b nekon\u010d\u00ed.<\/li>\n\n\n\n<li>Uv\u011bdomit si, jak Je\u017e\u00ed\u0161 bez sv\u00e9 fyzick\u00e9 p\u0159\u00edtomnosti p\u016fsob\u00ed ve sv\u011bt\u011b.<\/li>\n\n\n\n<li>Motivovat d\u011bti k\u00a0v\u011bdom\u00ed, \u017ee nemus\u00ed b\u00fdt ani far\u00e1\u0159i ani u\u010ditel\u00e9 n\u00e1bo\u017eenstv\u00ed, aby mohly b\u00fdt t\u011bmi, skrze kter\u00e9 je Je\u017e\u00ed\u0161 p\u0159\u00edtomen.<\/li>\n<\/ul>\n\n\n\n<hr class=\"wp-block-separator has-alpha-channel-opacity\"\/>\n\n\n\n<h3 class=\"wp-block-heading\">Pro u\u010ditele<\/h3>\n\n\n\n<h4 class=\"wp-block-heading\">Pozn\u00e1mky k&nbsp;p\u0159\u00edb\u011bhu<\/h4>\n\n\n\n<h5 class=\"wp-block-heading\">Osoby<\/h5>\n\n\n\n<ul>\n<li>Je\u017e\u00ed\u0161\u00a0\u2014 po t\u00e9, co se 40\u00a0dn\u00ed d\u00e1val poznat, se nyn\u00ed lou\u010d\u00ed a\u00a0naposledy opakuje, jak\u00e9 je posl\u00e1n\u00ed t\u011bch, kte\u0159\u00ed jej n\u00e1sleduj\u00ed\u00a0\u2014 zad\u00e1v\u00e1 \u00fakoly. Je\u017e\u00ed\u0161ovo lou\u010den\u00ed nen\u00ed \u017e\u00e1dn\u00e9 \u201esbohem\u201c, ale do\u010dasn\u00e9 fyzick\u00e9 odlou\u010den\u00ed. Je\u017e\u00ed\u0161 je ten, kter\u00fd z\u016fst\u00e1v\u00e1, pokud jej u\u010dedn\u00edci p\u0159ijmou.<\/li>\n\n\n\n<li>U\u010dedn\u00edci\u00a0\u2014 je jich nyn\u00ed jeden\u00e1ct a\u00a0jsou zde vyjmenov\u00e1ni. A\u017e po nanebevstoupen\u00ed je kruh dopln\u011bn o\u00a0Mat\u011bje (Sk 1,15\u201326). Poslu\u0161n\u00ed jak Je\u017e\u00ed\u0161i, nebo\u0165 kdy\u017e odejdou z\u00a0hory, z\u016fst\u00e1vaj\u00ed a\u017e do Letnic doma, jak jim bylo p\u0159ik\u00e1z\u00e1no, tak i\u00a0and\u011blu, kter\u00fd je pos\u00edl\u00e1 dom\u016f.<\/li>\n\n\n\n<li>And\u011bl\u00e9 (dva mu\u017ei)\u00a0\u2014 poslov\u00e9 Bo\u017e\u00ed, kte\u0159\u00ed \u010dlov\u011bka \u201epopostr\u010d\u00ed\u201c sm\u011brem k\u00a0Bo\u017e\u00ed v\u016fli. Stejn\u011b tak jako and\u011bl\u00e9 u\u00a0pr\u00e1zdn\u00e9ho hrobu vysv\u011btl\u00ed situaci a\u00a0vy\u0161lou \u017eeny zv\u011bstovat, i\u00a0nyn\u00ed and\u011bl\u00e9 p\u0159ipom\u00ednaj\u00ed, co maj\u00ed u\u010dedn\u00edci ud\u011blat. S\u00edla okam\u017eiku je pro u\u010dedn\u00edky tak siln\u00e1, \u017ee pot\u0159ebuj\u00ed popostr\u010dit.<\/li>\n\n\n\n<li>Jan K\u0159titel\u00a0\u2014 zprost\u0159edkovan\u011b jako ten, jeho\u017e k\u0159est vodou byl symbolem touhy \u201ese obr\u00e1tit\u201c. Zm\u011bnit sv\u016fj dosavadn\u00ed \u017eivot, odtrhnout se od h\u0159\u00edchu a\u00a0j\u00edt cestou Bo\u017e\u00ed\u00a0\u2014 nachystat se na to, co p\u0159ijde. K\u0159est Duchem svat\u00fdm je ud\u00e1lost\u00ed, kdy je \u010dlov\u011bk napln\u011bn Bo\u017e\u00edm Duchem, kter\u00fd u\u017e tu je. Nejde o\u00a0ritu\u00e1l, ale o\u00a0Bo\u017e\u00ed utvrzen\u00ed, \u017ee je s\u00a0\u010dlov\u011bkem. O\u00a0s\u00edlu, kter\u00e1 \u010dlov\u011bka prov\u00e1z\u00ed p\u0159i napl\u0148ov\u00e1n\u00ed Kristova odkazu.<\/li>\n\n\n\n<li>Marie Matka Je\u017e\u00ed\u0161ova a\u00a0jeho brat\u0159i\u00a0\u2014 u\u010dedn\u00edci nebyli osamoceni, ale byli s\u00a0nimi i\u00a0dal\u0161\u00ed Je\u017e\u00ed\u0161ovi bl\u00edzc\u00ed. Nejednalo se o\u00a0smute\u010dn\u00ed setk\u00e1n\u00ed po odchodu Je\u017e\u00ed\u0161e, ale o\u00a0spole\u010dnou duchovn\u00ed chv\u00edli.<\/li>\n\n\n\n<li>Mrak\u00a0\u2014 nejedn\u00e1 se o\u00a0osobu, ale p\u0159\u00edtomnost mraku nebo oblaku zna\u010d\u00ed v\u00a0Bibli p\u0159\u00edtomnost Bo\u017e\u00ed.<\/li>\n<\/ul>\n\n\n\n<h5 class=\"wp-block-heading\">M\u00edsta<\/h5>\n\n\n\n<ul>\n<li>Olivov\u00e1 hora\u00a0\u2014 m\u00edsto na okraji Jeruzal\u00e9ma, odkud je n\u00e1dhern\u00fd rozhled na \u0161irok\u00e9 okol\u00ed. Na m\u011bsta, Mrtv\u00e9 mo\u0159e i\u00a0hory. (je pravd\u011bpodobn\u00e9, \u017ee p\u0159i vysl\u00e1n\u00ed \u201eb\u00fdti sv\u011bdky a\u017e na s\u00e1m konec zem\u011b\u201c si zde u\u010dedn\u00edci mohli uv\u011bdomit \u0161\u00ed\u0159i t\u00e9 zem\u011b). Je to m\u00edsto \u201ekde stanou nohy Hospodina, je\u017e p\u0159isp\u011bch\u00e1 na pomoc sv\u00e9mu lidu\u201c (Za 14,4). M\u00edsto, kam Je\u017e\u00ed\u0161 \u010dasto odch\u00e1zel k\u00a0meditaci, k\u00a0no\u010dn\u00edmu odpo\u010dinku. Na posledn\u00ed ve\u010de\u0159i s\u00a0u\u010dedn\u00edky,\u00a0apod.<\/li>\n\n\n\n<li>Jeruzal\u00e9m\u00a0\u2014 hlavn\u00ed m\u011bsto Izraele, m\u00edsto, kde se ud\u00e1ly ty nejd\u016fle\u017eit\u011bj\u0161\u00ed okam\u017eiky Je\u017e\u00ed\u0161ova \u017eivota\u00a0\u2014 odsouzen\u00ed, smrt, vzk\u0159\u00ed\u0161en\u00ed, nanebevstoupen\u00ed. Svat\u00e9 m\u011bsto z\u00a0\u017eidovsk\u00e9ho pohledu. Nakonec i\u00a0z\u00a0k\u0159es\u0165ansk\u00e9ho, nebo\u0165 zde prob\u011bhlo sesl\u00e1n\u00ed Ducha svat\u00e9ho\u00a0\u2014 po\u010d\u00e1tek Kristovy c\u00edrkve. Tato spojitost nen\u00ed n\u00e1hodn\u00e1. Mesi\u00e1\u0161 p\u0159i\u0161el nejprve vykoupit lid Bo\u017e\u00ed (Izraelsk\u00fd), a\u017e po velikono\u010dn\u00edch ud\u00e1lostech se st\u00e1v\u00e1 Mesi\u00e1\u0161em v\u0161ech n\u00e1rod\u016f.<\/li>\n<\/ul>\n\n\n\n<h5 class=\"wp-block-heading\">\u010cas<\/h5>\n\n\n\n<ul>\n<li>40\u00a0dn\u00ed\u00a0\u2014 symbolizuje, \u017ee \u010dasu na setk\u00e1n\u00ed se vzk\u0159\u00ed\u0161en\u00fdm Kristem bylo dostatek. \u010cty\u0159icet symbolizuje, \u017ee n\u011b\u010deho bylo \u201ea\u017e dost\u201c (putov\u00e1n\u00ed Izraelc\u016f pou\u0161t\u00ed, Je\u017e\u00ed\u0161\u016fv p\u016fst p\u0159ed poku\u0161en\u00edm na pou\u0161ti, Moj\u017e\u00ed\u0161\u016fv pobyt na Sinaji). Vzk\u0159\u00ed\u0161en\u00fd Kristus tu byl dost \u010dasu na to, aby u\u010dedn\u00edci pochopili, co se ud\u00e1lo a\u00a0co je jejich \u00fakolem. Dostatek \u010dasu na to, aby sv\u011bdectv\u00ed o\u00a0jeho vzk\u0159\u00ed\u0161en\u00ed bylo nezpochybniteln\u00e9.<\/li>\n\n\n\n<li>T\u011bchto n\u011bkolik dn\u00ed\u00a0\u2014 konkr\u00e9tn\u011b deset dn\u00ed uplyne, ne\u017e nastanou Letnice (nanebevstoupen\u00ed 40\u00a0dn\u00ed po Velikonoc\u00edch, Letnice 50\u00a0dn\u00ed po Velikonoc\u00edch).<\/li>\n\n\n\n<li>\u010cas do Kristova druh\u00e9ho p\u0159\u00edchodu (obnoven\u00ed kr\u00e1lovstv\u00ed)\u00a0\u2014 tento \u010das nen\u00ed zn\u00e1m, nem\u00e1me zkoumat, kdy bude, ale je z\u00e1sadn\u00ed, jak m\u00e1me ten \u010das p\u0159ed p\u0159\u00edchodem naplnit\u00a0\u2014 b\u00fdt sv\u011bdky Je\u017e\u00ed\u0161e Krista. A\u00a0k\u00a0tomu n\u00e1m je sesl\u00e1n Duch, aby n\u00e1s pos\u00edlil v\u00a0n\u00e1mi zadan\u00e9m \u00fakolu. Je\u017e\u00ed\u0161 odch\u00e1z\u00ed, ale B\u016fh n\u00e1s nenech\u00e1v\u00e1 samotn\u00e9.<\/li>\n<\/ul>\n\n\n\n<h5 class=\"wp-block-heading\">V\u00fdpov\u011bdi<\/h5>\n\n\n\n<ul>\n<li>Byl vzat vzh\u016fru\u00a0\u2014 slav\u00edme nanebevstoupen\u00ed, ale Je\u017e\u00ed\u0161 \u201ebyl vzat\u201c. Pasivn\u00ed tvar ukazuje v\u016fli a\u00a0aktivitu Bo\u017e\u00ed.<\/li>\n\n\n\n<li>Budete mi sv\u011bdky a\u017e na s\u00e1m konec zem\u011b\u00a0\u2014 z\u00e1sadn\u00ed vysl\u00e1n\u00ed u\u010dedn\u00edk\u016f a\u00a0Kristov\u00fdch n\u00e1sledovn\u00edk\u016f. Nejde jen o\u00a0Jeruzal\u00e9m, ale o\u00a0celou zemi. Nikdo nen\u00ed vy\u0148at z\u00a0Bo\u017e\u00ed l\u00e1sky a\u00a0z\u00a0dopadu Kristovy ob\u011bti, a\u00a0ka\u017ed\u00fd k\u0159es\u0165an m\u00e1 b\u00fdt sv\u011bdectv\u00edm o\u00a0Bo\u017e\u00ed l\u00e1sce.<\/li>\n\n\n\n<li>Co tu stoj\u00edte a\u00a0hled\u00edte k\u00a0nebi\u00a0\u2014 popostr\u010den\u00ed typu: \u201eco tady tak kouk\u00e1te, b\u011b\u017ete a\u00a0d\u011blejte, co v\u00e1m \u0159ekl\u201c. Nekoukejte do minulosti, ale hle\u010fte vp\u0159ed.<\/li>\n<\/ul>\n\n\n\n<h4 class=\"wp-block-heading\">\u00daskal\u00ed<\/h4>\n\n\n\n<p>Je mo\u017en\u00e9, \u017ee d\u011bti budou zkoumat, jak Je\u017e\u00ed\u0161 \u201eodlet\u011bl vzh\u016fru\u201c. Slovo vzh\u016fru ilustruje, kam \u0161el&nbsp;\u2014 k&nbsp;Bohu. Stejn\u011b tak jako B\u016fh nesed\u00ed na obl\u00e1\u010dku, ani Je\u017e\u00ed\u0161 nelet\u00ed v&nbsp;raket\u011b, aby si na ten obl\u00e1\u010dek sedl. Byl p\u0159ijat k&nbsp;Bohu, tedy tam, kam m\u00ed\u0159\u00edme i&nbsp;my. Pozor na to, \u017ee nejde o&nbsp;smutnou ud\u00e1lost&nbsp;\u2014 by\u0165 se to m\u016f\u017ee zd\u00e1t, ale skute\u010dnost, kter\u00e1 potvrzuje Je\u017e\u00ed\u0161ovo vzk\u0159\u00ed\u0161en\u00ed a&nbsp;ukazuje, kam vzk\u0159\u00ed\u0161en\u00ed m\u00ed\u0159\u00ed.<\/p>\n\n\n\n<h4 class=\"wp-block-heading\">Pozn\u00e1mky k&nbsp;t\u00e9matu obdob\u00ed<\/h4>\n\n\n\n<p>Jde o&nbsp;konec Je\u017e\u00ed\u0161ova pozemsk\u00e9ho fyzick\u00e9ho p\u016fsoben\u00ed a&nbsp;z\u00e1rove\u0148 po\u010d\u00e1tek v\u011bku c\u00edrkve \u017eij\u00edc\u00edho z&nbsp;moci Ducha. Tento sv\u00e1tek n\u011bkter\u00e9 sbory \u010cCE slav\u00ed bohoslu\u017ebou p\u0159esn\u011b 40. den po Velikonoc\u00edch, tedy ve \u010dtvrtek. Ve v\u011bt\u0161in\u011b sbor\u016f se tento sv\u00e1tek spojuje s&nbsp;nejbli\u017e\u0161\u00ed ned\u011bl\u00ed (tedy tou, co je t\u00fdden p\u0159ed svatodu\u0161n\u00edmi sv\u00e1tky).<\/p>\n\n\n\n<h4 class=\"wp-block-heading\">Odkazy<\/h4>\n\n\n\n<p>Linden, Nico ter:&nbsp;<em>Pov\u00edd\u00e1 se. Podle Marka a&nbsp;podle Matou\u0161e.<\/em>&nbsp;Bene\u0161ov: Eman, 2009. Str. 271\u2013273.<\/p>\n\n\n\n<p>Lane, Leena:&nbsp;<em>Biblick\u00e9 p\u0159\u00edb\u011bhy a&nbsp;hlavolamy.<\/em>&nbsp;Kosteln\u00ed Vyd\u0159\u00ed: Karmelit\u00e1nsk\u00e9 nakladatelstv\u00ed, 2009. Str. 176\u2013178.<\/p>\n\n\n\n<p>Plz\u00e1kov\u00e1, Elen (doplnila Lenka Ridzo\u0148ov\u00e1, upravil Tom\u00e1\u0161 Trusina):&nbsp;<em>Evangelium se vyd\u00e1v\u00e1 do sv\u011bta.<\/em>&nbsp;Dostupn\u00e9 z&nbsp;<a href=\"http:\/\/goo.gl\/VPW2pe\" target=\"_blank\" rel=\"noopener\">http:\/\/goo.gl\/VPW2pe<\/a>.<\/p>\n\n\n\n<p>Brunelli, Robert&nbsp;\u2014 Fjodorov, Michail:&nbsp;<em>Nanebevstoupen\u00ed P\u00e1na Je\u017e\u00ed\u0161e.<\/em>&nbsp;Z knihy&nbsp;<em>Bible svat\u00e1 pro d\u011bti<\/em>. Praha: Euromedia Group \u2014 Ikar, 1997. Dostupn\u00e9 z&nbsp;<a href=\"http:\/\/goo.gl\/AHHZPt\" target=\"_blank\" rel=\"noopener\">http:\/\/goo.gl\/AHHZPt<\/a>.<\/p>\n\n\n\n<p>Du\u0161kov\u00e1 Havl\u00ed\u010dkov\u00e1, Drahom\u00edra:&nbsp;<em>Vstoupil na nebesa, sed\u00ed po pravici Boha, Otce v\u0161emohouc\u00edho.<\/em>&nbsp;<a href=\"http:\/\/goo.gl\/4CSI7D\" target=\"_blank\" rel=\"noopener\">http:\/\/goo.gl\/4CSI7D<\/a>.<\/p>\n\n\n\n<hr class=\"wp-block-separator has-alpha-channel-opacity\"\/>\n\n\n\n<h3 class=\"wp-block-heading\">Pro d\u011bti<\/h3>\n\n\n\n<h4 class=\"wp-block-heading\">Pro p\u0159ed\u0161koln\u00ed d\u011bti<\/h4>\n\n\n\n<p>U\u017e jste se n\u011bkdy s&nbsp;n\u011bk\u00fdm lou\u010dili? Kdy naposledy?&nbsp;<em>(D\u011bti nejsp\u00ed\u0161 budou mluvit o&nbsp;tom, \u017ee p\u0159ed odchodem do ned\u011blky s&nbsp;rodi\u010di, nebo r\u00e1no s&nbsp;n\u011bk\u00fdm, nebo s&nbsp;pan\u00ed u\u010ditelkou ve \u0161kolce.)<\/em>&nbsp;To jsou lid\u00e9, se kter\u00fdmi se zase brzy uvid\u00edte. Ale lou\u010dili jste se n\u011bkdy s&nbsp;n\u011bk\u00fdm, koho dlouho neuvid\u00edte?&nbsp;<em>(Kamar\u00e1d\/ka ve \u0161kolce p\u0159ed pr\u00e1zdninami, p\u0159\u00edbuzn\u00fd, kter\u00fd bydl\u00ed daleko, kamar\u00e1d\/ka z&nbsp;dovolen\u00e9 s&nbsp;rodi\u010di\u2026)<\/em>&nbsp;A&nbsp;jak jste se p\u0159itom c\u00edtili? Byli jste vesel\u00ed nebo smutn\u00ed, nebo v\u00e1m to bylo jedno?<\/p>\n\n\n\n<p>Pokud jste byli smutn\u00ed, pro\u010d jste byli smutn\u00ed?&nbsp;<em>(Proto\u017ee se mi bude st\u00fdskat.)<\/em><\/p>\n\n\n\n<p><em>Postavte doprost\u0159ed stolu n\u011bjakou 3D postavu \u2014 hlin\u011bnou, v\u011bt\u0161\u00ed figurku, ale ne konkr\u00e9tn\u00ed postavi\u010dku (\u017e\u00e1dnou poh\u00e1dkovou&nbsp;apod.). Nachystejte si n\u011bkolik prov\u00e1zk\u016f (minim\u00e1ln\u011b jeden pro ka\u017ed\u00e9 d\u00edt\u011b, ale m\u016f\u017ee b\u00fdt i&nbsp;v\u00edc).<\/em>&nbsp;P\u0159edstavte si d\u011bti, \u017ee je to ten \u010dlov\u011bk, se kter\u00fdm se lou\u010d\u00edte. Kamar\u00e1d\/ka, babi\u010dka, d\u011bde\u010dek\u2026 Pro\u010d se v\u00e1m po n\u011bm bude st\u00fdskat? Proto\u017ee ho m\u00e1te r\u00e1di, proto\u017ee jste s&nbsp;n\u00edm za\u017eili legraci, proto\u017ee je hodn\u00fd, proto\u017ee v\u00e1s m\u00e1 r\u00e1d.&nbsp;<em>(T\u0159eba d\u011bti napadne je\u0161t\u011b n\u011bco dal\u0161\u00edho.) Za ka\u017ed\u00fd jeden z&nbsp;t\u011bchto d\u016fvod\u016f p\u0159iva\u017ete jeden prov\u00e1zek na postavu a&nbsp;druh\u00fd konec dejte n\u011bkter\u00e9mu z&nbsp;d\u011bt\u00ed do ruky, nebo jen polo\u017ete p\u0159ed d\u00edt\u011b, aby za prov\u00e1zek netahaly. A\u017e bude m\u00edt ka\u017ed\u00e9 d\u00edt\u011b alespo\u0148 jeden prov\u00e1zek, pak je vyzv\u011bte, aby se za prov\u00e1zek chytily.<\/em>&nbsp;V\u0161echny tyto prov\u00e1zky ukazuj\u00ed, \u017ee n\u00e1s s&nbsp;t\u00edm \u010dlov\u011bkem n\u011bco v\u00e1\u017ee. M\u00e1me s&nbsp;n\u00edm spole\u010dn\u00e9 pouto. Jsme s&nbsp;n\u00edm spojeni. Nyn\u00ed ho vid\u00edme jak o\u010dima, mysl\u00edme na n\u011bj a&nbsp;v\u00edme, co n\u00e1s k&nbsp;n\u011bmu poj\u00ed.<\/p>\n\n\n\n<p>U\u010dedn\u00edci P\u00e1na Je\u017e\u00ed\u0161e, kdy\u017e spolu chodili po zemi, tak m\u011bli mezi sebou tak\u00e9 takov\u00e9 pouto. On je m\u011bl r\u00e1d a&nbsp;oni jeho. V\u011bd\u011bli, \u017ee jsou pro n\u011bj d\u016fle\u017eit\u00ed a&nbsp;\u017ee na n\u011b P\u00e1n Je\u017e\u00ed\u0161 nikdy nezapomene. P\u0159edstavte si, \u017ee ta postavi\u010dka je P\u00e1n Je\u017e\u00ed\u0161 a&nbsp;vy jste ti jeho u\u010dedn\u00edci. P\u00e1n Je\u017e\u00ed\u0161 je s&nbsp;V\u00e1mi spojen, proto\u017ee V\u00e1s m\u00e1 r\u00e1d a&nbsp;vy s&nbsp;n\u00edm.<\/p>\n\n\n\n<p>Kdy\u017e byl P\u00e1n Je\u017e\u00ed\u0161 vzk\u0159\u00ed\u0161en, tak ode\u0161el pry\u010d, k&nbsp;P\u00e1nu Bohu.&nbsp;<em>Nyn\u00ed p\u0159es postavi\u010dku dejte n\u011bjakou l\u00e1tku, nebo ji jakkoliv zakryjte, aby nebyla vid\u011bt.<\/em>&nbsp;Ale ti jeho kamar\u00e1di, ti u\u010dedn\u00edci, kte\u0159\u00ed s&nbsp;n\u00edm po zemi chodili, ti na n\u011bho nezapomn\u011bli. Stejn\u011b tak, jako kdy\u017e v\u00e1\u0161 kamar\u00e1d\/ka odejde, nebo odjede pry\u010d, tak z\u016fstanou ta pouta, i&nbsp;kdy\u017e ho nevid\u00edte. Trochu se n\u00e1m st\u00fdsk\u00e1, ale v\u00edme, \u017ee je s&nbsp;n\u00e1mi, proto\u017ee vid\u00edme ty prov\u00e1zky. Tak jako u\u010dedn\u00edky spojovaly s&nbsp;Je\u017e\u00ed\u0161em vz\u00e1jemn\u00e1 pouta, to \u017ee v\u011bd\u011bli, \u017ee je m\u00e1 P\u00e1n Je\u017e\u00ed\u0161 r\u00e1d, i&nbsp;kdy\u017e ho nevid\u00ed, spojuje stejn\u00e9 pouto i&nbsp;n\u00e1s dnes. Proto\u017ee ti u\u010dedn\u00edci \u0159\u00edkali v\u0161em lidem kolem, \u017ee P\u00e1n Je\u017e\u00ed\u0161 je hodn\u00fd a&nbsp;m\u00e1 n\u00e1s r\u00e1d. A&nbsp;n\u011bkdo to pak napsal do Bible a&nbsp;tak to v\u00edme dneska i&nbsp;my. A&nbsp;ten pomysln\u00fd prov\u00e1zek m\u016f\u017eeme dr\u017eet i&nbsp;my a&nbsp;P\u00e1n Je\u017e\u00ed\u0161 je tak s&nbsp;n\u00e1mi. On m\u00e1 n\u00e1s a&nbsp;my m\u00e1me jeho, i&nbsp;kdy\u017e ho nevid\u00edme. A&nbsp;klidn\u011b to m\u016f\u017eeme \u0159\u00edct i&nbsp;kamar\u00e1d\u016fm.<\/p>\n\n\n\n<p>Na z\u00e1v\u011br m\u016f\u017eete nechat d\u011bti nakreslit Je\u017e\u00ed\u0161e a&nbsp;je, d\u011bti kolem n\u011bho, jak jsou s&nbsp;n\u00edm spojeni t\u011bmi prov\u00e1zky.<\/p>\n\n\n\n<p><em>Pom\u016fcky<\/em>: postava, nast\u0159\u00edhan\u00e9 prov\u00e1zky.<\/p>\n\n\n\n<h4 class=\"wp-block-heading\">Pro mlad\u0161\u00ed d\u011bti<\/h4>\n\n\n\n<p>U\u017e se v\u00e1m n\u011bkdy stalo, \u017ee v\u00e1s rodi\u010de nechali doma samotn\u00e9? P\u0159es noc, nebo jen p\u0159es den?<\/p>\n\n\n\n<p>A&nbsp;kdy\u017e odch\u00e1zeli, jist\u011b v\u00e1m dali n\u011bjak\u00e9 \u00fakoly, jak\u00e9?&nbsp;<em>(Zamknout d\u016fm, neotv\u00edrat ciz\u00edm lidem, nakrmit nebo vyven\u010dit psa, uklidit si v&nbsp;pokoji, napsat \u00fakoly ne\u017e se vr\u00e1t\u00ed\u2026)<\/em>&nbsp;Kdy\u017e odch\u00e1zeli, \u0159ekli, \u017ee se vr\u00e1t\u00ed, a&nbsp;vy zat\u00edm mus\u00edte z\u016fstat sami a&nbsp;b\u00fdt hodn\u00ed, aby se v\u00e1m nic nestalo.<\/p>\n\n\n\n<p>Kdy\u017e rodi\u010de n\u011bkam odch\u00e1z\u00ed \u2014 na odpoledne, na ve\u010der, nebo na cel\u00fd den, neznamen\u00e1 to, \u017ee by se ji\u017e nevr\u00e1tili, nebo \u017ee by p\u0159estalo platit to, co v\u00e1s u\u010dili, to co v\u00e1m \u0159ekli, \u017ee (ne)m\u00e1te d\u011blat. A&nbsp;pokud chcete, aby z&nbsp;v\u00e1s rodi\u010de m\u011bli radost, a\u017e se vr\u00e1t\u00ed, nebo pokud chcete, aby se v\u00e1m nic nestalo, tak d\u011bl\u00e1te stejn\u00e9 v\u011bci, jako kdyby tam byli.<\/p>\n\n\n\n<p>A&nbsp;rodi\u010de v\u00e1s nenechaj\u00ed samotn\u00e9 doma, dokud si nejsou jisti, \u017ee se v\u00e1m nic nestane. Kdy\u017e si mysl\u00ed, \u017ee u\u017e v\u00edte co (ne)d\u011blat sami doma, kdy\u017e v\u00edte, \u017ee se zase vr\u00e1t\u00ed, \u017ee na v\u00e1s mysl\u00ed (t\u0159eba v\u00e1m zatelefonuj\u00ed).<\/p>\n\n\n\n<p>Po tom, co byl P\u00e1n Je\u017e\u00ed\u0161 vzk\u0159\u00ed\u0161en a&nbsp;potkal se n\u011bkolikr\u00e1t se sv\u00fdmi u\u010dedn\u00edky a&nbsp;dal\u0161\u00edmi lidmi, a&nbsp;potom, co u\u017e poznal, \u017ee u\u010dedn\u00edci uv\u011b\u0159ili, \u017ee byl vzk\u0159\u00ed\u0161en, s&nbsp;nimi naposledy sed\u00ed kolem stolu. A&nbsp;\u0159\u00edk\u00e1 jim, co maj\u00ed d\u011blat, a\u017e odejde k&nbsp;Bohu do nebe. Sed\u00ed spolu na vysok\u00e9 ho\u0159e, nejvy\u0161\u0161\u00ed, kter\u00e1 je v&nbsp;okol\u00ed \u2014 jmenuje se Olivov\u00e1 hora. Je z&nbsp;n\u00ed hezk\u00fd v\u00fdhled a&nbsp;je vid\u011bt mo\u0159e, i&nbsp;m\u011bsto Jeruzal\u00e9m a&nbsp;dal\u0161\u00ed m\u011bsta a&nbsp;pou\u0161\u0165. A&nbsp;\u0159\u00edk\u00e1 jim \u2014 tam v\u0161ude mus\u00edte j\u00edt, kdy\u017e tady nebudu. A&nbsp;je\u0161t\u011b d\u00e1l, a\u017e na konec sv\u011bta \u2014 kde si p\u0159edstavujete konec sv\u011bta? Je to daleko? No a&nbsp;kam v\u0161ude p\u016fjdete, tak se chovejte tak, jako kdy\u017e jsem tady s&nbsp;v\u00e1mi.<\/p>\n\n\n\n<p>Ale proto\u017ee je m\u011bl r\u00e1d, tak jim \u0159ekl, \u017ee na to v\u0161echno nebudou sami. \u017de je P\u00e1n B\u016fh bude prov\u00e1zet. Je\u017e\u00ed\u0161 bude s&nbsp;nimi, aby mohli d\u011blat v\u0161echno to, co se od n\u011bj nau\u010dili. B\u016fh je pos\u00edl\u00ed sv\u00fdm Duchem, aby k&nbsp;tomu m\u011bli s\u00edlu.<\/p>\n\n\n\n<p><em>Doprost\u0159ed stolu nebo na podlahu dejte postavu Je\u017e\u00ed\u0161e \u2014 m\u016f\u017eete pou\u017e\u00edt t\u0159eba tu z&nbsp;postav pro flanelograf \u2014 a&nbsp;m\u011bjte nachystan\u00e9 men\u0161\u00ed podlouhl\u00e9 pap\u00edrky. Vysv\u011btlete d\u011btem, \u017ee uprost\u0159ed je Je\u017e\u00ed\u0161 a&nbsp;vy jako jeho u\u010dedn\u00edci sed\u00edte kolem n\u011bj. Rozdejte d\u011btem pap\u00edrky, na kter\u00e9 nap\u00ed\u0161\u00ed, co v\u0161echno Je\u017e\u00ed\u0161 d\u011blal, u\u010dil a&nbsp;co jsme se nau\u010dili od n\u011bj. (Abychom [ne]d\u011blali \u2014 byli na sebe hodn\u00ed, m\u011bli r\u00e1di i&nbsp;ty, kte\u0159\u00ed n\u00e1s nemaj\u00ed r\u00e1di, nenad\u00e1vali, neubli\u017eovali druh\u00fdm, nelhali, pom\u00e1hali druh\u00fdm, brali ohled na druh\u00e9 atd\u2026) a&nbsp;tyto pap\u00edrky postupn\u011b hv\u011bzdicovit\u011b pokl\u00e1dejte kolem postavy Je\u017e\u00ed\u0161e.<\/em><\/p>\n\n\n\n<p>Tady d\u011bti vid\u00edte, co se m\u016f\u017eeme od Je\u017e\u00ed\u0161e nau\u010dit. A&nbsp;v\u0161ude, kde se toto d\u011bje, kde jsou na sebe lidi hodn\u00ed, pom\u00e1haj\u00ed a&nbsp;nejsou zl\u00ed jeden na druh\u00e9ho, tam to je takov\u00e9, jako kdy\u017e tam Je\u017e\u00ed\u0161 je s&nbsp;nimi. My m\u00e1me Je\u017e\u00ed\u0161e uprost\u0159ed. Ale klidn\u011b bychom mohli \u0159\u00edci, \u017ee Je\u017e\u00ed\u0161e pozn\u00e1v\u00e1me a&nbsp;vid\u00edme nebo za\u017e\u00edv\u00e1me i&nbsp;v&nbsp;t\u011bch v\u0161ech v\u011bcech, kter\u00e9 tu jsou napsan\u00e9 (<em>m\u016f\u017eete ud\u011blat kru\u017enici kolem dokola pap\u00edrk\u016f<\/em>). Kdy\u017e Je\u017e\u00ed\u0161 chodil po t\u00e9to zemi, kam p\u0159i\u0161el, tam d\u011blal radost t\u00edm, jak se choval a&nbsp;co \u0159\u00edkal. Kdy\u017e to budeme d\u011blat my, p\u0159in\u00e1\u0161\u00edme tak\u00e9 tu radost.<\/p>\n\n\n\n<p><em>(Nyn\u00ed postavu Je\u017e\u00ed\u0161e odd\u011blejte, nebo zakryjte.)<\/em>&nbsp;Kdy\u017e Je\u017e\u00ed\u0161 u\u010dedn\u00edk\u016fm zmizel v&nbsp;oblaku, aby \u0161el do nebe k&nbsp;P\u00e1nu Bohu, to co n\u00e1s nau\u010dil, co jsme se nau\u010dili od n\u011bj a&nbsp;co n\u00e1m p\u0159ik\u00e1zal, tady z\u016fst\u00e1v\u00e1. A&nbsp;nen\u00ed to tu proto, abychom se na to jen d\u00edvali jako p\u0159ekvapen\u00ed u\u010dedn\u00edci. Abychom sed\u011bli zalezl\u00ed v&nbsp;kostele nebo v&nbsp;ned\u011blce a&nbsp;\u0159\u00edkali si, jak je \u0161koda, \u017ee u\u017e tu nen\u00ed, ale abychom byli s&nbsp;kamar\u00e1dy a&nbsp;s&nbsp;ostatn\u00edmi lidmi kolem n\u00e1s a&nbsp;\u017eili tak, jak se to l\u00edb\u00ed P\u00e1nu Je\u017e\u00ed\u0161i. Aby v&nbsp;na\u0161em \u017eivot\u011b bylo i&nbsp;to, co je na t\u011bch pap\u00edrk\u00e1ch tady. Proto\u017ee k&nbsp;tomu n\u00e1s P\u00e1n B\u016fh posiluje a&nbsp;lid\u00e9 kolem n\u00e1s mohou za\u017e\u00edvat, co to je b\u00fdt v&nbsp;bl\u00edzkosti Je\u017e\u00ed\u0161e, kter\u00fd je takto s&nbsp;lidmi po\u0159\u00e1d.<\/p>\n\n\n\n<p><em>Pom\u016fcky<\/em>: postava Je\u017e\u00ed\u0161e, nachystan\u00e9 \u0161ir\u0161\u00ed prou\u017eky pap\u00edr\u016f, psac\u00ed pot\u0159eby\/fixy.<\/p>\n\n\n\n<h4 class=\"wp-block-heading\">Pro star\u0161\u00ed d\u011bti<\/h4>\n\n\n\n<p>P\u0159\u00edtomnost Krista mezi n\u00e1mi dnes bychom mohli zobrazit ve dvou rovin\u00e1ch. Jednak jeho byt\u00ed skrze na\u0161e jedn\u00e1n\u00ed \u2014 Je\u017e\u00ed\u0161ova etika, a&nbsp;jednak ve \u010dtver\u00e9m napl\u0148ov\u00e1n\u00ed jeho \u00fakolu.<\/p>\n\n\n\n<h5 class=\"wp-block-heading\">K&nbsp;prvn\u00ed rovin\u011b<\/h5>\n\n\n\n<p>P\u0159e\u010dtete si s&nbsp;d\u011btmi v\u0161echny shora uveden\u00e9 biblick\u00e9 texty. Zeptejte se jich, jak\u00e1 je jejich hlavn\u00ed my\u0161lenka&nbsp;<em>(Je\u017e\u00ed\u0161 vys\u00edl\u00e1 sv\u00e9 u\u010dedn\u00edky, aby mu byli sv\u011bdky, aby zv\u011bstovali, aby z\u00edsk\u00e1vali nov\u00e9 u\u010dedn\u00edky \u2014 k\u0159es\u0165any)<\/em>. Polo\u017ete si ot\u00e1zku: \u201eCo to znamen\u00e1, b\u00fdt Je\u017e\u00ed\u0161ov\u00fdm sv\u011bdkem\/u\u010dedn\u00edkem\u201c a&nbsp;odpov\u011bdi d\u011bt\u00ed pi\u0161t\u011b na tabuli\/na flipchart.&nbsp;<em>(Konat jeho v\u016fli, nestyd\u011bt se za to, \u017ee v\u011b\u0159\u00edme v&nbsp;Je\u017e\u00ed\u0161e, chovat se tak, jak n\u00e1s u\u010d\u00ed, v\u011b\u0159it tomu co \u0159\u00edk\u00e1, p\u0159\u00edpadn\u011b konkr\u00e9tn\u00ed v\u011bci viz&nbsp;mlad\u0161\u00ed d\u011bti,&nbsp;apod.)<\/em>&nbsp;Spole\u010dn\u011b s&nbsp;d\u011btmi pak v\u0161e rozd\u011blte na v\u011bci, na kter\u00e9 mus\u00ed \u010dlov\u011bk b\u00fdt studovan\u00fd (t\u0159eba far\u00e1\u0159, nebo u\u010ditel ned\u011bln\u00ed \u0161koly), ty podtrhn\u011bte \u010derven\u011b, a&nbsp;na ty, kter\u00e9 m\u016f\u017ee d\u011blat kdokoliv. Ty podtrhn\u011bte zelen\u011b.&nbsp;<em>(Z\u00e1v\u011br by m\u011bl b\u00fdt takov\u00fd, \u017ee valn\u00e1 v\u011bt\u0161ina a\u017e v\u0161echny by m\u011bly b\u00fdt podtr\u017een\u00e9 zelen\u011b.)<\/em>&nbsp;V\u0161e, k&nbsp;\u010demu n\u00e1s Je\u017e\u00ed\u0161 vys\u00edl\u00e1, m\u016f\u017ee d\u011blat ka\u017ed\u00fd z&nbsp;n\u00e1s \u2014 u\u010dedn\u00edkem m\u016f\u017ee b\u00fdt kdokoliv, kdo uv\u011b\u0159\u00ed a&nbsp;chce. A&nbsp;B\u016fh v&nbsp;tom \u010dlov\u011bka nenech\u00e1v\u00e1 samotn\u00e9ho, ale skrze Ducha svat\u00e9ho jej posiluje. V\u011bdom\u00ed Bo\u017e\u00ed bl\u00edzkosti a&nbsp;smysluplnosti na\u0161eho kon\u00e1n\u00ed je \u010dlov\u011bku posilou.<\/p>\n\n\n\n<h5 class=\"wp-block-heading\">Ke druh\u00e9 rovin\u011b<\/h5>\n\n\n\n<p>Je\u017e\u00ed\u0161ova p\u0159\u00edtomnost skrze biblick\u00fd text a&nbsp;jeho zv\u011bstov\u00e1n\u00ed \u2014 neml\u010d\u00edme o&nbsp;n\u011bm.<\/p>\n\n\n\n<p>Skrze napl\u0148ov\u00e1n\u00ed \u00fakol\u016f k\u0159t\u00edt.<\/p>\n\n\n\n<p>Skrze vyu\u010dov\u00e1n\u00ed a&nbsp;p\u0159ed\u00e1vn\u00ed Je\u017e\u00ed\u0161ov\u00fdch slov a&nbsp;jeho u\u010den\u00ed.<\/p>\n\n\n\n<p>Skrze pro\u017e\u00edv\u00e1n\u00ed ve\u010de\u0159e P\u00e1n\u011b, vyzn\u00e1n\u00ed a&nbsp;odpu\u0161t\u011bn\u00ed.<\/p>\n\n\n\n<p>K&nbsp;tomuto je dobr\u00e1 d\u00edlna ve&nbsp;38. lekci p\u0159\u00edpravky pro ned\u011bln\u00ed \u0161kolu 2013\/2014 \u2014\u010d\u00e1st \u201eP\u0159esah\u201c (dostupn\u00e9 na webu Katecheze&nbsp;\u2014&nbsp;<a href=\"http:\/\/goo.gl\/4CSI7D\" target=\"_blank\" rel=\"noopener\">http:\/\/goo.gl\/4CSI7D<\/a>).<\/p>\n\n\n\n<h5 class=\"wp-block-heading\">Aktivita pro v\u0161echny v\u011bkov\u00e9 kategorie<\/h5>\n\n\n\n<p>M\u016f\u017eete s&nbsp;d\u011btmi vytvo\u0159it \u201e\u017eiv\u00fd obraz\u201c u\u010dedn\u00edk\u016f s&nbsp;otev\u0159enou pusou hled\u00edc\u00edch do nebe a&nbsp;ten t\u0159eba vyfotit a&nbsp;vytisknout a&nbsp;pov\u011bsit na n\u00e1st\u011bnku ve sboru a&nbsp;lid\u00e9 mohou h\u00e1dat, co to znamen\u00e1.<\/p>\n\n\n\n<h4 class=\"wp-block-heading\">P\u0159esah<\/h4>\n\n\n\n<p>Je mo\u017en\u00e9 tento p\u0159\u00edb\u011bh vyu\u017e\u00edt i&nbsp;jako ur\u010ditou rekapitulaci toho, co d\u011bti v\u011bd\u00ed o&nbsp;\u017eivot\u011b a&nbsp;p\u016fsoben\u00ed a&nbsp;u\u010den\u00ed Je\u017e\u00ed\u0161e. Nap\u0159\u00edklad formou k\u0159\u00ed\u017eovky, kv\u00edzu, h\u00e1d\u00e1n\u00ed, co je na obr\u00e1zku&nbsp;apod.<\/p>\n\n\n\n<hr class=\"wp-block-separator has-alpha-channel-opacity\"\/>\n\n\n\n<h3 class=\"wp-block-heading\">Liturgie<\/h3>\n\n\n\n<h4 class=\"wp-block-heading\">P\u00edsn\u011b<\/h4>\n\n\n\n<p>Sv\u00edt\u00e1: 364&nbsp;\u2014&nbsp;<em>Nov\u00e9 p\u0159ik\u00e1z\u00e1n\u00ed<\/em>; 205&nbsp;\u2014<em>Nehle\u010fte vzh\u016fru<\/em>; 331&nbsp;\u2014<em>To j\u00e1, \u00f3 Pane m\u016fj<\/em><\/p>\n\n\n\n<p>Evangelick\u00fd zp\u011bvn\u00edk: 353&nbsp;\u2014&nbsp;<em>Aj P\u00e1n kraluje<\/em><\/p>\n\n\n\n<p>Haleluja Amen: 118&nbsp;\u2014&nbsp;<em>Jd\u011bte po v\u0161em sv\u011bt\u011b<\/em>&nbsp;(BTS 86)<\/p>\n\n\n\n<h4 class=\"wp-block-heading\">Biblick\u00fd text k&nbsp;zapamatov\u00e1n\u00ed<\/h4>\n\n\n\n<p><em>\u2026a&nbsp;budete mi sv\u011bdky v&nbsp;Jeruzal\u00e9m\u011b, a&nbsp;v&nbsp;cel\u00e9m Judsku, Sama\u0159sku a&nbsp;a\u017e na s\u00e1m konec zem\u011b.<\/em>&nbsp;(Sk 1, 8b)<\/p>\n\n\n\n<p><em>Jd\u011bte ke v\u0161em n\u00e1rod\u016fm a&nbsp;z\u00edsk\u00e1vejte mi u\u010dedn\u00edky.<\/em>&nbsp;(Mt 28,19a)<\/p>\n\n\n\n<h4 class=\"wp-block-heading\">Modlitba<\/h4>\n\n\n\n<p><em>Pane Je\u017e\u00ed\u0161i Kriste, d\u011bkujeme ti, \u017ee jsi n\u00e1m uk\u00e1zal, jak s&nbsp;n\u00e1mi jsi, i&nbsp;kdy\u017e t\u011b nevid\u00edme. Bu\u010f s&nbsp;n\u00e1mi, i&nbsp;kdy\u017e se styd\u00edme \u0159\u00edkat lidem kolem n\u00e1s, \u017ee v&nbsp;tebe v\u011b\u0159\u00edme. D\u00e1vej n\u00e1m s\u00edlu, abychom se chovali tak, aby ses nemusel styd\u011bt za to, \u017ee jsi n\u00e1\u0161 kamar\u00e1d. Amen.<\/em><\/p>\n","protected":false},"template":"","categories":[12,17,19],"_links":{"self":[{"href":"https:\/\/deti.evangnet.cz\/katecheze\/wp-json\/wp\/v2\/katecheze\/155"}],"collection":[{"href":"https:\/\/deti.evangnet.cz\/katecheze\/wp-json\/wp\/v2\/katecheze"}],"about":[{"href":"https:\/\/deti.evangnet.cz\/katecheze\/wp-json\/wp\/v2\/types\/katecheze"}],"version-history":[{"count":1,"href":"https:\/\/deti.evangnet.cz\/katecheze\/wp-json\/wp\/v2\/katecheze\/155\/revisions"}],"predecessor-version":[{"id":170,"href":"https:\/\/deti.evangnet.cz\/katecheze\/wp-json\/wp\/v2\/katecheze\/155\/revisions\/170"}],"wp:attachment":[{"href":"https:\/\/deti.evangnet.cz\/katecheze\/wp-json\/wp\/v2\/media?parent=155"}],"wp:term":[{"taxonomy":"category","embeddable":true,"href":"https:\/\/deti.evangnet.cz\/katecheze\/wp-json\/wp\/v2\/categories?post=155"}],"curies":[{"name":"wp","href":"https:\/\/api.w.org\/{rel}","templated":true}]}}