
{"id":1511,"date":"2025-07-06T10:56:44","date_gmt":"2025-07-06T08:56:44","guid":{"rendered":"https:\/\/deti.evangnet.cz\/katecheze\/?post_type=katecheze&#038;p=1511"},"modified":"2025-07-06T10:56:46","modified_gmt":"2025-07-06T08:56:46","slug":"pomazani-v-betanii","status":"publish","type":"katecheze","link":"https:\/\/deti.evangnet.cz\/katecheze\/katecheze\/pomazani-v-betanii\/","title":{"rendered":"Pomaz\u00e1n\u00ed v Betanii"},"content":{"rendered":"\n<h3 class=\"wp-block-heading\">T\u00e9ma<\/h3>\n\n\n\n<p>P\u00e9\u010de, nebo pohor\u0161en\u00ed?<\/p>\n\n\n\n<h3 class=\"wp-block-heading\">C\u00edl<\/h3>\n\n\n\n<ul>\n<li>D\u011bti pro\u017eij\u00ed, jak je d\u016fle\u017eit\u00e9 ulevit druh\u00e9mu v\u00a0tr\u00e1pen\u00ed i\u00a0\u017ee je dobr\u00e9 takovou slu\u017ebu p\u0159ijmout.<\/li>\n\n\n\n<li>D\u011bti dostanou povzbuzen\u00ed k\u00a0\u0161t\u011bdrosti a\u00a0laskavosti.<\/li>\n<\/ul>\n\n\n\n<hr class=\"wp-block-separator has-alpha-channel-opacity\" \/>\n\n\n\n<h2 class=\"wp-block-heading\">Pro u\u010ditele<\/h2>\n\n\n\n<p>Biblick\u00fd text: J&nbsp;12,1\u201311 (9\u201311 v\u010detn\u011b Lazara \/ reakce&nbsp;\u017did\u016f); 1\u20138 pro mlad\u0161\u00ed; kontext od J 11,55<\/p>\n\n\n\n<h3 class=\"wp-block-heading\">V\u00fdkladov\u00e9 pozn\u00e1mky<\/h3>\n\n\n\n<p><strong>P\u0159edn\u00ed kn\u011b\u017e\u00ed a&nbsp;farizeov\u00e9<\/strong>&nbsp;v&nbsp;evangeliu podle Jana usiluj\u00ed o&nbsp;Je\u017e\u00ed\u0161ovu likvidaci.<\/p>\n\n\n\n<p><strong>Marie, Marta a&nbsp;Lazar:<\/strong>&nbsp;Tuto rodinu u\u017e zn\u00e1me&nbsp;\u2014 bl\u00edzc\u00ed p\u0159\u00e1tel\u00e9, Je\u017e\u00ed\u0161 je \u010dasto nav\u0161t\u011bvoval, Marie a&nbsp;Marta pron\u00e1\u0161\u00ed d\u016fle\u017eit\u00e9 v\u00fdpov\u011bdi o&nbsp;Je\u017e\u00ed\u0161i p\u0159i vzk\u0159\u00ed\u0161en\u00ed Lazara (J 11);<\/p>\n\n\n\n<p><strong>Marie:<\/strong>&nbsp;Vybav\u00ed se n\u00e1m mnoho r\u016fzn\u00fdch Mari\u00ed v&nbsp;evangeli\u00edch, tato je zn\u00e1ma od Luk\u00e1\u0161e (kap. 10 sed\u011bla u&nbsp;Je\u017e\u00ed\u0161e a&nbsp;poslouchala), p\u0159\u00edtelkyn\u011b, lidsky ho m\u011bla r\u00e1da, ale s&nbsp;velkou n\u00e1bo\u017eenskou \u00factou, vyjad\u0159uje sv\u016fj postoj jedn\u00e1n\u00edm.<\/p>\n\n\n\n<p><strong>Marta:<\/strong>&nbsp;P\u00e9\u010de (jako Luk\u00e1\u0161 10), ale tak\u00e9 vyzn\u00e1n\u00ed p\u0159ed vzk\u0159\u00ed\u0161en\u00edm bratra (Jan 11,20nn: v\u00fd\u010ditky, uzn\u00e1n\u00ed moci i&nbsp;vyzn\u00e1n\u00ed Je\u017e\u00ed\u0161e jako Mesi\u00e1\u0161e a&nbsp;Syna Bo\u017e\u00edho&nbsp;\u2014 Petr za to dostal v&nbsp;c\u00edrkvi prim\u00e1t)<\/p>\n\n\n\n<p><strong>Lazar<\/strong>&nbsp;je jedin\u00fd mu\u017e v&nbsp;dom\u011b, nyn\u00ed v&nbsp;pozad\u00ed, p\u0159esto je v&nbsp;or\u00e1mov\u00e1n\u00ed p\u0159\u00edb\u011bhu kl\u00ed\u010dov\u00fd.<\/p>\n\n\n\n<p>Je z&nbsp;\u201edruh\u00e9ho b\u0159ehu\u201c, u\u017e \u201ebyl poh\u0159ben\u201c. To nen\u00ed to n\u00e1hoda, ukazuje to, \u017ee Je\u017e\u00ed\u0161 je P\u00e1nem \u017eivota a&nbsp;smrti. To m\u00e1 dvoj\u00ed d\u016fsledek: 1) jestli Je\u017e\u00ed\u0161 zem\u0159e, bude to podle jeho v\u016fle, dobrovoln\u00e1 ob\u011b\u0165; 2) tato moc nep\u0159\u00e1tele zneklid\u0148uje.<\/p>\n\n\n\n<p><strong>U\u010dedn\u00edci:<\/strong>&nbsp;Je\u017e\u00ed\u0161e t\u011b\u017eko historicky vn\u00edmaj\u00ed jako Bo\u017e\u00edho Syna&nbsp;\u2014 sp\u00ed\u0161 nev\u011bd\u011bli, co si maj\u00ed p\u0159esn\u011b myslet (maj\u00ed p\u0159edstavu Mesi\u00e1\u0161e jako n\u00e1rodn\u00edho vysvoboditele, toto o\u010dek\u00e1v\u00e1n\u00ed z\u016fstane nenapln\u011bn\u00e9); komunita adres\u00e1t\u016f evangelia m\u00e1 u\u017e zku\u0161enost se Vzk\u0159\u00ed\u0161en\u00fdm, proto do postav u\u010dedn\u00edk\u016f prom\u00edt\u00e1 sv\u00e9 porozum\u011bn\u00ed Je\u017e\u00ed\u0161ovi.<\/p>\n\n\n\n<p><strong>\u017did\u00e9<\/strong>&nbsp;vystupuj\u00ed zat\u00edm jako obecn\u00fd lid, jsou zv\u011bdav\u00ed, zda p\u0159ijde do Jeruzal\u00e9ma nebo ne, n\u011bkte\u0159\u00ed odch\u00e1zej\u00ed k&nbsp;Je\u017e\u00ed\u0161i, v\u011bt\u0161inou ale vy\u010dk\u00e1vaj\u00ed a&nbsp;zat\u00edm se nep\u0159id\u00e1vaj\u00ed ani k&nbsp;jedn\u00e9 stran\u011b. Hledaj\u00ed toho, kdo vzk\u0159\u00edsil Lazara (m\u00e1g, l\u00e9\u010ditel, svat\u00fd mu\u017e).<\/p>\n\n\n\n<p><strong>V&nbsp;Jeruzal\u00e9m\u011b<\/strong>&nbsp;bude na sv\u00e1tky velk\u00fd n\u00e1val (100 000 lid\u00ed, z&nbsp;toho cca&nbsp;25 000 obyvatel, ostatn\u00ed poutn\u00edci), mnoz\u00ed se ji\u017e zaj\u00edmaj\u00ed o&nbsp;Je\u017e\u00ed\u0161e.<\/p>\n\n\n\n<p><strong>Jid\u00e1\u0161:<\/strong>&nbsp;Je t\u0159eba si vyjasnit, koho reprezentuje, pro\u010d je zm\u00edn\u011bn (v&nbsp;pod\u00e1n\u00ed podle Marka reptali v\u0161ichni)&nbsp;\u2014 u&nbsp;Jana je pohled na Jid\u00e1\u0161e \u010dist\u011b negativn\u00ed, Jan je \u201eextr\u00e9mista\u201c (\u010dernob\u00edl\u00e9 vid\u011bn\u00ed&nbsp;\u2014 tzv.&nbsp;janovsk\u00fd dualismus: Je\u017e\u00ed\u0161 je sv\u011btlo, proti n\u011bmu Jid\u00e1\u0161 jako symbol tmy&nbsp;\u2014 tak i&nbsp;p\u0159i pomaz\u00e1n\u00ed); jin\u00ed evangelist\u00e9 nejsou tak p\u0159\u00edk\u0159\u00ed, o&nbsp;Jid\u00e1\u0161ovi se traduj\u00ed i&nbsp;dva r\u016fzn\u00e9 zp\u016fsoby smrti \u010di z\u00edsk\u00e1n\u00ed pen\u011bz (Matou\u0161, Skutky). Jid\u00e1\u0161 je zde reprezentantem jin\u00e9ho u\u010dednictv\u00ed&nbsp;\u2014 zastupuje nedokonalou str\u00e1nku apo\u0161tol\u016f (pozemsk\u00e9&nbsp;\u2014 i&nbsp;na\u0161e&nbsp;\u2014 sm\u00fd\u0161len\u00ed v&nbsp;c\u00edrkvi, kter\u00e9 chce na n\u00e1bo\u017eenstv\u00ed vyd\u011blat, nab\u00edz\u00ed n\u00e1m tak u\u017eite\u010dn\u00e9 zrcadlo). Neporozum\u011bn\u00ed mezi n\u00edm a&nbsp;Je\u017e\u00ed\u0161em se d\u00e1le prohlubuje.<\/p>\n\n\n\n<p><strong>Chud\u00ed:<\/strong>&nbsp;Jsou zde st\u00e1le, blahoslavenstv\u00ed (Mt 5,1n; L 6,20), v\u017edy je tu n\u011bkdo, kdo je pot\u0159ebn\u00fd. Odm\u00edtnut\u00ed argumentace chud\u00fdmi neznamen\u00e1 odm\u00edtnut\u00ed chud\u00fdch. Tady je Jid\u00e1\u0161 pou\u017eil jako rukojm\u00ed, Je\u017e\u00ed\u0161 to odm\u00edtl: slu\u017eba m\u00e1 r\u016fzn\u00e9 f\u00e1ze, u&nbsp;mne je p\u0159\u00edm\u00e1 slu\u017eba do\u010dasn\u00e1, pak mi m\u016f\u017eete slou\u017eit skrze chud\u00e9.<\/p>\n\n\n\n<p><strong>6&nbsp;dn\u00ed p\u0159ed Velikonocemi<\/strong>&nbsp;\u2014 zd\u016frazn\u011bn\u00fd \u010dasov\u00fd \u00fadaj nazna\u010duje, \u017ee u\u017e to sm\u011b\u0159uje k&nbsp;vrcholu, zd\u016frazn\u011bno i&nbsp;od Je\u017e\u00ed\u0161e; je c\u00edtit nap\u011bt\u00ed a&nbsp;hrozba katastrofy; houfuj\u00ed se lid\u00e9 sm\u011b\u0159uj\u00edc\u00ed na sv\u00e1tky; p\u0159\u00edb\u011bh pokra\u010duje dvoj\u00ed hostinou (tato + dal\u0161\u00ed \u00faloha).<\/p>\n\n\n\n<p><strong>Ve\u010de\u0159e<\/strong>&nbsp;je nejsp\u00ed\u0161 slavnostn\u00ed j\u00eddlo, rozhodn\u011b spole\u010dn\u00e9.<\/p>\n\n\n\n<p><strong>Pomaz\u00e1n\u00ed:<\/strong>&nbsp;P\u0159i kn\u011b\u017esk\u00e9m nebo kr\u00e1lovsk\u00e9m pomaz\u00e1n\u00ed se obvykle pomaz\u00e1v\u00e1 hlava, ne nohy&nbsp;\u2014 to nazna\u010duje sp\u00ed\u0161e balzamov\u00e1n\u00ed mrtv\u00e9ho.<\/p>\n\n\n\n<p>Je to podobn\u00e9 tomu, co bude d\u011blat Je\u017e\u00ed\u0161 p\u0159i sv\u00e9 ve\u010de\u0159i s&nbsp;u\u010dedn\u00edky (13,5n)&nbsp;\u2014 stejn\u00e9 term\u00edny pro j\u00eddlo, pro ut\u00edr\u00e1n\u00ed nohou. P\u00e9\u010de o&nbsp;nohy nese podobn\u00fd v\u00fdznam, je to \u00fakon pon\u00ed\u017een\u00e9 slu\u017eby.<\/p>\n\n\n\n<p><strong>Ut\u00edr\u00e1n\u00ed vlasy:<\/strong>&nbsp;Smysl nen\u00ed lehce pochopiteln\u00fd, \u017e\u00e1d\u00e1 si vysv\u011btlen\u00ed; je vyj\u00e1d\u0159ena velk\u00e1 bl\u00edzkost a&nbsp;intenzita&nbsp;\u2014 celostn\u00ed vyj\u00e1d\u0159en\u00ed vztahu (fyzicky, skutkem).<\/p>\n\n\n\n<p><strong>Nard:<\/strong>&nbsp;Ve starov\u011bku a&nbsp;st\u0159edov\u011bku jeden z&nbsp;nejcenn\u011bj\u0161\u00edch olej\u016f, kter\u00fd pou\u017e\u00edvali pouze kn\u011b\u017e\u00ed, kr\u00e1lov\u00e9 a&nbsp;zasv\u011bcenci. Obecn\u011b se d\u00e1 \u0159\u00edci, \u017ee nardov\u00e1 silice uklid\u0148uje i&nbsp;zlep\u0161uje bd\u011blost, v&nbsp;p\u00e9\u010di o&nbsp;ple\u0165 p\u016fsob\u00ed proti z\u00e1n\u011bt\u016fm a&nbsp;pl\u00edsn\u00edm.<\/p>\n\n\n\n<p><strong>V\u016fn\u011b naplnila d\u016fm:<\/strong>&nbsp;Alegorie pronikavosti l\u00e1sky nebo evangelia, kter\u00e1 se \u0161\u00ed\u0159\u00ed do sv\u011bta; asociace p\u0159\u00edjemn\u00e9 v\u016fn\u011b ob\u011bti ze Star\u00e9ho z\u00e1kona.<\/p>\n\n\n\n<p><strong>300 den\u00e1r\u016f:<\/strong>&nbsp;1 den\u00e1r byla denn\u00ed mzda, 300 den\u00e1r\u016f ob\u017eiva na \u00be roku, snad cel\u00e9 v\u011bno&nbsp;\u2014 pro \u0159\u00e1dovou p\u0159edstavu jako 300 000 K\u010d.<\/p>\n\n\n\n<p><strong>Pohor\u0161en\u00ed:<\/strong>&nbsp;T\u00e9matem je pouze cena parf\u00e9mu, ne cel\u00e9 jedn\u00e1n\u00ed, kter\u00e9 je dost extravagantn\u00ed&nbsp;\u2014 na \u010din v\u0161ak poukazuje Je\u017e\u00ed\u0161.<\/p>\n\n\n\n<p><strong>Proroctv\u00ed poh\u0159bu a&nbsp;vzk\u0159\u00ed\u0161en\u00ed<\/strong>&nbsp;\u2014 velikono\u010dn\u00ed poselstv\u00ed&nbsp;\u2014 p\u0159echod ze smrti do \u017eivota, jedn\u00e1 se o&nbsp;\u00fast\u0159edn\u00ed ud\u00e1lost. Je\u017e\u00ed\u0161ovo velikono\u010dn\u00ed tajemstv\u00ed se st\u00e1v\u00e1 vzorem a&nbsp;v\u00fdzvou pro n\u00e1s: nen\u00e1vist je p\u0159em\u00e1h\u00e1na l\u00e1skou; zoufalstv\u00ed nad\u011bj\u00ed; tma sv\u011btlem; smrt je pora\u017eena \u017eivotem; Krist\u016fv p\u0159\u00edb\u011bh p\u0159in\u00e1\u0161\u00ed kone\u010dn\u00e9 v\u00edt\u011bzstv\u00ed. To je i&nbsp;d\u016fvod seps\u00e1n\u00ed cel\u00e9ho evangelia&nbsp;\u2014 pos\u00edlit trp\u00edc\u00ed v&nbsp;temnot\u011b v\u00edt\u011bzstv\u00edm toho, kdo je sv\u011btlo sv\u011bta.<\/p>\n\n\n\n<p>Marie pou\u017eita jako prorok&nbsp;\u2014 ten nemus\u00ed v\u017edy v\u011bd\u011bt, b\u00fdv\u00e1 pou\u017eit. Marie byla otev\u0159en\u00e1, pro\u010d to vlastn\u011b d\u011blala (resp. k&nbsp;\u010demu je to dobr\u00e9), se dozv\u011bd\u011bla od Je\u017e\u00ed\u0161e.<\/p>\n\n\n\n<p><strong>Obrazy Je\u017e\u00ed\u0161e<\/strong>&nbsp;v&nbsp;tomto textu: Z\u00e1stupy v&nbsp;n\u011bm vid\u00ed z\u00e1zra\u010dn\u00e9ho l\u00e9\u010ditele nebo politick\u00e9ho Mesi\u00e1\u0161e, Marie a&nbsp;Marta unaven\u00e9ho p\u0159\u00edtele a&nbsp;u\u010ditele, velekn\u011b\u017e\u00ed ohro\u017een\u00ed, Marie dost\u00e1v\u00e1 zast\u00e1nce, Jid\u00e1\u0161 hranice.<\/p>\n\n\n\n<h3 class=\"wp-block-heading\">\u00daskal\u00ed<\/h3>\n\n\n\n<p><strong>Dublety<\/strong>&nbsp;(Mk 14,3\u20139 [par. Mt 26,6\u201313; L 7,36\u201350]) jsou podobn\u00e9 p\u0159\u00edb\u011bhy, je ot\u00e1zka, zda se jednalo o&nbsp;jednu nebo v\u00edce ud\u00e1lost\u00ed, kter\u00e9 sklouzly do jedn\u00e9 tradice; nicm\u00e9n\u011b maj\u00ed r\u016fzn\u00e9 pointy, proto je zbyte\u010dn\u00e9 se je sna\u017eit harmonizovat.<\/p>\n\n\n\n<p>Postava&nbsp;<strong>Jid\u00e1\u0161e<\/strong>&nbsp;sv\u00e1d\u00ed k&nbsp;tomu jej bu\u010f l\u00ed\u010dit jako zlosyna nebo naopak ho obhajovat a&nbsp;prezentovat jako ne\u0161\u0165astn\u00edka&nbsp;\u2014 doporu\u010duji se hodnocen\u00ed v&nbsp;tomto p\u0159\u00edb\u011bhu vyhnout&nbsp;\u2014 t\u011b\u017ei\u0161t\u011b spo\u010d\u00edv\u00e1 jinde.<\/p>\n\n\n\n<p><strong>\u017did\u00e9<\/strong>&nbsp;jsou u&nbsp;Jana \u010dasto nep\u0159\u00e1tel\u00e9 (souvislost to m\u00e1 v\u00edce s&nbsp;adres\u00e1ty Janova evangelia, ne\u017e s&nbsp;dobou p\u016fsoben\u00ed Je\u017e\u00ed\u0161e&nbsp;\u2014 jedn\u00e1 se o&nbsp;situaci rozchodu c\u00edrkve a&nbsp;\u017eidovstv\u00ed), je jednoduch\u00e9 sklouznout bu\u010f k&nbsp;antisemitismu, nebo v&nbsp;reakci na n\u011bj k&nbsp;automatick\u00e9 podpo\u0159e st\u00e1tu Izrael.<\/p>\n\n\n\n<p><strong>Chud\u00ed:<\/strong>&nbsp;P\u0159\u00edb\u011bh odr\u00e1\u017e\u00ed dilema, jak je t\u011b\u017ek\u00e9 naj\u00edt balanc mezi t\u00edm chud\u00e9 nezanedbat a&nbsp;na druh\u00e9 stran\u011b se nep\u0159et\u00ed\u017eit \u201emesi\u00e1\u0161sk\u00fdm komplexem\u201c; tady nav\u00edc nejsou chud\u00ed t\u00e9ma, ale jsou zneu\u017eiti jako v\u00fdmluva.<\/p>\n\n\n\n<p><strong>Nep\u0159\u00e1tel\u00e9:<\/strong>&nbsp;Je lep\u0161\u00ed se nezapl\u00e9st do jejich motivace&nbsp;\u2014 p\u0159\u00edb\u011bh se pak rozt\u0159\u00ed\u0161t\u00ed, m\u00e1 p\u0159\u00edli\u0161 mnoho motiv\u016f.<\/p>\n\n\n\n<h3 class=\"wp-block-heading\">Odkazy<\/h3>\n\n\n\n<p>Odkazy na star\u0161\u00ed p\u0159\u00edpravky, pracovn\u00ed materi\u00e1ly a dal\u0161\u00ed najdete pod textem \u00falohy.<\/p>\n\n\n\n<hr class=\"wp-block-separator has-alpha-channel-opacity\" \/>\n\n\n\n<h2 class=\"wp-block-heading\">Pro d\u011bti<\/h2>\n\n\n\n<h3 class=\"wp-block-heading\">P\u0159ed\u0161kol\u00e1ci<\/h3>\n\n\n\n<p>Zopakov\u00e1n\u00ed aktivity s&nbsp;vo\u0148avkou (viz&nbsp;<em>Ok\u00e9nko do bohoslu\u017eeb<\/em>). Pozor jen to, aby se d\u011bti nezmocnily vo\u0148avky, st\u00e1le se jedn\u00e1 o&nbsp;n\u011bco vz\u00e1cn\u00e9ho.<\/p>\n\n\n\n<p>Kr\u00e1sn\u011b to von\u00ed. P\u0159edstavte si, jednou si takovou v\u016fni u\u017eil i&nbsp;Je\u017e\u00ed\u0161. Byl tenkr\u00e1t moc unaven\u00fd. Tak\u00e9 jste n\u011bkdy unaven\u00ed? Jak se u&nbsp;toho c\u00edt\u00edte? Co v\u00e1m pom\u016f\u017ee?<\/p>\n\n\n\n<p>Je\u017e\u00ed\u0161 a&nbsp;jeho u\u010dedn\u00edci \u0161li tenkr\u00e1t na n\u00e1v\u0161t\u011bvu ke t\u0159em sourozenc\u016fm. Jmenovali se Marie, Marta a&nbsp;Lazar. Lazar s&nbsp;Je\u017e\u00ed\u0161em a&nbsp;s&nbsp;u\u010dedn\u00edky sed\u011bl u&nbsp;stolu, Marta va\u0159ila a&nbsp;nosila na st\u016fl. Jak to vypad\u00e1 u&nbsp;v\u00e1s, kdy\u017e p\u0159ijde n\u00e1v\u0161t\u011bva? Jakou j\u00ed v\u011bnujete p\u00e9\u010di?<\/p>\n\n\n\n<p>Kde ale byla Marie? Ona p\u0159i\u0161la a\u017e za chvilku a&nbsp;n\u011bco p\u0159inesla. Pr\u00e1v\u011b takovou vo\u0148avku. Ale ta vo\u0148avka byla moc drah\u00e1. Byl to vz\u00e1cn\u00fd kv\u011btinov\u00fd olej z&nbsp;rostlinky, kter\u00e1 se jmenuje nard a&nbsp;roste jenom v&nbsp;t\u011bch nejvy\u0161\u0161\u00edch hor\u00e1ch. A&nbsp;v\u0161echnu tu vo\u0148avku vylila a&nbsp;o\u0161et\u0159ila s&nbsp;n\u00ed Je\u017e\u00ed\u0161ovy nohy. M\u00e1te tak\u00e9 n\u011bco hodn\u011b vz\u00e1cn\u00e9ho? A&nbsp;byli byste ochotni se o&nbsp;to rozd\u011blit? T\u0159eba to cel\u00e9 darovat n\u00e1v\u0161t\u011bv\u011b? Je to t\u011b\u017ek\u00e9\u2026<\/p>\n\n\n\n<p>Jednomu z&nbsp;u\u010dedn\u00edk\u016f se to taky v\u016fbec nel\u00edbilo. Myslel si, \u017ee by bylo lep\u0161\u00ed tu vo\u0148avku prodat, doufal, \u017ee by na n\u011bj z&nbsp;toho taky n\u011bco zbylo. Ale aby to nebylo tak n\u00e1padn\u00e9, ud\u011blal to tak, \u017ee Marii vynadal. Pr\u00fd by to m\u011bla prodat a&nbsp;pen\u00edze rozdat chud\u00fdm.<\/p>\n\n\n\n<p>Je\u017e\u00ed\u0161 ho zastavil. V\u011bd\u011bl, \u017ee Marie to myslela dob\u0159e. A&nbsp;nav\u00edc v\u0161em p\u0159ipomn\u011bl, \u017ee s&nbsp;nimi nem\u016f\u017ee z\u016fstat napo\u0159\u00e1d. Proto je \u0161koda ru\u0161it takovou hezkou chv\u00edli zbyte\u010dnou h\u00e1dkou. Cel\u00fd d\u016fm kr\u00e1sn\u011b von\u00ed, te\u010f je \u010das si odpo\u010dinout a&nbsp;b\u00fdt na sebe laskav\u00ed.<\/p>\n\n\n\n<p>M\u016f\u017eeme te\u010f spolu vymyslet, jak ud\u011blat radost n\u011bkomu, kdo je unaven\u00fd. Nebo p\u0159ipravit st\u016fl \u010di su\u0161enky na kafe po bohoslu\u017eb\u00e1ch (tam, kde je to vhodn\u00e9).<\/p>\n\n\n\n<h3 class=\"wp-block-heading\">\u0160koln\u00ed d\u011bti<\/h3>\n\n\n\n<p>Vypr\u00e1v\u011bn\u00ed lze doprovodit postupn\u00fdm p\u0159id\u00e1v\u00e1n\u00edm loutek nebo postavi\u010dek (sta\u010d\u00ed b\u00edl\u00e9 hrnky s&nbsp;namalovan\u00fdmi obli\u010deji fixem \u010di podobn\u011b symbolick\u00e9)&nbsp;\u2014 Lazar, Marie, Marta, Jid\u00e1\u0161 a&nbsp;Je\u017e\u00ed\u0161, p\u0159\u00edpadn\u011b 2\u20133 nep\u0159\u00e1tel\u00e9 a&nbsp;u\u010dedn\u00edci.<\/p>\n\n\n\n<p>Obzvl\u00e1\u0161\u0165 pokud se nekon\u00e1 ok\u00e9nko do bohoslu\u017eeb, lze (nejl\u00e9pe na konec) za\u0159adit aktivitu s&nbsp;vo\u0148avkou. V&nbsp;z\u00e1sad\u011b ji lze i&nbsp;zopakovat. Pozor jen na to, aby se d\u011bti nezmocnily vo\u0148avky, st\u00e1le se jedn\u00e1 o&nbsp;n\u011bco vz\u00e1cn\u00e9ho.<\/p>\n\n\n\n<p>Poslouchejte vypr\u00e1v\u011bn\u00ed mu\u017ee, u&nbsp;kter\u00e9ho byl Je\u017e\u00ed\u0161 na n\u00e1v\u0161t\u011bv\u011b. Mo\u017en\u00e1 ho u\u017e zn\u00e1te, obzvl\u00e1\u0161\u0165, jestli jste byli minule v&nbsp;ned\u011blce&nbsp;\u2014 jmenuje se Lazar.<\/p>\n\n\n\n<p>U\u017e toho m\u00e1m dost! Od t\u00e9 doby, co jsem byl nemocn\u00fd a&nbsp;pak m\u011b Je\u017e\u00ed\u0161 zavolal z&nbsp;hrobu, o&nbsp;mn\u011b po\u0159\u00e1d n\u011bkdo mluv\u00ed. Dokonce ka\u017ed\u00e9ho maroda oslovuj\u00ed m\u00fdm jm\u00e9nem: Lazar. Spousta lid\u00ed je zv\u011bdav\u00e1, spoust\u011b lid\u00ed ten rozruch leze na nervy, i&nbsp;kdy\u017e se o&nbsp;to fakt nesna\u017e\u00edm. Je\u0161t\u011b \u017ee se dve\u0159e od domu daj\u00ed aspo\u0148 na chv\u00edli zav\u0159\u00edt\u2026<\/p>\n\n\n\n<p>Asi to v\u00edte, bydl\u00edm se sv\u00fdmi sestrami, s&nbsp;Mari\u00ed a&nbsp;Martou. Jak\u00e9 jsou?<\/p>\n\n\n\n<p>Marta se um\u00ed o&nbsp;v\u0161echno dob\u0159e postarat a&nbsp;m\u00e1 fakt kur\u00e1\u017e. Taky m\u00e1 dobr\u00fd p\u0159ehled o&nbsp;tom, kdo m\u00e1 na co talent. Kdy\u017e jsem byl tenkr\u00e1t tak nemocn\u00fd, to ona zavolala Je\u017e\u00ed\u0161e. To ona uv\u011b\u0159ila, \u017ee Je\u017e\u00ed\u0161 m\u00e1 moc m\u011b z&nbsp;hrobu zavolat, a&nbsp;dokonce m\u011bla tu odvahu nahlas \u0159\u00edct, \u017ee on je Mesi\u00e1\u0161, Syn Bo\u017e\u00ed, na kter\u00e9ho cel\u00fd sv\u011bt \u010dek\u00e1! To Marta \u0159\u00edd\u00ed cel\u00fd d\u016fm, nikoho nenech\u00e1 o&nbsp;hladu, postar\u00e1 se o&nbsp;ka\u017edou n\u00e1v\u0161t\u011bvu, kolikr\u00e1t i&nbsp;o&nbsp;Je\u017e\u00ed\u0161e a&nbsp;jeho u\u010dedn\u00edky. Jak ta um\u00ed va\u0159it a&nbsp;v\u0161echno zorganizovat!<\/p>\n\n\n\n<p>Marie je jin\u00e1. Je mnohem m\u00ed\u0148 ak\u010dn\u00ed. N\u011bkdo se j\u00ed posm\u00edv\u00e1, \u017ee je citlivka, ale \u0159eknu v\u00e1m, nikdo neum\u00ed tak dob\u0159e poslouchat! Hrozn\u011b dob\u0159e vn\u00edm\u00e1, kdy\u017e je n\u011bkdo unaven\u00fd nebo je mu smutno, rozum\u00ed ka\u017ed\u00e9 bolav\u00e9 du\u0161i. Mnoho lid\u00ed pro ni m\u00e1 slabost. Skoro bych \u0159ekl, \u017ee to jej\u00ed pl\u00e1\u010d nakonec Je\u017e\u00ed\u0161e p\u0159esv\u011bd\u010dil, aby prolomil pouta m\u00e9 smrti! Jen kdyby z&nbsp;toho nebylo takov\u00e9 pozdvi\u017een\u00ed\u2026<\/p>\n\n\n\n<p>Dneska k&nbsp;n\u00e1m m\u00e1 Je\u017e\u00ed\u0161 zase dorazit. Brzy budou sv\u00e1tky, do Jeruzal\u00e9ma se hrnou davy lid\u00ed. Na\u0161e vesnice, Betanie, je nedaleko, tak u&nbsp;n\u00e1s budou u\u010dedn\u00edci nocovat. P\u0159ijdou ur\u010dit\u011b cel\u00ed utahan\u00ed, nav\u00edc na n\u011b dor\u00e1\u017e\u00ed \u010d\u00edm d\u00e1l v\u00edc lid\u00ed. Z\u00e1stupy jsou zv\u011bdav\u00e9, jak to p\u0159esn\u011b bylo s&nbsp;t\u00edm m\u00fdm hrobem, stra\u0161n\u011b to le\u017e\u00ed v&nbsp;\u017ealudku lidem, kte\u0159\u00ed maj\u00ed na starosti chr\u00e1m. Jsou bez sebe vzteky, \u017ee je Je\u017e\u00ed\u0161 tak popul\u00e1rn\u00ed. Nejrad\u011bji by byli, kdybych v&nbsp;tom hrobu z\u016fstal nebo se do n\u011bj rychle vr\u00e1til. A&nbsp;klidn\u011b vzal Je\u017e\u00ed\u0161e s&nbsp;sebou. Taky pr\u00fd na n\u011bj vypsali odm\u011bnu!<\/p>\n\n\n\n<p>U\u017e jsou tu. Pak v\u00e1m \u0159eknu, jak ta Je\u017e\u00ed\u0161ova n\u00e1v\u0161t\u011bva prob\u011bhla.<\/p>\n\n\n\n<p>Pamatujete si, jak jsem o&nbsp;Marii \u0159\u00edkal, \u017ee nen\u00ed ak\u010dn\u00ed? Sama je sice tich\u00e1, ale ani\u017e by cokoli \u0159ekla, ob\u010das ud\u011bl\u00e1 n\u011bco, co vzbud\u00ed po\u0159\u00e1dn\u00fd rozruch. Ale postupn\u011b\u2026<\/p>\n\n\n\n<p>Je\u017e\u00ed\u0161 a&nbsp;jeho u\u010dedn\u00edci dorazili cel\u00ed uchozen\u00ed, tak jim Marta hned nab\u00eddla ve\u010de\u0159i. J\u00e1 sed\u011bl s&nbsp;nimi. Najednou p\u0159i\u0161la Marie a&nbsp;sedla si k&nbsp;Je\u017e\u00ed\u0161ovi na zem. Toho by si nikdo nev\u0161iml, kdyby u&nbsp;toho nevyt\u00e1hla tu vz\u00e1cnost. Schov\u00e1vala si n\u00e1dobku velice vz\u00e1cn\u00e9ho parf\u00e9mu, byl to olej z&nbsp;prav\u00e9ho nardu&nbsp;\u2014 to je vz\u00e1cn\u00e1 rostlinka, kter\u00e1 roste jenom hodn\u011b vysoko v&nbsp;hor\u00e1ch, mus\u00ed se dov\u00e1\u017eet a\u017e z&nbsp;Himal\u00e1j\u00ed! Norm\u00e1ln\u011b se to skoro ned\u00e1 sehnat, pou\u017e\u00edvaj\u00ed ji jenom ti nejbohat\u0161\u00ed, dokonce se to d\u00e1valo jako vz\u00e1cn\u00fd dar p\u0159i kr\u00e1lovsk\u00fdch n\u00e1v\u0161t\u011bv\u00e1ch nebo se to pou\u017e\u00edvalo p\u0159i korunovaci.<\/p>\n\n\n\n<p>Najednou t\u00e9 lahvi\u010dce urazila hrdlo a&nbsp;rozet\u0159ela ji Je\u017e\u00ed\u0161ovi na nohy. To byla v\u016fn\u011b! V&nbsp;\u017eivot\u011b jsem nic tak kr\u00e1sn\u00e9ho nec\u00edtil. Cel\u00fd d\u016fm to provon\u011blo, ka\u017ed\u00fd se zasnil\u2026 Teda skoro ka\u017ed\u00fd.<\/p>\n\n\n\n<p>Jeden z&nbsp;Je\u017e\u00ed\u0161ov\u00fdch u\u010dedn\u00edk\u016f, Jid\u00e1\u0161, se najednou d\u011bsn\u011b na\u0161tval. Skoro na Marii k\u0159i\u010del: \u201ePro\u010d nebyl ten olej prod\u00e1n za t\u0159i sta den\u00e1r\u016f a&nbsp;pen\u00edze d\u00e1ny chud\u00fdm?\u201c I&nbsp;ve mn\u011b zatrnulo, hned jsem se vr\u00e1til do reality. Co na to Je\u017e\u00ed\u0161 \u0159ekne? Je pravda, \u017ee chud\u00fdch se v\u017edycky zast\u00e1val. Vynad\u00e1 Marii, nebo Jid\u00e1\u0161ovi? Ani jedno, necht\u011bl zni\u010dit ve\u010der. Ale zastal se Marie. V&nbsp;klidu mu odpov\u011bd\u011bl, \u0159ekl to ale dost zvl\u00e1\u0161tn\u011b: \u201eNech ji, uchovala to ke dni m\u00e9ho poh\u0159bu! Chud\u00e9 m\u00e1te v\u017edycky s&nbsp;sebou, ale mne nem\u00e1te v\u017edycky.\u201c<\/p>\n\n\n\n<p>Najednou mi do\u0161lo, jak je divn\u00e9, pro\u010d mu pomazala zrovna nohy. To nen\u00ed kr\u00e1lovsk\u00fdm pomaz\u00e1n\u00edm, to se olej vyl\u00e9val na hlavu. Je\u017e\u00ed\u0161 m\u011bl pravdu, nohy se norm\u00e1ln\u011b mazaly pouze p\u0159i o\u0161et\u0159ov\u00e1n\u00ed nebo\u017et\u00edka p\u0159ed poh\u0159bem!<\/p>\n\n\n\n<p>P\u0159es napjatou atmosf\u00e9ru v\u0161ude za dve\u0159mi n\u00e1s to p\u0159ekvapilo. Je\u017e\u00ed\u0161 po\u010d\u00edt\u00e1 s&nbsp;t\u00edm, \u017ee cesta do Jeruzal\u00e9ma nep\u0159inese jen j\u00e1sot, slaven\u00ed a&nbsp;z\u00e1jem dav\u016f. Po\u010d\u00edt\u00e1 s&nbsp;t\u00edm, \u017ee se p\u0159id\u00e1 k&nbsp;tis\u00edc\u016fm a&nbsp;milion\u016fm t\u011bch, kdo za\u017e\u00edvaj\u00ed bolest, osam\u011bn\u00ed, strach. Po\u010d\u00edt\u00e1 s&nbsp;odlou\u010den\u00edm od nejbli\u017e\u0161\u00edch, se zradou, s&nbsp;v\u00fdsm\u011bchem.<\/p>\n\n\n\n<p>Ale te\u010f p\u00e9\u010di Marie p\u0159ijal. Podtrhuje vz\u00e1cnost chv\u00edle, kdy sed\u00ed u&nbsp;stolu, s&nbsp;lidmi, kter\u00e9 m\u00e1 r\u00e1d. L\u00edb\u00ed se mu, kdy\u017e se o&nbsp;sebe navz\u00e1jem star\u00e1me. Podporuje, abychom v\u0161emi smysly vn\u00edmali hezk\u00e9 chv\u00edle. Abychom v\u0161emi smysly vn\u00edmali, \u017ee je nabl\u00edzku, \u017ee n\u00e1m naslouch\u00e1, \u017ee s&nbsp;n\u00e1mi stoluje.<\/p>\n\n\n\n<p>Nikdy nezapomenu, \u017ee s&nbsp;Je\u017e\u00ed\u0161em ka\u017ed\u00e1 t\u011b\u017ek\u00e1 chv\u00edle dostala laskav\u00e9 slovo. Ka\u017ed\u00e1 kr\u00e1sn\u00e1 v\u016fn\u011b mi to p\u0159ipomene.<\/p>\n\n\n\n<h3 class=\"wp-block-heading\">P\u0159esah<\/h3>\n\n\n\n<p>Pomaz\u00e1n\u00ed nemocn\u00fdch&nbsp;\u2014 v&nbsp;katolick\u00e9 c\u00edrkvi se udr\u017eela biblick\u00e1 tradice pomaz\u00e1n\u00ed nemocn\u00fdch. Nemocn\u00fd (nejen nevyl\u00e9\u010diteln\u011b) je pomaz\u00e1n olejem a&nbsp;p\u0159\u00edtomn\u00ed se modl\u00ed o&nbsp;\u00falevu v&nbsp;nemoci a&nbsp;o&nbsp;milost. Pomaz\u00e1n\u00ed nemocn\u00fdch ukazuje p\u0159\u00edtomnost Bo\u017e\u00ed na dotek, p\u0159in\u00e1\u0161\u00ed Bo\u017e\u00ed uzdravuj\u00edc\u00ed moc a&nbsp;s\u00edlu i&nbsp;tam, kde lidsk\u00e1 s\u00edla selh\u00e1v\u00e1. Dotek, v\u016fn\u011b, p\u0159\u00edtomnost druh\u00e9ho p\u016fsob\u00ed dob\u0159e i&nbsp;z&nbsp;prost\u00e9ho lidsk\u00e9ho hlediska.<\/p>\n\n\n\n<p>Mas\u00e1\u017e rukou p\u0159\u00edjemn\u00fdm kr\u00e9mem.<\/p>\n\n\n\n<p>Roklinka&nbsp;\u2014 m\u00edsto odpo\u010dinku i&nbsp;d\u016fle\u017eit\u00fdch rozhovor\u016f o&nbsp;smyslu t\u011b\u017ek\u00e9 cesty (Tolkien: Hobit, P\u00e1n Prsten\u016f).<\/p>\n\n\n\n<p>Podn\u011bty pro rozhovor:<\/p>\n\n\n\n<ul>\n<li>\u00danava a\u00a0odpo\u010dinek.<\/li>\n\n\n\n<li>Radost z\u00a0n\u00e1v\u0161t\u011bvy.<\/li>\n\n\n\n<li>Chv\u00edle pokoje neznamen\u00e1, \u017ee se zleh\u010duje tr\u00e1pen\u00ed v\u00a0t\u011b\u017ek\u00e9m obdob\u00ed (t\u0159eba p\u0159i rozvodu rodi\u010d\u016f\u00a0apod.)\u00a0\u2014 nemus\u00edme si ji vy\u010d\u00edtat.<\/li>\n\n\n\n<li>Z\u00e1vist. Nepochopen\u00ed (myslela jsem to dob\u0159e a\u00a0n\u011bkoho t\u0159et\u00edho to na\u0161tvalo).<\/li>\n\n\n\n<li>Co se d\u00e1 prop\u00e1snout?<\/li>\n\n\n\n<li>Nejsou bohoslu\u017eby zbyte\u010dn\u00fd luxus\u00a0\u2014 \u010dasov\u011b, prost\u0159edky? \u201eProvon\u00ed\u201c v\u0161ak t\u00fdden. Role sv\u00e1tku (jako oslava narozenin).<\/li>\n\n\n\n<li>Darov\u00e1n\u00ed n\u011b\u010deho cenn\u00e9ho.<\/li>\n\n\n\n<li>Jak m\u016f\u017eeme pot\u011b\u0161it P\u00e1na Boha, m\u016f\u017eeme o\u00a0n\u011bj n\u011bjak pe\u010dovat?<\/li>\n\n\n\n<li>Jak\u00fd m\u00e1 smysl volno na \u00falevu, kdy\u017e se probl\u00e9m nevy\u0159e\u0161\u00ed?<\/li>\n<\/ul>\n\n\n\n<hr class=\"wp-block-separator has-alpha-channel-opacity\" \/>\n\n\n\n<h2 class=\"wp-block-heading\">Liturgie<\/h2>\n\n\n\n<h3 class=\"wp-block-heading\">P\u00edsn\u011b<\/h3>\n\n\n\n<p><em>B\u016fh je z\u00e1\u0161tita m\u00e1<\/em>&nbsp;(SV&nbsp;23);&nbsp;<em>Cel\u00e9 v\u011bky&nbsp;<\/em>(SV&nbsp;28);&nbsp;<em>Co m\u00e1 se d\u00edt<\/em>&nbsp;(SV&nbsp;31);&nbsp;<em>J\u00e1 jsem \u0148\u00e1kej stonavej<\/em>&nbsp;(SV&nbsp; 103);&nbsp;<em>Kdo na kolenou kle\u010d\u00ed<\/em>&nbsp;(SV&nbsp;148);&nbsp;<em>Kdybych znal mno\u017estv\u00ed jazyk\u016f<\/em>&nbsp;(SV&nbsp;153);&nbsp;<em>N\u00e1m pomoz, Pane mil\u00fd<\/em>&nbsp;(SV&nbsp;201);&nbsp;<em>Nev\u00edm, Pane, co ti d\u00e1t<\/em>&nbsp;(SV&nbsp;216);&nbsp;<em>Pane, dne\u0161ek je den chv\u00e1ly<\/em>&nbsp;(SV&nbsp;246);&nbsp;<em>Pros\u00edme t\u011b, Pane<\/em>&nbsp;(SV&nbsp;275);&nbsp;<em>U\u017e mi o\u010di t\u00ed\u017e\u00ed sen<\/em>&nbsp;(SV&nbsp;353);&nbsp;<em>Z\u00e1v\u011br (Za to \u017ee v&nbsp;stromech p\u0159e\u010dtu \u017eivot)<\/em>&nbsp;(SV&nbsp;484);&nbsp;<em>Kr\u00e1sn\u00e1 je modr\u00e1 obloha<\/em>&nbsp;(EZ&nbsp;178);&nbsp;<em>V&nbsp;Betanii<\/em>&nbsp;(HA&nbsp;104)<\/p>\n\n\n\n<h3 class=\"wp-block-heading\">Biblick\u00fd text k&nbsp;zapamatov\u00e1n\u00ed<\/h3>\n\n\n\n<p><em>Blaze t\u011bm, kdo p\u016fsob\u00ed pokoj, nebo\u0165 oni budou nazv\u00e1ni syny Bo\u017e\u00edmi.<\/em>&nbsp;(Mt&nbsp;5,9)<\/p>\n\n\n\n<h3 class=\"wp-block-heading\">Ritu\u00e1l<\/h3>\n\n\n\n<p><a href=\"https:\/\/drive.google.com\/open?id=1tXa4dvsVKvC5W9YlMmdtr5w2EF8dufEv\" target=\"_blank\" rel=\"noopener\">Na plak\u00e1tu<\/a>&nbsp;spole\u010dn\u011b hledejte obr\u00e1zek, kter\u00fd symbolizuje dne\u0161n\u00ed vypr\u00e1v\u011bn\u00ed.<\/p>\n\n\n\n<p>Zapalte sv\u00ed\u010dku jako znamen\u00ed sv\u011btla, chy\u0165te se kolem dokola za ruce a&nbsp;opakujte \u010di zp\u00edvejte refr\u00e9n \u201eTy jsi hoden \u017eehn\u00e1n\u00ed a&nbsp;chv\u00e1ly, tvoji moc a&nbsp;s\u00edlu slav\u00edme. P\u0159ed tebou se Pane Kriste, Kr\u00e1l\u016f kr\u00e1li, dobrovoln\u011b skl\u00e1n\u00edme.\u201c&nbsp;(SV&nbsp;215, EZ&nbsp;632)<\/p>\n\n\n\n<p>Na za\u010d\u00e1tku setk\u00e1n\u00ed m\u016f\u017eete recitovat \u00favod Janova Prologu (J&nbsp;1,1): Na po\u010d\u00e1tku bylo Slovo, to Slovo bylo u&nbsp;Boha, to Slovo byl B\u016fh.<\/p>\n\n\n\n<h3 class=\"wp-block-heading\">Ok\u00e9nko do bohoslu\u017eeb<\/h3>\n\n\n\n<p>Co je vz\u00e1cn\u00e9? Mo\u017en\u00e1 to, co je drah\u00e9, i&nbsp;kdy\u017e je toho jen mali\u010dko. Ono n\u011bkdy i&nbsp;mal\u00e9 mno\u017estv\u00ed dovede prom\u011bnit velk\u00fd prostor.<\/p>\n\n\n\n<p>Kazatel \/ u\u010ditel N\u0160 vyt\u00e1hne flakonek s&nbsp;vo\u0148avkou, lehce provon\u00ed prostor (t\u0159eba jen p\u0159ed stolem P\u00e1n\u011b).<\/p>\n\n\n\n<p>Podobn\u011b n\u011bkdy sta\u010d\u00ed p\u00e1r slov a&nbsp;prom\u011bn\u00ed se cel\u00fd den, n\u011bkdy kr\u00e1tk\u00fd p\u0159\u00edb\u011bh dod\u00e1 hodn\u011b odvahy. Tak uvid\u00edme, co dal\u0161\u00ed p\u016flhodinka p\u0159inese d\u011btem i&nbsp;dosp\u011bl\u00fdm.<\/p>\n\n\n\n<h3 class=\"wp-block-heading\">Modlitba<\/h3>\n\n\n\n<p>Pane Bo\u017ee, n\u011bkdy jsme unaven\u00ed, n\u011bkdy se h\u00e1d\u00e1me, n\u011bkdy jsme nerv\u00f3zn\u00ed. Pros\u00edme, pomoz n\u00e1m to p\u0159ekonat. A&nbsp;pros\u00edme t\u011b za lidi, kte\u0159\u00ed pom\u00e1haj\u00ed ostatn\u00edm si odpo\u010dinout a&nbsp;jsou na druh\u00e9 laskav\u00ed. N\u00e1s to taky nau\u010d. Amen.<\/p>\n","protected":false},"template":"","categories":[11,18,17,20],"_links":{"self":[{"href":"https:\/\/deti.evangnet.cz\/katecheze\/wp-json\/wp\/v2\/katecheze\/1511"}],"collection":[{"href":"https:\/\/deti.evangnet.cz\/katecheze\/wp-json\/wp\/v2\/katecheze"}],"about":[{"href":"https:\/\/deti.evangnet.cz\/katecheze\/wp-json\/wp\/v2\/types\/katecheze"}],"version-history":[{"count":1,"href":"https:\/\/deti.evangnet.cz\/katecheze\/wp-json\/wp\/v2\/katecheze\/1511\/revisions"}],"predecessor-version":[{"id":1512,"href":"https:\/\/deti.evangnet.cz\/katecheze\/wp-json\/wp\/v2\/katecheze\/1511\/revisions\/1512"}],"wp:attachment":[{"href":"https:\/\/deti.evangnet.cz\/katecheze\/wp-json\/wp\/v2\/media?parent=1511"}],"wp:term":[{"taxonomy":"category","embeddable":true,"href":"https:\/\/deti.evangnet.cz\/katecheze\/wp-json\/wp\/v2\/categories?post=1511"}],"curies":[{"name":"wp","href":"https:\/\/api.w.org\/{rel}","templated":true}]}}