
{"id":146,"date":"2025-05-15T09:18:42","date_gmt":"2025-05-15T07:18:42","guid":{"rendered":"https:\/\/deti.evangnet.cz\/katecheze\/?post_type=katecheze&#038;p=146"},"modified":"2025-05-15T09:18:43","modified_gmt":"2025-05-15T07:18:43","slug":"petrovo-zapreni","status":"publish","type":"katecheze","link":"https:\/\/deti.evangnet.cz\/katecheze\/katecheze\/petrovo-zapreni\/","title":{"rendered":"Petrovo zap\u0159en\u00ed"},"content":{"rendered":"\n<h3 class=\"wp-block-heading\">T\u00e9ma<\/h3>\n\n\n\n<ul>\n<li>Ani Petr (Sk\u00e1la) nedok\u00e1zal z\u016fstat v\u011brn\u00fd.<br>Ale\u00a0d\u00edky odpu\u0161t\u011bn\u00ed se p\u0159ed n\u00edm otev\u00edr\u00e1 cesta d\u00e1l.<\/li>\n\n\n\n<li>Je\u017e\u00ed\u0161e opou\u0161t\u011bj\u00ed i\u00a0jeho nejbli\u017e\u0161\u00ed.<\/li>\n<\/ul>\n\n\n\n<h3 class=\"wp-block-heading\">C\u00edle<\/h3>\n\n\n\n<ul>\n<li>D\u011bti si uv\u011bdom\u00ed, \u017ee Je\u017e\u00ed\u0161 z\u016fstal s\u00e1m, ani Petr (Sk\u00e1la) nem\u011bl odvahu se k\u00a0n\u011bmu p\u0159iznat. Ale taky d\u011bti usly\u0161\u00ed o\u00a0odpu\u0161t\u011bn\u00ed a\u00a0mo\u017en\u00e9m nov\u00e9m za\u010d\u00e1tku.<\/li>\n\n\n\n<li>Obr\u00e1zek kohouta vyz\u00fdv\u00e1 k\u00a0bd\u011blosti a\u00a0upozor\u0148uje, \u017ee (ani my) nejsme siln\u00ed.<\/li>\n\n\n\n<li>D\u011bti uva\u017euj\u00ed, v\u00a0jak\u00fdch situac\u00edch je t\u011b\u017ek\u00e9 z\u016fstat v\u011brn\u00fd, zastat se druh\u00e9ho.<\/li>\n<\/ul>\n\n\n\n<hr class=\"wp-block-separator has-alpha-channel-opacity\"\/>\n\n\n\n<h3 class=\"wp-block-heading\">Pro u\u010ditele<\/h3>\n\n\n\n<h4 class=\"wp-block-heading\">Pozn\u00e1mky k&nbsp;p\u0159\u00edb\u011bhu<\/h4>\n\n\n\n<ul>\n<li><em>Postavy<\/em>: Je\u017e\u00ed\u0161, \u0160imon Petr, je\u0161t\u011b jeden u\u010dedn\u00edk (vch\u00e1z\u00ed s\u00a0Je\u017e\u00ed\u0161em dovnit\u0159 velekn\u011bzova domu, n\u011bco domlouv\u00e1 \u2014 asi m\u00e1 \u201ekonexe\u201c, pak se vrac\u00ed i\u00a0pro Petra), slu\u017eka vr\u00e1tn\u00e1, velekn\u011bz, velekn\u011bz\u016fv sluha a\u00a0str\u00e1\u017eci, kohout.<\/li>\n\n\n\n<li><em>M\u00edsto<\/em>: kolem ohn\u011b na n\u00e1dvo\u0159\u00ed velekn\u011bzova domu (je zima, oh\u0159\u00edvaj\u00ed se).<\/li>\n\n\n\n<li><em>\u010cas<\/em>: v\u00a0noci na Velk\u00fd p\u00e1tek.<\/li>\n\n\n\n<li><em>Ud\u00e1lost<\/em>: Petr zap\u0159e, \u017ee by pat\u0159il k\u00a0Je\u017e\u00ed\u0161ov\u00fdm u\u010dedn\u00edk\u016fm.<\/li>\n\n\n\n<li><em>J\u00e1dro v\u011bci<\/em>: i\u00a0\u0160imon Petr, prvn\u00ed z\u00a0Dvan\u00e1cti, m\u016f\u017ee zklamat, sk\u00e1lou nen\u00ed svou dokonalost\u00ed a\u00a0silou, ale jedin\u011b milost\u00ed sv\u00e9ho P\u00e1na.<\/li>\n\n\n\n<li>\u0160imon Petr \u2014 (J 1,40\u201342) \u2014 Petr byl ryb\u00e1\u0159, k\u00a0Je\u017e\u00ed\u0161i ho pozval jeho bratr Ond\u0159ej, jm\u00e9no Petr (K\u00e9fas, Sk\u00e1la) mu dal Je\u017e\u00ed\u0161. \u201e\u2026a\u00a0j\u00e1 ti prav\u00edm, \u017ee ty jsi Petr; a\u00a0na t\u00e9 sk\u00e1le zbuduji svou c\u00edrkev\u201c (Mt 16,18a)Mezi u\u010dedn\u00edky je obvykle na prvn\u00edm m\u00edst\u011b, m\u00e1 roli jak\u00e9hosi mluv\u010d\u00edho. Jako prvn\u00edmu je mu d\u00e1no rozpoznat Je\u017e\u00ed\u0161e jako Mesi\u00e1\u0161e. V\u00a0n\u011bkter\u00fdch situac\u00edch s\u00a0sebou Je\u017e\u00ed\u0161 bere jen ty nejbli\u017e\u0161\u00ed u\u010dedn\u00edky; jsou to Petr, Jakub a\u00a0Jan (nap\u0159. vzk\u0159\u00ed\u0161en\u00ed dcery Jairovy, prom\u011bn\u011bn\u00ed na ho\u0159e, modlitba v\u00a0Getsemane).Ale Petrovi se nevyh\u00fdbaj\u00ed ani p\u00e1dy a\u00a0selh\u00e1n\u00ed, n\u011bkdy nech\u00e1pe, co Je\u017e\u00ed\u0161 \u0159\u00edk\u00e1 nebo co je dobr\u00e9. Tak nap\u0159. zrazuje Je\u017e\u00ed\u0161e od cesty utrpen\u00ed. Je\u017e\u00ed\u0161 ho v\u00a0t\u00e9 chv\u00edli nazve satanem \u2014 n\u011bk\u00fdm, kdo ho sv\u00e1d\u00ed na \u0161patnou cestu (Mk 8,31\u201333).Spolu s\u00a0Janem jsou prvn\u00ed u\u00a0pr\u00e1zdn\u00e9ho hrobu. Jan je tam d\u0159\u00edv, ale \u0160imon Petr jako prvn\u00ed vstoup\u00ed do hrobu dovnit\u0159 (J 20,1\u201310).Po vzk\u0159\u00ed\u0161en\u00ed se Je\u017e\u00ed\u0161 s\u00a0Petrem setk\u00e1 a\u00a0pos\u00edl\u00e1 ho: \u201ePas m\u00e9 ber\u00e1nky!\u201c (J 21,15\u201323).Po Je\u017e\u00ed\u0161ov\u011b nanebevstoupen\u00ed je Petr hlavn\u00ed postavou vznikaj\u00edc\u00ed k\u0159es\u0165ansk\u00e9 c\u00edrkve (Sk 1,12\u201326). P\u0159ev\u00e1\u017en\u011b k\u00a0pohan\u016fm je pozd\u011bji vysl\u00e1n Pavel.Podle tradice skon\u010dil Petr sv\u016fj \u017eivot jako mu\u010dedn\u00edk v\u00a0\u0158\u00edm\u011b. Nebo: skon\u010dil Petr\u016fv \u017eivot jako mu\u010dedn\u00edka v\u00a0\u0158\u00edm\u011b.<\/li>\n\n\n\n<li><em>Zap\u0159en\u00ed<\/em>: V\u00a0nejstar\u0161\u00ed c\u00edrkvi ozna\u010duje \u017ealostn\u00e9 odstoupen\u00ed a\u017e odpadnut\u00ed od v\u00edry v\u00a0Je\u017e\u00ed\u0161e Krista (Mt 10,33), protiklad vytrvalosti v\u00edry a\u00a0vyznava\u010dsk\u00e9 state\u010dnosti (2 Tm 2,12; J 1,20).<\/li>\n\n\n\n<li><em>Kohout<\/em>: bylo p\u0159edpov\u00edd\u00e1no, \u017ee Petr zap\u0159e d\u0159\u00edv, ne\u017e kohout zakokrh\u00e1 (J 13,36\u201338); kohout je obecn\u00fd motiv bd\u011blosti, zejm. t\u00e9, kter\u00e1 dok\u00e1\u017ee bd\u00edt v\u00a0noci (kohout na v\u011b\u017e\u00edch kostel\u016f \u2014 v\u00fdzva k\u00a0bd\u011blosti)<\/li>\n\n\n\n<li>P\u0159ed Velikonocemi se Petrovi Je\u017e\u00ed\u0161e n\u00e1sledovat moc neda\u0159\u00ed, po Velikonoc\u00edch k\u00a0tomu dostane s\u00edlu.<\/li>\n\n\n\n<li>V\u00a0Janov\u011b evangeliu nen\u00ed Petr\u016fv pl\u00e1\u010d.<\/li>\n\n\n\n<li>Setk\u00e1n\u00ed Petra se Vzk\u0159\u00ed\u0161en\u00fdm \u2014 u\u00a0Jana teprve v\u00a0dodatkov\u00e9 21. kapitole.<\/li>\n\n\n\n<li><em>Petr a\u00a0Jid\u00e1\u0161<\/em>\u00a0nedovedli osv\u011bd\u010dit dobr\u00e9 vyzn\u00e1n\u00ed a\u00a0zap\u0159eli Je\u017e\u00ed\u0161e Krista. Rozd\u00edl je jednak v\u00a0hloubce jejich provin\u011bn\u00ed, ale taky v\u00a0tom, \u017ee Petr pros\u00ed o\u00a0odpu\u0161t\u011bn\u00ed, po\u010d\u00edt\u00e1 s\u00a0milost\u00ed, uv\u011bdomuje si, \u017ee nem\u016f\u017ee \u017e\u00edt jinak ne\u017e z\u00a0odpu\u0161t\u011bn\u00ed.<\/li>\n<\/ul>\n\n\n\n<h4 class=\"wp-block-heading\">\u00daskal\u00ed<\/h4>\n\n\n\n<p>Petr jist\u011b m\u011bl Je\u017e\u00ed\u0161e r\u00e1d, ale v&nbsp;t\u00e9to situaci ho p\u0159emohl strach. I&nbsp;my v\u011bt\u0161inou v\u00edme, co by bylo spr\u00e1vn\u00e9, ale neud\u011bl\u00e1me to, nechce se n\u00e1m nebo nem\u00e1me odvahu. Zkusme na to nezapomenout \u2014 abychom nevyl\u00ed\u010dili Petra jako selh\u00e1vaj\u00edc\u00edho, ale o&nbsp;sob\u011b p\u0159itom nepochybujeme.<\/p>\n\n\n\n<h4 class=\"wp-block-heading\" id=\"odkazy-anchor\">Odkazy<\/h4>\n\n\n\n<p>Sou\u010dek, Josef Bohumil:&nbsp;<em>Utrpen\u00ed P\u00e1n\u011b podle evangeli\u00ed.<\/em>&nbsp;Praha: Kalich, 1983.<\/p>\n\n\n\n<p>\u0160tefan, Jan:&nbsp;<em>Vyv\u00fd\u0161en\u00ed Syna \u010dlov\u011bka: sedm postn\u00edch a&nbsp;osm velikono\u010dn\u00edch k\u00e1z\u00e1n\u00ed na Evangelium podle Jana.<\/em>&nbsp;St\u0159edokluky: Zden\u011bk Susa,&nbsp;1998.<\/p>\n\n\n\n<p>Dauvillier, Loic \u2014 Lizano, Marc \u2014 Salsedo, Greg:&nbsp;<em>D\u00edt\u011b&nbsp;s&nbsp;hv\u011bzdi\u010dkou.<\/em>&nbsp;Praha: Albatros, 2012.<\/p>\n\n\n\n<p>\u0160orm, Zden\u011bk:&nbsp;<em>Petrovo zap\u0159en\u00ed.<\/em>&nbsp;Dostupn\u00e9 z&nbsp;<a href=\"http:\/\/goo.gl\/JVnQqI.\" target=\"_blank\" rel=\"noopener\">http:\/\/goo.gl\/JVnQqI.<\/a>&nbsp;<em>(pracovn\u00ed list)<\/em><\/p>\n\n\n\n<p>Kryl, Karel:<em>&nbsp;Zap\u0159en\u00ed Petrovo.<\/em>&nbsp;Dostupn\u00e9 z&nbsp;<a href=\"http:\/\/youtu.be\/I10jfYgL_84\" target=\"_blank\" rel=\"noopener\">http:\/\/youtu.be\/I10jfYgL_84<\/a>.&nbsp;<em>(p\u00edse\u0148)<\/em><\/p>\n\n\n\n<p><em>Simon Petrus, auch Kephas genannt.<\/em>&nbsp;Dostupn\u00e9 z&nbsp;<a href=\"http:\/\/goo.gl\/1czi5A\" target=\"_blank\" rel=\"noopener\">http:\/\/goo.gl\/1czi5A<\/a>.<\/p>\n\n\n\n<p>\u017dd 6,4\u20136<\/p>\n\n\n\n<hr class=\"wp-block-separator has-alpha-channel-opacity\"\/>\n\n\n\n<h3 class=\"wp-block-heading\">Pro d\u011bti<\/h3>\n\n\n\n<h4 class=\"wp-block-heading\">Pro p\u0159ed\u0161koln\u00ed d\u011bti<\/h4>\n\n\n\n<p>B\u00fdv\u00e1te n\u011bkdy sami? Mus\u00edte n\u011bkam sami j\u00edt, n\u011bco sami ud\u011blat\u2026? M\u00e1te strach?<\/p>\n\n\n\n<p><em>M\u016f\u017eeme pou\u017e\u00edt biblickou postavi\u010dku (nebo n\u011bjakou jinou figurku). Postav\u00edme jednu samotnou, pak k&nbsp;n\u00ed p\u0159id\u00e1me dal\u0161\u00ed \u2014 jako pr\u016fvodce. Pozd\u011bji m\u016f\u017eeme zn\u00e1zornit podobn\u011b, \u017ee Je\u017e\u00ed\u0161e postupn\u011b jeho nejbli\u017e\u0161\u00ed opou\u0161t\u011bj\u00ed a&nbsp;z\u016fst\u00e1v\u00e1 s\u00e1m.<\/em><\/p>\n\n\n\n<p>Jak je to u&nbsp;zuba\u0159e, u&nbsp;pan\u00ed doktorky\u2026? Doprov\u00e1zej\u00ed v\u00e1s rodi\u010de? Byli jste n\u011bkdy sami v&nbsp;nemocnici? V\u00edte o&nbsp;n\u011bkom, kdo \u017eije s\u00e1m a&nbsp;ud\u011blalo by mu radost, kdybyste ho nav\u0161t\u00edvili nebo mu poslali pohlednici?<\/p>\n\n\n\n<p>Je mezi d\u011btmi (ve \u0161kolce, ve \u0161kole\u2026) n\u011bkdo, koho ostatn\u00ed nemaj\u00ed r\u00e1di nebo mu ubli\u017euj\u00ed, sm\u011bj\u00ed se mu? D\u00e1 se n\u011bjak tomuto d\u00edt\u011bti pomoci? Za\u017eili jste n\u011bkdy sami, \u017ee se v\u00e1m sm\u011bj\u00ed, ud\u011blaj\u00ed n\u011bco naschv\u00e1l?<\/p>\n\n\n\n<p>M\u016f\u017eeme d\u011btem stru\u010dn\u011b p\u0159evypr\u00e1v\u011bt velikono\u010dn\u00ed p\u0159\u00edb\u011bh a\u017e k&nbsp;t\u00e9to ud\u00e1losti (p\u0159\u00edp. s&nbsp;pomoc\u00ed obr\u00e1zk\u016f, nap\u0159. v&nbsp;d\u011btsk\u00e9 Bibli).<\/p>\n\n\n\n<p>Nebo si s&nbsp;d\u011btmi pov\u00eddat, co o&nbsp;Velikonoc\u00edch v\u011bd\u00ed. (Aby p\u0159\u00edb\u011bh Petrova zap\u0159en\u00ed m\u011bl m\u00edsto ve velikono\u010dn\u00edm d\u011bn\u00ed.)<\/p>\n\n\n\n<p>Svoji zradu si Petr uv\u011bdomil, kdy\u017e usly\u0161el kohouta.&nbsp;<em>(D\u011bti mohou zakokrhat, aby Petra probudily.)<\/em>&nbsp;Kohout ohla\u0161uje nov\u00fd den. Petr si uv\u011bdom\u00ed, co ud\u011blal, ale jeho smutek a&nbsp;l\u00edtost u\u017e je prvn\u00ed krok k&nbsp;odpu\u0161t\u011bn\u00ed, k&nbsp;tomu, aby mohl j\u00edt d\u00e1l.<\/p>\n\n\n\n<h5 class=\"wp-block-heading\">Aktivita<\/h5>\n\n\n\n<p>D\u011bti mohou kohouta pest\u0159e vybarvit nebo polepit kousky barevn\u00fdch pap\u00edr\u016f nebo l\u00e1tek. Kohout n\u00e1zorn\u011b p\u0159ipom\u00edn\u00e1 tento p\u0159\u00edb\u011bh a&nbsp;je i&nbsp;znamen\u00edm pro n\u00e1s: jednak varov\u00e1n\u00edm, jednak nad\u011bj\u00ed, \u017ee kdy\u017e n\u011bkoho zap\u0159eme, n\u011bkomu ubl\u00ed\u017e\u00edme, n\u011bco ud\u011bl\u00e1me \u0161patn\u011b, m\u016f\u017eeme (m\u00e1me) toho litovat a&nbsp;prosit o&nbsp;odpu\u0161t\u011bn\u00ed.<\/p>\n\n\n\n<p><em>Pom\u016fcky<\/em>: omalov\u00e1nka kohouta, barvy, p\u0159\u00edp. barevn\u00e9 pap\u00edry nebo barvy na sklo.<\/p>\n\n\n\n<h4 class=\"wp-block-heading\">Pro mlad\u0161\u00ed d\u011bti<\/h4>\n\n\n\n<p>Uk\u00e1\u017eeme d\u011btem obr\u00e1zek kosteln\u00ed v\u011b\u017ee s&nbsp;kohoutem (sta\u010d\u00ed do vyhled\u00e1va\u010de zadat term\u00edn&nbsp;<em>hahn+kirche<\/em>). V\u00edte, pro\u010d je na v\u011b\u017ei pr\u00e1v\u011b kohout? (Vyz\u00fdv\u00e1 k&nbsp;bd\u011blosti.)<\/p>\n\n\n\n<p>V&nbsp;Jeruzal\u00e9m\u011b jsou Velikonoce. \u017did\u00e9 jed\u00ed velikono\u010dn\u00ed ve\u010de\u0159i. Podobn\u011b jedl i&nbsp;Je\u017e\u00ed\u0161 se sv\u00fdmi u\u010dedn\u00edky. Po ve\u010de\u0159i u\u010dedn\u00edk\u016fm umyl nohy. Kleknul si p\u0159ed nimi, sahal na jejich \u0161pinav\u00e9 nohy. \u0158\u00edkal jim, \u017ee i&nbsp;oni se maj\u00ed m\u00edt r\u00e1di a&nbsp;navz\u00e1jem si takhle slou\u017eit. P\u0159ipravoval je na to, \u017ee odejde, u\u017e mezi nimi nebude. Petrovi to bylo l\u00edto.<\/p>\n\n\n\n<p>\u201eChci b\u00fdt po\u0159\u00e1d s&nbsp;tebou, Pane. I&nbsp;\u017eivot bych za tebe polo\u017eil.\u201c<\/p>\n\n\n\n<p>Je\u017e\u00ed\u0161 ale tu\u0161\u00ed, \u017ee to pro Petra nebude lehk\u00e9.<\/p>\n\n\n\n<p>\u201eNe\u017e kohout zakokrh\u00e1, zap\u0159e\u0161 m\u011b, t\u0159ikr\u00e1t.\u201c<\/p>\n\n\n\n<p>Je\u017e\u00ed\u0161 v\u011bd\u011bl, \u017ee p\u0159ich\u00e1z\u00ed t\u011b\u017ek\u00e1 noc pro n\u011bj i&nbsp;pro jeho u\u010dedn\u00edky. Proto se za n\u011b modl\u00ed.<\/p>\n\n\n\n<p>Spole\u010dn\u011b pak odch\u00e1zej\u00ed do zahrady za potok Cedron. Jid\u00e1\u0161 u\u017e s&nbsp;nimi nen\u00ed. \u0160el d\u00e1t v\u011bd\u011bt str\u00e1\u017e\u00edm.<\/p>\n\n\n\n<p>Petr chce b\u00fdt s&nbsp;Je\u017e\u00ed\u0161em. Odv\u00e1\u017e\u00ed se ho br\u00e1nit i&nbsp;me\u010dem.<\/p>\n\n\n\n<p>\u201eSchovej ten me\u010d,\u201c \u0159ekne mu Je\u017e\u00ed\u0161.<\/p>\n\n\n\n<p>Voj\u00e1ci a&nbsp;str\u00e1\u017ee pak Je\u017e\u00ed\u0161e odv\u00e1d\u011bj\u00ed<\/p>\n\n\n\n<p>Je\u017e\u00ed\u0161 ne\u0161el se str\u00e1\u017eemi s\u00e1m, doprov\u00e1zeli ho dva u\u010dedn\u00edci, jeden z&nbsp;nich byl Petr. V\u017edy\u0165 to ned\u00e1vno Je\u017e\u00ed\u0161i sliboval, \u017ee ho nikdy neopust\u00ed. P\u0159i\u0161li k&nbsp;velekn\u011bzovu domu, ve\u0161li na n\u00e1dvo\u0159\u00ed.<\/p>\n\n\n\n<p>N\u011bjak\u00e9 slu\u017eka u&nbsp;dve\u0159\u00ed se na Petra pod\u00edv\u00e1 a&nbsp;\u0159\u00edk\u00e1 si: \u201etenhle nen\u00ed odsud, vypad\u00e1, \u017ee je to ryb\u00e1\u0159 z&nbsp;Galileje\u2026<\/p>\n\n\n\n<p>Nepat\u0159\u00ed\u0161 i&nbsp;ty k&nbsp;u\u010dedn\u00edk\u016fm toho \u010dlov\u011bka?\u201c<\/p>\n\n\n\n<p>\u201eNepat\u0159\u00edm,\u201c \u0159ekne Petr<\/p>\n\n\n\n<p>Je noc, tma a&nbsp;chladno. Na dvo\u0159e ho\u0159\u00ed ohe\u0148, lidi se kolem n\u011bj oh\u0159\u00edvaj\u00ed. Je\u017e\u00ed\u0161 stoj\u00ed p\u0159ed velekn\u011bzem. Petr p\u0159ijde bl\u00ed\u017e k&nbsp;ohni.<\/p>\n\n\n\n<p>Mo\u017en\u00e1 sly\u0161\u00ed, na co se velekn\u011bz pt\u00e1 Je\u017e\u00ed\u0161e. \u201eJak\u00e9 je tvoje u\u010den\u00ed, Je\u017e\u00ed\u0161i?\u201c<\/p>\n\n\n\n<p>Te\u010f by to mohl v\u0161echno velekn\u011bzi \u0159\u00edct, pomysl\u00ed si Petr.<\/p>\n\n\n\n<p>Ale Je\u017e\u00ed\u0161 \u0159\u00edk\u00e1: \u201eMluvil jsem ve\u0159ejn\u011b, v\u0161ichni m\u011b mohli sly\u0161et, i&nbsp;v&nbsp;chr\u00e1m\u011b jsem mluvil. Zeptej se lid\u00ed\u2026 Ne\u0159\u00edkal jsem nic tajemn\u00e9ho.\u201c<\/p>\n\n\n\n<p>\u201eTakhle se neodpov\u00edd\u00e1 velekn\u011bzi!?\u201c ude\u0159\u00ed jeden ze str\u00e1\u017ec\u016f Je\u017e\u00ed\u0161e do obli\u010deje.<\/p>\n\n\n\n<p>Petr to sleduje zpovzd\u00e1l\u00ed. Je mu je\u0161t\u011b v\u00edc zima, zaryt\u011b hled\u00ed do ohn\u011b.<\/p>\n\n\n\n<p>A&nbsp;tu se na n\u011bj zase n\u011bkdo zad\u00edv\u00e1. \u201eNejsi i&nbsp;ty z&nbsp;jeho u\u010dedn\u00edk\u016f?\u201c<\/p>\n\n\n\n<p>\u201eNejsem.\u201c<\/p>\n\n\n\n<p>A&nbsp;je\u0161t\u011b pot\u0159et\u00ed. Jeden z&nbsp;velekn\u011bzov\u00fdch sluh\u016f, je to p\u0159\u00edbuzn\u00fd toho, komu Petr usekl ucho, kdy\u017e cht\u011bl Je\u017e\u00ed\u0161e br\u00e1nit me\u010dem, \u0159ekne Petrovi: \u201eCo\u017e jsem t\u011b nevid\u011bl s&nbsp;n\u00edm v&nbsp;zahrad\u011b?\u201c<\/p>\n\n\n\n<p>Petr op\u011bt zap\u0159e.<\/p>\n\n\n\n<p>Vtom zakokrh\u00e1 kohout.<\/p>\n\n\n\n<p>V\u00edte, jak to bylo s&nbsp;Petrem d\u00e1l?<\/p>\n\n\n\n<p><em>D\u011bti mo\u017en\u00e1 v\u011bd\u00ed nebo h\u00e1daj\u00ed (ute\u010de, pl\u00e1\u010de, zap\u0159e je\u0161t\u011b znovu\u2026). M\u016f\u017eeme naj\u00edt text v&nbsp;Bibli (J 19,25\u201327).<\/em><\/p>\n\n\n\n<p>V&nbsp;Janov\u011b evangeliu se nep\u00ed\u0161e, co Petr tuhle noc d\u011blal d\u00e1l. A\u017e po vzk\u0159\u00ed\u0161en\u00ed se Je\u017e\u00ed\u0161 znovu s&nbsp;Petrem potk\u00e1. V&nbsp;Galileji u&nbsp;jezera Genezaretsk\u00e9ho. Zase dostane Petr t\u0159i ot\u00e1zky. Te\u010f se ho pt\u00e1 Je\u017e\u00ed\u0161 s\u00e1m. Pt\u00e1 se Petra, jestli ho m\u00e1 r\u00e1d. Petr t\u0159ikr\u00e1t odpov\u00ed: ano. Pot\u0159et\u00ed \u0159ekne: Ty v\u00ed\u0161 v\u0161ecko. Ty v\u00ed\u0161 taky, \u017ee t\u011b m\u00e1m r\u00e1d.<\/p>\n\n\n\n<p>Petr nem\u016f\u017ee a&nbsp;nechce zap\u0159\u00edt svou zradu. Pros\u00ed o&nbsp;odpu\u0161t\u011bn\u00ed.<\/p>\n\n\n\n<p>A&nbsp;zrovna tohohle Petra, kter\u00fd nem\u011bl odvahu se p\u0159iznat, \u017ee Je\u017e\u00ed\u0161e zn\u00e1, pos\u00edl\u00e1 Je\u017e\u00ed\u0161 mezi lidi, aby jim byl past\u00fd\u0159em. Staral se o&nbsp;n\u011b a&nbsp;vypr\u00e1v\u011bl jim o&nbsp;P\u00e1nu Bohu a&nbsp;o&nbsp;Je\u017e\u00ed\u0161i.<\/p>\n\n\n\n<h4 class=\"wp-block-heading\">Pro star\u0161\u00ed d\u011bti<\/h4>\n\n\n\n<ul>\n<li>V\u00edte, co je to \u0161ikana? Setkali jste se s\u00a0n\u00ed n\u011bkdy? Jak\u00e9 to je n\u011bkoho se zastat? \u0158\u00edct nahlas: to je m\u016fj kamar\u00e1d, nechte ho b\u00fdt\u2026<\/li>\n\n\n\n<li>Zazp\u00edvejte nebo si aspo\u0148 p\u0159ed sebou otev\u0159ete ve zp\u011bvn\u00edku p\u00edse\u0148 Byl jsi tam. V\u00a0t\u00e9 p\u00edsni se st\u00e1v\u00e1me trochu \u00fa\u010dastn\u00edky velikono\u010dn\u00edho d\u011bn\u00ed. V\u00a0jednotliv\u00fdch slok\u00e1ch Je\u017e\u00ed\u0161e doprov\u00e1z\u00edme. I\u00a0Petrova zap\u0159en\u00ed se v\u00a0p\u00edsni \u00fa\u010dastn\u00edme. Velikonoce jsou d\u00e1vn\u00e1 historick\u00e1 ud\u00e1lost, ale ka\u017ed\u00fd rok jsou zp\u0159\u00edtom\u0148ov\u00e1ny, ka\u017ed\u00fd rok do nich m\u016f\u017eeme vstoupit, Je\u017e\u00ed\u0161e doprov\u00e1zet, p\u0159em\u00fd\u0161let, kde je v\u00a0tom d\u011bn\u00ed na\u0161e m\u00edsto. S\u00a0t\u00edm, kdo a\u00a0jac\u00ed jsme te\u010f. Kdy a\u00a0jak jsme Je\u017e\u00ed\u0161e zradili, zap\u0159eli. Nep\u0159iznali se k\u00a0n\u011bmu nebo se chovali, jako bychom ho neznali.<\/li>\n\n\n\n<li>Dejte s\u00a0d\u011btmi dohromady, co v\u0161echno v\u00edte o\u00a0Petrovi; jeho \u201evzestupy a\u00a0p\u00e1dy\u201c (zavol\u00e1n za u\u010dedn\u00edka; vyzn\u00e1n\u00ed Je\u017e\u00ed\u0161e jako Mesi\u00e1\u0161e; odrazov\u00e1n\u00ed Je\u017e\u00ed\u0161e od cesty utrpen\u00ed; ch\u016fze po vod\u011b; p\u0159\u00edtomnost p\u0159i d\u016fle\u017eit\u00fdch Je\u017e\u00ed\u0161ov\u00fdch \u010dinech; jm\u00e9no Petr, tj. sk\u00e1la; reakce na Je\u017e\u00ed\u0161ovo myt\u00ed nohou u\u010dedn\u00edk\u016fm; \u201ebd\u011bn\u00ed\u201c v\u00a0Getsemane; zap\u0159en\u00ed; setk\u00e1n\u00ed se Vzk\u0159\u00ed\u0161en\u00fdm \u2014 Je\u017e\u00ed\u0161 Petra nezavrhl).<\/li>\n\n\n\n<li>Zap\u0159en\u00ed nemus\u00ed b\u00fdt v\u017edy negativn\u00ed. Dok\u00e1\u017eete si p\u0159edstavit, vymyslet situaci, kdy zap\u0159en\u00ed je spr\u00e1vn\u00e9? (Nap\u0159.\u00a0kdy\u017e n\u011bkdo za v\u00e1lky ukr\u00fdval doma \u017didy a\u00a0zap\u0159el je p\u0159ed gestapem. K\u00a0tomu je nap\u0159.\u00a0kniha\u00a0<em>D\u00edt\u011b s\u00a0hv\u011bzdi\u010dkou<\/em>\u00a0\u2014 viz\u00a0<em><a href=\"https:\/\/katecheze.evangnet.cz\/katecheticke-pripravy\/petrovo-zapreni-0#odkazy-anchor\" target=\"_blank\" rel=\"noopener\">Odkazy<\/a>.<\/em>)<\/li>\n<\/ul>\n\n\n\n<h4 class=\"wp-block-heading\">P\u0159esah<\/h4>\n\n\n\n<ul>\n<li>Prohl\u00e9dn\u011bte si s\u00a0d\u011btmi mapu Jeruzal\u00e9ma a\u00a0m\u00edsta, kde se odehr\u00e1v\u00e1 velikono\u010dn\u00ed p\u0159\u00edb\u011bh.<\/li>\n\n\n\n<li>Tematizujte mo\u017enost nov\u00e9ho za\u010d\u00e1tku (jako dostal Petr, kdy\u017e zap\u0159en\u00ed litoval): zn\u00e1te n\u011bjakou hru, kde se \u010dlov\u011bk mus\u00ed vracet zp\u00e1tky na start? Nap\u0159. Cukr, k\u00e1va: kdy\u017e se h\u00fdbete ve chv\u00edli, kdy m\u00e1te st\u00e1t bez hnut\u00ed, vrac\u00edte se na start, ale m\u016f\u017eete ve h\u0159e pokra\u010dovat.<\/li>\n\n\n\n<li>Petr c\u00edt\u00ed vinu, \u017ee Je\u017e\u00ed\u0161e zap\u0159el. Co d\u011blat, kdy\u017e n\u011bkomu ubl\u00ed\u017e\u00edme? Co je to l\u00edtost, pok\u00e1n\u00ed, p\u0159izn\u00e1n\u00ed, odpu\u0161t\u011bn\u00ed\u2026? \u010c\u00edm (nap\u0159. jak\u00fdmi gesty) m\u016f\u017ee toto b\u00fdt prov\u00e1zeno?<\/li>\n\n\n\n<li>M\u016f\u017eete si vytisknout a\u00a0s\u00a0d\u011btmi pou\u017e\u00edt pracovn\u00ed list Zde\u0148ka \u0160orma \u2014 zde se odkazuje na p\u0159\u00edb\u011bh z\u00a0Luk\u00e1\u0161ova evangelia, kde Petr pl\u00e1\u010de (viz\u00a0<em><a href=\"https:\/\/katecheze.evangnet.cz\/katecheticke-pripravy\/petrovo-zapreni-0#odkazy-anchor\" target=\"_blank\" rel=\"noopener\">Odkazy<\/a><\/em>).<\/li>\n\n\n\n<li>Pus\u0165te d\u011btem p\u00edse\u0148 Krylovu p\u00edse\u0148\u00a0<em>Zap\u0159en\u00ed Petrovo<\/em>\u00a0(viz\u00a0<em><a href=\"https:\/\/katecheze.evangnet.cz\/katecheticke-pripravy\/petrovo-zapreni-0#odkazy-anchor\" target=\"_blank\" rel=\"noopener\">Odkazy<\/a><\/em>).<\/li>\n<\/ul>\n\n\n\n<hr class=\"wp-block-separator has-alpha-channel-opacity\"\/>\n\n\n\n<h3 class=\"wp-block-heading\">Liturgie<\/h3>\n\n\n\n<h4 class=\"wp-block-heading\">P\u00edsn\u011b<\/h4>\n\n\n\n<p>Sv\u00edt\u00e1: 267 \u2014&nbsp;<em>Pro\u010d jen ml\u010d\u00ed\u0161, Pane?<\/em>; 25 \u2014&nbsp;<em>Byl&nbsp;jsi&nbsp;tam?<\/em>; 401 \u2014&nbsp;<em>Z\u016fsta\u0148 s&nbsp;n\u00e1mi, Pane, kdy\u017e se stm\u00edv\u00e1<\/em>; 382 \u2014&nbsp;<em>Vy siln\u00ed ve v\u00ed\u0159e<\/em>; 73 \u2014&nbsp;<em>Ho\u0159k\u00e1&nbsp;byla&nbsp;noc<\/em>; 443 \u2014&nbsp;<em>Z\u016fsta\u0148te zde a&nbsp;bd\u011bte se mnou<\/em><\/p>\n\n\n\n<p>Evangelick\u00fd zp\u011bvn\u00edk: 643 \u2014&nbsp;<em>Kdy\u017e soumrak zh\u00e1\u0161\u00ed<\/em><\/p>\n\n\n\n<h4 class=\"wp-block-heading\">Biblick\u00fd text k&nbsp;zapamatov\u00e1n\u00ed<\/h4>\n\n\n\n<p><em>Pane, ty v\u00ed\u0161 v\u0161ecko, ty v\u00ed\u0161 tak\u00e9, \u017ee t\u011b m\u00e1m r\u00e1d.<\/em><\/p>\n\n\n\n<p>(Je to \u010d\u00e1st ver\u0161e J 21,17:&nbsp;<em>Zeptal se ho pot\u0159et\u00ed: \u201e\u0160imone, synu Jan\u016fv, m\u00e1\u0161 mne r\u00e1d?\u201c Petr se&nbsp;zarmoutil nad t\u00edm, \u017ee se ho pot\u0159et\u00ed zeptal, m\u00e1-li ho r\u00e1d. Odpov\u011bd\u011bl mu: \u201ePane, ty v\u00ed\u0161 v\u0161ecko, ty v\u00ed\u0161 tak\u00e9, \u017ee&nbsp;t\u011b m\u00e1m r\u00e1d.\u201c Je\u017e\u00ed\u0161 mu \u0159ekl: \u201ePas m\u00e9 ovce!\u201c<\/em>)<\/p>\n\n\n\n<h4 class=\"wp-block-heading\">Modlitba<\/h4>\n\n\n\n<p><em>Pane Je\u017e\u00ed\u0161i, mysl\u00edme na to, jak jsi o&nbsp;Velikonoc\u00edch z\u016fstal s\u00e1m, u\u010dedn\u00edci nem\u011bli odvahu a&nbsp;s\u00edlu b\u00fdt s&nbsp;tebou. Petr t\u011b zap\u0159el. Pro n\u00e1s taky n\u011bkdy nen\u00ed snadn\u00e9 se k&nbsp;tob\u011b p\u0159iznat. A&nbsp;kamar\u00e1d\u016fm v&nbsp;nouzi taky n\u011bkdy nepom\u016f\u017eeme. Je n\u00e1m to l\u00edto. Odpus\u0165 n\u00e1m to a&nbsp;dej n\u00e1m v\u00edc odvahy. Amen.<\/em><\/p>\n","protected":false},"template":"","categories":[12,17,19],"_links":{"self":[{"href":"https:\/\/deti.evangnet.cz\/katecheze\/wp-json\/wp\/v2\/katecheze\/146"}],"collection":[{"href":"https:\/\/deti.evangnet.cz\/katecheze\/wp-json\/wp\/v2\/katecheze"}],"about":[{"href":"https:\/\/deti.evangnet.cz\/katecheze\/wp-json\/wp\/v2\/types\/katecheze"}],"version-history":[{"count":1,"href":"https:\/\/deti.evangnet.cz\/katecheze\/wp-json\/wp\/v2\/katecheze\/146\/revisions"}],"predecessor-version":[{"id":161,"href":"https:\/\/deti.evangnet.cz\/katecheze\/wp-json\/wp\/v2\/katecheze\/146\/revisions\/161"}],"wp:attachment":[{"href":"https:\/\/deti.evangnet.cz\/katecheze\/wp-json\/wp\/v2\/media?parent=146"}],"wp:term":[{"taxonomy":"category","embeddable":true,"href":"https:\/\/deti.evangnet.cz\/katecheze\/wp-json\/wp\/v2\/categories?post=146"}],"curies":[{"name":"wp","href":"https:\/\/api.w.org\/{rel}","templated":true}]}}