
{"id":1459,"date":"2025-07-26T13:36:17","date_gmt":"2025-07-26T11:36:17","guid":{"rendered":"https:\/\/deti.evangnet.cz\/katecheze\/?post_type=katecheze&#038;p=1459"},"modified":"2025-07-26T13:36:21","modified_gmt":"2025-07-26T11:36:21","slug":"otevru-vase-hroby","status":"publish","type":"katecheze","link":"https:\/\/deti.evangnet.cz\/katecheze\/katecheze\/otevru-vase-hroby\/","title":{"rendered":"Otev\u0159u va\u0161e hroby"},"content":{"rendered":"\n<h3 class=\"wp-block-heading\">T\u00e9ma<\/h3>\n\n\n\n<p>P\u00e1n B\u016fh m\u00e1 posledn\u00ed slovo. \u017d\u00e1dn\u00e1 tma nen\u00ed tak temn\u00e1, aby v&nbsp;n\u00ed P\u00e1n B\u016fh nemohl rozsv\u00edtit. P\u00e1n B\u016fh je d\u00e1rcem \u017eivota.<\/p>\n\n\n\n<h3 class=\"wp-block-heading\">C\u00edl<\/h3>\n\n\n\n<ul>\n<li>D\u011bti se dozv\u011bd\u00ed biblick\u00fd p\u0159\u00edb\u011bh, o\u00a0kter\u00e9m zp\u00edvaj\u00ed v\u00a0<em>\u00dadol\u00ed such\u00fdch kost\u00ed<\/em>\u00a0(Sv\u00edt\u00e1\u00a050).<\/li>\n\n\n\n<li>Pov\u00edme jim o\u00a0tom, \u017ee d\u00edky Bohu nic \u010dern\u00e9ho, smutn\u00e9ho, bolestn\u00e9ho nen\u00ed nezm\u011bniteln\u011b napo\u0159\u00e1d.<\/li>\n<\/ul>\n\n\n\n<h2 class=\"wp-block-heading\">Pro u\u010ditele<\/h2>\n\n\n\n<p>Biblick\u00fd text: Ez 37,1\u201314; J 20,19\u201323; (\u017d 85)<\/p>\n\n\n\n<h3 class=\"wp-block-heading\">V\u00fdkladov\u00e9 pozn\u00e1mky<\/h3>\n\n\n\n<ul>\n<li>Kniha Ezechiel vznikla mezi lety 600\u2013560 p\u0159ed Kr. v\u00a0Babyl\u00f3nii. Zpravidla je \u010dlen\u011bna na \u010dty\u0159i \u010d\u00e1sti: 1\u201324\u00a0\u2014 soud nad Judskem a\u00a0Jeruzal\u00e9mem, k\u00e1r\u00e1n\u00ed h\u0159\u00edch\u016f; 25\u201332\u00a0\u2014 proroctv\u00ed o\u00a0p\u00e1du nep\u0159\u00e1tel; 33\u201339\u00a0\u2014 \u00fat\u011bcha zajatc\u016f; 40\u201348\u00a0\u2014 p\u0159ijde mesi\u00e1\u0161sk\u00fd v\u011bk.<\/li>\n\n\n\n<li>37. kapitolu nelze \u010d\u00edst mimo kontext p\u0159edchoz\u00edch v\u00fdpov\u011bd\u00ed: zasl\u00edben\u00ed nov\u00e9ho past\u00fd\u0159e (34), pl\u00e1n sp\u00e1sy (36).<\/li>\n\n\n\n<li>Ezechiel byl z\u0159ejm\u011b synem n\u011bkter\u00e9ho z\u00a0kn\u011b\u017e\u00ed jeruzal\u00e9msk\u00e9ho chr\u00e1mu (byl i\u00a0s\u00e1m kn\u011bzem). Byl snad sou\u010dasn\u00edkem prorok\u016f Daniele a\u00a0Jeremi\u00e1\u0161e. Pat\u0159il v\u00a0roce 598 p\u0159. Kr. do skupiny prvn\u00edch odvedenc\u016f do \u201ebabyl\u00f3nsk\u00e9ho zajet\u00ed\u201c. Bydlel v\u00a0Mezopot\u00e1mii u\u00a0\u0159eky Kebar (Ch\u00e1b\u00far). Do zni\u010den\u00ed Jeruzal\u00e9ma v\u00a0roce 586 p\u0159ed Kr. (Ez 33,21n) ohla\u0161oval trest a\u00a0katastrofu, pot\u00e9 pot\u011b\u0161oval a\u00a0vyhl\u00ed\u017eel z\u00e1chranu, by\u0165 ne hned.<\/li>\n\n\n\n<li>V\u00a0Ez 33,10 je kl\u00ed\u010dov\u00e1 ot\u00e1zka: Lp\u00ed na n\u00e1s na\u0161e nev\u011brnosti a\u00a0na\u0161e h\u0159\u00edchy a\u00a0my pro n\u011b zahyneme. Jak budeme moci \u017e\u00edt? Kapitola 37 je z\u00a0pokus\u016f o\u00a0odpov\u011b\u010f na ni.<\/li>\n\n\n\n<li>Obrat \u201espo\u010dinula na mn\u011b ruka Hospodinova\u201c uv\u00e1d\u00ed \u201enovou prorockou vizi\u201c.<\/li>\n\n\n\n<li>Kosti jsou obrazem toho, \u017ee u\u017e nen\u00ed \u017e\u00e1dn\u00e1 nad\u011bje. Izraeli se zd\u00e1, \u017ee neprohr\u00e1l jen jednu konkr\u00e9tn\u00ed bitvu (o\u00a0Jeruzal\u00e9m), ale v\u0161echno. Kost bez masa je znakem \u201etot\u00e1ln\u00ed smrti\u201c. Kosti reprezentuj\u00ed v\u0161echen d\u016fm izraelsk\u00fd (v. 11) v\u00a0babylonsk\u00e9m zajet\u00ed. Kosti uschnuly = vyschl \u017eivot (v. 1 = v. 11), srv. t\u00e9\u017e \u017d\u00a0141,7.<\/li>\n\n\n\n<li>Nejde jen o\u00a0to, co se odehr\u00e1lo, \u010deho\u017e n\u00e1sledky poci\u0165ujeme, ale o\u00a0to, \u017ee se i\u00a0leccos odehr\u00e1t je\u0161t\u011b m\u016f\u017ee, bude\u00ad-li Hospodin cht\u00edt. Biblick\u00e1 v\u00edra je v\u00edra otev\u0159en\u00e9 perspektivy.<\/li>\n\n\n\n<li>Nepoh\u0159ben\u00e9 kosti. Nena\u0161el se ani nikdo, kdo by prok\u00e1zal posledn\u00ed d\u016fstojnou slu\u017ebu.<\/li>\n\n\n\n<li>Na Hospodinovu ot\u00e1zku by logickou odpov\u011bd\u00ed bylo: ne. Prorok ov\u0161em douf\u00e1 v\u00a0nep\u0159edstavitelnou a\u00a0neohrani\u010denou Bo\u017e\u00ed moc (Dt 32,39; 1S 2,6; \u0158 4,17). Kdy\u017e u\u017e m\u00e1me sbaleno, zav\u0159eno, pr\u00e1zdno, kdy\u017e si nev\u00edme rady, kdy\u017e u\u017e prost\u011b nic, tak je\u0161t\u011b lze s\u00a0prorokem v\u011b\u0159it, \u017ee P\u00e1n B\u016fh m\u016f\u017ee vdechnout s\u00edlu, \u017eivot, ud\u011blat n\u011bco, co nikdo ne\u010dekal, nedok\u00e1zal si p\u0159edstavit. Kdy\u017e u\u017e si nev\u00edme v\u016fbec rady. Kdy\u017e u\u017e nic nep\u0159edst\u00edr\u00e1me, nic nem\u00e1me, od sebe ani od druh\u00fdch u\u017e nic ne\u010dek\u00e1me. Kdy\u017e \u0159e\u0161en\u00ed nen\u00ed, nevid\u00edme ho, nen\u00ed v\u00a0na\u0161\u00ed moci\u2026, p\u0159ece m\u016f\u017eeme vyznat: Je\u0161t\u011b n\u011bkde tu\u0161\u00edme, douf\u00e1me v\u00a0Boha, kter\u00fd v\u00ed.<\/li>\n\n\n\n<li>Jsme my v\u011b\u0159\u00edc\u00ed jen slibotechny, obchodn\u00edci s\u00a0de\u0161t\u011bm? Mysl\u00edm si, \u017ee je sp\u00ed\u0161 t\u011b\u017ek\u00e9 \u017e\u00edt tuto nad\u011bji\u00a0\u2014 (odpov\u011bdnou) otev\u0159enost k\u00a0Bo\u017e\u00edm mo\u017enostem. A\u00a0\u017ee ji i\u00a0proto m\u016f\u017eeme odpov\u011bdn\u011b lidem kolem sebe i\u00a0d\u011btem nab\u00edzet.<\/li>\n\n\n\n<li>Zabij\u00e1ci (smrt) nemusej\u00ed m\u00edt posledn\u00ed slovo!<\/li>\n\n\n\n<li>Jestli Ezechiel Bohu v\u011b\u0159\u00ed, mus\u00ed ud\u011blat n\u011bco, co ned\u00e1v\u00e1 smysl: mluvit ke kostem. D\u016fv\u011bra v\u00a0Boha se n\u011bkdy projevuje (mus\u00ed projevit) i\u00a0jedn\u00e1n\u00edm, kter\u00e9 zvenku vypad\u00e1 nelogicky, pot\u0159e\u0161t\u011bn\u011b, nerealisticky (t\u0159eba l\u00e1skou k\u00a0druh\u00fdm, nejen k\u00a0sob\u011b; t\u0159eba mluven\u00edm do dubu). Prorok m\u00e1 u\u017e za sebou jin\u00e9 \u201ev\u011brou\u010dn\u00e9 performance\u201c (nap\u0159\u00edklad kapitoly 3\u20134).<\/li>\n\n\n\n<li>Nen\u00ed asi n\u011bkdy t\u011b\u017ek\u00e9 (pro katechetu, u\u010ditele\/u\u010ditelku N\u0160) se poznat v\u00a0proroc\u00edch, kte\u0159\u00ed mluv\u00ed k\u00a0hluch\u00fdm (srv. tak\u00e9 Iz 6,10). T\u011b\u017ek\u00e9 je n\u011bkdy u\u010dit se d\u016fv\u011b\u0159ovat P\u00e1nu Bohu, \u017ee se sv\u00fdm dechem p\u0159id\u00e1 k\u00a0na\u0161emu sna\u017een\u00ed.<\/li>\n\n\n\n<li>Podle jednoho z\u00a0obrazn\u00fdch l\u00ed\u010den\u00ed stvo\u0159en\u00ed B\u016fh vdechl \u010dlov\u011bku \u017eivot (Gn 2,7). Dech je spolu s\u00a0tlukotem srdce znakem \u017eivota. I\u00a0my dosud pou\u017e\u00edv\u00e1me slovn\u00edho obratu \u201evdechnut\u00ed nov\u00fdch sil\u201c. Kombinace dechu a\u00a0slova jsou tak\u00e9 v\u00a0Nov\u00e9m z\u00e1kon\u011b obrazem nad\u011bje (J 20,19\u201323).<\/li>\n\n\n\n<li>V\u00a0p\u0159\u00edb\u011bhu se potk\u00e1v\u00e1 n\u011bkoliker\u00e9 biblick\u00e9 p\u0159em\u00fd\u0161len\u00ed o\u00a0smrti: B\u016fh m\u016f\u017ee o\u017eivit i\u00a0mrtv\u00e9ho (1Kr 17,17nn; 2Kr 4,18nn; 2Kr 13,21); m\u00e1 \u010dlov\u011bk v\u016fbec jakou nad\u011bji ve smrti (Jb 14,7\u201312.13\u201315 ale i\u00a0Jb 19,25\u201327; Iz 26,14.19); to, \u017ee Hospodin shrom\u00e1\u017ed\u00ed rozpt\u00fdlen\u00e9 a\u00a0pora\u017een\u00e9 (Iz 11,12), je nejv\u011bt\u0161\u00ed nad\u011bje, kter\u00e9 se v\u011bt\u0161ina staroz\u00e1konn\u00edch sv\u011bdk\u016f odv\u00e1\u017eila.<\/li>\n<\/ul>\n\n\n\n<h3 class=\"wp-block-heading\">\u00daskal\u00ed<\/h3>\n\n\n\n<ul>\n<li>R\u016fzn\u00fdmi hr\u00e1tkami s\u00a0kostmi se z\u00a0toho m\u016f\u017ee st\u00e1t fra\u0161ka.<\/li>\n\n\n\n<li>D\u011bti mo\u017en\u00e1 nemaj\u00ed v\u011bt\u0161inou je\u0161t\u011b zku\u0161enost s\u00a0n\u011b\u010d\u00edm definitivn\u00edm, kone\u010dn\u00fdm, \u010derno\u010dern\u00fdm.<\/li>\n\n\n\n<li>Rozhovor o\u00a0tom, zda n\u011bkdo n\u011bkomu um\u0159el a\u00a0jestli d\u011bti maj\u00ed nad\u011bji, \u017ee n\u011bkde n\u011bjak zem\u0159el\u00ed jsou, lze v\u00e9st jen za ur\u010dit\u00e9 konstelace. V\u00a0textu prim\u00e1rn\u011b nav\u00edc nejde o\u00a0vzk\u0159\u00ed\u0161en\u00ed t\u011bla. O\u00a0n\u011bco lep\u0161\u00ed mo\u017enost je t\u0159eba tam, kde je kostel uprost\u0159ed h\u0159bitova nebo nedaleko od n\u011bj. I\u00a0na n\u011bm lze za\u010d\u00edt mluvit o\u00a0tom, co to je smrt, co se s\u00a0t\u011blem d\u011bje po smrti.<\/li>\n\n\n\n<li>Doporu\u010duji ov\u0161em nezapl\u00e9st se do rozhovoru o\u00a0nebi, du\u0161\u00edch a\u00a0podobn\u011b. Ale \u0159\u00edci, \u017ee kdy\u017e n\u00e1m P\u00e1n B\u016fh \u017eivot dal, co\u017e je naprost\u00fd z\u00e1zrak (i\u00a0to, \u017ee se cel\u00fd proces v\u00a0mat\u010din\u011b t\u011ble poda\u0159\u00ed), je v\u00a0jeho moci ud\u011blat n\u011bco i\u00a0tam, kde si my u\u017e zvl\u00e1dneme p\u0159edstavit jen ty \u010dervy.<\/li>\n<\/ul>\n\n\n\n<h3 class=\"wp-block-heading\">Odkazy<\/h3>\n\n\n\n<p>P\u0159\u00edb\u011bh je tak\u00e9 vypr\u00e1v\u011bn v&nbsp;ned\u011blkov\u00e9 \u0159ad\u011b&nbsp;<em>Z\u00e1stup st\u00e1le p\u0159ich\u00e1z\u00ed\u2026 a&nbsp;zas jde d\u00e1l<\/em>.<\/p>\n\n\n\n<hr class=\"wp-block-separator has-alpha-channel-opacity\" \/>\n\n\n\n<h2 class=\"wp-block-heading\">Pro d\u011bti<\/h2>\n\n\n\n<h3 class=\"wp-block-heading\">P\u0159ed\u0161kol\u00e1ci<\/h3>\n\n\n\n<h4 class=\"wp-block-heading\">Varianta a)<\/h4>\n\n\n\n<p>D\u011bti mohou v&nbsp;m\u00edstnosti hledat \u010d\u00e1sti rozst\u0159\u00edhan\u00e9ho obr\u00e1zku (t\u0159eba i&nbsp;mrtv\u00e9ho) voj\u00e1ka. Pak obr\u00e1zek poskl\u00e1daj\u00ed. Co by se muselo st\u00e1t, aby voj\u00e1k o\u017eil?<\/p>\n\n\n\n<p>Nebo jen: Jak se pozn\u00e1, \u017ee \u017eijeme? (Dech, tlukot srdce.)<\/p>\n\n\n\n<p>Kdo dal lidem \u017eivot? P\u00e1n B\u016fh d\u00e1v\u00e1 \u017eivot.<\/p>\n\n\n\n<p>Lze tak\u00e9 nav\u00e1zat: V&nbsp;m\u00edstnosti je rozh\u00e1zen rozst\u0159\u00edhan\u00fd obr\u00e1zek kostela. Pro\u010d lidem stoj\u00ed za to r\u00e1no v&nbsp;ned\u011bli vst\u00e1vat a&nbsp;j\u00edt do kostela? (A&nbsp;nutit k&nbsp;tomu nav\u00edc i&nbsp;d\u011bti.) Co je spojuje? O\u017eivuje? Co \u010dekaj\u00ed? P\u00e1n B\u016fh d\u00e1v\u00e1 lidem s\u00edlu do nov\u00fdch dn\u016f.<\/p>\n\n\n\n<h4 class=\"wp-block-heading\">Varianta b)<\/h4>\n\n\n\n<p>Zazp\u00edvat&nbsp;<em>\u00dadol\u00ed such\u00fdch kost\u00ed<\/em>&nbsp;(Sv\u00edt\u00e1&nbsp;50) a&nbsp;ukazovat na sob\u011b, na sousedovi vyjmenov\u00e1van\u00e9 \u010d\u00e1sti t\u011bla. Pak mo\u017eno pokra\u010dovat zjednodu\u0161en\u00fdm vypr\u00e1v\u011bn\u00edm pro mlad\u0161\u00ed \u0161koln\u00ed d\u011bti.<\/p>\n\n\n\n<p><strong>Pom\u016fcky:<\/strong>&nbsp;Obr\u00e1zek voj\u00e1ka\/voj\u00e1k\u016f, obr\u00e1zek kostela nebo bohoslu\u017eebn\u00e9ho shrom\u00e1\u017ed\u011bn\u00ed (ide\u00e1ln\u011b z&nbsp;vlastn\u00edho sboru, kde by se d\u011bti mohly poznat&nbsp;\u2014 nebo sv\u00e9 rodiny).<\/p>\n\n\n\n<h3 class=\"wp-block-heading\">Mlad\u0161\u00ed \u0161koln\u00ed d\u011bti<\/h3>\n\n\n\n<p><em>(Biblick\u00e9 postavi\u010dky sed\u00ed v&nbsp;kruhu, sklopen\u00e9 hlavy, ruce na obli\u010deji, tmav\u00fd podklad&nbsp;\u2014 vedle mo\u017en\u00e9 vytvo\u0159it z&nbsp;modr\u00e9 l\u00e1tky \u0159eku.)<\/em><\/p>\n\n\n\n<p>Kdo to je? Jak vypadaj\u00ed?<\/p>\n\n\n\n<p>To jsou \u017did\u00e9.<\/p>\n\n\n\n<p>Jejich zemi dobyli Babyl\u00f3\u0148an\u00e9. Zni\u010dili judsk\u00e1 m\u011bsta. I&nbsp;Jeruzal\u00e9m. Rozbo\u0159ili chr\u00e1m. Ukradli v\u0161echno jen trochu cenn\u00e9.<\/p>\n\n\n\n<p><em>(Mo\u017eno na svitku, o&nbsp;kter\u00e9m bude je\u0161t\u011b \u0159e\u010d, m\u00edt i&nbsp;obr\u00e1zek bo\u0159en\u00e9ho chr\u00e1mu \u010di trosek.)<\/em><\/p>\n\n\n\n<p>A&nbsp;potom jim p\u0159ik\u00e1zali: \u201eTy a&nbsp;ty, vy, t\u00e1mhleti, je\u0161t\u011b ty a&nbsp;on tak\u00e9, sbalte si to nejnutn\u011bj\u0161\u00ed, n\u011bjak\u00e9 oble\u010den\u00ed, n\u00e1\u0159ad\u00ed a&nbsp;poz\u00edt\u0159\u00ed se vyd\u00e1te na pochod. P\u0159est\u011bhujete se do jin\u00e9 zem\u011b!\u201c<\/p>\n\n\n\n<p>\u201ePro\u010d?\u201c<\/p>\n\n\n\n<p>\u201eAbyste si tu moc nevyskakovali a&nbsp;nebou\u0159ili se proti na\u0161\u00ed vl\u00e1d\u011b!\u201c na\u0159izuj\u00ed voj\u00e1ci.<\/p>\n\n\n\n<p>Te\u010f sed\u00ed kdesi u&nbsp;\u0159eky Chab\u00far v&nbsp;Babyl\u00f3nii a&nbsp;vzpom\u00ednaj\u00ed, jak\u00e9 to bylo doma. St\u00fdsk\u00e1 se jim. Ka\u017ed\u00e9mu n\u011bkdo z\u016fstal tam daleko. Sta\u0159\u00ed vypr\u00e1v\u011bj\u00ed d\u011btem, co kdysi bylo\u2026<\/p>\n\n\n\n<p>A&nbsp;d\u011bti se ptaj\u00ed: \u201eA&nbsp;pro\u010d se to stalo? Pro\u010d n\u00e1m nepomohl P\u00e1n B\u016fh? Pro\u010d si nechal zni\u010dit chr\u00e1m?\u201c<\/p>\n\n\n\n<p>Je ticho. Nikomu se nechce odpov\u011bd\u011bt.<\/p>\n\n\n\n<p>A\u017e to zkus\u00ed Ezechiel. Kdysi (tam doma) b\u00fdval kn\u011bzem.<\/p>\n\n\n\n<p>\u201eMysl\u00edm, \u017ee tohle v\u0161echno, to, \u017ee jsme tu, \u017ee to je asi trest nebo n\u00e1sledek toho, jak jsme se chovali. \u017de jsme sice P\u00e1nu Bohu nosili do chr\u00e1mu zv\u00ed\u0159ata k&nbsp;ob\u011btov\u00e1n\u00ed, ale z\u00e1rove\u0148 jsme d\u011blali to, o&nbsp;\u010dem jsme dob\u0159e v\u011bd\u011bli, \u017ee se mu to nel\u00edb\u00ed. Bohat\u00ed si naj\u00edmali na pr\u00e1ci chud\u00e9, ale neplatili jim po\u0159\u00e1dn\u011b. P\u016fj\u010dovali pen\u00edze na hrozn\u011b vysok\u00fd \u00farok. A&nbsp;z&nbsp;t\u011bch, kdo nem\u011bli na vr\u00e1cen\u00ed, si d\u011blali otroky. Hladov\u00fdm nikdo nedal chleba, nepomohl. Lid\u00e9 chodili v&nbsp;kr\u00e1sn\u00fdch \u0161atech a&nbsp;bylo jim jedno, \u017ee m\u00edjej\u00ed n\u011bkoho, komu je zima, proto\u017ee m\u00e1 jen p\u00e1r hadr\u016f. V&nbsp;sobotu se norm\u00e1ln\u011b pracovalo, a\u010dkoliv to m\u011bl b\u00fdt den odpo\u010dinku. D\u011bti se nestaraly o&nbsp;sv\u00e9 star\u00e9 rodi\u010de. Lid\u00e9 lhali a&nbsp;okr\u00e1dali se. Bylo toho hodn\u011b, co jsme d\u011blali hloup\u011b\u2026\u201d<\/p>\n\n\n\n<p>\u201eA&nbsp;pro\u010d n\u011bkdo ne\u0159ekl, \u017ee to je \u0161patn\u011b?\u201c<\/p>\n\n\n\n<p>\u201eAle \u0159ekl\u2026 Amos, Oze\u00e1\u0161, Izaj\u00e1\u0161 a&nbsp;dal\u0161\u00ed proroci\u2026 bylo dost t\u011bch, kte\u0159\u00ed n\u00e1s varovali. Nikomu se je necht\u011blo poslouchat. Kr\u00e1lov\u00e9 je zav\u00edrali do v\u011bzen\u00ed, a&nbsp;kdy\u017e se bl\u00ed\u017eilo babyl\u00f3nsk\u00e9 vojsko, spol\u00e9hali se akor\u00e1t na (vojensk\u00e9) smlouvy se sousedn\u00edmi kr\u00e1li. D\u00e1vno ne na Boha.\u201c<\/p>\n\n\n\n<p>Je ticho.<\/p>\n\n\n\n<p>A&nbsp;je tohle napo\u0159\u00e1d?<\/p>\n\n\n\n<p>Je ticho. Nikdo nechce odpov\u011bd\u011bt.<\/p>\n\n\n\n<p><em>(Bal\u00ed\u010dek s&nbsp;lebkou nebo kostmi&nbsp;\u2014 \u010dern\u00e1 l\u00e1tka, nebo pir\u00e1tsk\u00e1 s&nbsp;lebkami\u2026 na to kameny, kosti, such\u00e9 d\u0159evo. Vybran\u00e9 d\u00edt\u011b pomalu rozbaluje.)<\/em><\/p>\n\n\n\n<p>Co to je? \u010ceho jsou kosti symbolem? (Pir\u00e1t\u016f, kte\u0159\u00ed zab\u00edjeli, smrti; toho, \u017ee v\u0161ichni zem\u0159eme.)<\/p>\n\n\n\n<p>V&nbsp;noci se Ezechielovi zd\u00e1l sen. Jako by ho P\u00e1n B\u016fh donutil vst\u00e1t a&nbsp;vydat se na cestu. \u0160el dlouho, a\u017e p\u0159i\u0161el do \u00fadol\u00ed. Hrozn\u00e9ho, smutn\u00e9ho: V\u0161ude tam le\u017eely b\u00edl\u00e9 kosti, lebky a&nbsp;rezav\u00e9 me\u010de. Kdysi se tu asi odehr\u00e1la n\u011bjak\u00e1 bitva. A&nbsp;voj\u00e1ky po n\u00ed ani nikdo nepoh\u0159bil. Supi a&nbsp;\u0161akalov\u00e9 je o\u017erali. Zbytek ud\u011blali \u010dervi, mravenci, v\u00edtr, d\u00e9\u0161\u0165.<\/p>\n\n\n\n<p>\u201eEzechieli, mohou tyto kosti o\u017e\u00edt?\u201c zeptal se P\u00e1n B\u016fh.<\/p>\n\n\n\n<p>Ezechiel se rozplakal. Bylo mu tam t\u011b\u017eko.<\/p>\n\n\n\n<p>\u201ePane Bo\u017ee, ty to v\u00ed\u0161\u2026\u201d<\/p>\n\n\n\n<p>\u201eD\u00edvej se, Ezechieli!\u201c<\/p>\n\n\n\n<p>Zav\u00e1l v\u00edtr a&nbsp;ozvalo se dun\u011bn\u00ed. Kosti se za\u010daly k&nbsp;sob\u011b p\u0159ibli\u017eovat, najednou je pokryly svaly, \u0161lachy a&nbsp;pak i&nbsp;k\u016f\u017ee. Le\u017eelo tam spousta t\u011bl. A&nbsp;potom se jejich \u00fasta nadechla.<\/p>\n\n\n\n<p>Te\u010f jdi dom\u016f. A&nbsp;z\u00edtra to vypr\u00e1v\u011bj lidem a&nbsp;hlavn\u011b d\u011btem u&nbsp;ohn\u011b, tam dole u&nbsp;\u0159eky, kde se sch\u00e1z\u00edte.<\/p>\n\n\n\n<p>Sed\u00ed tam.<\/p>\n\n\n\n<p>N\u011bco v\u00e1m pov\u00edm. A&nbsp;Ezechiel vypr\u00e1v\u00ed, co mu P\u00e1n B\u016fh uk\u00e1zal.<\/p>\n\n\n\n<p>\u201eMy jsme tu jak ty kosti. Zd\u00e1 se n\u00e1m, \u017ee u\u017e m\u016f\u017ee b\u00fdt jen h\u016f\u0159. U\u017e v&nbsp;nic nedouf\u00e1me. P\u00e1n B\u016fh n\u00e1m v\u0161ak vzkazuje, \u017ee tohle nen\u00ed napo\u0159\u00e1d, \u017ee se vr\u00e1t\u00edme do na\u0161\u00ed zem\u011b. Pamatujete si, jak P\u00e1n B\u016fh ud\u011blal \u010dlov\u011bka&nbsp;\u2014 vdechl mu \u017eivot; pamatujete, jak se Abrahamovi, kdy\u017e byl u\u017e stra\u0161n\u011b star\u00fd, narodil syn; pamatujete si na J\u00e1koba, jak podvedl sv\u00e9ho bratra a&nbsp;pak plakal uprost\u0159ed noci na \u00fat\u011bku a&nbsp;p\u0159eci se po letech usm\u00ed\u0159ili a&nbsp;on se vr\u00e1til dom\u016f; jak Josefa jeho brat\u0159i prodali za otroka a&nbsp;nakonec mu d\u011bkovali, \u017ee je zachr\u00e1nil p\u0159ed smrt\u00ed hladem; jak na\u0161i p\u0159edci utekli noc\u00ed p\u0159ed fara\u00f3nem z&nbsp;Egypta a&nbsp;ani mo\u0159e je nezastavilo\u2026?\u201c<\/p>\n\n\n\n<p><em>(Aktualizace? Nap\u0159.&nbsp;konec totality&nbsp;apod.)<\/em><\/p>\n\n\n\n<p><em>(Mo\u017eno si vyrobit \u201esvitek\u201c narolovan\u00fd na klacky, vlepit \u010di namalovat obr\u00e1zky ke zm\u00edn\u011bn\u00fdm biblick\u00fdm p\u0159\u00edb\u011bh\u016fm a&nbsp;ukazovat na n\u011bm&nbsp;\u2014 \u201e\u010d\u00edst\u201c.)<\/em><\/p>\n\n\n\n<p>\u201eTento \u010das je, abychom pochopili, co jsme d\u011blali \u0161patn\u011b, uv\u011bdomili si, komu m\u00e1me v\u011b\u0159it, na koho spol\u00e9hat\u2026 P\u00e1n B\u016fh i&nbsp;do n\u00e1s zas m\u016f\u017ee vdechnout \u017eivot. Bude l\u00e9pe, i&nbsp;kdy\u017e je kolem \u010derno\u2026 On n\u00e1s v&nbsp;t\u00e9 tm\u011b tady nenech\u00e1!\u201c<\/p>\n\n\n\n<p><em>(Postavi\u010dky \u201eza\u010d\u00ednaj\u00ed vst\u00e1vat\u201c, \u201enadechovat se\u201c, \u201erozp\u0159ahovat ruce\u201c.)<\/em>&nbsp;Ezechielovi poslucha\u010di se malinko nadechli\u2026<\/p>\n\n\n\n<p><strong>Pom\u016fcky:<\/strong>&nbsp;Biblick\u00e9 postavi\u010dky, tmav\u00fd podklad, svitek (obr\u00e1zek zni\u010den\u00e9ho chr\u00e1mu a&nbsp;dal\u0161\u00edch jmenovan\u00fdch ud\u00e1lost\u00ed z&nbsp;d\u011bjin sp\u00e1sy: Adam a&nbsp;Eva; Abraham, S\u00e1ra a&nbsp;Iz\u00e1k; J\u00e1kob; Josef; Moj\u017e\u00ed\u0161), bal\u00ed\u010dek s&nbsp;kostmi \u010di lebkami (mohou b\u00fdt i&nbsp;zv\u00ed\u0159ec\u00ed), pir\u00e1tsk\u00e1 vlajka, kameny, such\u00e9 v\u011btve.<\/p>\n\n\n\n<h3 class=\"wp-block-heading\">Star\u0161\u00ed \u0161koln\u00ed d\u011bti<\/h3>\n\n\n\n<h4 class=\"wp-block-heading\">Varianta a)<\/h4>\n\n\n\n<p>Lze pou\u017e\u00edt p\u0159\u00edb\u011bh pro mlad\u0161\u00ed a&nbsp;doplnit jej o&nbsp;p\u0159esah.<\/p>\n\n\n\n<h4 class=\"wp-block-heading\">Varianta b)<\/h4>\n\n\n\n<p>V&nbsp;tomto sv\u011bt\u011b je n\u011bkdy hodn\u011b t\u011b\u017ek\u00e9 v\u011b\u0159it, \u017ee je n\u011bkde P\u00e1n B\u016fh a&nbsp;m\u00e1 to pod kontrolou. Je tu t\u011b\u017ek\u00e9 v\u011b\u0159it, \u017ee P\u00e1n B\u016fh je dobr\u00fd. Proto\u017ee um\u00edraj\u00ed nejen sta\u0159\u00ed, ale tak\u00e9 d\u011bti na zl\u00e9 nemoci. Proto\u017ee v\u016fbec um\u00edraj\u00ed ti, kter\u00e9 m\u00e1me r\u00e1di. Proto\u017ee bomby dopadaj\u00ed na domy s&nbsp;lidmi. Proto\u017ee se lid\u00e9 z&nbsp;Afriky top\u00ed ve St\u0159edozemn\u00edm mo\u0159i, kdy\u017e ut\u00edkaj\u00ed p\u0159ed v\u00e1lkou. Proto\u017ee lid\u00e9 um\u00edraj\u00ed hladem, \u017e\u00edzn\u00ed.<\/p>\n\n\n\n<p>K&nbsp;Ezechielovi mluv\u00ed Hospodin, spo\u010d\u00edv\u00e1 na n\u011bm jeho ruka. Vid\u00ed p\u0159ed sebou hromadu kost\u00ed. A&nbsp;P\u00e1n B\u016fh se ho pt\u00e1: \u201eMohou tyto kosti o\u017e\u00edt?\u201c<\/p>\n\n\n\n<p>Ne, logicky ne. \u0158ekne si asi ka\u017ed\u00fd v&nbsp;duchu.<\/p>\n\n\n\n<p>Ale Ezechiel p\u0159eci odpov\u00ed: \u201ePanovn\u00edku, Hospodine, ty to v\u00ed\u0161. J\u00e1 nev\u00edm, snad, tu\u0161\u00edm, v\u011b\u0159\u00edm, \u017ee ty dok\u00e1\u017ee\u0161 i&nbsp;to, co j\u00e1 si nedok\u00e1\u017eu p\u0159edstavit.\u201c<\/p>\n\n\n\n<p>Vypad\u00e1 to v&nbsp;tomto sv\u011bt\u011b n\u011bkdy jako hromada mrtv\u00fdch, roztrhan\u00e1 t\u011bla (tak\u00e9 r\u016fzn\u00fdmi vnit\u0159n\u00edmi bolestmi), zhasl\u00e9 o\u010di (proto\u017ee bez jiskry, nad\u011bje, chuti), n\u011bm\u00e1 \u00fasta (t\u011bch, co se nemohou, nedok\u00e1\u017eou ozvat, kdy\u017e je n\u011bkdo t\u00fdr\u00e1)\u2026, je tu spousta bolesti, ne\u00ad-smyslu.<\/p>\n\n\n\n<p>T\u011b\u017ek\u00e9 doufat, \u017ee je p\u0159eci B\u016fh, kter\u00fd v\u00ed o&nbsp;t\u011bch v\u0161ech v\u00fdznamn\u00fdch i&nbsp;bezv\u00fdznamn\u00fdch, o&nbsp;t\u011bch, kdo \u017eili dlouho, i&nbsp;t\u011bch, kdo ode\u0161li p\u0159ed\u010dasn\u011b, n\u00e1siln\u011b, v&nbsp;bolesti, v&nbsp;zoufalstv\u00ed, nesm\u00ed\u0159en\u011b; \u017ee sly\u0161\u00ed vzlyk\u00e1n\u00ed, vid\u00ed slzy. T\u011b\u017ek\u00e9 doufat, \u017ee je p\u0159eci B\u016fh, kter\u00fd m\u016f\u017ee pot\u011b\u0161it. T\u011b\u017ek\u00e9 doufat, \u017ee chv\u00edle, kdy je \u010dlov\u011bku hodn\u011b zle, m\u016f\u017ee skon\u010dit, \u017ee m\u016f\u017ee p\u0159ij\u00edt n\u011bco, n\u011bkdo, s\u00edla, chu\u0165\u2026<\/p>\n\n\n\n<p>Ale to je v\u00edra: (\u017ee) P\u00e1n B\u016fh m\u016f\u017ee ud\u011blat n\u011bco i&nbsp;tam a&nbsp;tehdy, kdy\u017e my (logicky) nic \u010dekat nedok\u00e1\u017eeme.<\/p>\n\n\n\n<h4 class=\"wp-block-heading\">Varianta c)<\/h4>\n\n\n\n<p>Tak\u00e9 lze zazp\u00edvat&nbsp;<em>\u00dadol\u00ed such\u00fdch kost\u00ed<\/em>&nbsp;(Sv\u00edt\u00e1&nbsp;50) a&nbsp;o&nbsp;p\u00edsni za\u010d\u00edt mluvit: Co to je nad\u011bje? Kdo nem\u00e1 nad\u011bji? Je nad\u011bje jen pr\u00e1zdn\u00fd slib? Co znamen\u00e1 \u201ena\u0161e \u00fadol\u00ed\u201c? Je mrtvolou my\u0161lena jen \u201ekostra\u201c, nebo lze b\u00fdt mrtvolou i&nbsp;za \u017eiva?<\/p>\n\n\n\n<h3 class=\"wp-block-heading\">P\u0159esah<\/h3>\n\n\n\n<h4 class=\"wp-block-heading\">Jindy a&nbsp;jinde, ale podobn\u011b<\/h4>\n\n\n\n<p>Sed\u00ed tady Je\u017e\u00ed\u0161ovi u\u010dedn\u00edci a&nbsp;u\u010dednice, jejich kamar\u00e1di a&nbsp;kamar\u00e1dky. Maj\u00ed sv\u011b\u0161en\u00e9 hlavy. Je\u017e\u00ed\u0161e uk\u0159i\u017eovali. Vypr\u00e1v\u011bj\u00ed si o&nbsp;tom, jak ho potkali, jak je u\u010dil, o&nbsp;v\u0161ech t\u011bch setk\u00e1n\u00edch, spole\u010dn\u00e9m j\u00eddle, o&nbsp;tom, jak uzdravoval a&nbsp;dal\u0161\u00edch chv\u00edl\u00edch, kter\u00e9 s&nbsp;n\u00edm za\u017eili.<\/p>\n\n\n\n<p>N\u011bkdo \u0159ekne: Nechte toho. Pak p\u0159ece p\u0159i\u0161li voj\u00e1ci a&nbsp;lid\u00e9, co se b\u00e1li o&nbsp;sv\u016fj chr\u00e1m a&nbsp;jeho po\u0159\u00e1dky, a&nbsp;za hodinu ho odsoudili a&nbsp;v&nbsp;p\u00e1tek p\u0159ed polednem popravili na Golgot\u011b. A&nbsp;my jsme doufali \u00fapln\u011b zbyte\u010dn\u011b, \u017ee on je ten, kdo tento sv\u011bt zachr\u00e1n\u00ed, zm\u011bn\u00ed\u2026!<\/p>\n\n\n\n<p>Dost!<\/p>\n\n\n\n<p>Stoj\u00ed mezi nimi Je\u017e\u00ed\u0161.<\/p>\n\n\n\n<p>V\u0161echno, co jsem v\u00e1s u\u010dil, plat\u00ed! M\u00e1 cenu v\u011b\u0159it P\u00e1nu Bohu. On je p\u0159ece siln\u011bj\u0161\u00ed ne\u017e smrt, ne\u017e v\u0161echny tmy dohromady. Tam, kde se d\u011bkuje Bohu, kde jsou lid\u00e9 spolu a&nbsp;ne vedle sebe, kde se odpou\u0161t\u00ed, kde se lid\u00e9 obdarov\u00e1vaj\u00ed, kde jeden mysl\u00ed na druh\u00e9ho, tam je P\u00e1n B\u016fh bl\u00edzko. A&nbsp;kdy\u017e v\u00e1m chyb\u00ed s\u00edla, kdy\u017e je v\u00e1m smutno, kdy\u017e je v\u0161echno \u0161patn\u011b, kdy\u017e m\u00e1te strach, je tak\u00e9 bl\u00edzko a&nbsp;pom\u016f\u017ee. I&nbsp;kdy\u017e t\u0159eba jinak ne\u017e \u010dek\u00e1te, ne\u017e jste si dok\u00e1zali p\u0159edstavit.<\/p>\n\n\n\n<p>A&nbsp;dechl na n\u011b.<\/p>\n\n\n\n<p>A&nbsp;najednou maj\u00ed s\u00edlu, n\u011bco je jinak, uvnit\u0159 je mnohem l\u00e9pe.<\/p>\n\n\n\n<h4 class=\"wp-block-heading\">Je\u0161t\u011b p\u00e1r n\u00e1pad\u016f:<\/h4>\n\n\n\n<ul>\n<li>Lze hr\u00e1t r\u016fzn\u00e9 hry na \u201esuch\u00e9 kosti\u201c. Lehnout si na zem a\u00a0pomalu probouzet jednotliv\u00e9 \u010d\u00e1sti t\u011bla (palec u\u00a0nohy, kotn\u00edk, koleno, zadek\u2026 oko, nos\u2026). Pohybovat se po m\u00edstnosti a\u00a0na pokyn \u201esuch\u00e9 kosti\u201c zcela ztuhnout a\u00a0na \u201eDuch bo\u017e\u00ed v\u011bje nebo Ezechiel prorokuje\u201c se za\u010d\u00edt h\u00fdbat. M\u016f\u017ee n\u00e1sledovat rozhovor o\u00a0tom, jak\u00e9 je to zase o\u017e\u00edt\u00a0\u2014 moci se po\u0159\u00e1dn\u011b nadechnout.<\/li>\n\n\n\n<li>Na pap\u00edr form\u00e1tu A3 si nakop\u00edrujte zjednodu\u0161enou kostru, rozst\u0159\u00edhejte, rozh\u00e1zejte po m\u00edstnosti a\u00a0nechte d\u011bti skl\u00e1dat.<\/li>\n\n\n\n<li>Star\u0161\u00ed d\u011bti nechte tmav\u00fdmi fixami na velk\u00fd pap\u00edr napsat, co je v\u00a0na\u0161\u00ed dob\u011b zl\u00e9, t\u011b\u017ek\u00e9, smutn\u00e9, z\u00a0\u010deho ony maj\u00ed strach. Pak vypr\u00e1v\u011bt p\u0159\u00edb\u011bh. A\u00a0nakonec do pap\u00edru s\u00a0tmav\u00fdmi v\u011bcmi dne\u0161ka vlepit \u010di barevn\u011b vepsat slovo nad\u011bje. Pak se prost\u011b pomodlit o\u00a0nad\u011bji pro\u2026<\/li>\n\n\n\n<li>Prstov\u00fdmi barvami si d\u011bti mohou na dlani jedn\u00e9 ruky nazna\u010dit kosti, a\u00a0pak ji otisknout na pap\u00edr. A\u00a0pod n\u011bj p\u0159\u00edpadn\u011b napsat: Nad\u011bje.<\/li>\n\n\n\n<li>Z\u00a0r\u016fzn\u00fdch tvar\u016f t\u011bstovin (\u0161pagety, v\u0159etena, kol\u00ednka\u2026) lze vytvo\u0159it kostru a\u00a0nalepit ji na pap\u00edr.<\/li>\n\n\n\n<li>Naplnit n\u00e1dobu mal\u00fdmi kostrami (t\u0159eba jen vyst\u0159i\u017een\u00fdmi) a\u00a0nechat d\u011bti odhadovat kolik jich je\u2026 pak je vysypat na st\u016fl a\u00a0vypr\u00e1v\u011bt p\u0159\u00edb\u011bh.<\/li>\n\n\n\n<li>Jako motivaci lze u\u017e\u00edt rentgenov\u00fd sn\u00edmek a\u00a0s\u00a0d\u011btmi mluvit o\u00a0tom, jestli u\u017e byly rentgenov\u00e1ny.<\/li>\n\n\n\n<li>Nebo p\u0159ineste na ned\u011blku upe\u010den\u00e1 ku\u0159ata (upe\u010den\u00e9 ku\u0159e) a\u00a0nechte je d\u011btem sn\u00edst, a\u00a0pak se jich zeptejte, zda by dok\u00e1zaly kosti poskl\u00e1dat dohromady tak, jak kdysi byly.<\/li>\n\n\n\n<li>Tak\u00e9 si m\u016f\u017eete\u00a0<a href=\"https:\/\/youtu.be\/6dafYxu8cQQ\" target=\"_blank\" rel=\"noopener\">pustit video<\/a>\u00a0a\u00a0mluvit o\u00a0tom, zda si p\u0159\u00edb\u011bh takto p\u0159edstavovat, nebo v\u00a0n\u011bm jde o\u00a0n\u011bco jin\u00e9ho.<\/li>\n<\/ul>\n\n\n\n<hr class=\"wp-block-separator has-alpha-channel-opacity\" \/>\n\n\n\n<h2 class=\"wp-block-heading\">Liturgie<\/h2>\n\n\n\n<h3 class=\"wp-block-heading\">Biblick\u00fd text k&nbsp;zapamatov\u00e1n\u00ed<\/h3>\n\n\n\n<p><em>Hle, j\u00e1 do v\u00e1s uvedu ducha a&nbsp;o\u017eivnete\u2026 I&nbsp;pozn\u00e1te, \u017ee j\u00e1 jsem Hospodin.&nbsp;<\/em>(Ez&nbsp;37,5 b.6 c)<\/p>\n\n\n\n<h3 class=\"wp-block-heading\">Ritu\u00e1l<\/h3>\n\n\n\n<p>Ka\u017edou postavu m\u016f\u017ee prov\u00e1zet jedna p\u00edse\u0148, kterou m\u016f\u017eete zp\u00edvat nebo jej\u00ed \u010d\u00e1st skandovat. U&nbsp;Ezechiele navrhujeme&nbsp;<em>P\u0159ij\u010f ji\u017e, p\u0159ij\u010f Duchu Stvo\u0159iteli<\/em>&nbsp;(Sv\u00edt\u00e1&nbsp;278).<\/p>\n\n\n\n<h3 class=\"wp-block-heading\">Ok\u00e9nko do bohoslu\u017eeb<\/h3>\n\n\n\n<p>V\u00edte, kolik m\u00e1 \u010dlov\u011bk kost\u00ed? Dosp\u011bl\u00fd m\u00e1 zhruba 207 kost\u00ed, d\u00edt\u011b 270. V\u00edte, kolik vzduchu m\u016f\u017ee \u010dlov\u011bk vydechnut po maxim\u00e1ln\u00edm vdechu?<\/p>\n\n\n\n<p>U&nbsp;mu\u017e\u016f je pr\u016fm\u011br cca&nbsp;5,6 litr\u016f, u&nbsp;\u017een kolem 5 litr\u016f. Hodnoty tr\u00e9novan\u00fdch sportovc\u016f dosahuj\u00ed a\u017e 7 litr\u016f (vit\u00e1ln\u00ed kapacita plic).<\/p>\n\n\n\n<p>V\u00edte, jak\u00e1 p\u00edse\u0148 je ve zp\u011bvn\u00edku Sv\u00edt\u00e1 pod \u010d\u00edslem pades\u00e1t?<\/p>\n\n\n\n<p>Tak o&nbsp;tom si budete dnes pov\u00eddat v&nbsp;ned\u011blce\u2026<\/p>\n\n\n\n<h3 class=\"wp-block-heading\">Modlitba<\/h3>\n\n\n\n<p>Pane Bo\u017ee, pros\u00edme: Smutn\u00fdm a&nbsp;ne\u0161\u0165astn\u00fdm uka\u017e, \u017ee jsi s&nbsp;nimi. Amen.<\/p>\n","protected":false},"template":"","categories":[9,18,17,20],"_links":{"self":[{"href":"https:\/\/deti.evangnet.cz\/katecheze\/wp-json\/wp\/v2\/katecheze\/1459"}],"collection":[{"href":"https:\/\/deti.evangnet.cz\/katecheze\/wp-json\/wp\/v2\/katecheze"}],"about":[{"href":"https:\/\/deti.evangnet.cz\/katecheze\/wp-json\/wp\/v2\/types\/katecheze"}],"version-history":[{"count":1,"href":"https:\/\/deti.evangnet.cz\/katecheze\/wp-json\/wp\/v2\/katecheze\/1459\/revisions"}],"predecessor-version":[{"id":1460,"href":"https:\/\/deti.evangnet.cz\/katecheze\/wp-json\/wp\/v2\/katecheze\/1459\/revisions\/1460"}],"wp:attachment":[{"href":"https:\/\/deti.evangnet.cz\/katecheze\/wp-json\/wp\/v2\/media?parent=1459"}],"wp:term":[{"taxonomy":"category","embeddable":true,"href":"https:\/\/deti.evangnet.cz\/katecheze\/wp-json\/wp\/v2\/categories?post=1459"}],"curies":[{"name":"wp","href":"https:\/\/api.w.org\/{rel}","templated":true}]}}