
{"id":1294,"date":"2025-07-01T17:19:59","date_gmt":"2025-07-01T15:19:59","guid":{"rendered":"https:\/\/deti.evangnet.cz\/katecheze\/?post_type=katecheze&#038;p=1294"},"modified":"2025-07-01T17:20:00","modified_gmt":"2025-07-01T15:20:00","slug":"evangelista-jan","status":"publish","type":"katecheze","link":"https:\/\/deti.evangnet.cz\/katecheze\/katecheze\/evangelista-jan\/","title":{"rendered":"Evangelista Jan"},"content":{"rendered":"\n<p>Kdo se dnes p\u0159id\u00e1v\u00e1 k z\u00e1stupu: Evangelista Jan<\/p>\n\n\n\n<p>T\u00e9ma: Je\u017e\u00ed\u0161 je s n\u00e1mi, ale jinak<\/p>\n\n\n\n<p><\/p>\n\n\n\n<p>MOTIVA\u010cN\u00cd UVEDEN\u00cd<\/p>\n\n\n\n<h3 class=\"wp-block-heading\"><br>a) Pro v\u0161echny v\u011bkov\u00e9 skupiny<\/h3>\n\n\n\n<p><br>Zn\u00e1te n\u011bkoho, kdo se jmenuje Jan? A z bible? (Jan K\u0159titel;<br>Jan Zebedeus.) Co d\u011blali, \u010d\u00edm byli? A kdy\u017e \u0159eknu: ,evangelista<br>Jan&#8216;, napad\u00e1 v\u00e1s, co d\u011blal?<\/p>\n\n\n\n<h3 class=\"wp-block-heading\"><br>b) Pro v\u0161echny v\u011bkov\u00e9 skupiny<\/h3>\n\n\n\n<p><br>Stalo se v\u00e1m n\u011bkdy, \u017ee jste nem\u011bli co \u0159\u00edct? (nap\u0159. p\u0159i zkou\u0161en\u00ed ve \u0161kole, nad smutnou ud\u00e1lost\u00ed, p\u0159i p\u0159ekvapen\u00ed.) Co v\u00e1m<br>pomohlo naj\u00edt slova?<br>Stalo se v\u00e1m, \u017ee jste naslouchali vypr\u00e1v\u011bn\u00ed kamar\u00e1d\u016f a cel\u00fd<br>jejich p\u0159\u00edb\u011bh se v\u00e1m zd\u00e1l neuv\u011b\u0159iteln\u00fd? Kdy, za jak\u00fdch okolnost\u00ed<br>byste kamar\u00e1dovi uv\u011b\u0159ili? Jestli\u017ee jste mu nakonec uv\u011b\u0159ili, co<br>v\u00e1s k tomu p\u0159ivedlo?<\/p>\n\n\n\n<h3 class=\"wp-block-heading\"><br>c) Pro p\u0159ed\u0161koln\u00ed d\u011bti<\/h3>\n\n\n\n<p><br>Nafoukn\u011bte s d\u011btmi bal\u00f3nek, vyrobte si v\u011btrn\u00edk anebo p\u0159ineste odkvetlou pampeli\u0161ku. Bal\u00f3nek zav\u00e1zan\u00fd \u010di nezav\u00e1zan\u00fd<br>vypus\u0165te. V\u011btrn\u00edk se to\u010d\u00ed, jen je-li v\u00edtr nebo kdy\u017e s n\u00edm ot\u00e1\u010d\u00edme;<br>stejn\u011b tak reaguje pampeli\u0161ka. \u010c\u00edm jsme naplnili bal\u00f3nek, co<br>rozt\u00e1\u010d\u00ed v\u011btrn\u00edk, pro\u010d l\u00e9t\u00e1 chm\u00fd\u0159\u00ed pampeli\u0161ky? M\u016f\u017eeme to, co je<br>uv\u00e1d\u00ed v pohyb, vid\u011bt? Kolem n\u00e1s jsou ,v\u011bci&#8216;, kter\u00e9 nevid\u00edme, ale<br>p\u0159esto m\u016f\u017eeme pozorovat \u010di poc\u00edtit, co dok\u00e1\u017eou.<\/p>\n\n\n\n<p><\/p>\n\n\n\n<ol>\n<li>POZN\u00c1MKY K TEXTU A JEHO KATECHETICK\u00c9MU<br>VYU\u017dIT\u00cd<\/li>\n<\/ol>\n\n\n\n<ul>\n<li>evangelista Jan &#8211; autor . evangelia; nen\u00ed v prav\u00e9m slova<br>smyslu biblickou postavou. V bibli o n\u011bm nenajdeme \u017e\u00e1dn\u00fd<br>p\u0159\u00edb\u011bh, nedozv\u00edme se nic o jeho \u017eivot\u011b. A p\u0159ece to nejd\u016fle\u017eit\u011bj\u0161\u00ed n\u00e1m s\u00e1m o sob\u011b d\u00e1v\u00e1 poznat: jak\u00fd byl jeho vztah ke<br>Kristu, jak\u00e1 byla jeho v\u00edra. Pr\u00e1v\u011b to zformuloval do sv\u00e9ho<br>evangelijn\u00edho spisu, vlo\u017eil to do postavy u\u010dedn\u00edka Jana. A to<br>p\u0159ece nen\u00ed m\u00e1lo. -V Kristov\u011b p\u0159\u00edb\u011bhu vid\u00ed Jan s\u00e1m sebe jako<br>o\u010dit\u00e9ho a spolehliv\u00e9ho sv\u011bdka; jako u\u010dedn\u00edka, kter\u00fd nechyb\u00ed<br>u nejd\u016fle\u017eit\u011bj\u0161\u00edch ud\u00e1lost\u00ed. P\u0159edstavuje se \u010dten\u00e1\u0159\u016fm jako ten,<br>kdo nezkresluje ud\u00e1losti, kdo je jejich pravdiv\u00fdm vyklada\u010dem,<br>kdo spr\u00e1vn\u011b vysv\u011btluje jejich smysl. Z\u00e1rove\u0148 je t\u00edm, kdo ihned<br>a spr\u00e1vn\u011b pochopil nejhlub\u0161\u00ed smysl pr\u00e1zdn\u00e9ho hrobu (2 , -9). Je<br>t\u00edm u\u010dedn\u00edkem, kter\u00e9ho Je\u017e\u00ed\u0161 miloval (21,2 ).<\/li>\n\n\n\n<li>konec 1.stol., kdy evangelium vznikalo, bylo pro k\u0159es\u0165any nesnadn\u00fdm obdob\u00edm. Po potla\u010den\u00ed \u017eidovsk\u00e9ho povst\u00e1n\u00ed,<br>zni\u010den\u00ed Jeruzal\u00e9ma a rozpt\u00fdlen\u00ed \u017did\u016f v r. 7 do\u0161lo pozd\u011bji za c\u00edsa\u0159\u016f Domitiana a Traiana ke krvav\u00fdm perzekuc\u00edm, kter\u00e9 byly<br>nam\u00ed\u0159eny speci\u00e1ln\u011b proti k\u0159es\u0165an\u016fm. Krom\u011b toho ji\u017e d\u0159\u00edve do\u0161lo<br>k definitivn\u00edmu rozchodu mezi \u017didy a k\u0159es\u0165any, jedni v\u016f\u010di druh\u00fdm se striktn\u011b vymezovali, posl\u00e9ze byli k\u0159es\u0165an\u00e9 ze synagogy<br>vyk\u00e1z\u00e1ni. Mezi vylou\u010den\u00fdmi byl i evangelista Jan. Jak mohlo<br>k takov\u00e9mu rozchodu mezi brat\u0159\u00edmi doj\u00edt? Na \u010d\u00ed stran\u011b je v tomto bolestn\u00e9m z\u00e1pase pravda? M\u00e1 takto podstupovan\u00e9 tr\u00e1pen\u00ed<br>smysl? To jsou z\u0159ejm\u011b n\u011bkter\u00e9 ot\u00e1zky z mnoh\u00fdch, kter\u00e9 si autor<br>\u010dtvrt\u00e9ho evangelia kladl.<\/li>\n\n\n\n<li>evangelista Jan b\u00fdv\u00e1 symbolizov\u00e1n a v um\u011bn\u00ed zn\u00e1zor\u0148ov\u00e1n<br>jako orel (Zj ,7). Pro\u010d? Proto\u017ee vytahuje z hlubin k v\u00fd\u0161in\u00e1m.<br>K\u0159es\u0165an\u00e9 tvo\u0159ili men\u0161inu, nech\u00e1panou a netolerovanou. Sbory<br>\u017eily v ustavi\u010dn\u00e9 nejistot\u011b, uprost\u0159ed nep\u0159\u00e1telstv\u00ed, zbaveny ve\u0161ker\u00fdch ofici\u00e1ln\u00edch pr\u00e1v a ochrany. Za\u017e\u00edvaly tak dotek st\u00ednu k\u0159\u00ed\u017ee.<br>Jan jim chce pomoci k pln\u011bj\u0161\u00edmu a \u017eivotod\u00e1rn\u011bj\u0161\u00edmu zakotven\u00ed<br>v Je\u017e\u00ed\u0161i Kristu. S v\u00edrou v toho prav\u00e9ho, v Je\u017e\u00ed\u0161e Krista, se nemus\u00ed \u010dlov\u011bk prod\u00edrat bahnem a v\u0161udyp\u0159\u00edtomnou temnotou, ale<br>spolu s n\u00edm m\u016f\u017ee vyv\u00e1znout, ba tak\u0159ka vylet\u011bt k osvobodiv\u00e9<br>a zachra\u0148uj\u00edc\u00ed Bo\u017e\u00ed p\u0159\u00edtomnosti, kter\u00e1 u\u017e tady na tomto sv\u011bt\u011b<br>a te\u010f je p\u0159\u00edtomn\u00e1.<\/li>\n\n\n\n<li>p\u0159\u00edb\u011bh z 20. kapitoly od 9. ver\u0161e za\u010d\u00edn\u00e1 za zav\u0159en\u00fdmi<br>dve\u0159mi. U\u010dedn\u00edci se ze ,strachu p\u0159ed \u017didy&#8216; zamkli na petlici. Jsou<br>plni strachu, proto\u017ee z\u016fstali sami, proto\u017ee je opustil Je\u017e\u00ed\u0161.<br>Nechal je na holi\u010dk\u00e1ch. Se v\u0161\u00edm je konec, jednou prov\u017edy. Pro<br>Jana ale pr\u00e1zdn\u00fd hrob nen\u00ed koncem; pr\u00e1v\u011b tak ani pron\u00e1sledov\u00e1n\u00ed a vylou\u010den\u00ed k\u0159es\u0165an\u016f ze synagog nen\u00ed definitivn\u00ed, \u017eivot<br>berouc\u00ed skute\u010dnost; nen\u00ed to konec. I do t\u011bchto okolnost\u00ed k n\u00e1m<br>p\u0159ich\u00e1z\u00ed Je\u017e\u00ed\u0161 s pozdravem: ,Pokoj v\u00e1m!, a z\u016fst\u00e1v\u00e1 s n\u00e1mi. Je<br>to skute\u010dn\u011b Je\u017e\u00ed\u0161, kdo zachra\u0148uje z ne-\u017eivota. Neopustil, neml\u010d\u00ed, nen\u00ed mrtev. P\u0159itom je jasn\u00e9, \u017ee Je\u017e\u00ed\u0161 u\u017e s nimi nem\u016f\u017ee b\u00fdt,<br>tak jak b\u00fdval. Od te\u010f je s nimi jinak, v Duchu svat\u00e9m.<\/li>\n<\/ul>\n\n\n\n<ol>\n<li>FORMULACE T\u00c9MATU<br>Janovo evangelium je ps\u00e1no t\u011bm, kte\u0159\u00ed u\u017e n\u011bco o v\u00ed\u0159e v\u011bd\u00ed,<br>kte\u0159\u00ed nejsou z hlediska k\u0159es\u0165ansk\u00e9 v\u00edry nepopsan\u00fdm pap\u00edrem.<br>Jan p\u00ed\u0161e a nechce jen opakovat, co ji\u017e bylo \u0159e\u010deno. Jde na to<br>jinak. Nov\u011b a nov\u011b zpracov\u00e1v\u00e1 to mnohokr\u00e1t zpracovan\u00e9, nov\u011b<br>a nov\u011b formuluje to mnohokr\u00e1t zformulovan\u00e9. Jeho kniha je<br>v neust\u00e1l\u00e9m pohybu, je otev\u0159en\u00e1, zaujat\u00e1 hled\u00e1n\u00edm smyslu.<br>A v tom je n\u00e1m jeho p\u0159\u00edstup sou\u010dasn\u00fdm t\u00e9matem: ptejme se<br>neust\u00e1le na to, jak je n\u00e1m jinak Je\u017e\u00ed\u0161 bl\u00edzko?<\/li>\n\n\n\n<li>\u00daSKAL\u00cd TEXTU A LINIE P\u0158\u00cdB\u011aHU<br>\u00daloha svatodu\u0161n\u00ed ned\u011ble se v\u011bnuje postav\u011b evangelisty Jana<br>s c\u00edlem v\u00edce ji poznat a za\u0159adit si ji tak do z\u00e1stupu biblick\u00fdch<br>sv\u011bdk\u016f. P\u0159\u00edb\u011bh o Tom\u00e1\u0161ovi, o kter\u00fd se tato \u00faloha op\u00edr\u00e1, d\u011bti<br>z\u0159ejm\u011b znaj\u00ed, zat\u00edmco o postav\u011b evangelisty Jana jim nebude<br>zn\u00e1mo tak\u0159ka nic. Nedejte se t\u00edm v\u0161ak odradit a nep\u0159eb\u00edhejte<br>rad\u011bji k zn\u00e1m\u00e9mu a osv\u011bd\u010den\u00e9mu Tom\u00e1\u0161ovi. Sna\u017ete se st\u00e1le<br>myslet na Tom\u00e1\u0161e jako na p\u0159\u00edb\u011bh, kter\u00fdm n\u00e1m Jan sd\u011bluje,<br>\u017ee Je\u017e\u00ed\u0161 byl, je a z\u016fst\u00e1v\u00e1 na\u0161\u00edm prav\u00fdm P\u00e1nem.<\/li>\n\n\n\n<li>OSNOVA VYPR\u00c1V\u011aN\u00cd<br>Osnovu k n\u00ed\u017ee uveden\u00e9mu vypr\u00e1v\u011bn\u00ed naleznete v kolonce:<br>pro \u0161koln\u00ed v\u011bk. Ta sleduje linii vypr\u00e1v\u011bn\u00ed. Osnova pro p\u0159ed\u0161koln\u00ed<br>d\u011bti sleduje t\u00e9ma svatodu\u0161n\u00edch sv\u00e1tk\u016f a soust\u0159ed\u00ed se na biblick\u00fd<br>text, ze kter\u00e9ho se v t\u00e9to \u00faloze vych\u00e1z\u00ed, konkr\u00e9tn\u011bji na jeho<br>\u010d\u00e1st v J 2 ,19-23.<br>Osnova pro st\u0159edn\u00ed \u0161koln\u00ed v\u011bk p\u0159ibli\u017euje Jana jako autora<br>evangelia, kter\u00e9 p\u0159in\u00e1\u0161\u00ed v\u011b\u0159\u00edc\u00edm lidem povzbuzen\u00ed.<\/li>\n<\/ol>\n\n\n\n<p><\/p>\n\n\n\n<h3 class=\"wp-block-heading\"><br>a) Pro p\u0159ed\u0161koln\u00ed d\u011bti<\/h3>\n\n\n\n<p><br>I. \u00davod &#8211; viz Motiva\u010dn\u00ed uveden\u00ed C<br>II. U\u010dedn\u00edci se setk\u00e1vaj\u00ed, vypr\u00e1v\u011bj\u00ed si<br>III. a se smutkem vzpom\u00ednaj\u00ed na Je\u017e\u00ed\u0161e,<br>IV. kter\u00fd byl uk\u0159i\u017eov\u00e1n, poh\u0159ben a vzat z hrobu.<br>V. Je\u017e\u00ed\u0161 ale mezi n\u011b p\u0159ich\u00e1z\u00ed, aby je pot\u011b\u0161il<br>VI. v Duchu svat\u00e9m n\u00e1s nenech\u00e1v\u00e1 bez pomoci &#8211; p\u00edse\u0148 Prosba<\/p>\n\n\n\n<h3 class=\"wp-block-heading\"><br>b) Pro st\u0159edn\u00ed \u0161koln\u00ed v\u011bk<\/h3>\n\n\n\n<p><br>I. \u00davod &#8211; viz Motiva\u010dn\u00ed uveden\u00ed A<br>II. Spolu s ostatn\u00edmi pro\u017e\u00edv\u00e1 Jan zl\u00e9 \u010dasy (nep\u0159\u00e1telstv\u00ed,<br>pron\u00e1sledov\u00e1n\u00ed, ohro\u017een\u00ed \u017eivota). Vid\u00ed kolem sebe smutek;<br>opravdu se ned\u00e1 nic d\u011blat?<br>III. B\u011b\u017e\u00ed mu v hlav\u011b Je\u017e\u00ed\u0161\u016fv p\u0159\u00edb\u011bh. P\u0159ipom\u00edn\u00e1 si jednotliv\u00e9<br>ud\u00e1losti (uzdravov\u00e1n\u00ed, sycen\u00ed z\u00e1stup\u016f, odpu\u0161t\u011bn\u00ed h\u0159\u00edch\u016f.)<br>V\u017edycky to m\u011blo jedno spole\u010dn\u00e9: lid\u00e9 byli v konc\u00edch, vypadalo to, \u017ee se ned\u00e1 nic d\u011blat, a Je\u017e\u00ed\u0161 p\u0159inesl pomoc, dal<br>novou mo\u017enost, otev\u0159el nov\u00fd \u017eivot.<br>IV. Pak byl uk\u0159i\u017eov\u00e1n a kdy\u017e p\u0159i\u0161li u\u010dedn\u00edci k hrobu, byl<br>pr\u00e1zdn\u00fd. Vypadalo to, \u017ee je v\u0161emu konec.<br>V. Ale Je\u017e\u00ed\u0161 zbo\u0159il jejich smutek a beznad\u011bj. P\u0159i\u0161el za nimi,<br>kdy\u017e ustra\u0161eni sed\u011bli v Jeruzal\u00e9m\u011b za zam\u010den\u00fdmi dve\u0159mi.<br>St\u00e1l uprost\u0159ed nich a p\u0159inesl jim pokoj. P\u0159ipomenul jim jejich posl\u00e1n\u00ed, poslal je k pr\u00e1ci a dal k tomu sv\u00e9ho Ducha.<br>Vdechl do nich nov\u00fd \u017eivot.<br>VI. A tu si Jan uv\u011bdom\u00ed: dnes je to stejn\u00e9 jako tehdy.<br>I dnes jsme smutn\u00ed, boj\u00edme se, jsme jako za zam\u010den\u00fdmi<br>dve\u0159mi, \u017eijeme ve strachu, pomalu se ani neodva\u017eujeme<br>vyj\u00edt ven. Ale Je\u017e\u00ed\u0161 p\u0159ece \u017eije, je st\u00e1le s n\u00e1mi; posiluje n\u00e1s,<br>d\u00e1v\u00e1 novou mo\u017enost, otev\u00edr\u00e1 \u017eivot. Je s n\u00e1mi ale jinak,<br>v Duchu svat\u00e9m.<br>VII. Jan si sedne a za\u010dne ps\u00e1t, aby lid\u00e9 nez\u016fst\u00e1vali doma<br>zav\u0159en\u00ed, aby nez\u016fst\u00e1vali smutn\u00ed. Znovu to v\u0161ecko nap\u00ed\u0161e: ale<br>ne jen popis, jak to v\u0161ecko s Je\u017e\u00ed\u0161em tehdy bylo. (To u\u017e<br>napsali jin\u00ed.) Vezme n\u011bkolik p\u0159\u00edb\u011bh\u016f a na nich uk\u00e1\u017ee, jak\u00fd to<br>m\u00e1 smysl te\u010f pro n\u00e1s, jak Je\u017e\u00ed\u0161 je s n\u00e1mi v ka\u017edou chv\u00edli,<br>jak i v nejt\u011b\u017e\u0161\u00ed dob\u011b otv\u00edr\u00e1 nov\u00e9 mo\u017enosti, jak tvo\u0159\u00ed novou<br>budoucnost. &#8211; A tak za\u010dal ps\u00e1t: \u201eNa po\u010d\u00e1tku bylo slovo..&#8220;A<br>kdy\u017e se bl\u00ed\u017eil ke konci, napsal v\u011btu pro sebe i pro v\u0161echny<br>ostatn\u00ed, kte\u0159\u00ed se u\u017e nem\u011bli mo\u017enost s Je\u017e\u00ed\u0161em setkat: \u201eBlahoslaven\u00ed, kte\u0159\u00ed nevid\u011bli a uv\u011b\u0159ili.&#8220;<\/p>\n\n\n\n<h3 class=\"wp-block-heading\"><br>c) Pro star\u0161\u00ed \u0161koln\u00ed v\u011bk<\/h3>\n\n\n\n<p><br>I. Jan si sed\u00e1 za st\u016fl, aby se v tom usp\u011bchan\u00e9m sv\u011bt\u011b<br>zastavil,<br>II. ptal a prom\u00fd\u0161lel, jak je to s Je\u017e\u00ed\u0161ov\u00fdm odchodem,<br>kter\u00fd se zd\u00e1 b\u00fdt koncem<br>III. U\u010dedn\u00edci se uzav\u00edraj\u00ed ve sv\u00fdch starostech a p\u0159ed sv\u011btem<br>IV. Doprost\u0159edka nich p\u0159ich\u00e1z\u00ed Je\u017e\u00ed\u0161 a prav\u00ed: ,Pokoj v\u00e1m,<br>V. Kdo tohle nepro\u017eije (Tom\u00e1\u0161), je pro n\u011bho zat\u011b\u017eko uv\u011b\u0159it<br>VI. Je\u017e\u00ed\u0161 je s n\u00e1mi, ale jinak, v Duchu svat\u00e9m<br>VII. n\u00e1s posiluje a obnovuje ve v\u00ed\u0159e.<\/p>\n\n\n\n<p><\/p>\n\n\n\n<ol>\n<li>A) K PR\u00c1CI S PRACOVN\u00cdM LISTEM<br>Pracovn\u00ed list lze pou\u017e\u00edt kdykoliv; n\u011bkter\u00e9 \u010d\u00e1sti v\u0161ak sami vyb\u00edzej\u00ed k vypracov\u00e1n\u00ed p\u0159ed, b\u011bhem \u010di a\u017e po vypr\u00e1v\u011bn\u00ed.<br>Co u\u017e o Janovi v\u00edm?<\/li>\n<\/ol>\n\n\n\n<ul>\n<li>lze vyu\u017e\u00edt v \u00favodu (viz bod Motiva\u010dn\u00ed uveden\u00ed); v motiva\u010dn\u00ed \u010d\u00e1sti mohou d\u011bti samy heslovit\u011b vpisovat anebo v symbolech zobrazovat v\u0161e, co o ,autorech evangeli\u00ed&#8216; v\u011bd\u00ed.<br>Co n\u00e1m zp\u00edv\u00e1 na na\u0161\u00ed cestu v\u00edry?<\/li>\n\n\n\n<li>b\u011bhem vypr\u00e1v\u011bn\u00ed \u010di po n\u011bm m\u016f\u017eete s d\u011btmi vymyslet sloku<br>o Janovi do p\u00edsn\u011b: A z\u00e1stup st\u00e1le p\u0159ich\u00e1z\u00ed a zas jde d\u00e1l. a napsat ho na pracovn\u00ed list. (viz bod 7 Liturgick\u00fd r\u00e1mec, P\u00edsn\u011b)<br>Kde se Janova p\u00edsni\u010dka oz\u00fdv\u00e1 v bibli?<\/li>\n\n\n\n<li>u proroka Agea (viz kapitola 26, Katechetick\u00e1 p\u0159\u00edloha \u010d. 3),<br>kter\u00fd stejn\u011b jako Jan cht\u011bl lid povzbudit; dodat jim nad\u011bji<\/li>\n\n\n\n<li>m\u016f\u017eete si s d\u011btmi p\u0159ipomenout p\u0159\u00edb\u011bh Moj\u017e\u00ed\u0161e p\u0159ed ho\u0159\u00edc\u00edm ke\u0159em (Ex 3, 1nn), kdy\u017e ne\u010dekan\u011b z jeho st\u0159edu k Moj\u017e\u00ed\u0161ovi<br>promluvil B\u016fh<\/li>\n\n\n\n<li>,Kdy\u017e Duch Bo\u017e\u00ed zav\u011bje, vstane z mrtv\u00fdch nad\u011bje&#8216;- s p\u00edsn\u00ed<br>Divn\u00e9 to v\u011bci dnes si s d\u011btmi m\u016f\u017eete o\u017eivit Ezechiel\u016fv p\u0159\u00edb\u011bh<br>(Ez 33, 1-6; 37, 1-1 ). T\u00edmhle \u201evanut\u00edm&#8220; se inspiroval Jan, kdy\u017e<br>vypr\u00e1v\u011bl, jak Vzk\u0159\u00ed\u0161en\u00fd \u201eduje&#8220; na sv\u00e9 ustra\u0161en\u00e9 u\u010dedn\u00edky.<br>Moje ok\u00e9nko<\/li>\n\n\n\n<li>pr\u00e1zdn\u00fd r\u00e1me\u010dek slou\u017e\u00ed k vymalov\u00e1v\u00e1n\u00ed nejmen\u0161\u00edm<\/li>\n\n\n\n<li>nebo se pokuste s d\u011btmi naj\u00edt a nalepit vhodn\u00fd obr\u00e1zek<br>k t\u00e9matu: Je\u017e\u00ed\u0161 je s n\u00e1mi, ale jinak (nap\u0159. z p\u0159edvolebn\u00ed kampan\u011b jeden \u0159e\u010dn\u00ed k dav\u016fm; \u010dten\u00e1\u0159 knihy; zkoumejte jejich tv\u00e1\u0159e:<br>t\u011b\u0161\u00ed ho, co \u010dte, jsou nad\u0161eni z toho, co sly\u0161\u00ed?; fotka odhodlan\u00e9ho \u010dlov\u011bka p\u0159ed t\u011b\u017ek\u00fdm \u00fakolem)<br>Co m\u011b v p\u0159\u00edb\u011bhu oslovilo? Za co bych cht\u011bl prosit?<br>D\u011bti nap\u00ed\u0161\u00ed, v \u010dem je Janova postava oslovila. Spole\u010dn\u011b si<br>to pak m\u016f\u017eete p\u0159e\u010d\u00edst, mluvit o tom a spole\u010dn\u011b \u010di ka\u017ed\u00fd zvl\u00e1\u0161\u0165<br>vytvo\u0159it kr\u00e1tkou prosbu. Na z\u00e1v\u011br jednotliv\u00e9 prosby m\u016f\u017eete zahrnout do spole\u010dn\u00e9 modlitby. (Viz 9 Modlitba)<\/li>\n<\/ul>\n\n\n\n<ol>\n<li>B) K PR\u00c1CI S POSTAVI\u010cKAMI<br>P\u0159edkreslen\u00e9 postavi\u010dky jsou prototypy postav: raduj\u00edc\u00ed se,<br>sp\u00edc\u00ed, kr\u00e1\u010dej\u00edc\u00ed, strnul\u00e1, vl\u00e1dnouc\u00ed, v modlitb\u00e1ch. Vyberte &#8211; nejl\u00e9pe po vypr\u00e1v\u011bn\u00ed i pr\u00e1ci s pracovn\u00edm listem &#8211; s d\u011btmi jednu, kter\u00e1 podle nich nejl\u00e9pe charakterizuje Jana; co Jan lidem<br>p\u0159inesl. Obkreslete, vybarv\u011bte a dokreslete v\u00fdraz ve tv\u00e1\u0159i, \u010di<br>v\u0161elijak jinak ozdobte, vyst\u0159ihn\u011bte a zav\u011bste do \u0159ady sv\u011bdk\u016f<br>za posledn\u00ed postavu, v tomto p\u0159\u00edpad\u011b za postavu Lazara.<br>6.C) TIP NA AKCI<\/li>\n<\/ol>\n\n\n\n<ul>\n<li>m\u016f\u017eete vyrobit zcela jednoduchou formou (pap\u00edr, 2 \u0161pejle,<br>lepidlo) svitek<\/li>\n\n\n\n<li>m\u016f\u017eete ud\u011blat na okraj\u00edch pap\u00edru d\u00edrky (\u010dtvrtky, prov\u00e1zky,<br>d\u011brova\u010dka) a ty pak sv\u00e1zat do knihy<\/li>\n\n\n\n<li>m\u016f\u017eete vyrobit v\u011btrn\u00edky (\u010dtvrtka, \u0161pejle nebo d\u0159\u00edvko,<br>\u0161pendl\u00edk)<\/li>\n\n\n\n<li>nafoukn\u011bte si s d\u011btmi bal\u00f3nek a zav\u00e1zan\u00fd \u010di nezav\u00e1zan\u00fd<br>pus\u0165te po m\u00edstnosti (viz Motiva\u010dn\u00ed uveden\u00ed 1C)<\/li>\n<\/ul>\n\n\n\n<ol>\n<li>D) PODN\u011aTY K ROZHOVORU<\/li>\n<\/ol>\n\n\n\n<ul>\n<li>Co v\u00e1m \u0159\u00edkaj\u00ed svatodu\u0161n\u00ed sv\u00e1tky? V\u00edte, pro\u010d se slav\u00ed?<\/li>\n\n\n\n<li>Jak si p\u0159edstavujete \u010dlov\u011bka obda\u0159en\u00e9ho Duchem svat\u00fdm?<br>Co dovede? (ml\u010det, zn\u00e1 na v\u0161echno dopov\u011b\u010f, porad\u00ed si s ka\u017ed\u00fdm probl\u00e9mem, hezky se modl\u00ed, je nejchyt\u0159ej\u0161\u00ed a nejrozumn\u011bj\u0161\u00ed, um\u00ed druh\u00fdm naslouchat, citliv\u011b se chov\u00e1 k druh\u00fdm, \u010dte si<br>pravideln\u011b z bible.)<\/li>\n\n\n\n<li>Zkuste navrhnout, kterou z v\u00fd\u0161e jmenovan\u00fdch \u010dinnost\u00ed by<br>mohli d\u011blat u\u010dedn\u00edci, kdyby \u017eili v na\u0161\u00ed dob\u011b?<\/li>\n\n\n\n<li>Najd\u011bte si ve zp\u011bvn\u00edc\u00edch p\u00edsni\u010dky o Duchu svat\u00e9m a vypi\u0161te, co v\u0161echno Duch svat\u00fd zp\u016fsobuje. K \u010demu n\u00e1s vede.<\/li>\n<\/ul>\n\n\n\n<ol>\n<li>LITURGICK\u00dd R\u00c1MEC<br>Vstupn\u00ed ver\u0161: Iz 6 ,1n.5a<br>Povsta\u0148, rozjasni se, proto\u017ee ti vze\u0161lo sv\u011btlo, vze\u0161la nad tebou Hospodinova sl\u00e1va. Hle, temnota p\u0159ikr\u00fdv\u00e1 zemi, soumrak<br>n\u00e1rody, ale nad tebou vzejde Hospodin a uk\u00e1\u017ee se nad tebou<br>jeho sl\u00e1va. A\u017e to spat\u0159\u00ed\u0161, rozz\u00e1\u0159\u00ed\u0161 se, tv\u00e9 ustra\u0161en\u00e9 srdce se<br>radostn\u011b rozbu\u0161\u00ed.<br><\/li>\n\n\n\n<li>VYPR\u00c1V\u011aN\u00cd<br>Vypr\u00e1v\u011bn\u00ed je c\u00edleno sp\u00ed\u0161 pro star\u0161\u00ed d\u011bti, kte\u0159\u00ed znaj\u00ed p\u0159\u00edb\u011bh z 20. kapitoly od 19. do 31.ver\u0161e a kte\u0159\u00ed se<br>dok\u00e1\u017e\u00ed v\u017e\u00edt do k\u016f\u017ee jeho autora.<br>I. JAK NA SV\u011aT\u011a SMUTNO BYLO<br>Jan \u010d\u00e1ste\u010dn\u011b s \u00falevou dosedl na stoli\u010dku a op\u0159el si hlavu do dlan\u00ed. Hlavou se mu toho prom\u00edtalo tolik,<br>\u017ee nev\u011bd\u011bl, kde mu stoj\u00ed. Vid\u011bl p\u0159ed sebou smutn\u00e9, zoufal\u00e9, u\u0161tvan\u00e9, zn\u00e1m\u00e9 i nezn\u00e1m\u00e9 tv\u00e1\u0159e. Potk\u00e1val<br>lidi, kte\u0159\u00ed mluvili o nejistot\u011b a kte\u0159\u00ed z n\u00ed hledali cestu ven. P\u0159i\u0161lo to tak znenad\u00e1n\u00ed, v\u0161echny to zasko\u010dilo.<br>Ka\u017ed\u00e9mu se v tomto \u010dase t\u011b\u017ece nab\u00edral dech. Jak z toho pry\u010d, kde br\u00e1t s\u00edlu, kudy vede cesta?<br>II. CO SE D\u011aJE, KDY\u017d JE NA ZEMI SMUTNO<br>Po chv\u00edli Jan ztr\u00e1pen\u011b vzhl\u00e9dl a uvid\u011bl p\u0159ed sebou na stole le\u017eet pr\u00e1zdn\u00fd svitek. Z pobl\u00ed\u017e stoj\u00edc\u00ed sv\u00ed\u010dky<br>dopadalo na jeho pr\u00e1zdnotu sv\u011btlo, ze kter\u00e9ho vystupoval klid. Zato v\u0161ude ve m\u011bst\u011b to v\u0159elo. Na ulici se<br>nikdo s\u00e1m neodva\u017eoval vych\u00e1zet. Ka\u017ed\u00fd m\u011bl obavu z \u0159\u00edmsk\u00fdch voj\u00e1k\u016f, kte\u0159\u00ed zat\u00fdkali k\u0159es\u0165any na potk\u00e1n\u00ed<br>a bez d\u016fvod\u016f. Ani \u017eid\u00e9 na nich nenechali nit suchou; vy\u0161oupli je ze synagog na ulici, ani\u017e by se na co<br>ptali. A tam bezpe\u010dno neb\u00fdvalo. Proto se v\u0161ichni schov\u00e1vali a uzav\u00edrali doma za zam\u010den\u00fdmi dve\u0159mi..<br>Jan se sp\u011b\u0161n\u011b pod\u00edval ke dve\u0159\u00edm. N\u011bjak\u00fd \u0161ramot, zd\u00e1lo se mu. \u017de by ho n\u011bkdo<br>sledoval? Celou cestu odPetra si p\u0159idr\u017eoval omotan\u00fd \u0161\u00e1tek kolem hlavy a koutkem<br>oka byst\u0159il, zda ho n\u011bkdo nesleduje. Byl by dal ruku do ohn\u011b za to, \u017ee za n\u00edm nikdo<br>nejde. Ne, uf, snad jen n\u011bjak\u00e1 ko\u010dka ot\u0159ela sv\u016fj h\u0159bet o pr\u00e1h.A dve\u0159e?, ujistil se<br>pohledem. Ne, ty jsou pe\u010dliv\u011b zav\u0159en\u00e9, na petlici.<br>III. JE V\u0160EMU KONEC?<br>Dnes se vr\u00e1til o n\u011bco pozd\u011bji ne\u017e b\u00fdval zvykl\u00fd. Slunce u\u017e d\u00e1vno zapadlo, kdy\u017e<br>vych\u00e1zel z Petrova domu, kde se v\u017edycky prvn\u00edho dne po sobot\u011b sch\u00e1z\u00edvali. Sed\u00e1vali<br>tam pospolu v kruhu a v\u011bt\u0161inou nikdoz p\u0159\u00edtomn\u00fdch slovem neh\u00fd\u0159il. Sch\u00e1zeli se,<br>proto\u017ee byli zvykl\u00ed b\u00fdt spolu, m\u011bli toho neskonale hodn\u011b spo-le\u010dn\u00e9ho. \u017d\u00e1dn\u00fd jin\u00fd<br>pl\u00e1n nem\u011bli. Spojovalo je, \u017ee kdysi jako u\u010dedn\u00edci chodili s Je\u017e\u00ed\u0161em, naslouchali jeho<br>p\u0159\u00edb\u011bh\u016fm, doprov\u00e1zeli ho na cest\u011b, sledovali, kdy\u017e pom\u00e1hal nemocn\u00fdm.To byla p\u00e1ni<br>s\u00edla. Ale te\u010f? Slovajim doch\u00e1zela. Z\u016fstali sami, opustil je. Od nyn\u011bj\u0161ka je konec. Je<br>po v\u0161em. A napo\u0159\u00e1d. Te\u010f se u\u017e ur\u010dit\u011b odJe\u017e\u00ed\u0161e ni\u010deho nedo\u010dk\u00e1me. Jan jako v\u017edy<br>mohl dnes z o\u010d\u00ed u\u010dedn\u00edk\u016f tyto ot\u00e1zky \u010d\u00edst. T\u00edha ot\u00e1zek a pal\u010di-vost situace na<br>v\u0161echny bezesporu dopadala. Ale je opravdu v\u0161emu konec?<br>IV. DO SMUTKU ZAZN\u00cdV\u00c1: POKOJ V\u00c1M<br>Jan se rozhl\u00e9dl po ztmavl\u00e9 m\u00edstnosti: to sv\u011btlo ze sv\u00ed\u010dky do tmy sv\u00edt\u00ed, n\u011bkter\u00e9<br>kouty m\u00edstnosti jsou ze-\u0161e\u0159el\u00e9, n\u011bkter\u00e9 tmav\u00e9, ale v\u0161ude tma svit nepohlt\u00ed. Opatrn\u011b<br>se p\u0159isunul ke stolu a pomalu s\u00e1hnul po peru.Na po-\u010d\u00e1t-ku by-lo slo-vo, psal Jan sv\u00e1<br>slova na \u010dist\u00fd pr\u00e1zdn\u00fd svitek a myslel p\u0159i tom na smutn\u00e9 a zaryt\u011b ml\u010d\u00edc\u00ed tv\u00e1\u0159e<br>u\u010dedn\u00edk\u016f. To slo-vo bylo B\u016fh. Ty, Pet\u0159e, Mat\u011bji, Tom\u00e1\u0161i, Jakube!, v\u00e1s v\u0161ech se<br>dot\u00fdkalo sv\u011btlo tohoto slova. Byli jste s n\u00edm, doprov\u00e1zeli ho, vid\u011bli jeho \u010diny,<br>naslouchali jeho p\u0159\u00edb\u011bh\u016fm, zakou\u0161eli jste jeho pravdu a milost na vlastn\u00ed k\u016f\u017ei. A<br>v\u011bzte, \u017ee sv\u011btlo tohoto slova tma nikdy nepohlt\u00ed. I kdy\u017e se v\u00e1m zd\u00e1, \u017ee nastal konec<br>proto, \u017ee u\u017e Je\u017e\u00ed\u0161 nen\u00ed s v\u00e1mi. I kdy\u017e ho p\u0159ibili na k\u0159\u00ed\u017e, i kdy\u017e trp\u011bl, neode\u0161el, nen\u00ed<br>mu konec, n\u00fdbr\u017e je s v\u00e1mi. Jeho sv\u011btlo stoj\u00ed uprost\u0159ed v\u00e1s a \u0159\u00edk\u00e1 v\u00e1m: Pokoj v\u00e1m.<br>V. POKOJ V\u00c1M JAKO D\u016eKAZ KRISTOVY P\u0158\u00cdTOMNOSTI<br>Jako kdy\u017e dnes sed\u00edce v\u0161ichni skl\u00ed\u010den\u011b v Petrov\u011b dom\u011b jste mohli usly\u0161et: Pokoj<br>v\u00e1m. I kdy\u017e jste m\u011blidve\u0159e na petlici, i kdy\u017e bylo zav\u0159eno &#8211; najednou st\u00e1l uprost\u0159ed<br>v\u00e1s vzk\u0159\u00ed\u0161en\u00fd Je\u017e\u00ed\u0161. Najednou byl s v\u00e1mi.Najednou jste v\u011bd\u011bli, \u017ee v\u00e1\u0161 P\u00e1n je s v\u00e1mi.<br>\u017de v\u00e1s neopustil, nenechal na holi\u010dk\u00e1ch. A va\u0161e srdce se naplnilo sv\u011btlem, kter\u00e9<br>vyh\u00e1n\u00ed ve\u0161kerou tmu, strach, b\u00e1ze\u0148, nejistotu. Ale jak tohle v\u0161echno \u0159\u00edct Tom\u00e1-\u0161ovi,<br>kter\u00fd nebyl v tu chv\u00edli v kruhu s v\u00e1mi. Jak tohle \u0159\u00edct ostatn\u00edm? V\u0161ichni daj\u00ed na osobn\u00ed<br>setk\u00e1n\u00ed se vzk\u0159\u00ed\u0161en\u00fdm Je\u017e\u00ed\u0161em. Je jim zat\u011b\u017eko uv\u011b\u0159it n\u011b\u010d\u00ed v\u00fdpov\u011bdi. Dotek! &#8211; to by<br>byl d\u016fkaz, kter\u00fd ma\u017ee ve\u0161ker\u00e9 pochybnosti. Pokoj v\u00e1m, ale prav\u00ed Je\u017e\u00ed\u0161 a v\u0161ichni<br>r\u00e1zem v\u011bd\u00ed, \u017ee P\u00e1n je op\u011bt s nimi. K v\u00ed\u0159e nen\u00ed zapot\u0159eb\u00edse p\u0159esv\u011bd\u010dovat, s\u00e1hnout si,<br>pro\u017e\u00edvat n\u011bjak\u00e9 extra siln\u00e9 z\u00e1\u017eitky\u2026<br>VI. POKOJ V\u00c1M NESTE S SEBOU DO SV\u011aTA<br>Janovi se zachv\u011bla ruka, u\u017e p\u00ed\u0161e dlouho, bol\u00ed ho nad svitkem ohnut\u00e1 z\u00e1da a c\u00edt\u00ed na<br>sob\u011b \u00fanavu. Pomaluzvedl hlavu. Za chv\u00edli bude sv\u00edtat, n\u011bkde v d\u00e1li zaslechl zn\u00e1m\u00fd<br>zp\u011bvav\u00fd hl\u00e1sek. Opravdov\u00e1 v\u00edra zaslechnei slab\u00fd hl\u00e1sek pozv\u00e1n\u00ed, usly\u0161\u00ed na Bo\u017e\u00ed<br>zavol\u00e1n\u00ed a s d\u016fv\u011brou se vyd\u00e1 za n\u00edm. Va\u0161e srdce, napln\u011bn\u00e1 \u00fazkost\u00ed,strachem a<br>smutkem, budou pln\u00e1 pokoje, nad\u011bje a radosti. S d\u016fv\u011brou se vyd\u00e1vejte do sv\u011bta, k<br>lidem, na cestu \u017eivotem. Vzk\u0159\u00ed\u0161en\u00fd Je\u017e\u00ed\u0161 u\u017e s n\u00e1mi nen\u00ed, jako byl tehdy, ale je s<br>n\u00e1mi jinak. V Duchu svat\u00e9m, kter\u00fd probouz\u00ed slova tam, kde ze zoufalstv\u00ed do\u0161la; kter\u00fd<br>d\u00e1v\u00e1 nad\u011bji tam, kde u\u017e vyhasla, a kter\u00fd p\u0159in\u00e1\u0161\u00edpokoj pro spoutan\u00e9 a zotro\u010den\u00e9.<br>Bla-ho-sla-ve-n\u00ed, kte-\u0159\u00ed ne-vi-d\u011b-li, a u-v\u011b-\u0159i-li. Se silou v\u016fle dopsal Jan v\u011btu a<br>potom se skulil do kou-tu na zem, kde m\u011bl svou roho\u017e na span\u00ed. Hlavou mu je\u0161t\u011b<br>Svatodu\u0161n\u00ed ned<br>problesklo, \u017ee by to cht\u011blo promyslet zp\u016fsob,jak ud\u011blat, aby si jeho svitek p\u0159e\u010detlo<br>co nejv\u00edc lid\u00ed, ani\u017e by jim to p\u0159ineslo n\u011bjak\u00e9 pot\u00ed\u017ee.<\/li>\n\n\n\n<li>MODLITBA<br>Pane n\u00e1\u0161 a Bo\u017ee, pros\u00edme t\u011b, skl\u00e1n\u011bj se k n\u00e1m a promlouvej k n\u00e1m; a\u0165 n\u00e1s tv\u00e9<br>slovo vysvobozuje zestarost\u00ed, \u00fanavy, kdy\u017e jsme smutn\u00ed \u010di zklaman\u00ed z toho, \u017ee se n\u00e1m<br>neda\u0159\u00ed. A\u0165 n\u00e1s tv\u00e9 slovo pozved\u00e1 a vede,a\u0165 p\u0159etv\u00e1\u0159\u00ed na\u0161e \u00famysly i \u010diny. D\u011bkujeme ti<br>za Ducha svat\u00e9ho, kter\u00fd n\u00e1s nenech\u00e1v\u00e1 bez pomoci. Amen<\/li>\n<\/ol>\n","protected":false},"template":"","categories":[18,17,19,20,14],"_links":{"self":[{"href":"https:\/\/deti.evangnet.cz\/katecheze\/wp-json\/wp\/v2\/katecheze\/1294"}],"collection":[{"href":"https:\/\/deti.evangnet.cz\/katecheze\/wp-json\/wp\/v2\/katecheze"}],"about":[{"href":"https:\/\/deti.evangnet.cz\/katecheze\/wp-json\/wp\/v2\/types\/katecheze"}],"version-history":[{"count":1,"href":"https:\/\/deti.evangnet.cz\/katecheze\/wp-json\/wp\/v2\/katecheze\/1294\/revisions"}],"predecessor-version":[{"id":1295,"href":"https:\/\/deti.evangnet.cz\/katecheze\/wp-json\/wp\/v2\/katecheze\/1294\/revisions\/1295"}],"wp:attachment":[{"href":"https:\/\/deti.evangnet.cz\/katecheze\/wp-json\/wp\/v2\/media?parent=1294"}],"wp:term":[{"taxonomy":"category","embeddable":true,"href":"https:\/\/deti.evangnet.cz\/katecheze\/wp-json\/wp\/v2\/categories?post=1294"}],"curies":[{"name":"wp","href":"https:\/\/api.w.org\/{rel}","templated":true}]}}