
{"id":1084,"date":"2025-06-06T10:00:57","date_gmt":"2025-06-06T08:00:57","guid":{"rendered":"https:\/\/deti.evangnet.cz\/katecheze\/?post_type=katecheze&#038;p=1084"},"modified":"2025-06-06T10:00:59","modified_gmt":"2025-06-06T08:00:59","slug":"jakob-u-labana","status":"publish","type":"katecheze","link":"https:\/\/deti.evangnet.cz\/katecheze\/katecheze\/jakob-u-labana\/","title":{"rendered":"J\u00e1kob u L\u00e1bana"},"content":{"rendered":"\n<h3 class=\"wp-block-heading\">T\u00e9ma<\/h3>\n\n\n\n<p>P\u00e1n B\u016fh je s&nbsp;J\u00e1kobem, jak mu sl\u00edbil.<\/p>\n\n\n\n<h3 class=\"wp-block-heading\">C\u00edle<\/h3>\n\n\n\n<ul>\n<li>D\u011bti p\u0159em\u00fd\u0161lej\u00ed, co znamen\u00e1, \u017ee P\u00e1n B\u016fh je s\u00a0\u010dlov\u011bkem.<\/li>\n\n\n\n<li>D\u011bti si v\u0161\u00edmaj\u00ed, co v\u0161echno m\u00e1me od P\u00e1na Boha. (Nebo je to n\u00e1hoda, \u017ee J\u00e1kob potk\u00e1 R\u00e1chel, m\u00e1 spoustu d\u011bt\u00ed, dob\u0159e se mu da\u0159\u00ed\u2026?)<\/li>\n<\/ul>\n\n\n\n<hr class=\"wp-block-separator has-alpha-channel-opacity\" \/>\n\n\n\n<h3 class=\"wp-block-heading\" id=\"calibre_toc_72\">17.1 Pro u\u010ditele<\/h3>\n\n\n\n<p>Biblick\u00fd text: Gn 29\u201331,18<\/p>\n\n\n\n<h4 class=\"wp-block-heading\">17.1.1 V\u00fdkladov\u00e9 pozn\u00e1mky k&nbsp;textu<\/h4>\n\n\n\n<h5 class=\"wp-block-heading\">Postavy<\/h5>\n\n\n\n<ul>\n<li><em>J\u00e1kob:<\/em>\u00a0viz\u00a0p\u0159edchoz\u00ed odd\u00edly. J\u00e1kob (jm\u00e9no znamen\u00e1 \u201e\u00fasko\u010dn\u00fd\u201c) je tentokr\u00e1t s\u00e1m podveden, dostane za \u017eenu sestru milovan\u00e9 R\u00e1chel. U\u00a0L\u00e1bana z\u016fstane ve slu\u017eb\u011b za sv\u00e9 \u017eeny, celkem 14\u00a0let. Po narozen\u00ed syna Josefa chce J\u00e1kob od L\u00e1bana odej\u00edt a\u00a0vr\u00e1tit se do sv\u00e9 zem\u011b.<\/li>\n\n\n\n<li><em>L\u00e1ban<\/em>\u00a0je bratr J\u00e1kobovy matky Rebeky. L\u00e1ban je Aramejec. Kdy\u017e u\u00a0L\u00e1bana J\u00e1kob pracuje, da\u0159\u00ed se mu dob\u0159e, J\u00e1kob je po\u017eehn\u00e1n\u00edm i\u00a0pro lidi kolem sebe, jak mu bylo zasl\u00edbeno.<\/li>\n\n\n\n<li><em>R\u00e1chel a\u00a0Lea<\/em>\u00a0jsou L\u00e1banovy dcery. R\u00e1chel je past\u00fd\u0159ka, s\u00a0J\u00e1kobem se setk\u00e1 u\u00a0studny (podobn\u011b jako kdysi u\u00a0studny na\u0161el slu\u017eebn\u00edk Rebeku, kter\u00e1 se pak stala Iz\u00e1kovou \u017eenou). R\u00e1chel je kr\u00e1sn\u00e1, Lea m\u00e1 mdl\u00e9 o\u010di. J\u00e1kob miluje R\u00e1chel, Leu ne. S\u00a0Leou m\u00e1 d\u011bti, R\u00e1chel je dlouho neplodn\u00e1 (viz\u00a0neplodn\u00e9 pram\u00e1ti Izraele\u00a0\u2014 S\u00e1ra, Rebeka, R\u00e1chel a\u00a0dal\u0161\u00ed). Po dlouh\u00e9 dob\u011b ot\u011bhotn\u00ed i\u00a0R\u00e1chel a\u00a0narod\u00ed se Josef, pot\u00e9 J\u00e1kob odch\u00e1z\u00ed od L\u00e1bana. Je\u0161t\u011b za dlouho se narod\u00ed Benjam\u00edn, p\u0159i porodu R\u00e1chel zem\u0159e.<\/li>\n\n\n\n<li>Celkem se J\u00e1kobovi narod\u00ed dvan\u00e1ct syn\u016f a\u00a0(nejm\u00e9n\u011b) jedna dcera.<\/li>\n<\/ul>\n\n\n\n<h5 class=\"wp-block-heading\">M\u00edsto<\/h5>\n\n\n\n<ul>\n<li>J\u00e1kob jde z\u00a0Betel (kde se mu zd\u00e1l sen o\u00a0\u017eeb\u0159\u00edku a\u00a0and\u011blech) na sever do Ch\u00e1ranu, je to vzd\u00e1lenost 800\u20131000 km. Je to opa\u010dn\u00fd sm\u011br, ne\u017e odkud kdysi p\u0159i\u0161el Abraham do zasl\u00edben\u00e9 zem\u011b. J\u00e1kob jde vlastn\u011b \u201eproti sm\u011bru po\u017eehn\u00e1n\u00ed\u201c.<\/li>\n\n\n\n<li>S\u00a0R\u00e1chel se setk\u00e1 u\u00a0studny, resp. cisterny. N\u00e1dr\u017ee na vodu byly n\u011bkdy mnoho metr\u016f hlubok\u00e9. Cisterna se zakr\u00fdvala kamenem, aby nevysychala a\u00a0aby do n\u00ed n\u011bkdo nespadl.<\/li>\n<\/ul>\n\n\n\n<h4 class=\"wp-block-heading\">17.1.2 \u00daskal\u00ed<\/h4>\n\n\n\n<ul>\n<li>Dejme si pozor, abychom postavy nel\u00ed\u010dili \u010dernob\u00edle.<\/li>\n\n\n\n<li>J\u00e1kobovo po\u017eehn\u00e1n\u00ed se projevuje mj.\u00a0t\u00edm, \u017ee m\u00e1 dostatek dobytka, v\u00a0jeho st\u00e1dech se rod\u00ed zdrav\u00e1 a\u00a0statn\u00e1 zv\u00ed\u0159ata\u00a0atd. Po\u017eehn\u00e1n\u00ed ale nen\u00ed v\u017edy spojeno s\u00a0ekonomick\u00fdm \u00fasp\u011bchem. Ostatn\u011b ani J\u00e1kob\u016fv po\u017eehnan\u00fd \u017eivot nen\u00ed bez probl\u00e9m\u016f.<\/li>\n<\/ul>\n\n\n\n<h4 class=\"wp-block-heading\">17.1.3 Odkazy<\/h4>\n\n\n\n<p>Gastaldiov\u00e1, Silvia&nbsp;\u2014 Musattiov\u00e1, Claire:&nbsp;<em>Lid\u00e9&nbsp;Bible: \u017eivot a&nbsp;zvyky.<\/em>&nbsp;Praha: Kalich, 2008.&nbsp;<em>(Prohl\u00e9dn\u011bte si nap\u0159.&nbsp;str.&nbsp;12\u201313 o&nbsp;rodin\u011b a&nbsp;svatb\u011b.)<\/em><\/p>\n\n\n\n<p>Oberth\u00fcr, Rainer:&nbsp;<em>Obrazy \u017eivota&nbsp;\u2014 \u017eivot v&nbsp;obrazech.<\/em>&nbsp;\u010cesk\u00e9 Bud\u011bjovice: Petrinum, 2014.<\/p>\n\n\n\n<p>Dal\u0161\u00ed odkazy na pracovn\u00ed listy a&nbsp;star\u0161\u00ed p\u0159\u00edpravku najdete pod p\u0159\u00edslu\u0161nou kapitolou&nbsp;(17.1.3) na adrese&nbsp;<a href=\"http:\/\/goo.gl\/xylMHd\" target=\"_blank\" rel=\"noopener\">http:\/\/goo.gl\/xylMHd<\/a>.<\/p>\n\n\n\n<hr class=\"wp-block-separator has-alpha-channel-opacity\" \/>\n\n\n\n<h3 class=\"wp-block-heading\" id=\"calibre_toc_73\">17.2 Pro d\u011bti<\/h3>\n\n\n\n<h4 class=\"wp-block-heading\">17.2.1 P\u0159ed\u0161koln\u00ed d\u011bti<\/h4>\n\n\n\n<p>P\u0159iprav\u00edme pro d\u011bti p\u0159ek\u00e1\u017ekovou dr\u00e1hu (nejl\u00e9pe venku\u2026), m\u016f\u017ee na n\u00ed b\u00fdt tak\u00e9 n\u011bco, co d\u00edt\u011b samo nezvl\u00e1dne a&nbsp;pot\u0159ebuje p\u0159itom pomoc, v&nbsp;c\u00edli dostane odm\u011bnu; pak si s&nbsp;d\u011btmi sedneme do krou\u017eku a&nbsp;mluv\u00edme o&nbsp;tom, jestli to bylo jednoduch\u00e9 proj\u00edt, jestli se n\u011bkde b\u00e1ly; nav\u00e1\u017eeme p\u0159\u00edb\u011bhem o&nbsp;J\u00e1kobovi, kter\u00fd je na \u00fat\u011bku, daleko od rodiny, ale s&nbsp;pomoc\u00ed Bo\u017e\u00ed (s&nbsp;po\u017eehn\u00e1n\u00edm) najde m\u00edsto a&nbsp;lidi, kde ho budou m\u00edt r\u00e1di; pro J\u00e1koba to ale je\u0161t\u011b nen\u00ed c\u00edl cesty, k&nbsp;tomu dojdeme a\u017e p\u0159\u00ed\u0161t\u011b (budeme moci hr\u00e1t podobnou hru je\u0161t\u011b jednou).<\/p>\n\n\n\n<p>Po t\u00e9to pohybov\u00e9 aktivit\u011b vybereme jednu z&nbsp;variant, p\u0159\u00edpadn\u011b bude pr\u00e1ce s&nbsp;obr\u00e1zky p\u0159edch\u00e1zet samotn\u00e9mu vypr\u00e1v\u011bn\u00ed p\u0159\u00edb\u011bhu o&nbsp;J\u00e1kobovi (podle v\u011bku d\u011bt\u00ed a&nbsp;mno\u017estv\u00ed \u010dasu, kter\u00fd m\u00e1me k&nbsp;dispozici).<\/p>\n\n\n\n<p>P\u0159iprav\u00edme si obr\u00e1zky, o&nbsp;kter\u00fdch budeme s&nbsp;d\u011btmi mluvit, nap\u0159\u00edklad&nbsp;ze sady&nbsp;<em>Obrazy \u017eivota&nbsp;\u2014 \u017eivot v&nbsp;obrazech<\/em>&nbsp;(viz 17.1.3 Odkazy):<\/p>\n\n\n\n<ul>\n<li><em>Mu\u017e<\/em>\u00a0(Co je to na obr\u00e1zku? V\u00edte, jak se jmenuje? Je s\u00e1m, mysl\u00edte, \u017ee mu tak je dob\u0159e? M\u011bl bratra\u2026).<\/li>\n\n\n\n<li><em>\u017dena<\/em>\u00a0(Kdo je to? Je to n\u011bco, co mu\u017e pot\u0159ebuje? Je dobr\u00e9, kdy\u017e jsou v\u00a0\u017eivot\u011b lidi dva?).<\/li>\n\n\n\n<li><em>Srdce<\/em>\u00a0(J\u00e1kob m\u00e1 n\u011bkoho r\u00e1d.).<\/li>\n\n\n\n<li><em>Rodina<\/em>\u00a0(Kdo tvo\u0159\u00ed rodinu?).<\/li>\n\n\n\n<li><em>Studna<\/em>,\u00a0<em>voda<\/em>\u00a0(Na co je voda pot\u0159eba? Kde je vody m\u00e1lo?).<\/li>\n\n\n\n<li><em>Zv\u00ed\u0159ata<\/em>\u00a0(M\u00e1 dostatek, dob\u0159e se mu da\u0159\u00ed.)<\/li>\n\n\n\n<li><em>Co v\u0161echno m\u00e1me od P\u00e1na Boha.<\/em><\/li>\n<\/ul>\n\n\n\n<p>A\/nebo: vypr\u00e1v\u011bn\u00ed s&nbsp;postavi\u010dkami:<\/p>\n\n\n\n<ul>\n<li><em>Postavi\u010dka J\u00e1koba:<\/em>\u00a0je s\u00e1m (Jak to s\u00a0n\u00edm bylo, pro\u010d je s\u00e1m\u2026 nen\u00ed mu smutno? P\u00e1n B\u016fh mu sl\u00edbil, \u017ee s\u00a0n\u00edm bude.).<\/li>\n\n\n\n<li><em>Studna:<\/em>\u00a0dojde ke studni, tam se setk\u00e1 s\u00a0R\u00e1chel, l\u00edb\u00ed se mu, sezn\u00e1m\u00ed se\u2026<\/li>\n\n\n\n<li>S\u00a0postavi\u010dkami vypravujeme p\u0159\u00edb\u011bh (po\u017eehn\u00e1n\u00ed, samota, rodina, d\u011bti, vd\u011b\u010dnost).<\/li>\n<\/ul>\n\n\n\n<h5 class=\"wp-block-heading\">Aktivita<\/h5>\n\n\n\n<ul>\n<li><em>Kreslen\u00ed (vyr\u00e1b\u011bn\u00ed) strakat\u00fdch zv\u00ed\u0159at:<\/em>\u00a0Obrys zv\u00ed\u0159at m\u016f\u017eeme polepit r\u016fznobarevn\u00fdmi pap\u00edry nebo l\u00e1tkami.<\/li>\n\n\n\n<li><em>R\u016fzn\u00e9 hry s\u00a0vodou:<\/em>\u00a0Nap\u00edt se ze sklenice bez pou\u017eit\u00ed rukou\u00a0apod. (J\u00e1kob s\u00a0setkal s\u00a0R\u00e1chel u\u00a0studny.)<\/li>\n<\/ul>\n\n\n\n<p><strong>Pom\u016fcky:<\/strong>&nbsp;<em>P\u0159ek\u00e1\u017ekov\u00e1 dr\u00e1ha<\/em>;&nbsp;<em>obr\u00e1zky<\/em>&nbsp;(podle toho, kterou vybereme aktivitu).<\/p>\n\n\n\n<h4 class=\"wp-block-heading\">17.2.2 Mlad\u0161\u00ed \u0161koln\u00ed d\u011bti<\/h4>\n\n\n\n<p>M\u011bli jste n\u011bkdy strach? Z&nbsp;\u010deho? Bylo na v\u00e1s vid\u011bt, \u017ee se boj\u00edte? Co v\u00e1m pomohlo?<\/p>\n\n\n\n<p>J\u00e1kob m\u011bl strach, kdy\u017e utekl od sv\u00e9 rodiny, p\u0159ed bratrem, kter\u00fd ho cht\u011bl zab\u00edt za to, \u017ee lst\u00ed z\u00edskal od otce po\u017eehn\u00e1n\u00ed. Utekl se strachem, ale pak se mu zd\u00e1l sen o&nbsp;\u017eeb\u0159\u00edku a&nbsp;and\u011blech, kte\u0159\u00ed mu vy\u0159\u00eddili vzkaz od P\u00e1na Boha: J\u00e1kobe, neboj se, j\u00e1 budu s&nbsp;tebou.<\/p>\n\n\n\n<p>A&nbsp;tak J\u00e1kob \u0161el d\u00e1l. B\u00e1l se trochu m\u00e9n\u011b. Po mnoha dnech do\u0161el do Ch\u00e1ranu, kde \u017eili jeho p\u0159\u00edbuzn\u00ed. Unaven\u00fd a&nbsp;s\u00e1m p\u0159i\u0161el ke studni. Tady se shroma\u017e\u010fovali lid\u00e9 i&nbsp;zv\u00ed\u0159ata, kdy\u017e pot\u0159ebovali vodu. Studna byla zakryt\u00e1 velk\u00fdm kamenem. Past\u00fd\u0159i sem p\u0159ich\u00e1zeli se st\u00e1dy. P\u0159i\u0161la taky jedna past\u00fd\u0159ka. J\u00e1kob se dov\u011bd\u011bl, \u017ee je to jeho p\u0159\u00edbuzn\u00e1 R\u00e1chel. Moc se mu l\u00edbila. Odvalil od studny k\u00e1men a&nbsp;dal nap\u00edt jej\u00edm zv\u00ed\u0159at\u016fm. (Tak to kdysi ud\u011blala jeho matka Rebeka, kdy\u017e se u&nbsp;studny setkala s&nbsp;nezn\u00e1m\u00fdm \u010dlov\u011bkem, kter\u00fd pot\u0159eboval vodu.)<\/p>\n\n\n\n<p>R\u00e1chel pozvala sv\u00e9ho p\u0159\u00edbuzn\u00e9ho J\u00e1koba k&nbsp;nim dom\u016f. Z\u016fstal u&nbsp;nich, R\u00e1chelinu otci L\u00e1banovi pom\u00e1hal v&nbsp;hospod\u00e1\u0159stv\u00ed. Domluvili se, \u017ee sedm let u&nbsp;n\u011bj bude slou\u017eit a&nbsp;dostane R\u00e1chel za \u017eenu.<\/p>\n\n\n\n<p>P\u0159i\u0161la svatba. Nev\u011bsta byla skryt\u00e1 pod z\u00e1vojem. A\u017e kdy\u017e svatba skon\u010dila, J\u00e1kob poznal, \u017ee jeho \u017eena nen\u00ed R\u00e1chel, kterou miloval, ale jej\u00ed sestra Lea. J\u00e1kob se rozhn\u011bval.<\/p>\n\n\n\n<p>L\u00e1bane! Sedm let jsem u&nbsp;tebe pracoval, sl\u00edbil jsi mi R\u00e1chel!<\/p>\n\n\n\n<p>J\u00e1kobe, u&nbsp;n\u00e1s je zvykem, \u017ee star\u0161\u00ed dcera (a&nbsp;Lea byla star\u0161\u00ed) se vd\u00e1v\u00e1 jako prvn\u00ed. Jestli chce\u0161, dostane\u0161 i&nbsp;R\u00e1chel a&nbsp;za ni si odslou\u017e\u00ed\u0161 sedm let potom.<\/p>\n\n\n\n<p>J\u00e1kobovi nezbylo ne\u017e souhlasit. R\u00e1chel miloval.<\/p>\n\n\n\n<p>Mo\u017en\u00e1 mu p\u0159itom p\u0159i\u0161lo na mysl, \u017ee on kdysi taky n\u011bkoho podvedl. Po\u0159\u00e1d je\u0161t\u011b se jmenuje J\u00e1kob neboli \u00dasko\u010dn\u00fd.<\/p>\n\n\n\n<p>Pak J\u00e1kob dostal za \u017eenu i&nbsp;R\u00e1chel. M\u011bl ji rad\u011bji ne\u017e Leu. Ale s&nbsp;R\u00e1chel nem\u011bli d\u011bti. Pro R\u00e1chel to bylo t\u011b\u017ek\u00e9. N\u011bkolik syn\u016f se narodilo J\u00e1kobovi, a\u017e nakonec P\u00e1n B\u016fh po\u017eehnal i&nbsp;R\u00e1chel a&nbsp;j\u00ed se narodil Josef. Toho m\u011bl J\u00e1kob nejrad\u011bji.<\/p>\n\n\n\n<p>J\u00e1kobovi se u&nbsp;L\u00e1bana da\u0159ilo dob\u0159e. St\u00e1da byla \u010d\u00edm d\u00e1l v\u011bt\u0161\u00ed. I&nbsp;jeho tch\u00e1n L\u00e1ban vid\u011bl, \u017ee s&nbsp;J\u00e1kobem p\u0159i\u0161lo po\u017eehn\u00e1n\u00ed.<\/p>\n\n\n\n<p>Po narozen\u00ed Josefa za\u010dal J\u00e1kob v\u00edc p\u0159em\u00fd\u0161let, odkud p\u0159i\u0161el. V\u017edy\u0165 jeho d\u011bde\u010dek Abraham dostal od P\u00e1na Boha zemi, kde J\u00e1kob vyrostl. V&nbsp;d\u011btstv\u00ed J\u00e1kob r\u00e1d poslouchal ten p\u0159\u00edb\u011bh o&nbsp;zasl\u00edben\u00e9 zemi. O&nbsp;tom, jak si P\u00e1n B\u016fh jednou Abrahama zavolal, pr\u00e1v\u011b odsud z&nbsp;Ch\u00e1ranu, aby \u0161el, kam mu ur\u010d\u00ed\u2026<\/p>\n\n\n\n<p>V\u017edy\u0165 o&nbsp;tu zemi J\u00e1kob tolik st\u00e1l!<\/p>\n\n\n\n<p>Vr\u00e1t\u00edm se, rozhodl se J\u00e1kob.<\/p>\n\n\n\n<p>L\u00e1bane, chci se vr\u00e1tit do zem\u011b sv\u00e9ho otce. Do zem\u011b, kterou jsme dostali od P\u00e1na Boha. Vezmu s&nbsp;sebou svou rodinu.<\/p>\n\n\n\n<p>L\u00e1ban se domluvil s&nbsp;J\u00e1kobem, jak si rozd\u011bl\u00ed st\u00e1da. J\u00e1kob si vezme v\u0161ecky skvrnit\u00e9 ovce a&nbsp;kozy. T\u011bch se v&nbsp;n\u00e1sleduj\u00edc\u00ed dob\u011b rodilo hodn\u011b. J\u00e1kob odch\u00e1zel s&nbsp;velk\u00fdmi st\u00e1dy. I&nbsp;tak se projevilo Bo\u017e\u00ed po\u017eehn\u00e1n\u00ed.<\/p>\n\n\n\n<h4 class=\"wp-block-heading\">17.2.3 Star\u0161\u00ed \u0161koln\u00ed d\u011bti<\/h4>\n\n\n\n<p>Jak se v&nbsp;p\u0159\u00edb\u011bhu projevilo, \u017ee J\u00e1kob je po\u017eehn\u00e1n\u00edm pro n\u011bkoho dal\u0161\u00edho? (L\u00e1banovi se dob\u0159e da\u0159\u00ed.)<\/p>\n\n\n\n<p>Je pro po\u017eehnan\u00e9ho J\u00e1koba v\u0161echno jednoduch\u00e9? (Samoz\u0159ejm\u011b, \u017ee ne\u2026 po\u017eehn\u00e1n\u00ed nen\u00ed pouk\u00e1zka na snadn\u00fd \u017eivot bez komplikac\u00ed.)<\/p>\n\n\n\n<p>Kde se setk\u00e1v\u00e1te s&nbsp;po\u017eehn\u00e1n\u00edm? (Nap\u0159.&nbsp;na konci bohoslu\u017eeb.) Co se p\u0159i po\u017eehn\u00e1n\u00ed d\u011bl\u00e1 a&nbsp;\u0159\u00edk\u00e1?<\/p>\n\n\n\n<p>P\u0159e\u010dt\u011bte si Gn&nbsp;30,1\u201324 a&nbsp;vypi\u0161te jm\u00e9na J\u00e1kobov\u00fdch d\u011bt\u00ed spolu s&nbsp;jejich v\u00fdznamy. M\u016f\u017eete si tak\u00e9 prohl\u00e9dnout na map\u011b, kde pozd\u011bji kter\u00fd kmen s\u00eddlil (pokolen\u00ed J\u00e1kobova).<\/p>\n\n\n\n<h5 class=\"wp-block-heading\">J\u00e1kobovi synov\u00e9<\/h5>\n\n\n\n<ul>\n<li><strong>Lea:<\/strong><em>R\u00faben<\/em>\u00a0\u2014 Hle\u010fte-syn;\u00a0<em>\u0160ime\u00f3n<\/em>\u00a0\u2014 Vysly\u0161-B\u016fh<br><br><em>L\u00e9vi<\/em>\u00a0\u2014 P\u0159idru\u017eitel;\u00a0<em>Juda<\/em>\u00a0\u2014 Ten, kdo vzd\u00e1v\u00e1 chv\u00e1lu<br><br>(pozd\u011bji po A\u0161erovi)<br><br><em>Isachar<\/em>\u00a0\u2014 Za-mzdu-najat\u00fd;\u00a0<em>Zabul\u00f3n<\/em>\u00a0\u2014 Z\u016fst\u00e1vaj\u00edc\u00ed; dcera D\u00edna<\/li>\n\n\n\n<li><strong>R\u00e1chelina slu\u017eka Bilha:<\/strong><em>Dan<\/em>\u00a0\u2014 Obh\u00e1jce;\u00a0<em>Neftal\u00ed<\/em>\u00a0\u2014 Vybojovan\u00fd<\/li>\n\n\n\n<li><strong>Lejina Slu\u017eka Zilpa:<\/strong><em>G\u00e1d<\/em>\u00a0\u2014 \u0160t\u011bst\u00ed;\u00a0<em>A\u0161er<\/em>\u00a0\u2014 Blahoslav<\/li>\n\n\n\n<li><strong>R\u00e1chel:<\/strong><em>Josef<\/em>\u00a0\u2014 P\u0159idej-B\u016fh<br><br>(pozd\u011bji\u00a0\u2014 nedaleko Efraty)<br><br><em>Benjam\u00edn<\/em>\u00a0\u2014 Syn zdaru (R\u00e1chel p\u0159itom um\u00edr\u00e1, chce syna pojmenovat\u00a0<em>Ben-\u00f3ni<\/em>\u00a0\u2014 Syn-m\u00e9ho-zmaru)<\/li>\n<\/ul>\n\n\n\n<h4 class=\"wp-block-heading\">17.2.4 P\u0159esah<\/h4>\n\n\n\n<ul>\n<li>P\u0159ipravte karti\u010dky se slovesy \u010dinnost\u00ed. D\u011bti se rozhoduj\u00ed, komu dan\u00e9 \u010dinnosti p\u0159i\u0159adit (bu\u010fto v\u00a0p\u0159\u00edb\u011bhu dne\u0161n\u00edm nebo v\u00a0cel\u00e9m \u201ej\u00e1kobovsk\u00e9m cyklu\u201c):\u00a0<em>doprov\u00e1z\u00ed<\/em>\u00a0\u2014\u00a0<em>odpou\u0161t\u00ed<\/em>\u00a0\u2014\u00a0<em>pom\u00e1h\u00e1<\/em>\u00a0\u2014\u00a0<em>posiluje<\/em>\u00a0\u2014\u00a0<em>rad\u00ed<\/em>\u00a0\u2014\u00a0<em>mluv\u00ed<\/em>\u00a0\u2014\u00a0<em>vol\u00e1<\/em>\u00a0\u2014\u00a0<em>miluje<\/em>\u00a0\u2014\u00a0<em>\u010dek\u00e1<\/em>\u00a0\u2014\u00a0<em>klame<\/em>\u00a0\u2014\u00a0<em>\u017eehn\u00e1<\/em>\u00a0\u2014\u00a0<em>v\u011b\u0159\u00ed<\/em>\u00a0\u2014\u00a0<em>cestuje<\/em>\u00a0\u2014\u00a0<em>pije<\/em>\u00a0\u2014\u00a0<em>rod\u00ed<\/em>\u00a0\u2014 a\u00a0dal\u0161\u00ed\u2026<\/li>\n\n\n\n<li>Najd\u011bte na map\u011b m\u00edsta, kde J\u00e1kob byl\u00a0\u2014 B\u00e9tel, Ch\u00e1ran.<\/li>\n\n\n\n<li>J\u00e1kob p\u00ed\u0161e dopis sv\u00e9 matce, jak se mu da\u0159\u00ed u\u00a0jej\u00edho bratra.<\/li>\n\n\n\n<li>Hra na \u201etichou po\u0161tu\u201c\u00a0\u2014 pos\u00edl\u00e1me dokola jm\u00e9no n\u011bkter\u00e9ho z\u00a0J\u00e1kobov\u00fdch syn\u016f.<\/li>\n\n\n\n<li>D\u011bti se pojmenuj\u00ed podle postav p\u0159\u00edb\u011bhu, sed\u00ed v\u00a0kruhu, jednomu chyb\u00ed \u017eidle, vym\u011b\u0148ov\u00e1n\u00ed m\u00edst (vym\u011bn\u00ed si m\u00edsto A\u0161er a\u00a0Zabul\u00f3n\u2026), d\u00edt\u011b uprost\u0159ed se sna\u017e\u00ed obsadit upr\u00e1zdn\u011bnou \u017eidli.<\/li>\n\n\n\n<li>Nakreslete J\u00e1kob\u016fv rodokmen; m\u016f\u017eete taky nakreslit sv\u016fj rodokmen.<\/li>\n<\/ul>\n\n\n\n<hr class=\"wp-block-separator has-alpha-channel-opacity\" \/>\n\n\n\n<h3 class=\"wp-block-heading\" id=\"calibre_toc_74\">17.3 Liturgie<\/h3>\n\n\n\n<h4 class=\"wp-block-heading\">17.3.1 P\u00edsn\u011b<\/h4>\n\n\n\n<p><em>K&nbsp;svobod\u011b je dlouh\u00e9 putov\u00e1n\u00ed<\/em>&nbsp;(Sv\u00edt\u00e1&nbsp;135);&nbsp;<em>B\u016fh je z\u00e1\u0161tita&nbsp;m\u00e1<\/em>&nbsp;(Sv\u00edt\u00e1&nbsp;23);&nbsp;<em>D\u00edky<\/em>&nbsp;(Sv\u00edt\u00e1&nbsp;45);&nbsp;<em>V\u0161e dobr\u00e9, co m\u00e1me<\/em>&nbsp;(HA&nbsp;11)<\/p>\n\n\n\n<h4 class=\"wp-block-heading\">17.3.2 Biblick\u00fd ver\u0161 k&nbsp;zapamatov\u00e1n\u00ed<\/h4>\n\n\n\n<p>Hospodin \u0159ekl J\u00e1kobovi: \u201eHle, j\u00e1 jsem s&nbsp;tebou. Budu t\u011b st\u0159e\u017eit v\u0161ude, kam p\u016fjde\u0161, a&nbsp;zase t\u011b p\u0159ivedu do t\u00e9to zem\u011b. Nikdy t\u011b neopust\u00edm, ale u\u010din\u00edm, co jsem ti sl\u00edbil.\u201c (Gn 28,15)<\/p>\n\n\n\n<p><em>(Je to stejn\u00fd ver\u0161 jako minule&nbsp;\u2014 zopakujeme ho a&nbsp;z\u00e1rove\u0148 si v\u0161imneme, jakou cestou Hospodin J\u00e1koba vede.)<\/em><\/p>\n\n\n\n<p><em>Nebo:<\/em>&nbsp;Hospodin je m\u016fj past\u00fd\u0159, nebudu m\u00edt nedostatek. (\u017dalm 23,1)<\/p>\n\n\n\n<p><em>(Se star\u0161\u00edmi d\u011btmi se m\u016f\u017eeme u\u010dit \u017ealm cel\u00fd.)<\/em><\/p>\n\n\n\n<h4 class=\"wp-block-heading\">17.3.3 Ritu\u00e1l<\/h4>\n\n\n\n<p>Ke spole\u010dn\u00e9mu zp\u011bvu nebo vol\u00e1n\u00ed:&nbsp;<em>D\u00e1l p\u0159ece nejdeme sami<\/em>&nbsp;(Sv\u00edt\u00e1&nbsp;39).<\/p>\n\n\n\n<h4 class=\"wp-block-heading\">17.3.4 Ok\u00e9nko do bohoslu\u017eeb<\/h4>\n\n\n\n<h4 class=\"wp-block-heading\">17.3.5 Modlitba<\/h4>\n\n\n\n<p>Pane Bo\u017ee, ty jsi byl s&nbsp;J\u00e1kobem, kdy\u017e byl na \u00fat\u011bku, ochra\u0148oval jsi ho. Pros\u00edme, bu\u010f s&nbsp;lidmi, kte\u0159\u00ed maj\u00ed strach, ut\u00edkaj\u00ed p\u0159ed v\u00e1lkou, nemaj\u00ed domov. Pros\u00edme, po\u017eehnej jim. Po\u017eehnej n\u00e1m. Amen.<\/p>\n\n\n\n<ul>\n<li>D\u011bti p\u0159iprav\u00ed p\u0159\u00edmluvnou modlitbu.<\/li>\n\n\n\n<li>D\u011bti si p\u0159iprav\u00ed \u201ep\u0159ehl\u00eddku sloves\u201c o\u00a0P\u00e1nu Bohu. P\u0159ich\u00e1zej\u00ed postupn\u011b p\u0159ed st\u016fl P\u00e1n\u011b, ka\u017ed\u00fd \u0159\u00edk\u00e1, co P\u00e1n B\u016fh ud\u011blal (v\u00a0p\u0159\u00edb\u011bhu o\u00a0J\u00e1kobovi: P\u00e1n B\u016fh mu po\u017eehnal, P\u00e1n B\u016fh mu pomohl naj\u00edt \u017eenu, poslal k\u00a0n\u011bmu and\u011bly, dal mu d\u011bti\u2026); p\u0159\u00edp.\u00a0jak pom\u00e1h\u00e1 mn\u011b.<\/li>\n<\/ul>\n","protected":false},"template":"","categories":[8,17,19,20],"_links":{"self":[{"href":"https:\/\/deti.evangnet.cz\/katecheze\/wp-json\/wp\/v2\/katecheze\/1084"}],"collection":[{"href":"https:\/\/deti.evangnet.cz\/katecheze\/wp-json\/wp\/v2\/katecheze"}],"about":[{"href":"https:\/\/deti.evangnet.cz\/katecheze\/wp-json\/wp\/v2\/types\/katecheze"}],"version-history":[{"count":1,"href":"https:\/\/deti.evangnet.cz\/katecheze\/wp-json\/wp\/v2\/katecheze\/1084\/revisions"}],"predecessor-version":[{"id":1085,"href":"https:\/\/deti.evangnet.cz\/katecheze\/wp-json\/wp\/v2\/katecheze\/1084\/revisions\/1085"}],"wp:attachment":[{"href":"https:\/\/deti.evangnet.cz\/katecheze\/wp-json\/wp\/v2\/media?parent=1084"}],"wp:term":[{"taxonomy":"category","embeddable":true,"href":"https:\/\/deti.evangnet.cz\/katecheze\/wp-json\/wp\/v2\/categories?post=1084"}],"curies":[{"name":"wp","href":"https:\/\/api.w.org\/{rel}","templated":true}]}}